{"id":7218,"date":"2021-12-17T13:20:48","date_gmt":"2021-12-17T13:20:48","guid":{"rendered":"https:\/\/www.bostoen.be\/?page_id=7218"},"modified":"2023-03-30T12:09:44","modified_gmt":"2023-03-30T12:09:44","slug":"temoignages","status":"publish","type":"page","link":"https:\/\/www.bostoen.be\/fr\/temoignages\/","title":{"rendered":"T\u00e9moignages de clients"},"content":{"rendered":"<div class=\"wp-block-banner-container wp-blocks-block  alignfull\">\n    <div >\n    \n    <div class=\"relative\">\n        <div class=\"container\">\n            \n        <\/div>\n    <\/div>\n<\/div>\n\n<div\n    class=\"container flex items-start relative\"\n>\n    \n    <div\n        class=\"w-full\"\n    >\n        <div class=\"inner-blocks\">\n    \n\n<h2 class=\"has-spacing-small alignwide has-text-align-left wp-block-heading\">D\u00e9couvrez les <strong><mark style=\"background-color:rgba(0, 0, 0, 0)\" class=\"has-inline-color has-primary-color\">t\u00e9moignages de nos clients<\/mark><\/strong><\/h2>\n\n\n<p class=\"wp-block-paragraph has-spacing-extra-small alignwide has-text-align-wide\">Nous ne construisons pas seulement des maisons, nous cr\u00e9ons votre maison. Avec Bostoen, vous optez pour une <strong>construction de qualit\u00e9 et sans souci<\/strong> selon le <a href=\"https:\/\/www.bostoen.be\/fr\/cle-sur-la-porte\/\">concept cl\u00e9 en main<\/a>, du premier contact \u00e0 la livraison effective. Que vous soyez un particulier \u00e0 la recherche d&#8217;une <a href=\"https:\/\/www.bostoen.be\/fr\/nouveaux-projets-de-construction\/nouvelles-maisons\/\">maison<\/a> ou d&#8217;un <a href=\"https:\/\/www.bostoen.be\/fr\/nouveaux-projets-de-construction\/nouveaux-appartements\/\">appartement neuf<\/a>, ou que vous soyez un investisseur \u00e0 la recherche d&#8217;un <a href=\"https:\/\/www.bostoen.be\/fr\/investir\/nos-projets-dinvestissement\/\">projet d&#8217;investissement<\/a>, nous prenons en charge l&#8217;ensemble du processus de construction. D\u00e9couvrez ici les <strong>t\u00e9moignages de nos clients<\/strong>.<\/p>\n\n<\/div>\n    <\/div>\n<\/div>\n<\/div>\n\n\n<div\nclass=\"wp-blocks-block  alignfull\"\n>\n    <div x-data=\"newsFilter\" class=\"relative\">\n        <div data-reload-html=\"newsFilter\" pagetitle=\"Bostoen\">\n            <section class=\"py-4 bg-gray-50\">\n                <div class=\"container\">\n                    <div class=\"flex flex-col md:flex-row md:items-center\">\n                                                <div class=\"mb-2 md:mb-0 w-full\">\n                            <div class=\"news--filter\">\n    <div class=\"w-full py-2 leading-normal text-base cursor-pointer appearance-none rounded-none\">\n        <div class=\"flex space-x-4\">\n            <span class=\"text-primary-500 text-2xl flex items-center\"><svg xmlns=\"http:\/\/www.w3.org\/2000\/svg\" viewBox=\"0 0 512 512\" class=\"svg-inline--fa  fal fa-filter\" role=\"img\" aria-hidden=\"true\" style=\"color:currentColor\"><!-- Font Awesome Pro 5.15.3 by @fontawesome - https:\/\/fontawesome.com License - https:\/\/fontawesome.com\/license (Commercial License) --><path d=\"M479.968 0H32.038C3.613 0-10.729 34.487 9.41 54.627L192 237.255V424a31.996 31.996 0 0 0 10.928 24.082l64 55.983c20.438 17.883 53.072 3.68 53.072-24.082V237.255L502.595 54.627C522.695 34.528 508.45 0 479.968 0zM288 224v256l-64-56V224L32 32h448L288 224z\" fill=\"currentColor\"><\/path><\/svg>\n<\/span>\n\n            <div class=\"flex flex-col sm:space-y-4 md:flex-row md:justify-between md:space-x-2 md:space-y-0 w-full max-w-md md:max-w-full\">\n\n                <span class=\"text-gray-400 sm:hidden mb-1 font-light\">Cat\u00e9gorie<\/span>\n\n                <div class=\"xl:hidden flex items-center justify-between space-x-2 py-2 px-4 border border-gray-100 min-w-48 bg-white\">\n                    <div class=\"text-gray-400 w-6 sm:w-28 md:w-auto sm:flex\">\n                        <span class=\"mr-2\"><svg xmlns=\"http:\/\/www.w3.org\/2000\/svg\" viewBox=\"0 0 512 512\" class=\"svg-inline--fa  fal fa-tag\" role=\"img\" aria-hidden=\"true\" style=\"color:currentColor\"><!-- Font Awesome Pro 5.15.3 by @fontawesome - https:\/\/fontawesome.com License - https:\/\/fontawesome.com\/license (Commercial License) --><path d=\"M497.941 225.941L286.059 14.059A48 48 0 0 0 252.118 0H48C21.49 0 0 21.49 0 48v204.118a48 48 0 0 0 14.059 33.941l211.882 211.882c18.745 18.745 49.137 18.746 67.882 0l204.118-204.118c18.745-18.745 18.745-49.137 0-67.882zm-22.627 45.255L271.196 475.314c-6.243 6.243-16.375 6.253-22.627 0L36.686 263.431A15.895 15.895 0 0 1 32 252.117V48c0-8.822 7.178-16 16-16h204.118c4.274 0 8.292 1.664 11.314 4.686l211.882 211.882c6.238 6.239 6.238 16.39 0 22.628zM144 124c11.028 0 20 8.972 20 20s-8.972 20-20 20-20-8.972-20-20 8.972-20 20-20m0-28c-26.51 0-48 21.49-48 48s21.49 48 48 48 48-21.49 48-48-21.49-48-48-48z\" fill=\"currentColor\"><\/path><\/svg>\n<\/span>\n                        <span class=\"hidden sm:block sm:mr-2\">Cat\u00e9gorie<\/span>\n                    <\/div>\n\n                    <select name=\"category_filter\" class=\"category_filter cursor-pointer flex-1 min-w-xl appearance-none bg-transparent\" x-data='{ selectedCategory: \"\" }' x-model=\"selectedCategory\" @change=\"updateCategory\">\n                        <option value=\"\">Afficher tout<\/option>\n                                                    <option\n                                value=\"appartements\"\n                                                            >\n                                Appartements\n                            <\/option>\n                                                    <option\n                                value=\"investissements\"\n                                                            >\n                                Investissements\n                            <\/option>\n                                                    <option\n                                value=\"projets-d-habitation\"\n                                                            >\n                                Projets d&#039;habitation\n                            <\/option>\n                                                    <option\n                                value=\"references-clients\"\n                                                            >\n                                R\u00e9f\u00e9rences clients\n                            <\/option>\n                                            <\/select>\n                <\/div>\n\n                <div class=\"hidden xl:flex flex-wrap gap-1 space-x-2 md:ml-auto\">\n                    <div\n        class=\"text-left\"\n    >\n        <button\n            class=\"group font-condensed inline-flex items-center py-1 px-12 rounded-md transition-colors duration-200 cursor-pointer no-underline font-condensed !text-white hover:!text-white bg-primary-500 hover:bg-primary-400 font-bold whitespace-nowrap\" @click=\"resetFilter()\"\n                            >\n            \n            Afficher tout\n\n                    <\/button>\n    <\/div>\n\n                                            <div\n        class=\"text-left\"\n    >\n        <button\n            class=\"group font-condensed inline-flex items-center py-1 px-12 rounded-md transition-colors duration-200 cursor-pointer no-underline font-condensed border border-primary-500 !text-primary-500 hover:bg-primary-500 hover:!text-white\" @click=\"setCategory('appartements')\"\n                            >\n            \n            Appartements\n\n                    <\/button>\n    <\/div>\n                                            <div\n        class=\"text-left\"\n    >\n        <button\n            class=\"group font-condensed inline-flex items-center py-1 px-12 rounded-md transition-colors duration-200 cursor-pointer no-underline font-condensed border border-primary-500 !text-primary-500 hover:bg-primary-500 hover:!text-white\" @click=\"setCategory('investissements')\"\n                            >\n            \n            Investissements\n\n                    <\/button>\n    <\/div>\n                                            <div\n        class=\"text-left\"\n    >\n        <button\n            class=\"group font-condensed inline-flex items-center py-1 px-12 rounded-md transition-colors duration-200 cursor-pointer no-underline font-condensed border border-primary-500 !text-primary-500 hover:bg-primary-500 hover:!text-white\" @click=\"setCategory('projets-d-habitation')\"\n                            >\n            \n            Projets d&#039;habitation\n\n                    <\/button>\n    <\/div>\n                                            <div\n        class=\"text-left\"\n    >\n        <button\n            class=\"group font-condensed inline-flex items-center py-1 px-12 rounded-md transition-colors duration-200 cursor-pointer no-underline font-condensed border border-primary-500 !text-primary-500 hover:bg-primary-500 hover:!text-white\" @click=\"setCategory('references-clients')\"\n                            >\n            \n            R\u00e9f\u00e9rences clients\n\n                    <\/button>\n    <\/div>\n                                    <\/div>\n\n                            <\/div>\n        <\/div>\n    <\/div>\n<\/div>\n                        <\/div>\n                                            <\/div>\n                <\/div>\n            <\/section>\n\n            <section class=\"pt-12 pb-20\">\n                <div class=\"container relative\">\n                                        <div class=\"grid lg:grid-cols-2 gap-6 md:gap-12 lg:gap-y-24 lg:py-8 px-10\">\n                                                    <div class=\"md:flex items-center py-4\">\n                                                                <div class=\"ml-2 md:ml-12 mt-6 md:mt-0 md:!max-w-sm relative z-10\">\n                                                                            <h3 class=\"font-medium text-xl\">\n                                            Kurt et Els\n                                        <\/h3>\n                                                                                                                <p class=\"mt-3 font-light max-w-xs\">\n                                            Notre recherche d&#039;une propri\u00e9t\u00e9 de rendement nous a conduits \u00e0 une maison Bostoen \u00e0 Bredene.\n                                        <\/p>\n                                                                                                                <a href=\"https:\/\/www.bostoen.be\/fr\/testimonial\/temoignage-kurt-et-els\/\" class=\"mt-2 inline-flex items-center group font-medium hover:!text-primary-500\">\n                                            En savoir plus\n                                            <svg xmlns=\"http:\/\/www.w3.org\/2000\/svg\" viewBox=\"0 0 448 512\" class=\"svg-inline--fa  fal fa-long-arrow-right ml-3 text-2xl !text-primary-500 transform group-hover:translate-x-2 transition-all duration-200\" role=\"img\" aria-hidden=\"true\" style=\"color:currentColor\"><!-- Font Awesome Pro 5.15.3 by @fontawesome - https:\/\/fontawesome.com License - https:\/\/fontawesome.com\/license (Commercial License) --><path d=\"M311.03 131.515l-7.071 7.07c-4.686 4.686-4.686 12.284 0 16.971L387.887 239H12c-6.627 0-12 5.373-12 12v10c0 6.627 5.373 12 12 12h375.887l-83.928 83.444c-4.686 4.686-4.686 12.284 0 16.971l7.071 7.07c4.686 4.686 12.284 4.686 16.97 0l116.485-116c4.686-4.686 4.686-12.284 0-16.971L328 131.515c-4.686-4.687-12.284-4.687-16.97 0z\" fill=\"currentColor\"><\/path><\/svg>\n                                        <\/a>\n                                                                    <\/div>\n                            <\/div>\n                                                    <div class=\"md:flex items-center py-4\">\n                                                                    <div class=\"!w-48 !h-48 xl:!w-64 xl:!h-64 min-w-48 xl:min-w-64 inline-block relative\">\n                                        <img decoding=\"async\"\n    src=\"https:\/\/www.bostoen.be\/uploads\/2021\/10\/Koen-Katrien.png\" alt=\"\" srcset=\"https:\/\/www.bostoen.be\/uploads\/2021\/10\/Koen-Katrien-300x211.png 300w, https:\/\/www.bostoen.be\/uploads\/2021\/10\/Koen-Katrien-1024x719.png 1024w, https:\/\/www.bostoen.be\/uploads\/2021\/10\/Koen-Katrien-768x539.png 768w, https:\/\/www.bostoen.be\/uploads\/2021\/10\/Koen-Katrien-1536x1078.png 1536w, https:\/\/www.bostoen.be\/uploads\/2021\/10\/Koen-Katrien-2048x1438.png 2048w\" width=\"2400\" height=\"1685\" loading=\"lazy\" fetchpriority=\"low\" class=\"!w-48 !h-48 xl:!w-64 xl:!h-64 xl:min-w-64 inline-block object-cover\"\n>\n                                        <div class=\"absolute -left-12 -top-12 text-12xl text-primary-500 font-light pointer-events-none\">\n                                            &ldquo;\n                                        <\/div>\n                                    <\/div>\n                                                                <div class=\"ml-2 md:ml-12 mt-6 md:mt-0 md:!max-w-sm relative z-10\">\n                                                                            <h3 class=\"font-medium text-xl\">\n                                            Koen, Katrien et les enfants\n                                        <\/h3>\n                                                                                                                <p class=\"mt-3 font-light max-w-xs\">\n                                            Koen, Katrien et les enfants ont achet\u00e9 une maison avec Bostoen.\n                                        <\/p>\n                                                                                                                <a href=\"https:\/\/www.bostoen.be\/fr\/testimonial\/temoignage-de-koen-katrien-et-les-enfants\/\" class=\"mt-2 inline-flex items-center group font-medium hover:!text-primary-500\">\n                                            En savoir plus\n                                            <svg xmlns=\"http:\/\/www.w3.org\/2000\/svg\" viewBox=\"0 0 448 512\" class=\"svg-inline--fa  fal fa-long-arrow-right ml-3 text-2xl !text-primary-500 transform group-hover:translate-x-2 transition-all duration-200\" role=\"img\" aria-hidden=\"true\" style=\"color:currentColor\"><!-- Font Awesome Pro 5.15.3 by @fontawesome - https:\/\/fontawesome.com License - https:\/\/fontawesome.com\/license (Commercial License) --><path d=\"M311.03 131.515l-7.071 7.07c-4.686 4.686-4.686 12.284 0 16.971L387.887 239H12c-6.627 0-12 5.373-12 12v10c0 6.627 5.373 12 12 12h375.887l-83.928 83.444c-4.686 4.686-4.686 12.284 0 16.971l7.071 7.07c4.686 4.686 12.284 4.686 16.97 0l116.485-116c4.686-4.686 4.686-12.284 0-16.971L328 131.515c-4.686-4.687-12.284-4.687-16.97 0z\" fill=\"currentColor\"><\/path><\/svg>\n                                        <\/a>\n                                                                    <\/div>\n                            <\/div>\n                                                    <div class=\"md:flex items-center py-4\">\n                                                                    <div class=\"!w-48 !h-48 xl:!w-64 xl:!h-64 min-w-48 xl:min-w-64 inline-block relative\">\n                                        <img decoding=\"async\"\n    src=\"https:\/\/www.bostoen.be\/uploads\/2021\/09\/testimonial-thumbnail@2x.png\" alt=\"\" srcset=\"https:\/\/www.bostoen.be\/uploads\/2021\/09\/testimonial-thumbnail@2x-300x284.png 300w, https:\/\/www.bostoen.be\/uploads\/2021\/09\/testimonial-thumbnail@2x.png 742w\" width=\"742\" height=\"702\" loading=\"lazy\" fetchpriority=\"low\" class=\"!w-48 !h-48 xl:!w-64 xl:!h-64 xl:min-w-64 inline-block object-cover\"\n>\n                                        <div class=\"absolute -left-12 -top-12 text-12xl text-primary-500 font-light pointer-events-none\">\n                                            &ldquo;\n                                        <\/div>\n                                    <\/div>\n                                                                <div class=\"ml-2 md:ml-12 mt-6 md:mt-0 md:!max-w-sm relative z-10\">\n                                                                            <h3 class=\"font-medium text-xl\">\n                                            Erich et Lisette\n                                        <\/h3>\n                                                                                                                <p class=\"mt-3 font-light max-w-xs\">\n                                            Erich et Lisette ont achet\u00e9 leur maison \u00e0 Oostkamp, pr\u00e8s de Bostoen, \u00e0 la fin de 2018.\n                                        <\/p>\n                                                                                                                <a href=\"https:\/\/www.bostoen.be\/fr\/testimonial\/temoignage-erich-et-lisette\/\" class=\"mt-2 inline-flex items-center group font-medium hover:!text-primary-500\">\n                                            En savoir plus\n                                            <svg xmlns=\"http:\/\/www.w3.org\/2000\/svg\" viewBox=\"0 0 448 512\" class=\"svg-inline--fa  fal fa-long-arrow-right ml-3 text-2xl !text-primary-500 transform group-hover:translate-x-2 transition-all duration-200\" role=\"img\" aria-hidden=\"true\" style=\"color:currentColor\"><!-- Font Awesome Pro 5.15.3 by @fontawesome - https:\/\/fontawesome.com License - https:\/\/fontawesome.com\/license (Commercial License) --><path d=\"M311.03 131.515l-7.071 7.07c-4.686 4.686-4.686 12.284 0 16.971L387.887 239H12c-6.627 0-12 5.373-12 12v10c0 6.627 5.373 12 12 12h375.887l-83.928 83.444c-4.686 4.686-4.686 12.284 0 16.971l7.071 7.07c4.686 4.686 12.284 4.686 16.97 0l116.485-116c4.686-4.686 4.686-12.284 0-16.971L328 131.515c-4.686-4.687-12.284-4.687-16.97 0z\" fill=\"currentColor\"><\/path><\/svg>\n                                        <\/a>\n                                                                    <\/div>\n                            <\/div>\n                                                    <div class=\"md:flex items-center py-4\">\n                                                                    <div class=\"!w-48 !h-48 xl:!w-64 xl:!h-64 min-w-48 xl:min-w-64 inline-block relative\">\n                                        <img decoding=\"async\"\n    src=\"https:\/\/www.bostoen.be\/uploads\/2021\/10\/Klantenverhalen-Anke-Mike-3.jpg\" alt=\"Klantenverhalen Anke en Mike\" srcset=\"https:\/\/www.bostoen.be\/uploads\/2021\/10\/Klantenverhalen-Anke-Mike-3.jpg 256w, https:\/\/www.bostoen.be\/uploads\/2021\/10\/Klantenverhalen-Anke-Mike-3-150x150.jpg 150w, https:\/\/www.bostoen.be\/uploads\/2021\/10\/Klantenverhalen-Anke-Mike-3-200x200.jpg 200w\" width=\"256\" height=\"256\" loading=\"lazy\" fetchpriority=\"low\" class=\"!w-48 !h-48 xl:!w-64 xl:!h-64 xl:min-w-64 inline-block object-cover\"\n>\n                                        <div class=\"absolute -left-12 -top-12 text-12xl text-primary-500 font-light pointer-events-none\">\n                                            &ldquo;\n                                        <\/div>\n                                    <\/div>\n                                                                <div class=\"ml-2 md:ml-12 mt-6 md:mt-0 md:!max-w-sm relative z-10\">\n                                                                            <h3 class=\"font-medium text-xl\">\n                                            Amke et Mike\n                                        <\/h3>\n                                                                                                                <p class=\"mt-3 font-light max-w-xs\">\n                                            Amke et Mike ont achet\u00e9 leur maison \u00e0 Oostkamp, pr\u00e8s de Bostoen, \u00e0 la fin de 2018.\n                                        <\/p>\n                                                                                                                <a href=\"https:\/\/www.bostoen.be\/fr\/testimonial\/temoignage-amke-et-mike\/\" class=\"mt-2 inline-flex items-center group font-medium hover:!text-primary-500\">\n                                            En savoir plus\n                                            <svg xmlns=\"http:\/\/www.w3.org\/2000\/svg\" viewBox=\"0 0 448 512\" class=\"svg-inline--fa  fal fa-long-arrow-right ml-3 text-2xl !text-primary-500 transform group-hover:translate-x-2 transition-all duration-200\" role=\"img\" aria-hidden=\"true\" style=\"color:currentColor\"><!-- Font Awesome Pro 5.15.3 by @fontawesome - https:\/\/fontawesome.com License - https:\/\/fontawesome.com\/license (Commercial License) --><path d=\"M311.03 131.515l-7.071 7.07c-4.686 4.686-4.686 12.284 0 16.971L387.887 239H12c-6.627 0-12 5.373-12 12v10c0 6.627 5.373 12 12 12h375.887l-83.928 83.444c-4.686 4.686-4.686 12.284 0 16.971l7.071 7.07c4.686 4.686 12.284 4.686 16.97 0l116.485-116c4.686-4.686 4.686-12.284 0-16.971L328 131.515c-4.686-4.687-12.284-4.687-16.97 0z\" fill=\"currentColor\"><\/path><\/svg>\n                                        <\/a>\n                                                                    <\/div>\n                            <\/div>\n                                                    <div class=\"md:flex items-center py-4\">\n                                                                    <div class=\"!w-48 !h-48 xl:!w-64 xl:!h-64 min-w-48 xl:min-w-64 inline-block relative\">\n                                        <img decoding=\"async\"\n    src=\"https:\/\/www.bostoen.be\/uploads\/2021\/10\/Testimonial-Pascal-en-Gunter.jpeg\" alt=\"\" srcset=\"https:\/\/www.bostoen.be\/uploads\/2021\/10\/Testimonial-Pascal-en-Gunter-300x214.jpeg 300w, https:\/\/www.bostoen.be\/uploads\/2021\/10\/Testimonial-Pascal-en-Gunter-1024x731.jpeg 1024w, https:\/\/www.bostoen.be\/uploads\/2021\/10\/Testimonial-Pascal-en-Gunter-768x548.jpeg 768w, https:\/\/www.bostoen.be\/uploads\/2021\/10\/Testimonial-Pascal-en-Gunter-1536x1096.jpeg 1536w, https:\/\/www.bostoen.be\/uploads\/2021\/10\/Testimonial-Pascal-en-Gunter-2048x1462.jpeg 2048w\" width=\"2400\" height=\"1713\" loading=\"lazy\" fetchpriority=\"low\" class=\"!w-48 !h-48 xl:!w-64 xl:!h-64 xl:min-w-64 inline-block object-cover\"\n>\n                                        <div class=\"absolute -left-12 -top-12 text-12xl text-primary-500 font-light pointer-events-none\">\n                                            &ldquo;\n                                        <\/div>\n                                    <\/div>\n                                                                <div class=\"ml-2 md:ml-12 mt-6 md:mt-0 md:!max-w-sm relative z-10\">\n                                                                            <h3 class=\"font-medium text-xl\">\n                                            Pascal et Gunter\n                                        <\/h3>\n                                                                                                                <p class=\"mt-3 font-light max-w-xs\">\n                                            Pascal et Gunter ont achet\u00e9 leur maison Bostoen \u00e0 Eke en 2018.\n                                        <\/p>\n                                                                                                                <a href=\"https:\/\/www.bostoen.be\/fr\/testimonial\/temoignage-de-pascal-et-gunter\/\" class=\"mt-2 inline-flex items-center group font-medium hover:!text-primary-500\">\n                                            En savoir plus\n                                            <svg xmlns=\"http:\/\/www.w3.org\/2000\/svg\" viewBox=\"0 0 448 512\" class=\"svg-inline--fa  fal fa-long-arrow-right ml-3 text-2xl !text-primary-500 transform group-hover:translate-x-2 transition-all duration-200\" role=\"img\" aria-hidden=\"true\" style=\"color:currentColor\"><!-- Font Awesome Pro 5.15.3 by @fontawesome - https:\/\/fontawesome.com License - https:\/\/fontawesome.com\/license (Commercial License) --><path d=\"M311.03 131.515l-7.071 7.07c-4.686 4.686-4.686 12.284 0 16.971L387.887 239H12c-6.627 0-12 5.373-12 12v10c0 6.627 5.373 12 12 12h375.887l-83.928 83.444c-4.686 4.686-4.686 12.284 0 16.971l7.071 7.07c4.686 4.686 12.284 4.686 16.97 0l116.485-116c4.686-4.686 4.686-12.284 0-16.971L328 131.515c-4.686-4.687-12.284-4.687-16.97 0z\" fill=\"currentColor\"><\/path><\/svg>\n                                        <\/a>\n                                                                    <\/div>\n                            <\/div>\n                                                    <div class=\"md:flex items-center py-4\">\n                                                                    <div class=\"!w-48 !h-48 xl:!w-64 xl:!h-64 min-w-48 xl:min-w-64 inline-block relative\">\n                                        <img decoding=\"async\"\n    src=\"https:\/\/www.bostoen.be\/uploads\/2021\/10\/Kenneth-Charlotte.png\" alt=\"\" srcset=\"https:\/\/www.bostoen.be\/uploads\/2021\/10\/Kenneth-Charlotte-300x211.png 300w, https:\/\/www.bostoen.be\/uploads\/2021\/10\/Kenneth-Charlotte-1024x719.png 1024w, https:\/\/www.bostoen.be\/uploads\/2021\/10\/Kenneth-Charlotte-768x539.png 768w, https:\/\/www.bostoen.be\/uploads\/2021\/10\/Kenneth-Charlotte-1536x1078.png 1536w, https:\/\/www.bostoen.be\/uploads\/2021\/10\/Kenneth-Charlotte-2048x1438.png 2048w\" width=\"2400\" height=\"1685\" loading=\"lazy\" fetchpriority=\"low\" class=\"!w-48 !h-48 xl:!w-64 xl:!h-64 xl:min-w-64 inline-block object-cover\"\n>\n                                        <div class=\"absolute -left-12 -top-12 text-12xl text-primary-500 font-light pointer-events-none\">\n                                            &ldquo;\n                                        <\/div>\n                                    <\/div>\n                                                                <div class=\"ml-2 md:ml-12 mt-6 md:mt-0 md:!max-w-sm relative z-10\">\n                                                                            <h3 class=\"font-medium text-xl\">\n                                            Kenneth, Charlotte et b\u00e9b\u00e9 Lucas\n                                        <\/h3>\n                                                                                                                <p class=\"mt-3 font-light max-w-xs\">\n                                            Kenneth et Charlotte ont achet\u00e9 une maison \u00e0 Ostende en 2012.\n                                        <\/p>\n                                                                                                                <a href=\"https:\/\/www.bostoen.be\/fr\/testimonial\/temoignage-kenneth-charlotte-et-bebe-lucas\/\" class=\"mt-2 inline-flex items-center group font-medium hover:!text-primary-500\">\n                                            En savoir plus\n                                            <svg xmlns=\"http:\/\/www.w3.org\/2000\/svg\" viewBox=\"0 0 448 512\" class=\"svg-inline--fa  fal fa-long-arrow-right ml-3 text-2xl !text-primary-500 transform group-hover:translate-x-2 transition-all duration-200\" role=\"img\" aria-hidden=\"true\" style=\"color:currentColor\"><!-- Font Awesome Pro 5.15.3 by @fontawesome - https:\/\/fontawesome.com License - https:\/\/fontawesome.com\/license (Commercial License) --><path d=\"M311.03 131.515l-7.071 7.07c-4.686 4.686-4.686 12.284 0 16.971L387.887 239H12c-6.627 0-12 5.373-12 12v10c0 6.627 5.373 12 12 12h375.887l-83.928 83.444c-4.686 4.686-4.686 12.284 0 16.971l7.071 7.07c4.686 4.686 12.284 4.686 16.97 0l116.485-116c4.686-4.686 4.686-12.284 0-16.971L328 131.515c-4.686-4.687-12.284-4.687-16.97 0z\" fill=\"currentColor\"><\/path><\/svg>\n                                        <\/a>\n                                                                    <\/div>\n                            <\/div>\n                                                    <div class=\"md:flex items-center py-4\">\n                                                                    <div class=\"!w-48 !h-48 xl:!w-64 xl:!h-64 min-w-48 xl:min-w-64 inline-block relative\">\n                                        <img decoding=\"async\"\n    src=\"https:\/\/www.bostoen.be\/uploads\/2021\/10\/Klantenverhalen-Jasper-Vercammen.jpg\" alt=\"Klantenverhalen Jasper Vercammen\" srcset=\"https:\/\/www.bostoen.be\/uploads\/2021\/10\/Klantenverhalen-Jasper-Vercammen.jpg 256w, https:\/\/www.bostoen.be\/uploads\/2021\/10\/Klantenverhalen-Jasper-Vercammen-150x150.jpg 150w, https:\/\/www.bostoen.be\/uploads\/2021\/10\/Klantenverhalen-Jasper-Vercammen-200x200.jpg 200w\" width=\"256\" height=\"256\" loading=\"lazy\" fetchpriority=\"low\" class=\"!w-48 !h-48 xl:!w-64 xl:!h-64 xl:min-w-64 inline-block object-cover\"\n>\n                                        <div class=\"absolute -left-12 -top-12 text-12xl text-primary-500 font-light pointer-events-none\">\n                                            &ldquo;\n                                        <\/div>\n                                    <\/div>\n                                                                <div class=\"ml-2 md:ml-12 mt-6 md:mt-0 md:!max-w-sm relative z-10\">\n                                                                            <h3 class=\"font-medium text-xl\">\n                                            Jasper Vercammen\n                                        <\/h3>\n                                                                                                                <p class=\"mt-3 font-light max-w-xs\">\n                                            Jasper Vercammen a achet\u00e9 un appartement dans la Residentie Fortuna \u00e0 Alost.\n                                        <\/p>\n                                                                                                                <a href=\"https:\/\/www.bostoen.be\/fr\/testimonial\/temoignage-jasper\/\" class=\"mt-2 inline-flex items-center group font-medium hover:!text-primary-500\">\n                                            En savoir plus\n                                            <svg xmlns=\"http:\/\/www.w3.org\/2000\/svg\" viewBox=\"0 0 448 512\" class=\"svg-inline--fa  fal fa-long-arrow-right ml-3 text-2xl !text-primary-500 transform group-hover:translate-x-2 transition-all duration-200\" role=\"img\" aria-hidden=\"true\" style=\"color:currentColor\"><!-- Font Awesome Pro 5.15.3 by @fontawesome - https:\/\/fontawesome.com License - https:\/\/fontawesome.com\/license (Commercial License) --><path d=\"M311.03 131.515l-7.071 7.07c-4.686 4.686-4.686 12.284 0 16.971L387.887 239H12c-6.627 0-12 5.373-12 12v10c0 6.627 5.373 12 12 12h375.887l-83.928 83.444c-4.686 4.686-4.686 12.284 0 16.971l7.071 7.07c4.686 4.686 12.284 4.686 16.97 0l116.485-116c4.686-4.686 4.686-12.284 0-16.971L328 131.515c-4.686-4.687-12.284-4.687-16.97 0z\" fill=\"currentColor\"><\/path><\/svg>\n                                        <\/a>\n                                                                    <\/div>\n                            <\/div>\n                                                    <div class=\"md:flex items-center py-4\">\n                                                                    <div class=\"!w-48 !h-48 xl:!w-64 xl:!h-64 min-w-48 xl:min-w-64 inline-block relative\">\n                                        <img decoding=\"async\"\n    src=\"https:\/\/www.bostoen.be\/uploads\/2021\/10\/Glenn-Katrien-Beau.png\" alt=\"\" srcset=\"https:\/\/www.bostoen.be\/uploads\/2021\/10\/Glenn-Katrien-Beau-300x211.png 300w, https:\/\/www.bostoen.be\/uploads\/2021\/10\/Glenn-Katrien-Beau-1024x719.png 1024w, https:\/\/www.bostoen.be\/uploads\/2021\/10\/Glenn-Katrien-Beau-768x539.png 768w, https:\/\/www.bostoen.be\/uploads\/2021\/10\/Glenn-Katrien-Beau-1536x1078.png 1536w, https:\/\/www.bostoen.be\/uploads\/2021\/10\/Glenn-Katrien-Beau-2048x1438.png 2048w\" width=\"2400\" height=\"1685\" loading=\"lazy\" fetchpriority=\"low\" class=\"!w-48 !h-48 xl:!w-64 xl:!h-64 xl:min-w-64 inline-block object-cover\"\n>\n                                        <div class=\"absolute -left-12 -top-12 text-12xl text-primary-500 font-light pointer-events-none\">\n                                            &ldquo;\n                                        <\/div>\n                                    <\/div>\n                                                                <div class=\"ml-2 md:ml-12 mt-6 md:mt-0 md:!max-w-sm relative z-10\">\n                                                                            <h3 class=\"font-medium text-xl\">\n                                            Glenn et Katrien\n                                        <\/h3>\n                                                                                                                <p class=\"mt-3 font-light max-w-xs\">\n                                            Glenn et Katrien ont achet\u00e9 une maison dans le centre d&#039;Ostende en 2012.\n                                        <\/p>\n                                                                                                                <a href=\"https:\/\/www.bostoen.be\/fr\/testimonial\/temoignage-glenn-et-katrien\/\" class=\"mt-2 inline-flex items-center group font-medium hover:!text-primary-500\">\n                                            En savoir plus\n                                            <svg xmlns=\"http:\/\/www.w3.org\/2000\/svg\" viewBox=\"0 0 448 512\" class=\"svg-inline--fa  fal fa-long-arrow-right ml-3 text-2xl !text-primary-500 transform group-hover:translate-x-2 transition-all duration-200\" role=\"img\" aria-hidden=\"true\" style=\"color:currentColor\"><!-- Font Awesome Pro 5.15.3 by @fontawesome - https:\/\/fontawesome.com License - https:\/\/fontawesome.com\/license (Commercial License) --><path d=\"M311.03 131.515l-7.071 7.07c-4.686 4.686-4.686 12.284 0 16.971L387.887 239H12c-6.627 0-12 5.373-12 12v10c0 6.627 5.373 12 12 12h375.887l-83.928 83.444c-4.686 4.686-4.686 12.284 0 16.971l7.071 7.07c4.686 4.686 12.284 4.686 16.97 0l116.485-116c4.686-4.686 4.686-12.284 0-16.971L328 131.515c-4.686-4.687-12.284-4.687-16.97 0z\" fill=\"currentColor\"><\/path><\/svg>\n                                        <\/a>\n                                                                    <\/div>\n                            <\/div>\n                                            <\/div>\n                    \n                    <div class=\"mt-12\">\n                        <div>\n        <div class='wp-pagenavi' role='navigation'>\n<span aria-current='page' class='current'>1<\/span><a class=\"page larger\" title=\"Page 2\" href=\"https:\/\/www.bostoen.be\/fr\/wp-json\/wp\/v2\/pages\/7218\/page\/2\/\">2<\/a><a class=\"page larger\" title=\"Page 3\" href=\"https:\/\/www.bostoen.be\/fr\/wp-json\/wp\/v2\/pages\/7218\/page\/3\/\">3<\/a><a class=\"nextpostslink\" rel=\"next\" aria-label=\"Next Page\" href=\"https:\/\/www.bostoen.be\/fr\/wp-json\/wp\/v2\/pages\/7218\/page\/2\/\">Suivant<svg xmlns=\"http:\/\/www.w3.org\/2000\/svg\" viewBox=\"0 0 256 512\" class=\"svg-inline--fa  far fa-chevron-right ml-2\" role=\"img\" aria-hidden=\"true\" style=\"color:currentColor\"><!-- Font Awesome Pro 5.15.3 by @fontawesome - https:\/\/fontawesome.com License - https:\/\/fontawesome.com\/license (Commercial License) --><path d=\"M24.707 38.101L4.908 57.899c-4.686 4.686-4.686 12.284 0 16.971L185.607 256 4.908 437.13c-4.686 4.686-4.686 12.284 0 16.971L24.707 473.9c4.686 4.686 12.284 4.686 16.971 0l209.414-209.414c4.686-4.686 4.686-12.284 0-16.971L41.678 38.101c-4.687-4.687-12.285-4.687-16.971 0z\" fill=\"currentColor\"><\/path><\/svg>\n<\/a>\n<\/div>\n    <\/div>\n                    <\/div>\n                <\/div>\n            <\/section>\n        <\/div>\n\n        <div id=\"reload-loader\" class=\"absolute z-10 flex justify-center top-48 left-0 right-0 opacity-0 pointer-events-none text-primary-500 text-5xl\">\n            <svg xmlns=\"http:\/\/www.w3.org\/2000\/svg\" viewBox=\"0 0 512 512\" class=\"svg-inline--fa  fal fa-circle-notch fa-spin\" role=\"img\" aria-hidden=\"true\" style=\"color:currentColor\"><!-- Font Awesome Pro 5.15.3 by @fontawesome - https:\/\/fontawesome.com License - https:\/\/fontawesome.com\/license (Commercial License) --><path d=\"M288 24.103v8.169a11.995 11.995 0 0 0 9.698 11.768C396.638 63.425 472 150.461 472 256c0 118.663-96.055 216-216 216-118.663 0-216-96.055-216-216 0-104.534 74.546-192.509 174.297-211.978A11.993 11.993 0 0 0 224 32.253v-8.147c0-7.523-6.845-13.193-14.237-11.798C94.472 34.048 7.364 135.575 8.004 257.332c.72 137.052 111.477 246.956 248.531 246.667C393.255 503.711 504 392.789 504 256c0-121.187-86.924-222.067-201.824-243.704C294.807 10.908 288 16.604 288 24.103z\" fill=\"currentColor\"><\/path><\/svg>\n        <\/div>\n    <\/div>\n<\/div>\n<\/div>\n\n\n<div\nclass=\"w-full bg-primary-500 text-white py-14 wp-blocks-block  alignfull\"\n>\n    <div class=\"wysiwyg container flex !flex-col !items-center\">\n                    <div class=\"cta-title w-full !text-xl md:!text-2xl xl:!text-3xl !leading-tight font-light inline-block\">\n                <p>Une construction sans souci, du premier contact \u00e0 l&#8217;ach\u00e8vement des travaux<\/p>\n\n            <\/div>\n                                    <div class=\"mt-8\">\n                <a\n        href=\"https:\/\/www.bostoen.be\/fr\/parcours-client\/\" target=\"\" class=\"rounded-full inline-flex items-center my-2 px-6 py-3 group border !border-white !text-white hover:!text-primary-500 hover:bg-white transition-all duration-300 !no-underline\"\n    >\n        D\u00e9couvrez votre parcours client chez Bostoen\n        <svg xmlns=\"http:\/\/www.w3.org\/2000\/svg\" viewBox=\"0 0 448 512\" class=\"svg-inline--fa  fal fa-long-arrow-right ml-3 text-2xl !text-white group-hover:!text-primary-500 transform group-hover:translate-x-2 transition-all duration-200\" role=\"img\" aria-hidden=\"true\" style=\"color:currentColor\"><!-- Font Awesome Pro 5.15.3 by @fontawesome - https:\/\/fontawesome.com License - https:\/\/fontawesome.com\/license (Commercial License) --><path d=\"M311.03 131.515l-7.071 7.07c-4.686 4.686-4.686 12.284 0 16.971L387.887 239H12c-6.627 0-12 5.373-12 12v10c0 6.627 5.373 12 12 12h375.887l-83.928 83.444c-4.686 4.686-4.686 12.284 0 16.971l7.071 7.07c4.686 4.686 12.284 4.686 16.97 0l116.485-116c4.686-4.686 4.686-12.284 0-16.971L328 131.515c-4.686-4.687-12.284-4.687-16.97 0z\" fill=\"currentColor\"><\/path><\/svg>\n    <\/a>\n            <\/div>\n            <\/div>\n\n<\/div>\n","protected":false},"excerpt":{"rendered":"","protected":false},"author":12,"featured_media":0,"parent":0,"menu_order":0,"comment_status":"closed","ping_status":"closed","template":"","meta":{"_acf_changed":false,"content-type":"","footnotes":""},"class_list":["post-7218","page","type-page","status-publish","hentry"],"acf":[],"yoast_head":"<!-- This site is optimized with the Yoast SEO Premium plugin v21.0 (Yoast SEO v24.9) - https:\/\/yoast.com\/wordpress\/plugins\/seo\/ -->\n<title>Histoires de clients par type de projet sous les feux de la rampe | Bostoen<\/title>\n<meta name=\"description\" content=\"Chez Bostoen, nous ne construisons pas seulement des maisons, nous cr\u00e9ons votre maison. Laissez-vous inspirer par les t\u00e9moignages de nos clients, class\u00e9s par type de projet.\" \/>\n<meta name=\"robots\" content=\"index, follow, max-snippet:-1, max-image-preview:large, max-video-preview:-1\" \/>\n<link rel=\"canonical\" href=\"https:\/\/www.bostoen.be\/fr\/temoignages\/\" \/>\n<meta property=\"og:locale\" content=\"fr_FR\" \/>\n<meta property=\"og:type\" content=\"article\" \/>\n<meta property=\"og:title\" content=\"T\u00e9moignages de clients\" \/>\n<meta property=\"og:description\" content=\"Chez Bostoen, nous ne construisons pas seulement des maisons, nous cr\u00e9ons votre maison. Laissez-vous inspirer par les t\u00e9moignages de nos clients, class\u00e9s par type de projet.\" \/>\n<meta property=\"og:url\" content=\"https:\/\/www.bostoen.be\/fr\/temoignages\/\" \/>\n<meta property=\"og:site_name\" content=\"Bostoen\" \/>\n<meta property=\"article:modified_time\" content=\"2023-03-30T12:09:44+00:00\" \/>\n<meta name=\"twitter:card\" content=\"summary_large_image\" \/>\n<meta name=\"twitter:label1\" content=\"Est. reading time\" \/>\n\t<meta name=\"twitter:data1\" content=\"1 minute\" \/>\n<script type=\"application\/ld+json\" class=\"yoast-schema-graph\">{\"@context\":\"https:\/\/schema.org\",\"@graph\":[{\"@type\":\"WebPage\",\"@id\":\"https:\/\/www.bostoen.be\/fr\/temoignages\/\",\"url\":\"https:\/\/www.bostoen.be\/fr\/temoignages\/\",\"name\":\"Histoires de clients par type de projet sous les feux de la rampe | Bostoen\",\"isPartOf\":{\"@id\":\"https:\/\/www.bostoen.be\/#website\"},\"datePublished\":\"2021-12-17T13:20:48+00:00\",\"dateModified\":\"2023-03-30T12:09:44+00:00\",\"description\":\"Chez Bostoen, nous ne construisons pas seulement des maisons, nous cr\u00e9ons votre maison. Laissez-vous inspirer par les t\u00e9moignages de nos clients, class\u00e9s par type de projet.\",\"breadcrumb\":{\"@id\":\"https:\/\/www.bostoen.be\/fr\/temoignages\/#breadcrumb\"},\"inLanguage\":\"fr-BE\",\"potentialAction\":[{\"@type\":\"ReadAction\",\"target\":[\"https:\/\/www.bostoen.be\/fr\/temoignages\/\"]}]},{\"@type\":\"BreadcrumbList\",\"@id\":\"https:\/\/www.bostoen.be\/fr\/temoignages\/#breadcrumb\",\"itemListElement\":[{\"@type\":\"ListItem\",\"position\":1,\"name\":\"Home\",\"item\":\"https:\/\/www.bostoen.be\/fr\/bienvenue-chez-bostoen\/\"},{\"@type\":\"ListItem\",\"position\":2,\"name\":\"T\u00e9moignages de clients\"}]},{\"@type\":\"WebSite\",\"@id\":\"https:\/\/www.bostoen.be\/#website\",\"url\":\"https:\/\/www.bostoen.be\/\",\"name\":\"Bostoen\",\"description\":\"Promoteur et entreprise de construction de maisons et d'appartements neufs\",\"potentialAction\":[{\"@type\":\"SearchAction\",\"target\":{\"@type\":\"EntryPoint\",\"urlTemplate\":\"https:\/\/www.bostoen.be\/?s={search_term_string}\"},\"query-input\":{\"@type\":\"PropertyValueSpecification\",\"valueRequired\":true,\"valueName\":\"search_term_string\"}}],\"inLanguage\":\"fr-BE\"}]}<\/script>\n<!-- \/ Yoast SEO Premium plugin. -->","yoast_head_json":{"title":"Histoires de clients par type de projet sous les feux de la rampe | Bostoen","description":"Chez Bostoen, nous ne construisons pas seulement des maisons, nous cr\u00e9ons votre maison. Laissez-vous inspirer par les t\u00e9moignages de nos clients, class\u00e9s par type de projet.","robots":{"index":"index","follow":"follow","max-snippet":"max-snippet:-1","max-image-preview":"max-image-preview:large","max-video-preview":"max-video-preview:-1"},"canonical":"https:\/\/www.bostoen.be\/fr\/temoignages\/","og_locale":"fr_FR","og_type":"article","og_title":"T\u00e9moignages de clients","og_description":"Chez Bostoen, nous ne construisons pas seulement des maisons, nous cr\u00e9ons votre maison. Laissez-vous inspirer par les t\u00e9moignages de nos clients, class\u00e9s par type de projet.","og_url":"https:\/\/www.bostoen.be\/fr\/temoignages\/","og_site_name":"Bostoen","article_modified_time":"2023-03-30T12:09:44+00:00","twitter_card":"summary_large_image","twitter_misc":{"Est. reading time":"1 minute"},"schema":{"@context":"https:\/\/schema.org","@graph":[{"@type":"WebPage","@id":"https:\/\/www.bostoen.be\/fr\/temoignages\/","url":"https:\/\/www.bostoen.be\/fr\/temoignages\/","name":"Histoires de clients par type de projet sous les feux de la rampe | Bostoen","isPartOf":{"@id":"https:\/\/www.bostoen.be\/#website"},"datePublished":"2021-12-17T13:20:48+00:00","dateModified":"2023-03-30T12:09:44+00:00","description":"Chez Bostoen, nous ne construisons pas seulement des maisons, nous cr\u00e9ons votre maison. Laissez-vous inspirer par les t\u00e9moignages de nos clients, class\u00e9s par type de projet.","breadcrumb":{"@id":"https:\/\/www.bostoen.be\/fr\/temoignages\/#breadcrumb"},"inLanguage":"fr-BE","potentialAction":[{"@type":"ReadAction","target":["https:\/\/www.bostoen.be\/fr\/temoignages\/"]}]},{"@type":"BreadcrumbList","@id":"https:\/\/www.bostoen.be\/fr\/temoignages\/#breadcrumb","itemListElement":[{"@type":"ListItem","position":1,"name":"Home","item":"https:\/\/www.bostoen.be\/fr\/bienvenue-chez-bostoen\/"},{"@type":"ListItem","position":2,"name":"T\u00e9moignages de clients"}]},{"@type":"WebSite","@id":"https:\/\/www.bostoen.be\/#website","url":"https:\/\/www.bostoen.be\/","name":"Bostoen","description":"Promoteur et entreprise de construction de maisons et d'appartements neufs","potentialAction":[{"@type":"SearchAction","target":{"@type":"EntryPoint","urlTemplate":"https:\/\/www.bostoen.be\/?s={search_term_string}"},"query-input":{"@type":"PropertyValueSpecification","valueRequired":true,"valueName":"search_term_string"}}],"inLanguage":"fr-BE"}]}},"_links":{"self":[{"href":"https:\/\/www.bostoen.be\/fr\/wp-json\/wp\/v2\/pages\/7218","targetHints":{"allow":["GET"]}}],"collection":[{"href":"https:\/\/www.bostoen.be\/fr\/wp-json\/wp\/v2\/pages"}],"about":[{"href":"https:\/\/www.bostoen.be\/fr\/wp-json\/wp\/v2\/types\/page"}],"author":[{"embeddable":true,"href":"https:\/\/www.bostoen.be\/fr\/wp-json\/wp\/v2\/users\/12"}],"replies":[{"embeddable":true,"href":"https:\/\/www.bostoen.be\/fr\/wp-json\/wp\/v2\/comments?post=7218"}],"version-history":[{"count":1,"href":"https:\/\/www.bostoen.be\/fr\/wp-json\/wp\/v2\/pages\/7218\/revisions"}],"predecessor-version":[{"id":25675,"href":"https:\/\/www.bostoen.be\/fr\/wp-json\/wp\/v2\/pages\/7218\/revisions\/25675"}],"wp:attachment":[{"href":"https:\/\/www.bostoen.be\/fr\/wp-json\/wp\/v2\/media?parent=7218"}],"curies":[{"name":"wp","href":"https:\/\/api.w.org\/{rel}","templated":true}]}}