{"id":7215,"date":"2021-07-26T13:07:16","date_gmt":"2021-07-26T13:07:16","guid":{"rendered":"https:\/\/www.bostoen.be\/?page_id=7215"},"modified":"2026-03-17T13:20:27","modified_gmt":"2026-03-17T13:20:27","slug":"maisons-temoins","status":"publish","type":"page","link":"https:\/\/www.bostoen.be\/fr\/maisons-temoins\/","title":{"rendered":"Maisons et appartements t\u00e9moins"},"content":{"rendered":"\n<h2 class=\"has-spacing-small wp-block-heading alignwide has-text-align-left\" id=\"kijkwoningen-en-appartementen\">D\u00e9couvrez nos maisons et appartements t\u00e9moins dans votre quartier<\/h2>\n\n\n\n<div class=\"has-spacing-large wp-block-media-text alignwide has-media-on-the-right is-stacked-on-mobile is-image-fill\"><div class=\"wp-block-media-text__content\"><p class=\"wp-block-paragraph has-spacing-small\">Vous souhaitez acheter une maison ou un appartement, mais vous avez besoin d&#8217;inspiration ? Dans nos maisons et appartements t\u00e9moins, vous d\u00e9couvrirez la qualit\u00e9, les finitions et l&#8217;approche durable d&#8217;une maison de Bostoen. Contactez-nous pour une visite personnalis\u00e9e avec nos conseillers en construction.<\/p>\n\n\n<ul class=\"has-spacing-small wp-block-list is-style-checkmarks\">\n<li>Vous d\u00e9couvrez la disposition, l&#8217;espace et les finitions.<\/li>\n\n\n\n<li>Gr\u00e2ce \u00e0 un am\u00e9nagement complet, vous pouvez vous projeter dans votre futur int\u00e9rieur.<\/li>\n\n\n\n<li>Vous d\u00e9couvrez les mat\u00e9riaux utilis\u00e9s, les techniques et les solutions durables.<\/li>\n\n\n\n<li>Notre conseiller en construction est pr\u00e9sent pour r\u00e9pondre \u00e0 toutes vos questions.<\/li>\n\n\n\n<li>Vous trouvez des id\u00e9es pour l&#8217;am\u00e9nagement et les finitions de votre nouvelle maison.<\/li>\n<\/ul>\n\n\n<div class=\"flex flex-col sm:flex-row sm:flex-wrap gap-4\">\n                        <div class=\"wp-block-button-custom wp-blocks-block\">\n                <div\n        class=\"text-left\"\n    >\n        <button\n            class=\"group font-condensed inline-flex items-center py-1 px-12 rounded-md transition-colors duration-200 cursor-pointer no-underline font-condensed !text-white hover:!text-white bg-secondary-500 hover:bg-secondary-400 font-bold\" target=\"\"\n                                x-data\n            x-on:click=\"window.scrollToElement('#maisonst\u00e9moin')\"\n                    >\n            \n            Maisons t\u00e9moins\n\n                        <span class=\"ml-4 transition-transform duration-200 inline-block group-hover:transform group-hover:translate-x-2\">\n                <svg xmlns=\"http:\/\/www.w3.org\/2000\/svg\" viewBox=\"0 0 448 512\" class=\"svg-inline--fa  far fa-long-arrow-right\" role=\"img\" aria-hidden=\"true\" style=\"color:currentColor\"><!-- Font Awesome Pro 5.15.3 by @fontawesome - https:\/\/fontawesome.com License - https:\/\/fontawesome.com\/license (Commercial License) --><path d=\"M295.515 115.716l-19.626 19.626c-4.753 4.753-4.675 12.484.173 17.14L356.78 230H12c-6.627 0-12 5.373-12 12v28c0 6.627 5.373 12 12 12h344.78l-80.717 77.518c-4.849 4.656-4.927 12.387-.173 17.14l19.626 19.626c4.686 4.686 12.284 4.686 16.971 0l131.799-131.799c4.686-4.686 4.686-12.284 0-16.971L312.485 115.716c-4.686-4.686-12.284-4.686-16.97 0z\" fill=\"currentColor\"><\/path><\/svg>\n            <\/span>\n                    <\/button>\n    <\/div>\n            <\/div>\n                                <div class=\"wp-block-button-custom wp-blocks-block\">\n                <div\n        class=\"text-left\"\n    >\n        <button\n            class=\"group font-condensed inline-flex items-center py-1 px-12 rounded-md transition-colors duration-200 cursor-pointer no-underline font-condensed !text-white hover:!text-white bg-secondary-500 hover:bg-secondary-400 font-bold\" target=\"\"\n                                x-data\n            x-on:click=\"window.scrollToElement('#appartementst\u00e9moins')\"\n                    >\n            \n            Appartements t\u00e9moins\n\n                        <span class=\"ml-4 transition-transform duration-200 inline-block group-hover:transform group-hover:translate-x-2\">\n                <svg xmlns=\"http:\/\/www.w3.org\/2000\/svg\" viewBox=\"0 0 448 512\" class=\"svg-inline--fa  far fa-long-arrow-right\" role=\"img\" aria-hidden=\"true\" style=\"color:currentColor\"><!-- Font Awesome Pro 5.15.3 by @fontawesome - https:\/\/fontawesome.com License - https:\/\/fontawesome.com\/license (Commercial License) --><path d=\"M295.515 115.716l-19.626 19.626c-4.753 4.753-4.675 12.484.173 17.14L356.78 230H12c-6.627 0-12 5.373-12 12v28c0 6.627 5.373 12 12 12h344.78l-80.717 77.518c-4.849 4.656-4.927 12.387-.173 17.14l19.626 19.626c4.686 4.686 12.284 4.686 16.971 0l131.799-131.799c4.686-4.686 4.686-12.284 0-16.971L312.485 115.716c-4.686-4.686-12.284-4.686-16.97 0z\" fill=\"currentColor\"><\/path><\/svg>\n            <\/span>\n                    <\/button>\n    <\/div>\n            <\/div>\n            <\/div><\/div><figure class=\"wp-block-media-text__media\" style=\"background-image:url(https:\/\/staging.bostoen.be\/uploads\/2026\/03\/Oris-Rumst-5-1024x683.jpg);background-position:50% 50%\"><img decoding=\"async\" src=\"https:\/\/staging.bostoen.be\/uploads\/2026\/03\/Oris-Rumst-5-1024x683.jpg\" alt=\"\" class=\"wp-image-37612 size-full\"\/><\/figure><\/div>\n\n\n<div class=\"wp-blocks-block  alignwide has-spacing-extra-small\" id=\"maisonst\u00e9moins\">\n    <div class=\"h-px bg-gray-75 ml-4\"><\/div>\n            <div class=\"px-12 py-2 bg-gray-75 text-gray-500 font-condensed font-bold rounded-md whitespace-nowrap leading-none w-max -mt-px\">Maisons t\u00e9moins<\/div>\n    <\/div>\n\n\n<div\nclass=\"wp-blocks-block  alignfull\"\n>\n                        <div class=\"\">\n                <div class=\"container\">\n                    <div class=\"grid lg:grid-cols-2 wp-block-model-block pb-16\">\n        <div class=\"flex flex-col justify-center gap-2 mb-4 lg:mb-0 lg:order-1 lg:me-16\">\n            <div class=\"text-xl font-bold font-condensed flex gap-2 items-center\">\n                <span class=\"!text-primary-500\"><svg xmlns=\"http:\/\/www.w3.org\/2000\/svg\" viewBox=\"0 0 384 512\" class=\"svg-inline--fa  fas fa-map-marker-alt\" role=\"img\" aria-hidden=\"true\" style=\"color:currentColor\"><!-- Font Awesome Pro 5.15.3 by @fontawesome - https:\/\/fontawesome.com License - https:\/\/fontawesome.com\/license (Commercial License) --><path d=\"M172.268 501.67C26.97 291.031 0 269.413 0 192 0 85.961 85.961 0 192 0s192 85.961 192 192c0 77.413-26.97 99.031-172.268 309.67-9.535 13.774-29.93 13.773-39.464 0zM192 272c44.183 0 80-35.817 80-80s-35.817-80-80-80-80 35.817-80 80 35.817 80 80 80z\" fill=\"currentColor\"><\/path><\/svg>\n<\/span>\n                <span class=\"text-gray-500\">Maison t\u00e9moin: Kloosterstraat 19, Marke<\/span>\n            <\/div>\n            <h2 class=\"font-bold font-condensed text-3xl md:text-4xl mb-2\">\n                            Maison t\u00e9moin \u00e0 Marke\n                            <\/h2>\n                                        <div class=\"wysiwyg wysiwyg-usps mb-4\"><ul>\n<li>Maison semi-ouverte avec 3 chambres<\/li>\n<li>Salle de bains avec double lavabo, baignoire et douche<\/li>\n<li>Espace de vie confortable avec cuisine ouverte<\/li>\n<li>Beaucoup de lumi\u00e8re gr\u00e2ce \u00e0 de grandes baies vitr\u00e9es<\/li>\n<li>Chauffage au sol, ventilation type D et panneaux solaires<\/li>\n<\/ul>\n<\/div>\n                                        <div class=\"flex flex-col !w-max\">\n                    <a\n            class=\"group font-condensed inline-flex items-center py-1 px-12 rounded-md transition-colors duration-200 cursor-pointer no-underline font-condensed !text-white hover:!text-white bg-primary-500 hover:bg-primary-400 font-bold\"\n                    href=\"https:\/\/www.bostoen.be\/fr\/maisons\/marke\/het-goudenhof\/#contact-form\"\n                                >\n            \n            Prenez rendez-vous\n\n                    <\/a>\n                    <a\n                        href=\"https:\/\/www.bostoen.be\/fr\/maisons\/marke\/het-goudenhof\/\"\n                        class=\"w-full inline-block text-center px-6 underline hover:no-underline flex-1 !decoration-black\"\n                    >\n                        Ou d\u00e9couvrez ce projet\n                    <\/a>\n                <\/div>\n                    <\/div>\n\n        <div class=\"lg:order-2\">\n            <div class=\"grid grid-cols-2 gap-1 auto-rows-[8rem] md:auto-rows-[10rem] mt-4 md:grid-cols-3\">\n                    <a\n                data-fancybox=\"gallery-32783\"\n                href=\"https:\/\/www.bostoen.be\/uploads\/2024\/06\/bostoen-kijkwoning-marke-het-goudenhof-leefruimte-1.jpg\"\n                data-index=\"0\"\n                class=\"relative group col-span-2 row-span-2 md:col-span-3 block\"\n            >\n                                    <img decoding=\"async\"\n    src=\"https:\/\/www.bostoen.be\/uploads\/2024\/06\/bostoen-kijkwoning-marke-het-goudenhof-leefruimte-1.jpg\" alt=\"Bostoen Kijkwoning Marke Het GoudenHof Leefruimte Keuken\" srcset=\"https:\/\/www.bostoen.be\/uploads\/2024\/06\/bostoen-kijkwoning-marke-het-goudenhof-leefruimte-1-300x187.jpg 300w, https:\/\/www.bostoen.be\/uploads\/2024\/06\/bostoen-kijkwoning-marke-het-goudenhof-leefruimte-1-1024x637.jpg 1024w, https:\/\/www.bostoen.be\/uploads\/2024\/06\/bostoen-kijkwoning-marke-het-goudenhof-leefruimte-1-768x478.jpg 768w, https:\/\/www.bostoen.be\/uploads\/2024\/06\/bostoen-kijkwoning-marke-het-goudenhof-leefruimte-1-1536x955.jpg 1536w, https:\/\/www.bostoen.be\/uploads\/2024\/06\/bostoen-kijkwoning-marke-het-goudenhof-leefruimte-1.jpg 1600w\" width=\"1600\" height=\"995\" loading=\"lazy\" fetchpriority=\"low\" class=\"w-full !h-full  object-cover\"\n>\n                                                            <\/a>\n                    <a\n                data-fancybox=\"gallery-32783\"\n                href=\"https:\/\/www.bostoen.be\/uploads\/2024\/06\/bostoen-kijkwoning-marke-het-goudenhof-leefruimte-3.jpg\"\n                data-index=\"1\"\n                class=\"relative group col-span-1 row-span-1 block\"\n            >\n                                    <img decoding=\"async\"\n    src=\"https:\/\/www.bostoen.be\/uploads\/2024\/06\/bostoen-kijkwoning-marke-het-goudenhof-leefruimte-3.jpg\" alt=\"Bostoen Kijkwoning Marke Het GoudenHof Leefruimte Keuken\" srcset=\"https:\/\/www.bostoen.be\/uploads\/2024\/06\/bostoen-kijkwoning-marke-het-goudenhof-leefruimte-3-300x189.jpg 300w, https:\/\/www.bostoen.be\/uploads\/2024\/06\/bostoen-kijkwoning-marke-het-goudenhof-leefruimte-3-1024x645.jpg 1024w, https:\/\/www.bostoen.be\/uploads\/2024\/06\/bostoen-kijkwoning-marke-het-goudenhof-leefruimte-3-768x484.jpg 768w, https:\/\/www.bostoen.be\/uploads\/2024\/06\/bostoen-kijkwoning-marke-het-goudenhof-leefruimte-3-1536x968.jpg 1536w, https:\/\/www.bostoen.be\/uploads\/2024\/06\/bostoen-kijkwoning-marke-het-goudenhof-leefruimte-3.jpg 1600w\" width=\"1600\" height=\"1008\" loading=\"lazy\" fetchpriority=\"low\" class=\"w-full !h-full  object-cover\"\n>\n                                                            <\/a>\n                    <a\n                data-fancybox=\"gallery-32783\"\n                href=\"https:\/\/www.bostoen.be\/uploads\/2024\/06\/bostoen-kijkwoning-marke-het-goudenhof-leefruimte-2.jpg\"\n                data-index=\"2\"\n                class=\"relative group col-span-1 row-span-1 block\"\n            >\n                                    <img decoding=\"async\"\n    src=\"https:\/\/www.bostoen.be\/uploads\/2024\/06\/bostoen-kijkwoning-marke-het-goudenhof-leefruimte-2.jpg\" alt=\"Bostoen Kijkwoning Marke Het GoudenHof Leefruimte Keuken\" srcset=\"https:\/\/www.bostoen.be\/uploads\/2024\/06\/bostoen-kijkwoning-marke-het-goudenhof-leefruimte-2-300x183.jpg 300w, https:\/\/www.bostoen.be\/uploads\/2024\/06\/bostoen-kijkwoning-marke-het-goudenhof-leefruimte-2-1024x625.jpg 1024w, https:\/\/www.bostoen.be\/uploads\/2024\/06\/bostoen-kijkwoning-marke-het-goudenhof-leefruimte-2-768x468.jpg 768w, https:\/\/www.bostoen.be\/uploads\/2024\/06\/bostoen-kijkwoning-marke-het-goudenhof-leefruimte-2-1536x937.jpg 1536w, https:\/\/www.bostoen.be\/uploads\/2024\/06\/bostoen-kijkwoning-marke-het-goudenhof-leefruimte-2.jpg 1800w\" width=\"1800\" height=\"1098\" loading=\"lazy\" fetchpriority=\"low\" class=\"w-full !h-full  object-cover\"\n>\n                                                                    <div class=\"absolute inset-0 bg-black\/25  flex flex-col items-center justify-center text-white text-lg font-semibold flex-wrap md:hidden\">\n                        <div class=\"text-3xl\">+11<\/div>\n                        <div class=\"text-sm\">voir toutes les photos<\/div>\n                    <\/div>\n                            <\/a>\n                    <a\n                data-fancybox=\"gallery-32783\"\n                href=\"https:\/\/www.bostoen.be\/uploads\/2024\/06\/bostoen-kijkwoning-marke-het-goudenhof-keuken-1.jpg\"\n                data-index=\"3\"\n                class=\"relative group col-span-1 row-span-1 block hidden md:block\"\n            >\n                                    <img decoding=\"async\"\n    src=\"https:\/\/www.bostoen.be\/uploads\/2024\/06\/bostoen-kijkwoning-marke-het-goudenhof-keuken-1.jpg\" alt=\"Bostoen Kijkwoning Marke Het GoudenHof Leefruimte Keuken\" srcset=\"https:\/\/www.bostoen.be\/uploads\/2024\/06\/bostoen-kijkwoning-marke-het-goudenhof-keuken-1-300x195.jpg 300w, https:\/\/www.bostoen.be\/uploads\/2024\/06\/bostoen-kijkwoning-marke-het-goudenhof-keuken-1-1024x665.jpg 1024w, https:\/\/www.bostoen.be\/uploads\/2024\/06\/bostoen-kijkwoning-marke-het-goudenhof-keuken-1-768x499.jpg 768w, https:\/\/www.bostoen.be\/uploads\/2024\/06\/bostoen-kijkwoning-marke-het-goudenhof-keuken-1-1536x998.jpg 1536w, https:\/\/www.bostoen.be\/uploads\/2024\/06\/bostoen-kijkwoning-marke-het-goudenhof-keuken-1.jpg 1800w\" width=\"1800\" height=\"1169\" loading=\"lazy\" fetchpriority=\"low\" class=\"w-full !h-full  object-cover\"\n>\n                                                    <div class=\"absolute inset-0 bg-black\/25  flex flex-col items-center justify-center text-white text-lg font-semibold flex-wrap\">\n                        <div class=\"text-4xl\">+10<\/div>\n                        <div>voir toutes les photos<\/div>\n                    <\/div>\n                                            <\/a>\n                    <a\n                data-fancybox=\"gallery-32783\"\n                href=\"https:\/\/www.bostoen.be\/uploads\/2024\/06\/Bostoen-Het-GoudenHof-nieuwbouw-kijkwoning-Marke-keuken.jpg\"\n                data-index=\"4\"\n                class=\"relative group col-span-1 row-span-1 hidden\"\n            >\n                                    <img decoding=\"async\"\n    src=\"https:\/\/www.bostoen.be\/uploads\/2024\/06\/Bostoen-Het-GoudenHof-nieuwbouw-kijkwoning-Marke-keuken.jpg\" alt=\"Bostoen Het GoudenHof kijkwoning in Marke keuken\" srcset=\"https:\/\/www.bostoen.be\/uploads\/2024\/06\/Bostoen-Het-GoudenHof-nieuwbouw-kijkwoning-Marke-keuken-300x169.jpg 300w, https:\/\/www.bostoen.be\/uploads\/2024\/06\/Bostoen-Het-GoudenHof-nieuwbouw-kijkwoning-Marke-keuken-1024x578.jpg 1024w, https:\/\/www.bostoen.be\/uploads\/2024\/06\/Bostoen-Het-GoudenHof-nieuwbouw-kijkwoning-Marke-keuken-768x433.jpg 768w, https:\/\/www.bostoen.be\/uploads\/2024\/06\/Bostoen-Het-GoudenHof-nieuwbouw-kijkwoning-Marke-keuken.jpg 1200w\" width=\"1200\" height=\"677\" loading=\"lazy\" fetchpriority=\"low\" class=\"w-full !h-full  object-cover\"\n>\n                                                            <\/a>\n                    <a\n                data-fancybox=\"gallery-32783\"\n                href=\"https:\/\/www.bostoen.be\/uploads\/2024\/06\/Bostoen-Het-GoudenHof-nieuwbouw-kijkwoning-Marke-inkomhal.jpg\"\n                data-index=\"5\"\n                class=\"relative group col-span-1 row-span-1 hidden\"\n            >\n                                    <img decoding=\"async\"\n    src=\"https:\/\/www.bostoen.be\/uploads\/2024\/06\/Bostoen-Het-GoudenHof-nieuwbouw-kijkwoning-Marke-inkomhal.jpg\" alt=\"Bostoen Het GoudenHof kijkwoning in Marke inkomhal\" srcset=\"https:\/\/www.bostoen.be\/uploads\/2024\/06\/Bostoen-Het-GoudenHof-nieuwbouw-kijkwoning-Marke-inkomhal-300x218.jpg 300w, https:\/\/www.bostoen.be\/uploads\/2024\/06\/Bostoen-Het-GoudenHof-nieuwbouw-kijkwoning-Marke-inkomhal-1024x744.jpg 1024w, https:\/\/www.bostoen.be\/uploads\/2024\/06\/Bostoen-Het-GoudenHof-nieuwbouw-kijkwoning-Marke-inkomhal-768x558.jpg 768w, https:\/\/www.bostoen.be\/uploads\/2024\/06\/Bostoen-Het-GoudenHof-nieuwbouw-kijkwoning-Marke-inkomhal.jpg 1200w\" width=\"1200\" height=\"872\" loading=\"lazy\" fetchpriority=\"low\" class=\"w-full !h-full  object-cover\"\n>\n                                                            <\/a>\n                    <a\n                data-fancybox=\"gallery-32783\"\n                href=\"https:\/\/www.bostoen.be\/uploads\/2024\/06\/bostoen-kijkwoning-marke-het-goudenhof-badkamer-1.jpg\"\n                data-index=\"6\"\n                class=\"relative group col-span-1 row-span-1 hidden\"\n            >\n                                    <img decoding=\"async\"\n    src=\"https:\/\/www.bostoen.be\/uploads\/2024\/06\/bostoen-kijkwoning-marke-het-goudenhof-badkamer-1.jpg\" alt=\"Bostoen Kijkwoning Marke Het GoudenHof Badkamer\" srcset=\"https:\/\/www.bostoen.be\/uploads\/2024\/06\/bostoen-kijkwoning-marke-het-goudenhof-badkamer-1-300x185.jpg 300w, https:\/\/www.bostoen.be\/uploads\/2024\/06\/bostoen-kijkwoning-marke-het-goudenhof-badkamer-1-1024x633.jpg 1024w, https:\/\/www.bostoen.be\/uploads\/2024\/06\/bostoen-kijkwoning-marke-het-goudenhof-badkamer-1-768x474.jpg 768w, https:\/\/www.bostoen.be\/uploads\/2024\/06\/bostoen-kijkwoning-marke-het-goudenhof-badkamer-1-1536x949.jpg 1536w, https:\/\/www.bostoen.be\/uploads\/2024\/06\/bostoen-kijkwoning-marke-het-goudenhof-badkamer-1.jpg 1800w\" width=\"1800\" height=\"1112\" loading=\"lazy\" fetchpriority=\"low\" class=\"w-full !h-full  object-cover\"\n>\n                                                            <\/a>\n                    <a\n                data-fancybox=\"gallery-32783\"\n                href=\"https:\/\/www.bostoen.be\/uploads\/2024\/06\/bostoen-kijkwoning-marke-het-goudenhof-badkamer-2.jpg\"\n                data-index=\"7\"\n                class=\"relative group col-span-1 row-span-1 hidden\"\n            >\n                                    <img decoding=\"async\"\n    src=\"https:\/\/www.bostoen.be\/uploads\/2024\/06\/bostoen-kijkwoning-marke-het-goudenhof-badkamer-2.jpg\" alt=\"Bostoen Kijkwoning Marke Het GoudenHof Badkamer\" srcset=\"https:\/\/www.bostoen.be\/uploads\/2024\/06\/bostoen-kijkwoning-marke-het-goudenhof-badkamer-2-300x176.jpg 300w, https:\/\/www.bostoen.be\/uploads\/2024\/06\/bostoen-kijkwoning-marke-het-goudenhof-badkamer-2-1024x602.jpg 1024w, https:\/\/www.bostoen.be\/uploads\/2024\/06\/bostoen-kijkwoning-marke-het-goudenhof-badkamer-2-768x451.jpg 768w, https:\/\/www.bostoen.be\/uploads\/2024\/06\/bostoen-kijkwoning-marke-het-goudenhof-badkamer-2-1536x903.jpg 1536w, https:\/\/www.bostoen.be\/uploads\/2024\/06\/bostoen-kijkwoning-marke-het-goudenhof-badkamer-2.jpg 1800w\" width=\"1800\" height=\"1058\" loading=\"lazy\" fetchpriority=\"low\" class=\"w-full !h-full  object-cover\"\n>\n                                                            <\/a>\n                    <a\n                data-fancybox=\"gallery-32783\"\n                href=\"https:\/\/www.bostoen.be\/uploads\/2024\/06\/Bostoen-Het-GoudenHof-nieuwbouw-kijkwoning-Marke-slaapkamer.jpg\"\n                data-index=\"8\"\n                class=\"relative group col-span-1 row-span-1 hidden\"\n            >\n                                    <img decoding=\"async\"\n    src=\"https:\/\/www.bostoen.be\/uploads\/2024\/06\/Bostoen-Het-GoudenHof-nieuwbouw-kijkwoning-Marke-slaapkamer.jpg\" alt=\"Bostoen Het GoudenHof kijkwoning in Marke slaapkamer 1\" srcset=\"https:\/\/www.bostoen.be\/uploads\/2024\/06\/Bostoen-Het-GoudenHof-nieuwbouw-kijkwoning-Marke-slaapkamer-300x165.jpg 300w, https:\/\/www.bostoen.be\/uploads\/2024\/06\/Bostoen-Het-GoudenHof-nieuwbouw-kijkwoning-Marke-slaapkamer-1024x564.jpg 1024w, https:\/\/www.bostoen.be\/uploads\/2024\/06\/Bostoen-Het-GoudenHof-nieuwbouw-kijkwoning-Marke-slaapkamer-768x423.jpg 768w, https:\/\/www.bostoen.be\/uploads\/2024\/06\/Bostoen-Het-GoudenHof-nieuwbouw-kijkwoning-Marke-slaapkamer.jpg 1200w\" width=\"1200\" height=\"661\" loading=\"lazy\" fetchpriority=\"low\" class=\"w-full !h-full  object-cover\"\n>\n                                                            <\/a>\n                    <a\n                data-fancybox=\"gallery-32783\"\n                href=\"https:\/\/www.bostoen.be\/uploads\/2024\/06\/bostoen-kijkwoning-marke-het-goudenhof-slaapkamer-1.jpg\"\n                data-index=\"9\"\n                class=\"relative group col-span-1 row-span-1 hidden\"\n            >\n                                    <img decoding=\"async\"\n    src=\"https:\/\/www.bostoen.be\/uploads\/2024\/06\/bostoen-kijkwoning-marke-het-goudenhof-slaapkamer-1.jpg\" alt=\"Bostoen Kijkwoning Marke Het GoudenHof Slaapkamer\" srcset=\"https:\/\/www.bostoen.be\/uploads\/2024\/06\/bostoen-kijkwoning-marke-het-goudenhof-slaapkamer-1-300x189.jpg 300w, https:\/\/www.bostoen.be\/uploads\/2024\/06\/bostoen-kijkwoning-marke-het-goudenhof-slaapkamer-1-1024x644.jpg 1024w, https:\/\/www.bostoen.be\/uploads\/2024\/06\/bostoen-kijkwoning-marke-het-goudenhof-slaapkamer-1-768x483.jpg 768w, https:\/\/www.bostoen.be\/uploads\/2024\/06\/bostoen-kijkwoning-marke-het-goudenhof-slaapkamer-1-1536x966.jpg 1536w, https:\/\/www.bostoen.be\/uploads\/2024\/06\/bostoen-kijkwoning-marke-het-goudenhof-slaapkamer-1.jpg 1800w\" width=\"1800\" height=\"1132\" loading=\"lazy\" fetchpriority=\"low\" class=\"w-full !h-full  object-cover\"\n>\n                                                            <\/a>\n                    <a\n                data-fancybox=\"gallery-32783\"\n                href=\"https:\/\/www.bostoen.be\/uploads\/2024\/06\/bostoen-kijkwoning-marke-het-goudenhof-slaapkamer-2.jpg\"\n                data-index=\"10\"\n                class=\"relative group col-span-1 row-span-1 hidden\"\n            >\n                                    <img decoding=\"async\"\n    src=\"https:\/\/www.bostoen.be\/uploads\/2024\/06\/bostoen-kijkwoning-marke-het-goudenhof-slaapkamer-2.jpg\" alt=\"Bostoen Kijkwoning Marke Het GoudenHof Slaapkamer\" srcset=\"https:\/\/www.bostoen.be\/uploads\/2024\/06\/bostoen-kijkwoning-marke-het-goudenhof-slaapkamer-2-300x183.jpg 300w, https:\/\/www.bostoen.be\/uploads\/2024\/06\/bostoen-kijkwoning-marke-het-goudenhof-slaapkamer-2-1024x625.jpg 1024w, https:\/\/www.bostoen.be\/uploads\/2024\/06\/bostoen-kijkwoning-marke-het-goudenhof-slaapkamer-2-768x468.jpg 768w, https:\/\/www.bostoen.be\/uploads\/2024\/06\/bostoen-kijkwoning-marke-het-goudenhof-slaapkamer-2-1536x937.jpg 1536w, https:\/\/www.bostoen.be\/uploads\/2024\/06\/bostoen-kijkwoning-marke-het-goudenhof-slaapkamer-2.jpg 1800w\" width=\"1800\" height=\"1098\" loading=\"lazy\" fetchpriority=\"low\" class=\"w-full !h-full  object-cover\"\n>\n                                                            <\/a>\n                    <a\n                data-fancybox=\"gallery-32783\"\n                href=\"https:\/\/www.bostoen.be\/uploads\/2024\/06\/Bostoen-Het-GoudenHof-nieuwbouw-kijkwoning-Marke-slaapkamer-3.jpg\"\n                data-index=\"11\"\n                class=\"relative group col-span-1 row-span-1 hidden\"\n            >\n                                    <img decoding=\"async\"\n    src=\"https:\/\/www.bostoen.be\/uploads\/2024\/06\/Bostoen-Het-GoudenHof-nieuwbouw-kijkwoning-Marke-slaapkamer-3.jpg\" alt=\"Bostoen Het GoudenHof kijkwoning in Marke slaapkamer 3\" srcset=\"https:\/\/www.bostoen.be\/uploads\/2024\/06\/Bostoen-Het-GoudenHof-nieuwbouw-kijkwoning-Marke-slaapkamer-3-300x166.jpg 300w, https:\/\/www.bostoen.be\/uploads\/2024\/06\/Bostoen-Het-GoudenHof-nieuwbouw-kijkwoning-Marke-slaapkamer-3-1024x567.jpg 1024w, https:\/\/www.bostoen.be\/uploads\/2024\/06\/Bostoen-Het-GoudenHof-nieuwbouw-kijkwoning-Marke-slaapkamer-3-768x426.jpg 768w, https:\/\/www.bostoen.be\/uploads\/2024\/06\/Bostoen-Het-GoudenHof-nieuwbouw-kijkwoning-Marke-slaapkamer-3.jpg 1200w\" width=\"1200\" height=\"665\" loading=\"lazy\" fetchpriority=\"low\" class=\"w-full !h-full  object-cover\"\n>\n                                                            <\/a>\n                    <a\n                data-fancybox=\"gallery-32783\"\n                href=\"https:\/\/www.bostoen.be\/uploads\/2024\/06\/bostoen-energiezuinige-nieuwbouwwonigen-marke-het-goudenhof-kijkwoning.jpg\"\n                data-index=\"12\"\n                class=\"relative group col-span-1 row-span-1 hidden\"\n            >\n                                    <img decoding=\"async\"\n    src=\"https:\/\/www.bostoen.be\/uploads\/2024\/06\/bostoen-energiezuinige-nieuwbouwwonigen-marke-het-goudenhof-kijkwoning.jpg\" alt=\"Bostoen energiezuinige nieuwbouwwonigen Marke Het Goudenhof kijkwoning\" srcset=\"https:\/\/www.bostoen.be\/uploads\/2024\/06\/bostoen-energiezuinige-nieuwbouwwonigen-marke-het-goudenhof-kijkwoning-300x233.jpg 300w, https:\/\/www.bostoen.be\/uploads\/2024\/06\/bostoen-energiezuinige-nieuwbouwwonigen-marke-het-goudenhof-kijkwoning-768x598.jpg 768w, https:\/\/www.bostoen.be\/uploads\/2024\/06\/bostoen-energiezuinige-nieuwbouwwonigen-marke-het-goudenhof-kijkwoning.jpg 1000w\" width=\"1000\" height=\"778\" loading=\"lazy\" fetchpriority=\"low\" class=\"w-full !h-full  object-cover\"\n>\n                                                            <\/a>\n                    <a\n                data-fancybox=\"gallery-32783\"\n                href=\"https:\/\/www.bostoen.be\/uploads\/2024\/06\/Bostoen-Het-GoudenHof-nieuwbouw-kijkwoning-Marke-achtergevel.jpg\"\n                data-index=\"13\"\n                class=\"relative group col-span-1 row-span-1 hidden\"\n            >\n                                    <img decoding=\"async\"\n    src=\"https:\/\/www.bostoen.be\/uploads\/2024\/06\/Bostoen-Het-GoudenHof-nieuwbouw-kijkwoning-Marke-achtergevel.jpg\" alt=\"Bostoen Het GoudenHof kijkwoning in Marke tuin\" srcset=\"https:\/\/www.bostoen.be\/uploads\/2024\/06\/Bostoen-Het-GoudenHof-nieuwbouw-kijkwoning-Marke-achtergevel-300x169.jpg 300w, https:\/\/www.bostoen.be\/uploads\/2024\/06\/Bostoen-Het-GoudenHof-nieuwbouw-kijkwoning-Marke-achtergevel-1024x578.jpg 1024w, https:\/\/www.bostoen.be\/uploads\/2024\/06\/Bostoen-Het-GoudenHof-nieuwbouw-kijkwoning-Marke-achtergevel-768x433.jpg 768w, https:\/\/www.bostoen.be\/uploads\/2024\/06\/Bostoen-Het-GoudenHof-nieuwbouw-kijkwoning-Marke-achtergevel.jpg 1200w\" width=\"1200\" height=\"677\" loading=\"lazy\" fetchpriority=\"low\" class=\"w-full !h-full  object-cover\"\n>\n                                                            <\/a>\n            <\/div>\n        <\/div>\n    <\/div>\n\n                <\/div>\n            <\/div>\n                    <div class=\"bg-gray-75\">\n                <div class=\"container\">\n                    <div class=\"grid lg:grid-cols-2 wp-block-model-block pb-16 pt-16\">\n        <div class=\"flex flex-col justify-center gap-2 mb-4 lg:mb-0 lg:order-2 lg:ms-16\">\n            <div class=\"text-xl font-bold font-condensed flex gap-2 items-center\">\n                <span class=\"!text-primary-500\"><svg xmlns=\"http:\/\/www.w3.org\/2000\/svg\" viewBox=\"0 0 384 512\" class=\"svg-inline--fa  fas fa-map-marker-alt\" role=\"img\" aria-hidden=\"true\" style=\"color:currentColor\"><!-- Font Awesome Pro 5.15.3 by @fontawesome - https:\/\/fontawesome.com License - https:\/\/fontawesome.com\/license (Commercial License) --><path d=\"M172.268 501.67C26.97 291.031 0 269.413 0 192 0 85.961 85.961 0 192 0s192 85.961 192 192c0 77.413-26.97 99.031-172.268 309.67-9.535 13.774-29.93 13.773-39.464 0zM192 272c44.183 0 80-35.817 80-80s-35.817-80-80-80-80 35.817-80 80 35.817 80 80 80z\" fill=\"currentColor\"><\/path><\/svg>\n<\/span>\n                <span class=\"text-gray-500\">Maison t\u00e9moin: Baljuwstraat 12, Dentergem<\/span>\n            <\/div>\n            <h2 class=\"font-bold font-condensed text-3xl md:text-4xl mb-2\">\n                            Maison t\u00e9moin \u00e0 Dentergem\n                            <\/h2>\n                                        <div class=\"wysiwyg wysiwyg-usps mb-4\"><ul>\n<li>Maison ouverte avec 3 chambres<\/li>\n<li>Salle de bains avec double lavabo, baignoire et douche<\/li>\n<li>Espace de vie lumineux dot\u00e9e de grandes baies vitr\u00e9es<\/li>\n<li>Hall d&#8217;entr\u00e9e raffin\u00e9 avec une porte en acier \u00e9l\u00e9gante<\/li>\n<li>Pompe \u00e0 chaleur, chauffage au sol, ventilation type D et panneaux solaires<\/li>\n<li>Situ\u00e9e dans une impasse bord\u00e9e d&#8217;espaces verts<\/li>\n<\/ul>\n<\/div>\n                                        <div class=\"flex flex-col !w-max\">\n                    <a\n            class=\"group font-condensed inline-flex items-center py-1 px-12 rounded-md transition-colors duration-200 cursor-pointer no-underline font-condensed !text-white hover:!text-white bg-primary-500 hover:bg-primary-400 font-bold\"\n                    href=\"https:\/\/www.bostoen.be\/fr\/maisons\/dentergem\/rivahof\/#contact-form\"\n                                >\n            \n            Prenez rendez-vous\n\n                    <\/a>\n                    <a\n                        href=\"https:\/\/www.bostoen.be\/fr\/maisons\/dentergem\/rivahof\/\"\n                        class=\"w-full inline-block text-center px-6 underline hover:no-underline flex-1 !decoration-black\"\n                    >\n                        Ou d\u00e9couvrez ce projet\n                    <\/a>\n                <\/div>\n                    <\/div>\n\n        <div class=\"lg:order-1\">\n            <div class=\"grid grid-cols-2 gap-1 auto-rows-[8rem] md:auto-rows-[10rem] mt-4 md:grid-cols-3\">\n                    <a\n                data-fancybox=\"gallery-32423\"\n                href=\"https:\/\/www.bostoen.be\/uploads\/2024\/05\/Bostoen-RivaHof-Dentergem-stijlvolle-kijkwoning-leefruimte.jpg\"\n                data-index=\"0\"\n                class=\"relative group col-span-2 row-span-2 md:col-span-3 block\"\n            >\n                                    <img decoding=\"async\"\n    src=\"https:\/\/www.bostoen.be\/uploads\/2024\/05\/Bostoen-RivaHof-Dentergem-stijlvolle-kijkwoning-leefruimte.jpg\" alt=\"Bostoen RivaHof Dentergem stijlvolle kijkwoning leefruimte\" srcset=\"https:\/\/www.bostoen.be\/uploads\/2024\/05\/Bostoen-RivaHof-Dentergem-stijlvolle-kijkwoning-leefruimte-300x206.jpg 300w, https:\/\/www.bostoen.be\/uploads\/2024\/05\/Bostoen-RivaHof-Dentergem-stijlvolle-kijkwoning-leefruimte-1024x701.jpg 1024w, https:\/\/www.bostoen.be\/uploads\/2024\/05\/Bostoen-RivaHof-Dentergem-stijlvolle-kijkwoning-leefruimte-768x526.jpg 768w, https:\/\/www.bostoen.be\/uploads\/2024\/05\/Bostoen-RivaHof-Dentergem-stijlvolle-kijkwoning-leefruimte.jpg 1200w\" width=\"1200\" height=\"822\" loading=\"lazy\" fetchpriority=\"low\" class=\"w-full !h-full  object-cover\"\n>\n                                                            <\/a>\n                    <a\n                data-fancybox=\"gallery-32423\"\n                href=\"https:\/\/www.bostoen.be\/uploads\/2024\/05\/Bostoen-RivaHof-Dentergem-stijlvolle-kijkwoning-leefruimte-zithoek.jpg\"\n                data-index=\"1\"\n                class=\"relative group col-span-1 row-span-1 block\"\n            >\n                                    <img decoding=\"async\"\n    src=\"https:\/\/www.bostoen.be\/uploads\/2024\/05\/Bostoen-RivaHof-Dentergem-stijlvolle-kijkwoning-leefruimte-zithoek.jpg\" alt=\"Bostoen RivaHof Dentergem stijlvolle kijkwoning leefruimte zithoek\" srcset=\"https:\/\/www.bostoen.be\/uploads\/2024\/05\/Bostoen-RivaHof-Dentergem-stijlvolle-kijkwoning-leefruimte-zithoek-300x214.jpg 300w, https:\/\/www.bostoen.be\/uploads\/2024\/05\/Bostoen-RivaHof-Dentergem-stijlvolle-kijkwoning-leefruimte-zithoek-1024x731.jpg 1024w, https:\/\/www.bostoen.be\/uploads\/2024\/05\/Bostoen-RivaHof-Dentergem-stijlvolle-kijkwoning-leefruimte-zithoek-768x548.jpg 768w, https:\/\/www.bostoen.be\/uploads\/2024\/05\/Bostoen-RivaHof-Dentergem-stijlvolle-kijkwoning-leefruimte-zithoek.jpg 1200w\" width=\"1200\" height=\"857\" loading=\"lazy\" fetchpriority=\"low\" class=\"w-full !h-full  object-cover\"\n>\n                                                            <\/a>\n                    <a\n                data-fancybox=\"gallery-32423\"\n                href=\"https:\/\/www.bostoen.be\/uploads\/2024\/05\/Bostoen-RivaHof-Dentergem-stijlvolle-kijkwoning-keuken.jpg\"\n                data-index=\"2\"\n                class=\"relative group col-span-1 row-span-1 block\"\n            >\n                                    <img decoding=\"async\"\n    src=\"https:\/\/www.bostoen.be\/uploads\/2024\/05\/Bostoen-RivaHof-Dentergem-stijlvolle-kijkwoning-keuken.jpg\" alt=\"Bostoen RivaHof Dentergem stijlvolle kijkwoning keuken eetplaats\" srcset=\"https:\/\/www.bostoen.be\/uploads\/2024\/05\/Bostoen-RivaHof-Dentergem-stijlvolle-kijkwoning-keuken-300x225.jpg 300w, https:\/\/www.bostoen.be\/uploads\/2024\/05\/Bostoen-RivaHof-Dentergem-stijlvolle-kijkwoning-keuken-1024x768.jpg 1024w, https:\/\/www.bostoen.be\/uploads\/2024\/05\/Bostoen-RivaHof-Dentergem-stijlvolle-kijkwoning-keuken-768x576.jpg 768w, https:\/\/www.bostoen.be\/uploads\/2024\/05\/Bostoen-RivaHof-Dentergem-stijlvolle-kijkwoning-keuken.jpg 1200w\" width=\"1200\" height=\"900\" loading=\"lazy\" fetchpriority=\"low\" class=\"w-full !h-full  object-cover\"\n>\n                                                                    <div class=\"absolute inset-0 bg-black\/25  flex flex-col items-center justify-center text-white text-lg font-semibold flex-wrap md:hidden\">\n                        <div class=\"text-3xl\">+17<\/div>\n                        <div class=\"text-sm\">voir toutes les photos<\/div>\n                    <\/div>\n                            <\/a>\n                    <a\n                data-fancybox=\"gallery-32423\"\n                href=\"https:\/\/www.bostoen.be\/uploads\/2024\/05\/Bostoen-RivaHof-Dentergem-stijlvolle-kijkwoning-keuken-2.jpg\"\n                data-index=\"3\"\n                class=\"relative group col-span-1 row-span-1 block hidden md:block\"\n            >\n                                    <img decoding=\"async\"\n    src=\"https:\/\/www.bostoen.be\/uploads\/2024\/05\/Bostoen-RivaHof-Dentergem-stijlvolle-kijkwoning-keuken-2.jpg\" alt=\"Bostoen RivaHof Dentergem stijlvolle kijkwoning keuken\" srcset=\"https:\/\/www.bostoen.be\/uploads\/2024\/05\/Bostoen-RivaHof-Dentergem-stijlvolle-kijkwoning-keuken-2-300x209.jpg 300w, https:\/\/www.bostoen.be\/uploads\/2024\/05\/Bostoen-RivaHof-Dentergem-stijlvolle-kijkwoning-keuken-2-768x535.jpg 768w, https:\/\/www.bostoen.be\/uploads\/2024\/05\/Bostoen-RivaHof-Dentergem-stijlvolle-kijkwoning-keuken-2.jpg 972w\" width=\"972\" height=\"677\" loading=\"lazy\" fetchpriority=\"low\" class=\"w-full !h-full  object-cover\"\n>\n                                                    <div class=\"absolute inset-0 bg-black\/25  flex flex-col items-center justify-center text-white text-lg font-semibold flex-wrap\">\n                        <div class=\"text-4xl\">+16<\/div>\n                        <div>voir toutes les photos<\/div>\n                    <\/div>\n                                            <\/a>\n                    <a\n                data-fancybox=\"gallery-32423\"\n                href=\"https:\/\/www.bostoen.be\/uploads\/2024\/05\/Bostoen-RivaHof-Dentergem-stijlvolle-keuken-kijkwoning-4.jpg\"\n                data-index=\"4\"\n                class=\"relative group col-span-1 row-span-1 hidden\"\n            >\n                                    <img decoding=\"async\"\n    src=\"https:\/\/www.bostoen.be\/uploads\/2024\/05\/Bostoen-RivaHof-Dentergem-stijlvolle-keuken-kijkwoning-4.jpg\" alt=\"Bostoen RivaHof Dentergem stijlvolle kijkwoning keuken kraan\" srcset=\"https:\/\/www.bostoen.be\/uploads\/2024\/05\/Bostoen-RivaHof-Dentergem-stijlvolle-keuken-kijkwoning-4-169x300.jpg 169w, https:\/\/www.bostoen.be\/uploads\/2024\/05\/Bostoen-RivaHof-Dentergem-stijlvolle-keuken-kijkwoning-4.jpg 564w\" width=\"564\" height=\"1000\" loading=\"lazy\" fetchpriority=\"low\" class=\"w-full !h-full  object-cover\"\n>\n                                                            <\/a>\n                    <a\n                data-fancybox=\"gallery-32423\"\n                href=\"https:\/\/www.bostoen.be\/uploads\/2024\/05\/Bostoen-RivaHof-Dentergem-stijlvolle-kijkwoning-keuken-3.jpg\"\n                data-index=\"5\"\n                class=\"relative group col-span-1 row-span-1 hidden\"\n            >\n                                    <img decoding=\"async\"\n    src=\"https:\/\/www.bostoen.be\/uploads\/2024\/05\/Bostoen-RivaHof-Dentergem-stijlvolle-kijkwoning-keuken-3.jpg\" alt=\"Bostoen RivaHof Dentergem stijlvolle kijkwoning keuken\" srcset=\"https:\/\/www.bostoen.be\/uploads\/2024\/05\/Bostoen-RivaHof-Dentergem-stijlvolle-kijkwoning-keuken-3-300x234.jpg 300w, https:\/\/www.bostoen.be\/uploads\/2024\/05\/Bostoen-RivaHof-Dentergem-stijlvolle-kijkwoning-keuken-3-1024x799.jpg 1024w, https:\/\/www.bostoen.be\/uploads\/2024\/05\/Bostoen-RivaHof-Dentergem-stijlvolle-kijkwoning-keuken-3-768x599.jpg 768w, https:\/\/www.bostoen.be\/uploads\/2024\/05\/Bostoen-RivaHof-Dentergem-stijlvolle-kijkwoning-keuken-3.jpg 1200w\" width=\"1200\" height=\"936\" loading=\"lazy\" fetchpriority=\"low\" class=\"w-full !h-full  object-cover\"\n>\n                                                            <\/a>\n                    <a\n                data-fancybox=\"gallery-32423\"\n                href=\"https:\/\/www.bostoen.be\/uploads\/2024\/05\/Bostoen-RivaHof-Dentergem-stijlvolle-kijkwoning-inkomhal.jpg\"\n                data-index=\"6\"\n                class=\"relative group col-span-1 row-span-1 hidden\"\n            >\n                                    <img decoding=\"async\"\n    src=\"https:\/\/www.bostoen.be\/uploads\/2024\/05\/Bostoen-RivaHof-Dentergem-stijlvolle-kijkwoning-inkomhal.jpg\" alt=\"Bostoen RivaHof Dentergem stijlvolle kijkwoning inkomhal\" srcset=\"https:\/\/www.bostoen.be\/uploads\/2024\/05\/Bostoen-RivaHof-Dentergem-stijlvolle-kijkwoning-inkomhal-169x300.jpg 169w, https:\/\/www.bostoen.be\/uploads\/2024\/05\/Bostoen-RivaHof-Dentergem-stijlvolle-kijkwoning-inkomhal.jpg 564w\" width=\"564\" height=\"1000\" loading=\"lazy\" fetchpriority=\"low\" class=\"w-full !h-full  object-cover\"\n>\n                                                            <\/a>\n                    <a\n                data-fancybox=\"gallery-32423\"\n                href=\"https:\/\/www.bostoen.be\/uploads\/2024\/05\/Bostoen-RivaHof-Dentergem-stijlvolle-kijkwoning-inkomhal-bovenaanzicht.jpg\"\n                data-index=\"7\"\n                class=\"relative group col-span-1 row-span-1 hidden\"\n            >\n                                    <img decoding=\"async\"\n    src=\"https:\/\/www.bostoen.be\/uploads\/2024\/05\/Bostoen-RivaHof-Dentergem-stijlvolle-kijkwoning-inkomhal-bovenaanzicht.jpg\" alt=\"Bostoen RivaHof Dentergem stijlvolle kijkwoning inkomhal bovenaanzicht\" srcset=\"https:\/\/www.bostoen.be\/uploads\/2024\/05\/Bostoen-RivaHof-Dentergem-stijlvolle-kijkwoning-inkomhal-bovenaanzicht-300x184.jpg 300w, https:\/\/www.bostoen.be\/uploads\/2024\/05\/Bostoen-RivaHof-Dentergem-stijlvolle-kijkwoning-inkomhal-bovenaanzicht-1024x626.jpg 1024w, https:\/\/www.bostoen.be\/uploads\/2024\/05\/Bostoen-RivaHof-Dentergem-stijlvolle-kijkwoning-inkomhal-bovenaanzicht-768x470.jpg 768w, https:\/\/www.bostoen.be\/uploads\/2024\/05\/Bostoen-RivaHof-Dentergem-stijlvolle-kijkwoning-inkomhal-bovenaanzicht.jpg 1200w\" width=\"1200\" height=\"734\" loading=\"lazy\" fetchpriority=\"low\" class=\"w-full !h-full  object-cover\"\n>\n                                                            <\/a>\n                    <a\n                data-fancybox=\"gallery-32423\"\n                href=\"https:\/\/www.bostoen.be\/uploads\/2024\/05\/Bostoen-RivaHof-Dentergem-stijlvolle-kijkwoning-nachthal.jpg\"\n                data-index=\"8\"\n                class=\"relative group col-span-1 row-span-1 hidden\"\n            >\n                                    <img decoding=\"async\"\n    src=\"https:\/\/www.bostoen.be\/uploads\/2024\/05\/Bostoen-RivaHof-Dentergem-stijlvolle-kijkwoning-nachthal.jpg\" alt=\"Bostoen RivaHof Dentergem stijlvolle kijkwoning nachthal\" srcset=\"https:\/\/www.bostoen.be\/uploads\/2024\/05\/Bostoen-RivaHof-Dentergem-stijlvolle-kijkwoning-nachthal-169x300.jpg 169w, https:\/\/www.bostoen.be\/uploads\/2024\/05\/Bostoen-RivaHof-Dentergem-stijlvolle-kijkwoning-nachthal.jpg 564w\" width=\"564\" height=\"1000\" loading=\"lazy\" fetchpriority=\"low\" class=\"w-full !h-full  object-cover\"\n>\n                                                            <\/a>\n                    <a\n                data-fancybox=\"gallery-32423\"\n                href=\"https:\/\/www.bostoen.be\/uploads\/2024\/05\/Bostoen-RivaHof-Dentergem-stijlvolle-kijkwoning-slaapkamer.jpg\"\n                data-index=\"9\"\n                class=\"relative group col-span-1 row-span-1 hidden\"\n            >\n                                    <img decoding=\"async\"\n    src=\"https:\/\/www.bostoen.be\/uploads\/2024\/05\/Bostoen-RivaHof-Dentergem-stijlvolle-kijkwoning-slaapkamer.jpg\" alt=\"Bostoen RivaHof Dentergem stijlvolle kijkwoning slaapkamer 1\" srcset=\"https:\/\/www.bostoen.be\/uploads\/2024\/05\/Bostoen-RivaHof-Dentergem-stijlvolle-kijkwoning-slaapkamer-300x169.jpg 300w, https:\/\/www.bostoen.be\/uploads\/2024\/05\/Bostoen-RivaHof-Dentergem-stijlvolle-kijkwoning-slaapkamer-1024x578.jpg 1024w, https:\/\/www.bostoen.be\/uploads\/2024\/05\/Bostoen-RivaHof-Dentergem-stijlvolle-kijkwoning-slaapkamer-768x433.jpg 768w, https:\/\/www.bostoen.be\/uploads\/2024\/05\/Bostoen-RivaHof-Dentergem-stijlvolle-kijkwoning-slaapkamer.jpg 1200w\" width=\"1200\" height=\"677\" loading=\"lazy\" fetchpriority=\"low\" class=\"w-full !h-full  object-cover\"\n>\n                                                            <\/a>\n                    <a\n                data-fancybox=\"gallery-32423\"\n                href=\"https:\/\/www.bostoen.be\/uploads\/2024\/05\/Bostoen-RivaHof-Dentergem-stijlvolle-kijkwoning-slaapkamer-2.jpg\"\n                data-index=\"10\"\n                class=\"relative group col-span-1 row-span-1 hidden\"\n            >\n                                    <img decoding=\"async\"\n    src=\"https:\/\/www.bostoen.be\/uploads\/2024\/05\/Bostoen-RivaHof-Dentergem-stijlvolle-kijkwoning-slaapkamer-2.jpg\" alt=\"Bostoen RivaHof Dentergem stijlvolle kijkwoning slaapkamer 2\" srcset=\"https:\/\/www.bostoen.be\/uploads\/2024\/05\/Bostoen-RivaHof-Dentergem-stijlvolle-kijkwoning-slaapkamer-2-300x169.jpg 300w, https:\/\/www.bostoen.be\/uploads\/2024\/05\/Bostoen-RivaHof-Dentergem-stijlvolle-kijkwoning-slaapkamer-2-1024x578.jpg 1024w, https:\/\/www.bostoen.be\/uploads\/2024\/05\/Bostoen-RivaHof-Dentergem-stijlvolle-kijkwoning-slaapkamer-2-768x433.jpg 768w, https:\/\/www.bostoen.be\/uploads\/2024\/05\/Bostoen-RivaHof-Dentergem-stijlvolle-kijkwoning-slaapkamer-2.jpg 1200w\" width=\"1200\" height=\"677\" loading=\"lazy\" fetchpriority=\"low\" class=\"w-full !h-full  object-cover\"\n>\n                                                            <\/a>\n                    <a\n                data-fancybox=\"gallery-32423\"\n                href=\"https:\/\/www.bostoen.be\/uploads\/2024\/05\/Bostoen-RivaHof-Dentergem-stijlvolle-kijkwoning-slaapkamer-3.jpg\"\n                data-index=\"11\"\n                class=\"relative group col-span-1 row-span-1 hidden\"\n            >\n                                    <img decoding=\"async\"\n    src=\"https:\/\/www.bostoen.be\/uploads\/2024\/05\/Bostoen-RivaHof-Dentergem-stijlvolle-kijkwoning-slaapkamer-3.jpg\" alt=\"Bostoen RivaHof Dentergem stijlvolle kijkwoning slaapkamer 3\" srcset=\"https:\/\/www.bostoen.be\/uploads\/2024\/05\/Bostoen-RivaHof-Dentergem-stijlvolle-kijkwoning-slaapkamer-3-300x215.jpg 300w, https:\/\/www.bostoen.be\/uploads\/2024\/05\/Bostoen-RivaHof-Dentergem-stijlvolle-kijkwoning-slaapkamer-3-1024x733.jpg 1024w, https:\/\/www.bostoen.be\/uploads\/2024\/05\/Bostoen-RivaHof-Dentergem-stijlvolle-kijkwoning-slaapkamer-3-768x550.jpg 768w, https:\/\/www.bostoen.be\/uploads\/2024\/05\/Bostoen-RivaHof-Dentergem-stijlvolle-kijkwoning-slaapkamer-3.jpg 1200w\" width=\"1200\" height=\"859\" loading=\"lazy\" fetchpriority=\"low\" class=\"w-full !h-full  object-cover\"\n>\n                                                            <\/a>\n                    <a\n                data-fancybox=\"gallery-32423\"\n                href=\"https:\/\/www.bostoen.be\/uploads\/2024\/05\/Bostoen-RivaHof-Dentergem-stijlvolle-kijkwoning-badkamer-2.jpg\"\n                data-index=\"12\"\n                class=\"relative group col-span-1 row-span-1 hidden\"\n            >\n                                    <img decoding=\"async\"\n    src=\"https:\/\/www.bostoen.be\/uploads\/2024\/05\/Bostoen-RivaHof-Dentergem-stijlvolle-kijkwoning-badkamer-2.jpg\" alt=\"Bostoen RivaHof Dentergem stijlvolle kijkwoning badkamer\" srcset=\"https:\/\/www.bostoen.be\/uploads\/2024\/05\/Bostoen-RivaHof-Dentergem-stijlvolle-kijkwoning-badkamer-2-300x169.jpg 300w, https:\/\/www.bostoen.be\/uploads\/2024\/05\/Bostoen-RivaHof-Dentergem-stijlvolle-kijkwoning-badkamer-2-1024x578.jpg 1024w, https:\/\/www.bostoen.be\/uploads\/2024\/05\/Bostoen-RivaHof-Dentergem-stijlvolle-kijkwoning-badkamer-2-768x433.jpg 768w, https:\/\/www.bostoen.be\/uploads\/2024\/05\/Bostoen-RivaHof-Dentergem-stijlvolle-kijkwoning-badkamer-2.jpg 1200w\" width=\"1200\" height=\"677\" loading=\"lazy\" fetchpriority=\"low\" class=\"w-full !h-full  object-cover\"\n>\n                                                            <\/a>\n                    <a\n                data-fancybox=\"gallery-32423\"\n                href=\"https:\/\/www.bostoen.be\/uploads\/2024\/05\/Bostoen-RivaHof-Dentergem-stijlvolle-kijkwoning-badkamer.jpg\"\n                data-index=\"13\"\n                class=\"relative group col-span-1 row-span-1 hidden\"\n            >\n                                    <img decoding=\"async\"\n    src=\"https:\/\/www.bostoen.be\/uploads\/2024\/05\/Bostoen-RivaHof-Dentergem-stijlvolle-kijkwoning-badkamer.jpg\" alt=\"Bostoen RivaHof Dentergem stijlvolle kijkwoning badkamer\" srcset=\"https:\/\/www.bostoen.be\/uploads\/2024\/05\/Bostoen-RivaHof-Dentergem-stijlvolle-kijkwoning-badkamer-300x169.jpg 300w, https:\/\/www.bostoen.be\/uploads\/2024\/05\/Bostoen-RivaHof-Dentergem-stijlvolle-kijkwoning-badkamer-1024x578.jpg 1024w, https:\/\/www.bostoen.be\/uploads\/2024\/05\/Bostoen-RivaHof-Dentergem-stijlvolle-kijkwoning-badkamer-768x433.jpg 768w, https:\/\/www.bostoen.be\/uploads\/2024\/05\/Bostoen-RivaHof-Dentergem-stijlvolle-kijkwoning-badkamer.jpg 1200w\" width=\"1200\" height=\"677\" loading=\"lazy\" fetchpriority=\"low\" class=\"w-full !h-full  object-cover\"\n>\n                                                            <\/a>\n                    <a\n                data-fancybox=\"gallery-32423\"\n                href=\"https:\/\/www.bostoen.be\/uploads\/2024\/05\/Bostoen-RivaHof-Dentergem-stijlvolle-kijkwoning-tuin-2.jpg\"\n                data-index=\"14\"\n                class=\"relative group col-span-1 row-span-1 hidden\"\n            >\n                                    <img decoding=\"async\"\n    src=\"https:\/\/www.bostoen.be\/uploads\/2024\/05\/Bostoen-RivaHof-Dentergem-stijlvolle-kijkwoning-tuin-2.jpg\" alt=\"Bostoen RivaHof Dentergem stijlvolle kijkwoning tuin\" srcset=\"https:\/\/www.bostoen.be\/uploads\/2024\/05\/Bostoen-RivaHof-Dentergem-stijlvolle-kijkwoning-tuin-2-300x190.jpg 300w, https:\/\/www.bostoen.be\/uploads\/2024\/05\/Bostoen-RivaHof-Dentergem-stijlvolle-kijkwoning-tuin-2-1024x649.jpg 1024w, https:\/\/www.bostoen.be\/uploads\/2024\/05\/Bostoen-RivaHof-Dentergem-stijlvolle-kijkwoning-tuin-2-768x487.jpg 768w, https:\/\/www.bostoen.be\/uploads\/2024\/05\/Bostoen-RivaHof-Dentergem-stijlvolle-kijkwoning-tuin-2.jpg 1200w\" width=\"1200\" height=\"761\" loading=\"lazy\" fetchpriority=\"low\" class=\"w-full !h-full  object-cover\"\n>\n                                                            <\/a>\n                    <a\n                data-fancybox=\"gallery-32423\"\n                href=\"https:\/\/www.bostoen.be\/uploads\/2024\/05\/Bostoen-RivaHof-Dentergem-stijlvolle-kijkwoning-tuin.jpg\"\n                data-index=\"15\"\n                class=\"relative group col-span-1 row-span-1 hidden\"\n            >\n                                    <img decoding=\"async\"\n    src=\"https:\/\/www.bostoen.be\/uploads\/2024\/05\/Bostoen-RivaHof-Dentergem-stijlvolle-kijkwoning-tuin.jpg\" alt=\"Bostoen RivaHof Dentergem stijlvolle kijkwoning tuin\" srcset=\"https:\/\/www.bostoen.be\/uploads\/2024\/05\/Bostoen-RivaHof-Dentergem-stijlvolle-kijkwoning-tuin-300x169.jpg 300w, https:\/\/www.bostoen.be\/uploads\/2024\/05\/Bostoen-RivaHof-Dentergem-stijlvolle-kijkwoning-tuin-1024x578.jpg 1024w, https:\/\/www.bostoen.be\/uploads\/2024\/05\/Bostoen-RivaHof-Dentergem-stijlvolle-kijkwoning-tuin-768x433.jpg 768w, https:\/\/www.bostoen.be\/uploads\/2024\/05\/Bostoen-RivaHof-Dentergem-stijlvolle-kijkwoning-tuin.jpg 1200w\" width=\"1200\" height=\"677\" loading=\"lazy\" fetchpriority=\"low\" class=\"w-full !h-full  object-cover\"\n>\n                                                            <\/a>\n                    <a\n                data-fancybox=\"gallery-32423\"\n                href=\"https:\/\/www.bostoen.be\/uploads\/2024\/05\/Bostoen-RivaHof-Dentergem-stijlvolle-kijkwoning-oprit.jpg\"\n                data-index=\"16\"\n                class=\"relative group col-span-1 row-span-1 hidden\"\n            >\n                                    <img decoding=\"async\"\n    src=\"https:\/\/www.bostoen.be\/uploads\/2024\/05\/Bostoen-RivaHof-Dentergem-stijlvolle-kijkwoning-oprit.jpg\" alt=\"Bostoen RivaHof Dentergem stijlvolle kijkwoning oprit\" srcset=\"https:\/\/www.bostoen.be\/uploads\/2024\/05\/Bostoen-RivaHof-Dentergem-stijlvolle-kijkwoning-oprit-196x300.jpg 196w, https:\/\/www.bostoen.be\/uploads\/2024\/05\/Bostoen-RivaHof-Dentergem-stijlvolle-kijkwoning-oprit.jpg 654w\" width=\"654\" height=\"1000\" loading=\"lazy\" fetchpriority=\"low\" class=\"w-full !h-full  object-cover\"\n>\n                                                            <\/a>\n                    <a\n                data-fancybox=\"gallery-32423\"\n                href=\"https:\/\/www.bostoen.be\/uploads\/2024\/05\/Bostoen-RivaHof-Dentergem-omgeving-Provinciedomein-De-Baliekouter-2.jpg\"\n                data-index=\"17\"\n                class=\"relative group col-span-1 row-span-1 hidden\"\n            >\n                                    <img decoding=\"async\"\n    src=\"https:\/\/www.bostoen.be\/uploads\/2024\/05\/Bostoen-RivaHof-Dentergem-omgeving-Provinciedomein-De-Baliekouter-2.jpg\" alt=\"Bostoen RivaHof Dentergem omgeving Provinciedomein De Baliekouter\" srcset=\"https:\/\/www.bostoen.be\/uploads\/2024\/05\/Bostoen-RivaHof-Dentergem-omgeving-Provinciedomein-De-Baliekouter-2-300x169.jpg 300w, https:\/\/www.bostoen.be\/uploads\/2024\/05\/Bostoen-RivaHof-Dentergem-omgeving-Provinciedomein-De-Baliekouter-2-1024x576.jpg 1024w, https:\/\/www.bostoen.be\/uploads\/2024\/05\/Bostoen-RivaHof-Dentergem-omgeving-Provinciedomein-De-Baliekouter-2-768x432.jpg 768w, https:\/\/www.bostoen.be\/uploads\/2024\/05\/Bostoen-RivaHof-Dentergem-omgeving-Provinciedomein-De-Baliekouter-2.jpg 1200w\" width=\"1200\" height=\"675\" loading=\"lazy\" fetchpriority=\"low\" class=\"w-full !h-full  object-cover\"\n>\n                                                            <\/a>\n                    <a\n                data-fancybox=\"gallery-32423\"\n                href=\"https:\/\/www.bostoen.be\/uploads\/2024\/05\/Bostoen-RivaHof-Dentergem-omgeving-Provinciedomein-De-Baliekouter.jpg\"\n                data-index=\"18\"\n                class=\"relative group col-span-1 row-span-1 hidden\"\n            >\n                                    <img decoding=\"async\"\n    src=\"https:\/\/www.bostoen.be\/uploads\/2024\/05\/Bostoen-RivaHof-Dentergem-omgeving-Provinciedomein-De-Baliekouter.jpg\" alt=\"Bostoen RivaHof Dentergem omgeving Provinciedomein De Baliekouter\" srcset=\"https:\/\/www.bostoen.be\/uploads\/2024\/05\/Bostoen-RivaHof-Dentergem-omgeving-Provinciedomein-De-Baliekouter-300x169.jpg 300w, https:\/\/www.bostoen.be\/uploads\/2024\/05\/Bostoen-RivaHof-Dentergem-omgeving-Provinciedomein-De-Baliekouter-1024x576.jpg 1024w, https:\/\/www.bostoen.be\/uploads\/2024\/05\/Bostoen-RivaHof-Dentergem-omgeving-Provinciedomein-De-Baliekouter-768x432.jpg 768w, https:\/\/www.bostoen.be\/uploads\/2024\/05\/Bostoen-RivaHof-Dentergem-omgeving-Provinciedomein-De-Baliekouter.jpg 1200w\" width=\"1200\" height=\"675\" loading=\"lazy\" fetchpriority=\"low\" class=\"w-full !h-full  object-cover\"\n>\n                                                            <\/a>\n                    <a\n                data-fancybox=\"gallery-32423\"\n                href=\"https:\/\/www.bostoen.be\/uploads\/2024\/05\/Bostoen-RivaHof-Dentergem-groene-omgeving-2.jpg\"\n                data-index=\"19\"\n                class=\"relative group col-span-1 row-span-1 hidden\"\n            >\n                                    <img decoding=\"async\"\n    src=\"https:\/\/www.bostoen.be\/uploads\/2024\/05\/Bostoen-RivaHof-Dentergem-groene-omgeving-2.jpg\" alt=\"Bostoen RivaHof Dentergem groene omgeving\" srcset=\"https:\/\/www.bostoen.be\/uploads\/2024\/05\/Bostoen-RivaHof-Dentergem-groene-omgeving-2-300x169.jpg 300w, https:\/\/www.bostoen.be\/uploads\/2024\/05\/Bostoen-RivaHof-Dentergem-groene-omgeving-2-1024x576.jpg 1024w, https:\/\/www.bostoen.be\/uploads\/2024\/05\/Bostoen-RivaHof-Dentergem-groene-omgeving-2-768x432.jpg 768w, https:\/\/www.bostoen.be\/uploads\/2024\/05\/Bostoen-RivaHof-Dentergem-groene-omgeving-2.jpg 1200w\" width=\"1200\" height=\"675\" loading=\"lazy\" fetchpriority=\"low\" class=\"w-full !h-full  object-cover\"\n>\n                                                            <\/a>\n            <\/div>\n        <\/div>\n    <\/div>\n\n                <\/div>\n            <\/div>\n                    <div class=\"\">\n                <div class=\"container\">\n                    <div class=\"grid lg:grid-cols-2 wp-block-model-block pb-16 pt-16\">\n        <div class=\"flex flex-col justify-center gap-2 mb-4 lg:mb-0 lg:order-1 lg:me-16\">\n            <div class=\"text-xl font-bold font-condensed flex gap-2 items-center\">\n                <span class=\"!text-primary-500\"><svg xmlns=\"http:\/\/www.w3.org\/2000\/svg\" viewBox=\"0 0 384 512\" class=\"svg-inline--fa  fas fa-map-marker-alt\" role=\"img\" aria-hidden=\"true\" style=\"color:currentColor\"><!-- Font Awesome Pro 5.15.3 by @fontawesome - https:\/\/fontawesome.com License - https:\/\/fontawesome.com\/license (Commercial License) --><path d=\"M172.268 501.67C26.97 291.031 0 269.413 0 192 0 85.961 85.961 0 192 0s192 85.961 192 192c0 77.413-26.97 99.031-172.268 309.67-9.535 13.774-29.93 13.773-39.464 0zM192 272c44.183 0 80-35.817 80-80s-35.817-80-80-80-80 35.817-80 80 35.817 80 80 80z\" fill=\"currentColor\"><\/path><\/svg>\n<\/span>\n                <span class=\"text-gray-500\">Maison t\u00e9moin: Leernsesteenweg 110, Bachte-Maria-Leerne<\/span>\n            <\/div>\n            <h2 class=\"font-bold font-condensed text-3xl md:text-4xl mb-2\">\n                            Maison t\u00e9moin \u00e0 Bachte-Maria-Leerne\n                            <\/h2>\n                                        <div class=\"wysiwyg wysiwyg-usps mb-4\"><ul>\n<li>Maison semi-ouverte avec 4 chambres spacieuses<\/li>\n<li>2 salles de bains<\/li>\n<li>Espace de vie lumineux avec une cuisine \u00e9l\u00e9gante<\/li>\n<li>Grand jardin avec vue sur la campagne<\/li>\n<li>Pompe \u00e0 chaleur, chauffage au sol, ventilation type D et panneaux solaires<\/li>\n<li>Garage int\u00e9gr\u00e9<\/li>\n<\/ul>\n<\/div>\n                                        <div class=\"flex flex-col !w-max\">\n                    <a\n            class=\"group font-condensed inline-flex items-center py-1 px-12 rounded-md transition-colors duration-200 cursor-pointer no-underline font-condensed !text-white hover:!text-white bg-primary-500 hover:bg-primary-400 font-bold\"\n                    href=\"https:\/\/www.bostoen.be\/fr\/maisons\/bachte-maria-leerne\/hof-van-leerne\/#contact-form\"\n                                >\n            \n            Prenez rendez-vous\n\n                    <\/a>\n                    <a\n                        href=\"https:\/\/www.bostoen.be\/fr\/maisons\/bachte-maria-leerne\/hof-van-leerne\/\"\n                        class=\"w-full inline-block text-center px-6 underline hover:no-underline flex-1 !decoration-black\"\n                    >\n                        Ou d\u00e9couvrez ce projet\n                    <\/a>\n                <\/div>\n                    <\/div>\n\n        <div class=\"lg:order-2\">\n            <div class=\"grid grid-cols-2 gap-1 auto-rows-[8rem] md:auto-rows-[10rem] mt-4 md:grid-cols-3\">\n                    <a\n                data-fancybox=\"gallery-36462\"\n                href=\"https:\/\/www.bostoen.be\/uploads\/2025\/07\/Bostoen_Kijkwoning_Hof_van_Leerne_Leefruimte-1.jpg\"\n                data-index=\"0\"\n                class=\"relative group col-span-2 row-span-2 md:col-span-3 block\"\n            >\n                                    <img decoding=\"async\"\n    src=\"https:\/\/www.bostoen.be\/uploads\/2025\/07\/Bostoen_Kijkwoning_Hof_van_Leerne_Leefruimte-1.jpg\" alt=\"Bostoen Nieuwbouw Pastorijwoningen Bachte-Maria-Leerne Hof van Leerne Kijkwoning Leefruimte\" srcset=\"https:\/\/www.bostoen.be\/uploads\/2025\/07\/Bostoen_Kijkwoning_Hof_van_Leerne_Leefruimte-1-300x217.jpg 300w, https:\/\/www.bostoen.be\/uploads\/2025\/07\/Bostoen_Kijkwoning_Hof_van_Leerne_Leefruimte-1-1024x740.jpg 1024w, https:\/\/www.bostoen.be\/uploads\/2025\/07\/Bostoen_Kijkwoning_Hof_van_Leerne_Leefruimte-1-768x555.jpg 768w, https:\/\/www.bostoen.be\/uploads\/2025\/07\/Bostoen_Kijkwoning_Hof_van_Leerne_Leefruimte-1.jpg 1400w\" width=\"1400\" height=\"1012\" loading=\"lazy\" fetchpriority=\"low\" class=\"w-full !h-full  object-cover\"\n>\n                                                            <\/a>\n                    <a\n                data-fancybox=\"gallery-36462\"\n                href=\"https:\/\/www.bostoen.be\/uploads\/2025\/07\/Bostoen_Kijkwoning_Hof_van_Leerne_Leefruimte-3.jpg\"\n                data-index=\"1\"\n                class=\"relative group col-span-1 row-span-1 block\"\n            >\n                                    <img decoding=\"async\"\n    src=\"https:\/\/www.bostoen.be\/uploads\/2025\/07\/Bostoen_Kijkwoning_Hof_van_Leerne_Leefruimte-3.jpg\" alt=\"Bostoen Nieuwbouw Pastorijwoningen Bachte-Maria-Leerne Hof van Leerne Kijkwoning Leefruimte\" srcset=\"https:\/\/www.bostoen.be\/uploads\/2025\/07\/Bostoen_Kijkwoning_Hof_van_Leerne_Leefruimte-3-300x218.jpg 300w, https:\/\/www.bostoen.be\/uploads\/2025\/07\/Bostoen_Kijkwoning_Hof_van_Leerne_Leefruimte-3-1024x743.jpg 1024w, https:\/\/www.bostoen.be\/uploads\/2025\/07\/Bostoen_Kijkwoning_Hof_van_Leerne_Leefruimte-3-768x557.jpg 768w, https:\/\/www.bostoen.be\/uploads\/2025\/07\/Bostoen_Kijkwoning_Hof_van_Leerne_Leefruimte-3.jpg 1300w\" width=\"1300\" height=\"943\" loading=\"lazy\" fetchpriority=\"low\" class=\"w-full !h-full  object-cover\"\n>\n                                                            <\/a>\n                    <a\n                data-fancybox=\"gallery-36462\"\n                href=\"https:\/\/www.bostoen.be\/uploads\/2025\/07\/Bostoen_Kijkwoning_Hof_van_Leerne_Keuken-11.jpg\"\n                data-index=\"2\"\n                class=\"relative group col-span-1 row-span-1 block\"\n            >\n                                    <img decoding=\"async\"\n    src=\"https:\/\/www.bostoen.be\/uploads\/2025\/07\/Bostoen_Kijkwoning_Hof_van_Leerne_Keuken-11.jpg\" alt=\"Bostoen Nieuwbouw Pastorijwoningen Bachte-Maria-Leerne Hof van Leerne Kijkwoning Leefruimte\" srcset=\"https:\/\/www.bostoen.be\/uploads\/2025\/07\/Bostoen_Kijkwoning_Hof_van_Leerne_Keuken-11-300x225.jpg 300w, https:\/\/www.bostoen.be\/uploads\/2025\/07\/Bostoen_Kijkwoning_Hof_van_Leerne_Keuken-11-1024x768.jpg 1024w, https:\/\/www.bostoen.be\/uploads\/2025\/07\/Bostoen_Kijkwoning_Hof_van_Leerne_Keuken-11-768x576.jpg 768w, https:\/\/www.bostoen.be\/uploads\/2025\/07\/Bostoen_Kijkwoning_Hof_van_Leerne_Keuken-11.jpg 1400w\" width=\"1400\" height=\"1050\" loading=\"lazy\" fetchpriority=\"low\" class=\"w-full !h-full  object-cover\"\n>\n                                                                    <div class=\"absolute inset-0 bg-black\/25  flex flex-col items-center justify-center text-white text-lg font-semibold flex-wrap md:hidden\">\n                        <div class=\"text-3xl\">+15<\/div>\n                        <div class=\"text-sm\">voir toutes les photos<\/div>\n                    <\/div>\n                            <\/a>\n                    <a\n                data-fancybox=\"gallery-36462\"\n                href=\"https:\/\/www.bostoen.be\/uploads\/2025\/07\/Bostoen_Kijkwoning_Hof_van_Leerne_Keuken-4.jpg\"\n                data-index=\"3\"\n                class=\"relative group col-span-1 row-span-1 block hidden md:block\"\n            >\n                                    <img decoding=\"async\"\n    src=\"https:\/\/www.bostoen.be\/uploads\/2025\/07\/Bostoen_Kijkwoning_Hof_van_Leerne_Keuken-4.jpg\" alt=\"Bostoen Nieuwbouw Pastorijwoningen Bachte-Maria-Leerne Hof van Leerne Kijkwoning Leefruimte\" srcset=\"https:\/\/www.bostoen.be\/uploads\/2025\/07\/Bostoen_Kijkwoning_Hof_van_Leerne_Keuken-4-300x225.jpg 300w, https:\/\/www.bostoen.be\/uploads\/2025\/07\/Bostoen_Kijkwoning_Hof_van_Leerne_Keuken-4-1024x768.jpg 1024w, https:\/\/www.bostoen.be\/uploads\/2025\/07\/Bostoen_Kijkwoning_Hof_van_Leerne_Keuken-4-768x576.jpg 768w, https:\/\/www.bostoen.be\/uploads\/2025\/07\/Bostoen_Kijkwoning_Hof_van_Leerne_Keuken-4.jpg 1300w\" width=\"1300\" height=\"975\" loading=\"lazy\" fetchpriority=\"low\" class=\"w-full !h-full  object-cover\"\n>\n                                                    <div class=\"absolute inset-0 bg-black\/25  flex flex-col items-center justify-center text-white text-lg font-semibold flex-wrap\">\n                        <div class=\"text-4xl\">+14<\/div>\n                        <div>voir toutes les photos<\/div>\n                    <\/div>\n                                            <\/a>\n                    <a\n                data-fancybox=\"gallery-36462\"\n                href=\"https:\/\/www.bostoen.be\/uploads\/2025\/07\/Bostoen_Kijkwoning_Hof_van_Leerne_Keuken-5.jpg\"\n                data-index=\"4\"\n                class=\"relative group col-span-1 row-span-1 hidden\"\n            >\n                                    <img decoding=\"async\"\n    src=\"https:\/\/www.bostoen.be\/uploads\/2025\/07\/Bostoen_Kijkwoning_Hof_van_Leerne_Keuken-5.jpg\" alt=\"Bostoen Nieuwbouw Pastorijwoningen Bachte-Maria-Leerne Hof van Leerne Kijkwoning Leefruimte\" srcset=\"https:\/\/www.bostoen.be\/uploads\/2025\/07\/Bostoen_Kijkwoning_Hof_van_Leerne_Keuken-5-300x225.jpg 300w, https:\/\/www.bostoen.be\/uploads\/2025\/07\/Bostoen_Kijkwoning_Hof_van_Leerne_Keuken-5-1024x768.jpg 1024w, https:\/\/www.bostoen.be\/uploads\/2025\/07\/Bostoen_Kijkwoning_Hof_van_Leerne_Keuken-5-768x576.jpg 768w, https:\/\/www.bostoen.be\/uploads\/2025\/07\/Bostoen_Kijkwoning_Hof_van_Leerne_Keuken-5.jpg 1300w\" width=\"1300\" height=\"975\" loading=\"lazy\" fetchpriority=\"low\" class=\"w-full !h-full  object-cover\"\n>\n                                                            <\/a>\n                    <a\n                data-fancybox=\"gallery-36462\"\n                href=\"https:\/\/www.bostoen.be\/uploads\/2025\/07\/Bostoen_Kijkwoning_Hof_van_Leerne_Badkamer2-6.jpg\"\n                data-index=\"5\"\n                class=\"relative group col-span-1 row-span-1 hidden\"\n            >\n                                    <img decoding=\"async\"\n    src=\"https:\/\/www.bostoen.be\/uploads\/2025\/07\/Bostoen_Kijkwoning_Hof_van_Leerne_Badkamer2-6.jpg\" alt=\"Bostoen Nieuwbouw Pastorijwoningen Bachte-Maria-Leerne Hof van Leerne Kijkwoning Badkamer\" srcset=\"https:\/\/www.bostoen.be\/uploads\/2025\/07\/Bostoen_Kijkwoning_Hof_van_Leerne_Badkamer2-6-300x225.jpg 300w, https:\/\/www.bostoen.be\/uploads\/2025\/07\/Bostoen_Kijkwoning_Hof_van_Leerne_Badkamer2-6-1024x768.jpg 1024w, https:\/\/www.bostoen.be\/uploads\/2025\/07\/Bostoen_Kijkwoning_Hof_van_Leerne_Badkamer2-6-768x576.jpg 768w, https:\/\/www.bostoen.be\/uploads\/2025\/07\/Bostoen_Kijkwoning_Hof_van_Leerne_Badkamer2-6.jpg 1300w\" width=\"1300\" height=\"975\" loading=\"lazy\" fetchpriority=\"low\" class=\"w-full !h-full  object-cover\"\n>\n                                                            <\/a>\n                    <a\n                data-fancybox=\"gallery-36462\"\n                href=\"https:\/\/www.bostoen.be\/uploads\/2025\/07\/Bostoen_Kijkwoning_Hof_van_Leerne_Badkamer2-8.jpg\"\n                data-index=\"6\"\n                class=\"relative group col-span-1 row-span-1 hidden\"\n            >\n                                    <img decoding=\"async\"\n    src=\"https:\/\/www.bostoen.be\/uploads\/2025\/07\/Bostoen_Kijkwoning_Hof_van_Leerne_Badkamer2-8.jpg\" alt=\"Bostoen Nieuwbouw Pastorijwoningen Bachte-Maria-Leerne Hof van Leerne Kijkwoning Badkamer\" srcset=\"https:\/\/www.bostoen.be\/uploads\/2025\/07\/Bostoen_Kijkwoning_Hof_van_Leerne_Badkamer2-8-300x225.jpg 300w, https:\/\/www.bostoen.be\/uploads\/2025\/07\/Bostoen_Kijkwoning_Hof_van_Leerne_Badkamer2-8-1024x768.jpg 1024w, https:\/\/www.bostoen.be\/uploads\/2025\/07\/Bostoen_Kijkwoning_Hof_van_Leerne_Badkamer2-8-768x576.jpg 768w, https:\/\/www.bostoen.be\/uploads\/2025\/07\/Bostoen_Kijkwoning_Hof_van_Leerne_Badkamer2-8.jpg 1400w\" width=\"1400\" height=\"1050\" loading=\"lazy\" fetchpriority=\"low\" class=\"w-full !h-full  object-cover\"\n>\n                                                            <\/a>\n                    <a\n                data-fancybox=\"gallery-36462\"\n                href=\"https:\/\/www.bostoen.be\/uploads\/2025\/07\/Bostoen_Kijkwoning_Hof_van_Leerne_Slaapkamer1-1.jpg\"\n                data-index=\"7\"\n                class=\"relative group col-span-1 row-span-1 hidden\"\n            >\n                                    <img decoding=\"async\"\n    src=\"https:\/\/www.bostoen.be\/uploads\/2025\/07\/Bostoen_Kijkwoning_Hof_van_Leerne_Slaapkamer1-1.jpg\" alt=\"Bostoen Nieuwbouw Pastorijwoningen Bachte-Maria-Leerne Hof van Leerne Kijkwoning Slaapkamer\" srcset=\"https:\/\/www.bostoen.be\/uploads\/2025\/07\/Bostoen_Kijkwoning_Hof_van_Leerne_Slaapkamer1-1-300x225.jpg 300w, https:\/\/www.bostoen.be\/uploads\/2025\/07\/Bostoen_Kijkwoning_Hof_van_Leerne_Slaapkamer1-1-1024x768.jpg 1024w, https:\/\/www.bostoen.be\/uploads\/2025\/07\/Bostoen_Kijkwoning_Hof_van_Leerne_Slaapkamer1-1-768x576.jpg 768w, https:\/\/www.bostoen.be\/uploads\/2025\/07\/Bostoen_Kijkwoning_Hof_van_Leerne_Slaapkamer1-1.jpg 1100w\" width=\"1100\" height=\"825\" loading=\"lazy\" fetchpriority=\"low\" class=\"w-full !h-full  object-cover\"\n>\n                                                            <\/a>\n                    <a\n                data-fancybox=\"gallery-36462\"\n                href=\"https:\/\/www.bostoen.be\/uploads\/2025\/07\/Bostoen_Kijkwoning_Hof_van_Leerne_Badkamer1-1.jpg\"\n                data-index=\"8\"\n                class=\"relative group col-span-1 row-span-1 hidden\"\n            >\n                                    <img decoding=\"async\"\n    src=\"https:\/\/www.bostoen.be\/uploads\/2025\/07\/Bostoen_Kijkwoning_Hof_van_Leerne_Badkamer1-1.jpg\" alt=\"Bostoen Nieuwbouw Pastorijwoningen Bachte-Maria-Leerne Hof van Leerne Kijkwoning Badkamer\" srcset=\"https:\/\/www.bostoen.be\/uploads\/2025\/07\/Bostoen_Kijkwoning_Hof_van_Leerne_Badkamer1-1-300x225.jpg 300w, https:\/\/www.bostoen.be\/uploads\/2025\/07\/Bostoen_Kijkwoning_Hof_van_Leerne_Badkamer1-1-1024x768.jpg 1024w, https:\/\/www.bostoen.be\/uploads\/2025\/07\/Bostoen_Kijkwoning_Hof_van_Leerne_Badkamer1-1-768x576.jpg 768w, https:\/\/www.bostoen.be\/uploads\/2025\/07\/Bostoen_Kijkwoning_Hof_van_Leerne_Badkamer1-1.jpg 1400w\" width=\"1400\" height=\"1050\" loading=\"lazy\" fetchpriority=\"low\" class=\"w-full !h-full  object-cover\"\n>\n                                                            <\/a>\n                    <a\n                data-fancybox=\"gallery-36462\"\n                href=\"https:\/\/www.bostoen.be\/uploads\/2025\/07\/Bostoen_Kijkwoning_Hof_van_Leerne_Badkamer1-4.jpg\"\n                data-index=\"9\"\n                class=\"relative group col-span-1 row-span-1 hidden\"\n            >\n                                    <img decoding=\"async\"\n    src=\"https:\/\/www.bostoen.be\/uploads\/2025\/07\/Bostoen_Kijkwoning_Hof_van_Leerne_Badkamer1-4.jpg\" alt=\"Bostoen Nieuwbouw Pastorijwoningen Bachte-Maria-Leerne Hof van Leerne Kijkwoning Badkamer\" srcset=\"https:\/\/www.bostoen.be\/uploads\/2025\/07\/Bostoen_Kijkwoning_Hof_van_Leerne_Badkamer1-4-300x225.jpg 300w, https:\/\/www.bostoen.be\/uploads\/2025\/07\/Bostoen_Kijkwoning_Hof_van_Leerne_Badkamer1-4-1024x768.jpg 1024w, https:\/\/www.bostoen.be\/uploads\/2025\/07\/Bostoen_Kijkwoning_Hof_van_Leerne_Badkamer1-4-768x576.jpg 768w, https:\/\/www.bostoen.be\/uploads\/2025\/07\/Bostoen_Kijkwoning_Hof_van_Leerne_Badkamer1-4.jpg 1200w\" width=\"1200\" height=\"900\" loading=\"lazy\" fetchpriority=\"low\" class=\"w-full !h-full  object-cover\"\n>\n                                                            <\/a>\n                    <a\n                data-fancybox=\"gallery-36462\"\n                href=\"https:\/\/www.bostoen.be\/uploads\/2025\/07\/Bostoen_Kijkwoning_Hof_van_Leerne_Slaapkamer2-1.jpg\"\n                data-index=\"10\"\n                class=\"relative group col-span-1 row-span-1 hidden\"\n            >\n                                    <img decoding=\"async\"\n    src=\"https:\/\/www.bostoen.be\/uploads\/2025\/07\/Bostoen_Kijkwoning_Hof_van_Leerne_Slaapkamer2-1.jpg\" alt=\"Bostoen Nieuwbouw Pastorijwoningen Bachte-Maria-Leerne Hof van Leerne Kijkwoning Slaapkamer\" srcset=\"https:\/\/www.bostoen.be\/uploads\/2025\/07\/Bostoen_Kijkwoning_Hof_van_Leerne_Slaapkamer2-1-300x225.jpg 300w, https:\/\/www.bostoen.be\/uploads\/2025\/07\/Bostoen_Kijkwoning_Hof_van_Leerne_Slaapkamer2-1-1024x768.jpg 1024w, https:\/\/www.bostoen.be\/uploads\/2025\/07\/Bostoen_Kijkwoning_Hof_van_Leerne_Slaapkamer2-1-768x576.jpg 768w, https:\/\/www.bostoen.be\/uploads\/2025\/07\/Bostoen_Kijkwoning_Hof_van_Leerne_Slaapkamer2-1.jpg 1400w\" width=\"1400\" height=\"1050\" loading=\"lazy\" fetchpriority=\"low\" class=\"w-full !h-full  object-cover\"\n>\n                                                            <\/a>\n                    <a\n                data-fancybox=\"gallery-36462\"\n                href=\"https:\/\/www.bostoen.be\/uploads\/2025\/07\/Bostoen_Kijkwoning_Hof_van_Leerne_Slaapkamer2-3.jpg\"\n                data-index=\"11\"\n                class=\"relative group col-span-1 row-span-1 hidden\"\n            >\n                                    <img decoding=\"async\"\n    src=\"https:\/\/www.bostoen.be\/uploads\/2025\/07\/Bostoen_Kijkwoning_Hof_van_Leerne_Slaapkamer2-3.jpg\" alt=\"Bostoen Nieuwbouw Pastorijwoningen Bachte-Maria-Leerne Hof van Leerne Kijkwoning Slaapkamer\" srcset=\"https:\/\/www.bostoen.be\/uploads\/2025\/07\/Bostoen_Kijkwoning_Hof_van_Leerne_Slaapkamer2-3-300x225.jpg 300w, https:\/\/www.bostoen.be\/uploads\/2025\/07\/Bostoen_Kijkwoning_Hof_van_Leerne_Slaapkamer2-3-1024x768.jpg 1024w, https:\/\/www.bostoen.be\/uploads\/2025\/07\/Bostoen_Kijkwoning_Hof_van_Leerne_Slaapkamer2-3-768x576.jpg 768w, https:\/\/www.bostoen.be\/uploads\/2025\/07\/Bostoen_Kijkwoning_Hof_van_Leerne_Slaapkamer2-3.jpg 1400w\" width=\"1400\" height=\"1050\" loading=\"lazy\" fetchpriority=\"low\" class=\"w-full !h-full  object-cover\"\n>\n                                                            <\/a>\n                    <a\n                data-fancybox=\"gallery-36462\"\n                href=\"https:\/\/www.bostoen.be\/uploads\/2025\/07\/Bostoen_Kijkwoning_Hof_van_Leerne_Slaapkamer3-1.jpg\"\n                data-index=\"12\"\n                class=\"relative group col-span-1 row-span-1 hidden\"\n            >\n                                    <img decoding=\"async\"\n    src=\"https:\/\/www.bostoen.be\/uploads\/2025\/07\/Bostoen_Kijkwoning_Hof_van_Leerne_Slaapkamer3-1.jpg\" alt=\"Bostoen Nieuwbouw Pastorijwoningen Bachte-Maria-Leerne Hof van Leerne Kijkwoning Slaapkamer\" srcset=\"https:\/\/www.bostoen.be\/uploads\/2025\/07\/Bostoen_Kijkwoning_Hof_van_Leerne_Slaapkamer3-1-300x225.jpg 300w, https:\/\/www.bostoen.be\/uploads\/2025\/07\/Bostoen_Kijkwoning_Hof_van_Leerne_Slaapkamer3-1-1024x768.jpg 1024w, https:\/\/www.bostoen.be\/uploads\/2025\/07\/Bostoen_Kijkwoning_Hof_van_Leerne_Slaapkamer3-1-768x576.jpg 768w, https:\/\/www.bostoen.be\/uploads\/2025\/07\/Bostoen_Kijkwoning_Hof_van_Leerne_Slaapkamer3-1.jpg 1400w\" width=\"1400\" height=\"1050\" loading=\"lazy\" fetchpriority=\"low\" class=\"w-full !h-full  object-cover\"\n>\n                                                            <\/a>\n                    <a\n                data-fancybox=\"gallery-36462\"\n                href=\"https:\/\/www.bostoen.be\/uploads\/2025\/07\/Bostoen_Kijkwoning_Hof_van_Leerne_Slaapkamer4-1.jpg\"\n                data-index=\"13\"\n                class=\"relative group col-span-1 row-span-1 hidden\"\n            >\n                                    <img decoding=\"async\"\n    src=\"https:\/\/www.bostoen.be\/uploads\/2025\/07\/Bostoen_Kijkwoning_Hof_van_Leerne_Slaapkamer4-1.jpg\" alt=\"Bostoen Nieuwbouw Pastorijwoningen Bachte-Maria-Leerne Hof van Leerne Kijkwoning Slaapkamer\" srcset=\"https:\/\/www.bostoen.be\/uploads\/2025\/07\/Bostoen_Kijkwoning_Hof_van_Leerne_Slaapkamer4-1-300x225.jpg 300w, https:\/\/www.bostoen.be\/uploads\/2025\/07\/Bostoen_Kijkwoning_Hof_van_Leerne_Slaapkamer4-1-1024x768.jpg 1024w, https:\/\/www.bostoen.be\/uploads\/2025\/07\/Bostoen_Kijkwoning_Hof_van_Leerne_Slaapkamer4-1-768x576.jpg 768w, https:\/\/www.bostoen.be\/uploads\/2025\/07\/Bostoen_Kijkwoning_Hof_van_Leerne_Slaapkamer4-1.jpg 1400w\" width=\"1400\" height=\"1050\" loading=\"lazy\" fetchpriority=\"low\" class=\"w-full !h-full  object-cover\"\n>\n                                                            <\/a>\n                    <a\n                data-fancybox=\"gallery-36462\"\n                href=\"https:\/\/www.bostoen.be\/uploads\/2025\/07\/Bostoen_Kijkwoning_Hof_van_Leerne_Slaapkamer4-2.jpg\"\n                data-index=\"14\"\n                class=\"relative group col-span-1 row-span-1 hidden\"\n            >\n                                    <img decoding=\"async\"\n    src=\"https:\/\/www.bostoen.be\/uploads\/2025\/07\/Bostoen_Kijkwoning_Hof_van_Leerne_Slaapkamer4-2.jpg\" alt=\"Bostoen Nieuwbouw Pastorijwoningen Bachte-Maria-Leerne Hof van Leerne Kijkwoning Slaapkamer\" srcset=\"https:\/\/www.bostoen.be\/uploads\/2025\/07\/Bostoen_Kijkwoning_Hof_van_Leerne_Slaapkamer4-2-300x225.jpg 300w, https:\/\/www.bostoen.be\/uploads\/2025\/07\/Bostoen_Kijkwoning_Hof_van_Leerne_Slaapkamer4-2-1024x768.jpg 1024w, https:\/\/www.bostoen.be\/uploads\/2025\/07\/Bostoen_Kijkwoning_Hof_van_Leerne_Slaapkamer4-2-768x576.jpg 768w, https:\/\/www.bostoen.be\/uploads\/2025\/07\/Bostoen_Kijkwoning_Hof_van_Leerne_Slaapkamer4-2.jpg 1400w\" width=\"1400\" height=\"1050\" loading=\"lazy\" fetchpriority=\"low\" class=\"w-full !h-full  object-cover\"\n>\n                                                            <\/a>\n                    <a\n                data-fancybox=\"gallery-36462\"\n                href=\"https:\/\/www.bostoen.be\/uploads\/2025\/07\/Bostoen_Kijkwoning_Hof_van_Leerne_Slaapkamer4-3.jpg\"\n                data-index=\"15\"\n                class=\"relative group col-span-1 row-span-1 hidden\"\n            >\n                                    <img decoding=\"async\"\n    src=\"https:\/\/www.bostoen.be\/uploads\/2025\/07\/Bostoen_Kijkwoning_Hof_van_Leerne_Slaapkamer4-3.jpg\" alt=\"Bostoen Nieuwbouw Pastorijwoningen Bachte-Maria-Leerne Hof van Leerne Kijkwoning Dressing\" srcset=\"https:\/\/www.bostoen.be\/uploads\/2025\/07\/Bostoen_Kijkwoning_Hof_van_Leerne_Slaapkamer4-3-300x225.jpg 300w, https:\/\/www.bostoen.be\/uploads\/2025\/07\/Bostoen_Kijkwoning_Hof_van_Leerne_Slaapkamer4-3-1024x768.jpg 1024w, https:\/\/www.bostoen.be\/uploads\/2025\/07\/Bostoen_Kijkwoning_Hof_van_Leerne_Slaapkamer4-3-768x576.jpg 768w, https:\/\/www.bostoen.be\/uploads\/2025\/07\/Bostoen_Kijkwoning_Hof_van_Leerne_Slaapkamer4-3.jpg 1400w\" width=\"1400\" height=\"1050\" loading=\"lazy\" fetchpriority=\"low\" class=\"w-full !h-full  object-cover\"\n>\n                                                            <\/a>\n                    <a\n                data-fancybox=\"gallery-36462\"\n                href=\"https:\/\/www.bostoen.be\/uploads\/2025\/07\/Bostoen_Kijkwoning_Hof_van_Leerne_Slaapkamer4-5.jpg\"\n                data-index=\"16\"\n                class=\"relative group col-span-1 row-span-1 hidden\"\n            >\n                                    <img decoding=\"async\"\n    src=\"https:\/\/www.bostoen.be\/uploads\/2025\/07\/Bostoen_Kijkwoning_Hof_van_Leerne_Slaapkamer4-5.jpg\" alt=\"Bostoen Nieuwbouw Pastorijwoningen Bachte-Maria-Leerne Hof van Leerne Kijkwoning\" srcset=\"https:\/\/www.bostoen.be\/uploads\/2025\/07\/Bostoen_Kijkwoning_Hof_van_Leerne_Slaapkamer4-5-300x238.jpg 300w, https:\/\/www.bostoen.be\/uploads\/2025\/07\/Bostoen_Kijkwoning_Hof_van_Leerne_Slaapkamer4-5-1024x812.jpg 1024w, https:\/\/www.bostoen.be\/uploads\/2025\/07\/Bostoen_Kijkwoning_Hof_van_Leerne_Slaapkamer4-5-768x609.jpg 768w, https:\/\/www.bostoen.be\/uploads\/2025\/07\/Bostoen_Kijkwoning_Hof_van_Leerne_Slaapkamer4-5.jpg 1400w\" width=\"1400\" height=\"1110\" loading=\"lazy\" fetchpriority=\"low\" class=\"w-full !h-full  object-cover\"\n>\n                                                            <\/a>\n                    <a\n                data-fancybox=\"gallery-36462\"\n                href=\"https:\/\/www.bostoen.be\/uploads\/2025\/07\/Bostoen_Kijkwoning_Hof_van_Leerne_Tuin.jpg\"\n                data-index=\"17\"\n                class=\"relative group col-span-1 row-span-1 hidden\"\n            >\n                                    <img decoding=\"async\"\n    src=\"https:\/\/www.bostoen.be\/uploads\/2025\/07\/Bostoen_Kijkwoning_Hof_van_Leerne_Tuin.jpg\" alt=\"Bostoen Nieuwbouw Pastorijwoningen Bachte-Maria-Leerne Hof van Leerne Kijkwoning\" srcset=\"https:\/\/www.bostoen.be\/uploads\/2025\/07\/Bostoen_Kijkwoning_Hof_van_Leerne_Tuin-300x225.jpg 300w, https:\/\/www.bostoen.be\/uploads\/2025\/07\/Bostoen_Kijkwoning_Hof_van_Leerne_Tuin-768x576.jpg 768w, https:\/\/www.bostoen.be\/uploads\/2025\/07\/Bostoen_Kijkwoning_Hof_van_Leerne_Tuin.jpg 1000w\" width=\"1000\" height=\"750\" loading=\"lazy\" fetchpriority=\"low\" class=\"w-full !h-full  object-cover\"\n>\n                                                            <\/a>\n            <\/div>\n        <\/div>\n    <\/div>\n\n                <\/div>\n            <\/div>\n                    <div class=\"bg-gray-75\">\n                <div class=\"container\">\n                    <div class=\"grid lg:grid-cols-2 wp-block-model-block pb-16 pt-16\">\n        <div class=\"flex flex-col justify-center gap-2 mb-4 lg:mb-0 lg:order-2 lg:ms-16\">\n            <div class=\"text-xl font-bold font-condensed flex gap-2 items-center\">\n                <span class=\"!text-primary-500\"><svg xmlns=\"http:\/\/www.w3.org\/2000\/svg\" viewBox=\"0 0 384 512\" class=\"svg-inline--fa  fas fa-map-marker-alt\" role=\"img\" aria-hidden=\"true\" style=\"color:currentColor\"><!-- Font Awesome Pro 5.15.3 by @fontawesome - https:\/\/fontawesome.com License - https:\/\/fontawesome.com\/license (Commercial License) --><path d=\"M172.268 501.67C26.97 291.031 0 269.413 0 192 0 85.961 85.961 0 192 0s192 85.961 192 192c0 77.413-26.97 99.031-172.268 309.67-9.535 13.774-29.93 13.773-39.464 0zM192 272c44.183 0 80-35.817 80-80s-35.817-80-80-80-80 35.817-80 80 35.817 80 80 80z\" fill=\"currentColor\"><\/path><\/svg>\n<\/span>\n                <span class=\"text-gray-500\">Kijkwoning: Leernsesteenweg 110, Bachte-Maria-Leerne<\/span>\n            <\/div>\n            <h2 class=\"font-bold font-condensed text-3xl md:text-4xl mb-2\">\n                            Kijkwoning in Bachte-Maria-Leerne\n                            <\/h2>\n                                        <div class=\"wysiwyg wysiwyg-usps mb-4\"><ul>\n<li>Pastorijwoning met 4 ruime slaapkamers<\/li>\n<li>2 badkamers<\/li>\n<li>Lichtrijke leefruimte met stijlvolle keuken<\/li>\n<li>Grote tuin met landelijk uitzicht<\/li>\n<li>Warmtepomp, vloerverwarming, ventilatie D en zonnepanelen<\/li>\n<li>Inpandige garage<\/li>\n<\/ul>\n<\/div>\n                                        <div class=\"flex flex-col !w-max\">\n                    <a\n            class=\"group font-condensed inline-flex items-center py-1 px-12 rounded-md transition-colors duration-200 cursor-pointer no-underline font-condensed !text-white hover:!text-white bg-primary-500 hover:bg-primary-400 font-bold\"\n                    href=\"https:\/\/www.bostoen.be\/fr\/maisons\/bachte-maria-leerne\/hof-van-leerne\/#contact-form\"\n                                >\n            \n            Prenez rendez-vous\n\n                    <\/a>\n                    <a\n                        href=\"https:\/\/www.bostoen.be\/fr\/maisons\/bachte-maria-leerne\/hof-van-leerne\/\"\n                        class=\"w-full inline-block text-center px-6 underline hover:no-underline flex-1 !decoration-black\"\n                    >\n                        Ou d\u00e9couvrez ce projet\n                    <\/a>\n                <\/div>\n                    <\/div>\n\n        <div class=\"lg:order-1\">\n            <div class=\"grid grid-cols-2 gap-1 auto-rows-[8rem] md:auto-rows-[10rem] mt-4 md:grid-cols-3\">\n                    <a\n                data-fancybox=\"gallery-36461\"\n                href=\"https:\/\/www.bostoen.be\/uploads\/2025\/07\/Bostoen_Kijkwoning_Hof_van_Leerne_Leefruimte-1.jpg\"\n                data-index=\"0\"\n                class=\"relative group col-span-2 row-span-2 md:col-span-3 block\"\n            >\n                                    <img decoding=\"async\"\n    src=\"https:\/\/www.bostoen.be\/uploads\/2025\/07\/Bostoen_Kijkwoning_Hof_van_Leerne_Leefruimte-1.jpg\" alt=\"Bostoen Nieuwbouw Pastorijwoningen Bachte-Maria-Leerne Hof van Leerne Kijkwoning Leefruimte\" srcset=\"https:\/\/www.bostoen.be\/uploads\/2025\/07\/Bostoen_Kijkwoning_Hof_van_Leerne_Leefruimte-1-300x217.jpg 300w, https:\/\/www.bostoen.be\/uploads\/2025\/07\/Bostoen_Kijkwoning_Hof_van_Leerne_Leefruimte-1-1024x740.jpg 1024w, https:\/\/www.bostoen.be\/uploads\/2025\/07\/Bostoen_Kijkwoning_Hof_van_Leerne_Leefruimte-1-768x555.jpg 768w, https:\/\/www.bostoen.be\/uploads\/2025\/07\/Bostoen_Kijkwoning_Hof_van_Leerne_Leefruimte-1.jpg 1400w\" width=\"1400\" height=\"1012\" loading=\"lazy\" fetchpriority=\"low\" class=\"w-full !h-full  object-cover\"\n>\n                                                            <\/a>\n                    <a\n                data-fancybox=\"gallery-36461\"\n                href=\"https:\/\/www.bostoen.be\/uploads\/2025\/07\/Bostoen_Kijkwoning_Hof_van_Leerne_Leefruimte-3.jpg\"\n                data-index=\"1\"\n                class=\"relative group col-span-1 row-span-1 block\"\n            >\n                                    <img decoding=\"async\"\n    src=\"https:\/\/www.bostoen.be\/uploads\/2025\/07\/Bostoen_Kijkwoning_Hof_van_Leerne_Leefruimte-3.jpg\" alt=\"Bostoen Nieuwbouw Pastorijwoningen Bachte-Maria-Leerne Hof van Leerne Kijkwoning Leefruimte\" srcset=\"https:\/\/www.bostoen.be\/uploads\/2025\/07\/Bostoen_Kijkwoning_Hof_van_Leerne_Leefruimte-3-300x218.jpg 300w, https:\/\/www.bostoen.be\/uploads\/2025\/07\/Bostoen_Kijkwoning_Hof_van_Leerne_Leefruimte-3-1024x743.jpg 1024w, https:\/\/www.bostoen.be\/uploads\/2025\/07\/Bostoen_Kijkwoning_Hof_van_Leerne_Leefruimte-3-768x557.jpg 768w, https:\/\/www.bostoen.be\/uploads\/2025\/07\/Bostoen_Kijkwoning_Hof_van_Leerne_Leefruimte-3.jpg 1300w\" width=\"1300\" height=\"943\" loading=\"lazy\" fetchpriority=\"low\" class=\"w-full !h-full  object-cover\"\n>\n                                                            <\/a>\n                    <a\n                data-fancybox=\"gallery-36461\"\n                href=\"https:\/\/www.bostoen.be\/uploads\/2025\/07\/Bostoen_Kijkwoning_Hof_van_Leerne_Keuken-11.jpg\"\n                data-index=\"2\"\n                class=\"relative group col-span-1 row-span-1 block\"\n            >\n                                    <img decoding=\"async\"\n    src=\"https:\/\/www.bostoen.be\/uploads\/2025\/07\/Bostoen_Kijkwoning_Hof_van_Leerne_Keuken-11.jpg\" alt=\"Bostoen Nieuwbouw Pastorijwoningen Bachte-Maria-Leerne Hof van Leerne Kijkwoning Leefruimte\" srcset=\"https:\/\/www.bostoen.be\/uploads\/2025\/07\/Bostoen_Kijkwoning_Hof_van_Leerne_Keuken-11-300x225.jpg 300w, https:\/\/www.bostoen.be\/uploads\/2025\/07\/Bostoen_Kijkwoning_Hof_van_Leerne_Keuken-11-1024x768.jpg 1024w, https:\/\/www.bostoen.be\/uploads\/2025\/07\/Bostoen_Kijkwoning_Hof_van_Leerne_Keuken-11-768x576.jpg 768w, https:\/\/www.bostoen.be\/uploads\/2025\/07\/Bostoen_Kijkwoning_Hof_van_Leerne_Keuken-11.jpg 1400w\" width=\"1400\" height=\"1050\" loading=\"lazy\" fetchpriority=\"low\" class=\"w-full !h-full  object-cover\"\n>\n                                                                    <div class=\"absolute inset-0 bg-black\/25  flex flex-col items-center justify-center text-white text-lg font-semibold flex-wrap md:hidden\">\n                        <div class=\"text-3xl\">+15<\/div>\n                        <div class=\"text-sm\">voir toutes les photos<\/div>\n                    <\/div>\n                            <\/a>\n                    <a\n                data-fancybox=\"gallery-36461\"\n                href=\"https:\/\/www.bostoen.be\/uploads\/2025\/07\/Bostoen_Kijkwoning_Hof_van_Leerne_Keuken-4.jpg\"\n                data-index=\"3\"\n                class=\"relative group col-span-1 row-span-1 block hidden md:block\"\n            >\n                                    <img decoding=\"async\"\n    src=\"https:\/\/www.bostoen.be\/uploads\/2025\/07\/Bostoen_Kijkwoning_Hof_van_Leerne_Keuken-4.jpg\" alt=\"Bostoen Nieuwbouw Pastorijwoningen Bachte-Maria-Leerne Hof van Leerne Kijkwoning Leefruimte\" srcset=\"https:\/\/www.bostoen.be\/uploads\/2025\/07\/Bostoen_Kijkwoning_Hof_van_Leerne_Keuken-4-300x225.jpg 300w, https:\/\/www.bostoen.be\/uploads\/2025\/07\/Bostoen_Kijkwoning_Hof_van_Leerne_Keuken-4-1024x768.jpg 1024w, https:\/\/www.bostoen.be\/uploads\/2025\/07\/Bostoen_Kijkwoning_Hof_van_Leerne_Keuken-4-768x576.jpg 768w, https:\/\/www.bostoen.be\/uploads\/2025\/07\/Bostoen_Kijkwoning_Hof_van_Leerne_Keuken-4.jpg 1300w\" width=\"1300\" height=\"975\" loading=\"lazy\" fetchpriority=\"low\" class=\"w-full !h-full  object-cover\"\n>\n                                                    <div class=\"absolute inset-0 bg-black\/25  flex flex-col items-center justify-center text-white text-lg font-semibold flex-wrap\">\n                        <div class=\"text-4xl\">+14<\/div>\n                        <div>voir toutes les photos<\/div>\n                    <\/div>\n                                            <\/a>\n                    <a\n                data-fancybox=\"gallery-36461\"\n                href=\"https:\/\/www.bostoen.be\/uploads\/2025\/07\/Bostoen_Kijkwoning_Hof_van_Leerne_Keuken-5.jpg\"\n                data-index=\"4\"\n                class=\"relative group col-span-1 row-span-1 hidden\"\n            >\n                                    <img decoding=\"async\"\n    src=\"https:\/\/www.bostoen.be\/uploads\/2025\/07\/Bostoen_Kijkwoning_Hof_van_Leerne_Keuken-5.jpg\" alt=\"Bostoen Nieuwbouw Pastorijwoningen Bachte-Maria-Leerne Hof van Leerne Kijkwoning Leefruimte\" srcset=\"https:\/\/www.bostoen.be\/uploads\/2025\/07\/Bostoen_Kijkwoning_Hof_van_Leerne_Keuken-5-300x225.jpg 300w, https:\/\/www.bostoen.be\/uploads\/2025\/07\/Bostoen_Kijkwoning_Hof_van_Leerne_Keuken-5-1024x768.jpg 1024w, https:\/\/www.bostoen.be\/uploads\/2025\/07\/Bostoen_Kijkwoning_Hof_van_Leerne_Keuken-5-768x576.jpg 768w, https:\/\/www.bostoen.be\/uploads\/2025\/07\/Bostoen_Kijkwoning_Hof_van_Leerne_Keuken-5.jpg 1300w\" width=\"1300\" height=\"975\" loading=\"lazy\" fetchpriority=\"low\" class=\"w-full !h-full  object-cover\"\n>\n                                                            <\/a>\n                    <a\n                data-fancybox=\"gallery-36461\"\n                href=\"https:\/\/www.bostoen.be\/uploads\/2025\/07\/Bostoen_Kijkwoning_Hof_van_Leerne_Badkamer2-6.jpg\"\n                data-index=\"5\"\n                class=\"relative group col-span-1 row-span-1 hidden\"\n            >\n                                    <img decoding=\"async\"\n    src=\"https:\/\/www.bostoen.be\/uploads\/2025\/07\/Bostoen_Kijkwoning_Hof_van_Leerne_Badkamer2-6.jpg\" alt=\"Bostoen Nieuwbouw Pastorijwoningen Bachte-Maria-Leerne Hof van Leerne Kijkwoning Badkamer\" srcset=\"https:\/\/www.bostoen.be\/uploads\/2025\/07\/Bostoen_Kijkwoning_Hof_van_Leerne_Badkamer2-6-300x225.jpg 300w, https:\/\/www.bostoen.be\/uploads\/2025\/07\/Bostoen_Kijkwoning_Hof_van_Leerne_Badkamer2-6-1024x768.jpg 1024w, https:\/\/www.bostoen.be\/uploads\/2025\/07\/Bostoen_Kijkwoning_Hof_van_Leerne_Badkamer2-6-768x576.jpg 768w, https:\/\/www.bostoen.be\/uploads\/2025\/07\/Bostoen_Kijkwoning_Hof_van_Leerne_Badkamer2-6.jpg 1300w\" width=\"1300\" height=\"975\" loading=\"lazy\" fetchpriority=\"low\" class=\"w-full !h-full  object-cover\"\n>\n                                                            <\/a>\n                    <a\n                data-fancybox=\"gallery-36461\"\n                href=\"https:\/\/www.bostoen.be\/uploads\/2025\/07\/Bostoen_Kijkwoning_Hof_van_Leerne_Badkamer2-8.jpg\"\n                data-index=\"6\"\n                class=\"relative group col-span-1 row-span-1 hidden\"\n            >\n                                    <img decoding=\"async\"\n    src=\"https:\/\/www.bostoen.be\/uploads\/2025\/07\/Bostoen_Kijkwoning_Hof_van_Leerne_Badkamer2-8.jpg\" alt=\"Bostoen Nieuwbouw Pastorijwoningen Bachte-Maria-Leerne Hof van Leerne Kijkwoning Badkamer\" srcset=\"https:\/\/www.bostoen.be\/uploads\/2025\/07\/Bostoen_Kijkwoning_Hof_van_Leerne_Badkamer2-8-300x225.jpg 300w, https:\/\/www.bostoen.be\/uploads\/2025\/07\/Bostoen_Kijkwoning_Hof_van_Leerne_Badkamer2-8-1024x768.jpg 1024w, https:\/\/www.bostoen.be\/uploads\/2025\/07\/Bostoen_Kijkwoning_Hof_van_Leerne_Badkamer2-8-768x576.jpg 768w, https:\/\/www.bostoen.be\/uploads\/2025\/07\/Bostoen_Kijkwoning_Hof_van_Leerne_Badkamer2-8.jpg 1400w\" width=\"1400\" height=\"1050\" loading=\"lazy\" fetchpriority=\"low\" class=\"w-full !h-full  object-cover\"\n>\n                                                            <\/a>\n                    <a\n                data-fancybox=\"gallery-36461\"\n                href=\"https:\/\/www.bostoen.be\/uploads\/2025\/07\/Bostoen_Kijkwoning_Hof_van_Leerne_Slaapkamer1-1.jpg\"\n                data-index=\"7\"\n                class=\"relative group col-span-1 row-span-1 hidden\"\n            >\n                                    <img decoding=\"async\"\n    src=\"https:\/\/www.bostoen.be\/uploads\/2025\/07\/Bostoen_Kijkwoning_Hof_van_Leerne_Slaapkamer1-1.jpg\" alt=\"Bostoen Nieuwbouw Pastorijwoningen Bachte-Maria-Leerne Hof van Leerne Kijkwoning Slaapkamer\" srcset=\"https:\/\/www.bostoen.be\/uploads\/2025\/07\/Bostoen_Kijkwoning_Hof_van_Leerne_Slaapkamer1-1-300x225.jpg 300w, https:\/\/www.bostoen.be\/uploads\/2025\/07\/Bostoen_Kijkwoning_Hof_van_Leerne_Slaapkamer1-1-1024x768.jpg 1024w, https:\/\/www.bostoen.be\/uploads\/2025\/07\/Bostoen_Kijkwoning_Hof_van_Leerne_Slaapkamer1-1-768x576.jpg 768w, https:\/\/www.bostoen.be\/uploads\/2025\/07\/Bostoen_Kijkwoning_Hof_van_Leerne_Slaapkamer1-1.jpg 1100w\" width=\"1100\" height=\"825\" loading=\"lazy\" fetchpriority=\"low\" class=\"w-full !h-full  object-cover\"\n>\n                                                            <\/a>\n                    <a\n                data-fancybox=\"gallery-36461\"\n                href=\"https:\/\/www.bostoen.be\/uploads\/2025\/07\/Bostoen_Kijkwoning_Hof_van_Leerne_Badkamer1-1.jpg\"\n                data-index=\"8\"\n                class=\"relative group col-span-1 row-span-1 hidden\"\n            >\n                                    <img decoding=\"async\"\n    src=\"https:\/\/www.bostoen.be\/uploads\/2025\/07\/Bostoen_Kijkwoning_Hof_van_Leerne_Badkamer1-1.jpg\" alt=\"Bostoen Nieuwbouw Pastorijwoningen Bachte-Maria-Leerne Hof van Leerne Kijkwoning Badkamer\" srcset=\"https:\/\/www.bostoen.be\/uploads\/2025\/07\/Bostoen_Kijkwoning_Hof_van_Leerne_Badkamer1-1-300x225.jpg 300w, https:\/\/www.bostoen.be\/uploads\/2025\/07\/Bostoen_Kijkwoning_Hof_van_Leerne_Badkamer1-1-1024x768.jpg 1024w, https:\/\/www.bostoen.be\/uploads\/2025\/07\/Bostoen_Kijkwoning_Hof_van_Leerne_Badkamer1-1-768x576.jpg 768w, https:\/\/www.bostoen.be\/uploads\/2025\/07\/Bostoen_Kijkwoning_Hof_van_Leerne_Badkamer1-1.jpg 1400w\" width=\"1400\" height=\"1050\" loading=\"lazy\" fetchpriority=\"low\" class=\"w-full !h-full  object-cover\"\n>\n                                                            <\/a>\n                    <a\n                data-fancybox=\"gallery-36461\"\n                href=\"https:\/\/www.bostoen.be\/uploads\/2025\/07\/Bostoen_Kijkwoning_Hof_van_Leerne_Badkamer1-4.jpg\"\n                data-index=\"9\"\n                class=\"relative group col-span-1 row-span-1 hidden\"\n            >\n                                    <img decoding=\"async\"\n    src=\"https:\/\/www.bostoen.be\/uploads\/2025\/07\/Bostoen_Kijkwoning_Hof_van_Leerne_Badkamer1-4.jpg\" alt=\"Bostoen Nieuwbouw Pastorijwoningen Bachte-Maria-Leerne Hof van Leerne Kijkwoning Badkamer\" srcset=\"https:\/\/www.bostoen.be\/uploads\/2025\/07\/Bostoen_Kijkwoning_Hof_van_Leerne_Badkamer1-4-300x225.jpg 300w, https:\/\/www.bostoen.be\/uploads\/2025\/07\/Bostoen_Kijkwoning_Hof_van_Leerne_Badkamer1-4-1024x768.jpg 1024w, https:\/\/www.bostoen.be\/uploads\/2025\/07\/Bostoen_Kijkwoning_Hof_van_Leerne_Badkamer1-4-768x576.jpg 768w, https:\/\/www.bostoen.be\/uploads\/2025\/07\/Bostoen_Kijkwoning_Hof_van_Leerne_Badkamer1-4.jpg 1200w\" width=\"1200\" height=\"900\" loading=\"lazy\" fetchpriority=\"low\" class=\"w-full !h-full  object-cover\"\n>\n                                                            <\/a>\n                    <a\n                data-fancybox=\"gallery-36461\"\n                href=\"https:\/\/www.bostoen.be\/uploads\/2025\/07\/Bostoen_Kijkwoning_Hof_van_Leerne_Slaapkamer2-1.jpg\"\n                data-index=\"10\"\n                class=\"relative group col-span-1 row-span-1 hidden\"\n            >\n                                    <img decoding=\"async\"\n    src=\"https:\/\/www.bostoen.be\/uploads\/2025\/07\/Bostoen_Kijkwoning_Hof_van_Leerne_Slaapkamer2-1.jpg\" alt=\"Bostoen Nieuwbouw Pastorijwoningen Bachte-Maria-Leerne Hof van Leerne Kijkwoning Slaapkamer\" srcset=\"https:\/\/www.bostoen.be\/uploads\/2025\/07\/Bostoen_Kijkwoning_Hof_van_Leerne_Slaapkamer2-1-300x225.jpg 300w, https:\/\/www.bostoen.be\/uploads\/2025\/07\/Bostoen_Kijkwoning_Hof_van_Leerne_Slaapkamer2-1-1024x768.jpg 1024w, https:\/\/www.bostoen.be\/uploads\/2025\/07\/Bostoen_Kijkwoning_Hof_van_Leerne_Slaapkamer2-1-768x576.jpg 768w, https:\/\/www.bostoen.be\/uploads\/2025\/07\/Bostoen_Kijkwoning_Hof_van_Leerne_Slaapkamer2-1.jpg 1400w\" width=\"1400\" height=\"1050\" loading=\"lazy\" fetchpriority=\"low\" class=\"w-full !h-full  object-cover\"\n>\n                                                            <\/a>\n                    <a\n                data-fancybox=\"gallery-36461\"\n                href=\"https:\/\/www.bostoen.be\/uploads\/2025\/07\/Bostoen_Kijkwoning_Hof_van_Leerne_Slaapkamer2-3.jpg\"\n                data-index=\"11\"\n                class=\"relative group col-span-1 row-span-1 hidden\"\n            >\n                                    <img decoding=\"async\"\n    src=\"https:\/\/www.bostoen.be\/uploads\/2025\/07\/Bostoen_Kijkwoning_Hof_van_Leerne_Slaapkamer2-3.jpg\" alt=\"Bostoen Nieuwbouw Pastorijwoningen Bachte-Maria-Leerne Hof van Leerne Kijkwoning Slaapkamer\" srcset=\"https:\/\/www.bostoen.be\/uploads\/2025\/07\/Bostoen_Kijkwoning_Hof_van_Leerne_Slaapkamer2-3-300x225.jpg 300w, https:\/\/www.bostoen.be\/uploads\/2025\/07\/Bostoen_Kijkwoning_Hof_van_Leerne_Slaapkamer2-3-1024x768.jpg 1024w, https:\/\/www.bostoen.be\/uploads\/2025\/07\/Bostoen_Kijkwoning_Hof_van_Leerne_Slaapkamer2-3-768x576.jpg 768w, https:\/\/www.bostoen.be\/uploads\/2025\/07\/Bostoen_Kijkwoning_Hof_van_Leerne_Slaapkamer2-3.jpg 1400w\" width=\"1400\" height=\"1050\" loading=\"lazy\" fetchpriority=\"low\" class=\"w-full !h-full  object-cover\"\n>\n                                                            <\/a>\n                    <a\n                data-fancybox=\"gallery-36461\"\n                href=\"https:\/\/www.bostoen.be\/uploads\/2025\/07\/Bostoen_Kijkwoning_Hof_van_Leerne_Slaapkamer3-1.jpg\"\n                data-index=\"12\"\n                class=\"relative group col-span-1 row-span-1 hidden\"\n            >\n                                    <img decoding=\"async\"\n    src=\"https:\/\/www.bostoen.be\/uploads\/2025\/07\/Bostoen_Kijkwoning_Hof_van_Leerne_Slaapkamer3-1.jpg\" alt=\"Bostoen Nieuwbouw Pastorijwoningen Bachte-Maria-Leerne Hof van Leerne Kijkwoning Slaapkamer\" srcset=\"https:\/\/www.bostoen.be\/uploads\/2025\/07\/Bostoen_Kijkwoning_Hof_van_Leerne_Slaapkamer3-1-300x225.jpg 300w, https:\/\/www.bostoen.be\/uploads\/2025\/07\/Bostoen_Kijkwoning_Hof_van_Leerne_Slaapkamer3-1-1024x768.jpg 1024w, https:\/\/www.bostoen.be\/uploads\/2025\/07\/Bostoen_Kijkwoning_Hof_van_Leerne_Slaapkamer3-1-768x576.jpg 768w, https:\/\/www.bostoen.be\/uploads\/2025\/07\/Bostoen_Kijkwoning_Hof_van_Leerne_Slaapkamer3-1.jpg 1400w\" width=\"1400\" height=\"1050\" loading=\"lazy\" fetchpriority=\"low\" class=\"w-full !h-full  object-cover\"\n>\n                                                            <\/a>\n                    <a\n                data-fancybox=\"gallery-36461\"\n                href=\"https:\/\/www.bostoen.be\/uploads\/2025\/07\/Bostoen_Kijkwoning_Hof_van_Leerne_Slaapkamer4-1.jpg\"\n                data-index=\"13\"\n                class=\"relative group col-span-1 row-span-1 hidden\"\n            >\n                                    <img decoding=\"async\"\n    src=\"https:\/\/www.bostoen.be\/uploads\/2025\/07\/Bostoen_Kijkwoning_Hof_van_Leerne_Slaapkamer4-1.jpg\" alt=\"Bostoen Nieuwbouw Pastorijwoningen Bachte-Maria-Leerne Hof van Leerne Kijkwoning Slaapkamer\" srcset=\"https:\/\/www.bostoen.be\/uploads\/2025\/07\/Bostoen_Kijkwoning_Hof_van_Leerne_Slaapkamer4-1-300x225.jpg 300w, https:\/\/www.bostoen.be\/uploads\/2025\/07\/Bostoen_Kijkwoning_Hof_van_Leerne_Slaapkamer4-1-1024x768.jpg 1024w, https:\/\/www.bostoen.be\/uploads\/2025\/07\/Bostoen_Kijkwoning_Hof_van_Leerne_Slaapkamer4-1-768x576.jpg 768w, https:\/\/www.bostoen.be\/uploads\/2025\/07\/Bostoen_Kijkwoning_Hof_van_Leerne_Slaapkamer4-1.jpg 1400w\" width=\"1400\" height=\"1050\" loading=\"lazy\" fetchpriority=\"low\" class=\"w-full !h-full  object-cover\"\n>\n                                                            <\/a>\n                    <a\n                data-fancybox=\"gallery-36461\"\n                href=\"https:\/\/www.bostoen.be\/uploads\/2025\/07\/Bostoen_Kijkwoning_Hof_van_Leerne_Slaapkamer4-2.jpg\"\n                data-index=\"14\"\n                class=\"relative group col-span-1 row-span-1 hidden\"\n            >\n                                    <img decoding=\"async\"\n    src=\"https:\/\/www.bostoen.be\/uploads\/2025\/07\/Bostoen_Kijkwoning_Hof_van_Leerne_Slaapkamer4-2.jpg\" alt=\"Bostoen Nieuwbouw Pastorijwoningen Bachte-Maria-Leerne Hof van Leerne Kijkwoning Slaapkamer\" srcset=\"https:\/\/www.bostoen.be\/uploads\/2025\/07\/Bostoen_Kijkwoning_Hof_van_Leerne_Slaapkamer4-2-300x225.jpg 300w, https:\/\/www.bostoen.be\/uploads\/2025\/07\/Bostoen_Kijkwoning_Hof_van_Leerne_Slaapkamer4-2-1024x768.jpg 1024w, https:\/\/www.bostoen.be\/uploads\/2025\/07\/Bostoen_Kijkwoning_Hof_van_Leerne_Slaapkamer4-2-768x576.jpg 768w, https:\/\/www.bostoen.be\/uploads\/2025\/07\/Bostoen_Kijkwoning_Hof_van_Leerne_Slaapkamer4-2.jpg 1400w\" width=\"1400\" height=\"1050\" loading=\"lazy\" fetchpriority=\"low\" class=\"w-full !h-full  object-cover\"\n>\n                                                            <\/a>\n                    <a\n                data-fancybox=\"gallery-36461\"\n                href=\"https:\/\/www.bostoen.be\/uploads\/2025\/07\/Bostoen_Kijkwoning_Hof_van_Leerne_Slaapkamer4-3.jpg\"\n                data-index=\"15\"\n                class=\"relative group col-span-1 row-span-1 hidden\"\n            >\n                                    <img decoding=\"async\"\n    src=\"https:\/\/www.bostoen.be\/uploads\/2025\/07\/Bostoen_Kijkwoning_Hof_van_Leerne_Slaapkamer4-3.jpg\" alt=\"Bostoen Nieuwbouw Pastorijwoningen Bachte-Maria-Leerne Hof van Leerne Kijkwoning Dressing\" srcset=\"https:\/\/www.bostoen.be\/uploads\/2025\/07\/Bostoen_Kijkwoning_Hof_van_Leerne_Slaapkamer4-3-300x225.jpg 300w, https:\/\/www.bostoen.be\/uploads\/2025\/07\/Bostoen_Kijkwoning_Hof_van_Leerne_Slaapkamer4-3-1024x768.jpg 1024w, https:\/\/www.bostoen.be\/uploads\/2025\/07\/Bostoen_Kijkwoning_Hof_van_Leerne_Slaapkamer4-3-768x576.jpg 768w, https:\/\/www.bostoen.be\/uploads\/2025\/07\/Bostoen_Kijkwoning_Hof_van_Leerne_Slaapkamer4-3.jpg 1400w\" width=\"1400\" height=\"1050\" loading=\"lazy\" fetchpriority=\"low\" class=\"w-full !h-full  object-cover\"\n>\n                                                            <\/a>\n                    <a\n                data-fancybox=\"gallery-36461\"\n                href=\"https:\/\/www.bostoen.be\/uploads\/2025\/07\/Bostoen_Kijkwoning_Hof_van_Leerne_Slaapkamer4-5.jpg\"\n                data-index=\"16\"\n                class=\"relative group col-span-1 row-span-1 hidden\"\n            >\n                                    <img decoding=\"async\"\n    src=\"https:\/\/www.bostoen.be\/uploads\/2025\/07\/Bostoen_Kijkwoning_Hof_van_Leerne_Slaapkamer4-5.jpg\" alt=\"Bostoen Nieuwbouw Pastorijwoningen Bachte-Maria-Leerne Hof van Leerne Kijkwoning\" srcset=\"https:\/\/www.bostoen.be\/uploads\/2025\/07\/Bostoen_Kijkwoning_Hof_van_Leerne_Slaapkamer4-5-300x238.jpg 300w, https:\/\/www.bostoen.be\/uploads\/2025\/07\/Bostoen_Kijkwoning_Hof_van_Leerne_Slaapkamer4-5-1024x812.jpg 1024w, https:\/\/www.bostoen.be\/uploads\/2025\/07\/Bostoen_Kijkwoning_Hof_van_Leerne_Slaapkamer4-5-768x609.jpg 768w, https:\/\/www.bostoen.be\/uploads\/2025\/07\/Bostoen_Kijkwoning_Hof_van_Leerne_Slaapkamer4-5.jpg 1400w\" width=\"1400\" height=\"1110\" loading=\"lazy\" fetchpriority=\"low\" class=\"w-full !h-full  object-cover\"\n>\n                                                            <\/a>\n                    <a\n                data-fancybox=\"gallery-36461\"\n                href=\"https:\/\/www.bostoen.be\/uploads\/2025\/07\/Bostoen_Kijkwoning_Hof_van_Leerne_Tuin.jpg\"\n                data-index=\"17\"\n                class=\"relative group col-span-1 row-span-1 hidden\"\n            >\n                                    <img decoding=\"async\"\n    src=\"https:\/\/www.bostoen.be\/uploads\/2025\/07\/Bostoen_Kijkwoning_Hof_van_Leerne_Tuin.jpg\" alt=\"Bostoen Nieuwbouw Pastorijwoningen Bachte-Maria-Leerne Hof van Leerne Kijkwoning\" srcset=\"https:\/\/www.bostoen.be\/uploads\/2025\/07\/Bostoen_Kijkwoning_Hof_van_Leerne_Tuin-300x225.jpg 300w, https:\/\/www.bostoen.be\/uploads\/2025\/07\/Bostoen_Kijkwoning_Hof_van_Leerne_Tuin-768x576.jpg 768w, https:\/\/www.bostoen.be\/uploads\/2025\/07\/Bostoen_Kijkwoning_Hof_van_Leerne_Tuin.jpg 1000w\" width=\"1000\" height=\"750\" loading=\"lazy\" fetchpriority=\"low\" class=\"w-full !h-full  object-cover\"\n>\n                                                            <\/a>\n            <\/div>\n        <\/div>\n    <\/div>\n\n                <\/div>\n            <\/div>\n                    <div class=\"\">\n                <div class=\"container\">\n                    <div class=\"grid lg:grid-cols-2 wp-block-model-block pb-16 pt-16\">\n        <div class=\"flex flex-col justify-center gap-2 mb-4 lg:mb-0 lg:order-1 lg:me-16\">\n            <div class=\"text-xl font-bold font-condensed flex gap-2 items-center\">\n                <span class=\"!text-primary-500\"><svg xmlns=\"http:\/\/www.w3.org\/2000\/svg\" viewBox=\"0 0 384 512\" class=\"svg-inline--fa  fas fa-map-marker-alt\" role=\"img\" aria-hidden=\"true\" style=\"color:currentColor\"><!-- Font Awesome Pro 5.15.3 by @fontawesome - https:\/\/fontawesome.com License - https:\/\/fontawesome.com\/license (Commercial License) --><path d=\"M172.268 501.67C26.97 291.031 0 269.413 0 192 0 85.961 85.961 0 192 0s192 85.961 192 192c0 77.413-26.97 99.031-172.268 309.67-9.535 13.774-29.93 13.773-39.464 0zM192 272c44.183 0 80-35.817 80-80s-35.817-80-80-80-80 35.817-80 80 35.817 80 80 80z\" fill=\"currentColor\"><\/path><\/svg>\n<\/span>\n                <span class=\"text-gray-500\">Kijkwoning: Kloosterstraat 19, Marke<\/span>\n            <\/div>\n            <h2 class=\"font-bold font-condensed text-3xl md:text-4xl mb-2\">\n                            Kijkwoning in Marke\n                            <\/h2>\n                                        <div class=\"wysiwyg wysiwyg-usps mb-4\"><ul>\n<li>Halfopen woning met 3 slaapkamers<\/li>\n<li>Badkamer met dubbele lavabo, ligbad en douche<\/li>\n<li>Comfortabele leefruimte met open keuken<\/li>\n<li>Veel lichtinval dankzij grote raampartijen<\/li>\n<li>Vloerverwarming, ventilatie D en zonnepanelen<\/li>\n<\/ul>\n<\/div>\n                                        <div class=\"flex flex-col !w-max\">\n                    <a\n            class=\"group font-condensed inline-flex items-center py-1 px-12 rounded-md transition-colors duration-200 cursor-pointer no-underline font-condensed !text-white hover:!text-white bg-primary-500 hover:bg-primary-400 font-bold\"\n                    href=\"https:\/\/www.bostoen.be\/fr\/maisons\/marke\/het-goudenhof\/#contact-form\"\n                                >\n            \n            Prenez rendez-vous\n\n                    <\/a>\n                    <a\n                        href=\"https:\/\/www.bostoen.be\/fr\/maisons\/marke\/het-goudenhof\/\"\n                        class=\"w-full inline-block text-center px-6 underline hover:no-underline flex-1 !decoration-black\"\n                    >\n                        Ou d\u00e9couvrez ce projet\n                    <\/a>\n                <\/div>\n                    <\/div>\n\n        <div class=\"lg:order-2\">\n            <div class=\"grid grid-cols-2 gap-1 auto-rows-[8rem] md:auto-rows-[10rem] mt-4 md:grid-cols-3\">\n                    <a\n                data-fancybox=\"gallery-32782\"\n                href=\"https:\/\/www.bostoen.be\/uploads\/2024\/06\/bostoen-kijkwoning-marke-het-goudenhof-leefruimte-1.jpg\"\n                data-index=\"0\"\n                class=\"relative group col-span-2 row-span-2 md:col-span-3 block\"\n            >\n                                    <img decoding=\"async\"\n    src=\"https:\/\/www.bostoen.be\/uploads\/2024\/06\/bostoen-kijkwoning-marke-het-goudenhof-leefruimte-1.jpg\" alt=\"Bostoen Kijkwoning Marke Het GoudenHof Leefruimte Keuken\" srcset=\"https:\/\/www.bostoen.be\/uploads\/2024\/06\/bostoen-kijkwoning-marke-het-goudenhof-leefruimte-1-300x187.jpg 300w, https:\/\/www.bostoen.be\/uploads\/2024\/06\/bostoen-kijkwoning-marke-het-goudenhof-leefruimte-1-1024x637.jpg 1024w, https:\/\/www.bostoen.be\/uploads\/2024\/06\/bostoen-kijkwoning-marke-het-goudenhof-leefruimte-1-768x478.jpg 768w, https:\/\/www.bostoen.be\/uploads\/2024\/06\/bostoen-kijkwoning-marke-het-goudenhof-leefruimte-1-1536x955.jpg 1536w, https:\/\/www.bostoen.be\/uploads\/2024\/06\/bostoen-kijkwoning-marke-het-goudenhof-leefruimte-1.jpg 1600w\" width=\"1600\" height=\"995\" loading=\"lazy\" fetchpriority=\"low\" class=\"w-full !h-full  object-cover\"\n>\n                                                            <\/a>\n                    <a\n                data-fancybox=\"gallery-32782\"\n                href=\"https:\/\/www.bostoen.be\/uploads\/2024\/06\/bostoen-kijkwoning-marke-het-goudenhof-leefruimte-3.jpg\"\n                data-index=\"1\"\n                class=\"relative group col-span-1 row-span-1 block\"\n            >\n                                    <img decoding=\"async\"\n    src=\"https:\/\/www.bostoen.be\/uploads\/2024\/06\/bostoen-kijkwoning-marke-het-goudenhof-leefruimte-3.jpg\" alt=\"Bostoen Kijkwoning Marke Het GoudenHof Leefruimte Keuken\" srcset=\"https:\/\/www.bostoen.be\/uploads\/2024\/06\/bostoen-kijkwoning-marke-het-goudenhof-leefruimte-3-300x189.jpg 300w, https:\/\/www.bostoen.be\/uploads\/2024\/06\/bostoen-kijkwoning-marke-het-goudenhof-leefruimte-3-1024x645.jpg 1024w, https:\/\/www.bostoen.be\/uploads\/2024\/06\/bostoen-kijkwoning-marke-het-goudenhof-leefruimte-3-768x484.jpg 768w, https:\/\/www.bostoen.be\/uploads\/2024\/06\/bostoen-kijkwoning-marke-het-goudenhof-leefruimte-3-1536x968.jpg 1536w, https:\/\/www.bostoen.be\/uploads\/2024\/06\/bostoen-kijkwoning-marke-het-goudenhof-leefruimte-3.jpg 1600w\" width=\"1600\" height=\"1008\" loading=\"lazy\" fetchpriority=\"low\" class=\"w-full !h-full  object-cover\"\n>\n                                                            <\/a>\n                    <a\n                data-fancybox=\"gallery-32782\"\n                href=\"https:\/\/www.bostoen.be\/uploads\/2024\/06\/bostoen-kijkwoning-marke-het-goudenhof-leefruimte-2.jpg\"\n                data-index=\"2\"\n                class=\"relative group col-span-1 row-span-1 block\"\n            >\n                                    <img decoding=\"async\"\n    src=\"https:\/\/www.bostoen.be\/uploads\/2024\/06\/bostoen-kijkwoning-marke-het-goudenhof-leefruimte-2.jpg\" alt=\"Bostoen Kijkwoning Marke Het GoudenHof Leefruimte Keuken\" srcset=\"https:\/\/www.bostoen.be\/uploads\/2024\/06\/bostoen-kijkwoning-marke-het-goudenhof-leefruimte-2-300x183.jpg 300w, https:\/\/www.bostoen.be\/uploads\/2024\/06\/bostoen-kijkwoning-marke-het-goudenhof-leefruimte-2-1024x625.jpg 1024w, https:\/\/www.bostoen.be\/uploads\/2024\/06\/bostoen-kijkwoning-marke-het-goudenhof-leefruimte-2-768x468.jpg 768w, https:\/\/www.bostoen.be\/uploads\/2024\/06\/bostoen-kijkwoning-marke-het-goudenhof-leefruimte-2-1536x937.jpg 1536w, https:\/\/www.bostoen.be\/uploads\/2024\/06\/bostoen-kijkwoning-marke-het-goudenhof-leefruimte-2.jpg 1800w\" width=\"1800\" height=\"1098\" loading=\"lazy\" fetchpriority=\"low\" class=\"w-full !h-full  object-cover\"\n>\n                                                                    <div class=\"absolute inset-0 bg-black\/25  flex flex-col items-center justify-center text-white text-lg font-semibold flex-wrap md:hidden\">\n                        <div class=\"text-3xl\">+11<\/div>\n                        <div class=\"text-sm\">voir toutes les photos<\/div>\n                    <\/div>\n                            <\/a>\n                    <a\n                data-fancybox=\"gallery-32782\"\n                href=\"https:\/\/www.bostoen.be\/uploads\/2024\/06\/bostoen-kijkwoning-marke-het-goudenhof-keuken-1.jpg\"\n                data-index=\"3\"\n                class=\"relative group col-span-1 row-span-1 block hidden md:block\"\n            >\n                                    <img decoding=\"async\"\n    src=\"https:\/\/www.bostoen.be\/uploads\/2024\/06\/bostoen-kijkwoning-marke-het-goudenhof-keuken-1.jpg\" alt=\"Bostoen Kijkwoning Marke Het GoudenHof Leefruimte Keuken\" srcset=\"https:\/\/www.bostoen.be\/uploads\/2024\/06\/bostoen-kijkwoning-marke-het-goudenhof-keuken-1-300x195.jpg 300w, https:\/\/www.bostoen.be\/uploads\/2024\/06\/bostoen-kijkwoning-marke-het-goudenhof-keuken-1-1024x665.jpg 1024w, https:\/\/www.bostoen.be\/uploads\/2024\/06\/bostoen-kijkwoning-marke-het-goudenhof-keuken-1-768x499.jpg 768w, https:\/\/www.bostoen.be\/uploads\/2024\/06\/bostoen-kijkwoning-marke-het-goudenhof-keuken-1-1536x998.jpg 1536w, https:\/\/www.bostoen.be\/uploads\/2024\/06\/bostoen-kijkwoning-marke-het-goudenhof-keuken-1.jpg 1800w\" width=\"1800\" height=\"1169\" loading=\"lazy\" fetchpriority=\"low\" class=\"w-full !h-full  object-cover\"\n>\n                                                    <div class=\"absolute inset-0 bg-black\/25  flex flex-col items-center justify-center text-white text-lg font-semibold flex-wrap\">\n                        <div class=\"text-4xl\">+10<\/div>\n                        <div>voir toutes les photos<\/div>\n                    <\/div>\n                                            <\/a>\n                    <a\n                data-fancybox=\"gallery-32782\"\n                href=\"https:\/\/www.bostoen.be\/uploads\/2024\/06\/Bostoen-Het-GoudenHof-nieuwbouw-kijkwoning-Marke-keuken.jpg\"\n                data-index=\"4\"\n                class=\"relative group col-span-1 row-span-1 hidden\"\n            >\n                                    <img decoding=\"async\"\n    src=\"https:\/\/www.bostoen.be\/uploads\/2024\/06\/Bostoen-Het-GoudenHof-nieuwbouw-kijkwoning-Marke-keuken.jpg\" alt=\"Bostoen Het GoudenHof kijkwoning in Marke keuken\" srcset=\"https:\/\/www.bostoen.be\/uploads\/2024\/06\/Bostoen-Het-GoudenHof-nieuwbouw-kijkwoning-Marke-keuken-300x169.jpg 300w, https:\/\/www.bostoen.be\/uploads\/2024\/06\/Bostoen-Het-GoudenHof-nieuwbouw-kijkwoning-Marke-keuken-1024x578.jpg 1024w, https:\/\/www.bostoen.be\/uploads\/2024\/06\/Bostoen-Het-GoudenHof-nieuwbouw-kijkwoning-Marke-keuken-768x433.jpg 768w, https:\/\/www.bostoen.be\/uploads\/2024\/06\/Bostoen-Het-GoudenHof-nieuwbouw-kijkwoning-Marke-keuken.jpg 1200w\" width=\"1200\" height=\"677\" loading=\"lazy\" fetchpriority=\"low\" class=\"w-full !h-full  object-cover\"\n>\n                                                            <\/a>\n                    <a\n                data-fancybox=\"gallery-32782\"\n                href=\"https:\/\/www.bostoen.be\/uploads\/2024\/06\/Bostoen-Het-GoudenHof-nieuwbouw-kijkwoning-Marke-inkomhal.jpg\"\n                data-index=\"5\"\n                class=\"relative group col-span-1 row-span-1 hidden\"\n            >\n                                    <img decoding=\"async\"\n    src=\"https:\/\/www.bostoen.be\/uploads\/2024\/06\/Bostoen-Het-GoudenHof-nieuwbouw-kijkwoning-Marke-inkomhal.jpg\" alt=\"Bostoen Het GoudenHof kijkwoning in Marke inkomhal\" srcset=\"https:\/\/www.bostoen.be\/uploads\/2024\/06\/Bostoen-Het-GoudenHof-nieuwbouw-kijkwoning-Marke-inkomhal-300x218.jpg 300w, https:\/\/www.bostoen.be\/uploads\/2024\/06\/Bostoen-Het-GoudenHof-nieuwbouw-kijkwoning-Marke-inkomhal-1024x744.jpg 1024w, https:\/\/www.bostoen.be\/uploads\/2024\/06\/Bostoen-Het-GoudenHof-nieuwbouw-kijkwoning-Marke-inkomhal-768x558.jpg 768w, https:\/\/www.bostoen.be\/uploads\/2024\/06\/Bostoen-Het-GoudenHof-nieuwbouw-kijkwoning-Marke-inkomhal.jpg 1200w\" width=\"1200\" height=\"872\" loading=\"lazy\" fetchpriority=\"low\" class=\"w-full !h-full  object-cover\"\n>\n                                                            <\/a>\n                    <a\n                data-fancybox=\"gallery-32782\"\n                href=\"https:\/\/www.bostoen.be\/uploads\/2024\/06\/bostoen-kijkwoning-marke-het-goudenhof-badkamer-1.jpg\"\n                data-index=\"6\"\n                class=\"relative group col-span-1 row-span-1 hidden\"\n            >\n                                    <img decoding=\"async\"\n    src=\"https:\/\/www.bostoen.be\/uploads\/2024\/06\/bostoen-kijkwoning-marke-het-goudenhof-badkamer-1.jpg\" alt=\"Bostoen Kijkwoning Marke Het GoudenHof Badkamer\" srcset=\"https:\/\/www.bostoen.be\/uploads\/2024\/06\/bostoen-kijkwoning-marke-het-goudenhof-badkamer-1-300x185.jpg 300w, https:\/\/www.bostoen.be\/uploads\/2024\/06\/bostoen-kijkwoning-marke-het-goudenhof-badkamer-1-1024x633.jpg 1024w, https:\/\/www.bostoen.be\/uploads\/2024\/06\/bostoen-kijkwoning-marke-het-goudenhof-badkamer-1-768x474.jpg 768w, https:\/\/www.bostoen.be\/uploads\/2024\/06\/bostoen-kijkwoning-marke-het-goudenhof-badkamer-1-1536x949.jpg 1536w, https:\/\/www.bostoen.be\/uploads\/2024\/06\/bostoen-kijkwoning-marke-het-goudenhof-badkamer-1.jpg 1800w\" width=\"1800\" height=\"1112\" loading=\"lazy\" fetchpriority=\"low\" class=\"w-full !h-full  object-cover\"\n>\n                                                            <\/a>\n                    <a\n                data-fancybox=\"gallery-32782\"\n                href=\"https:\/\/www.bostoen.be\/uploads\/2024\/06\/bostoen-kijkwoning-marke-het-goudenhof-badkamer-2.jpg\"\n                data-index=\"7\"\n                class=\"relative group col-span-1 row-span-1 hidden\"\n            >\n                                    <img decoding=\"async\"\n    src=\"https:\/\/www.bostoen.be\/uploads\/2024\/06\/bostoen-kijkwoning-marke-het-goudenhof-badkamer-2.jpg\" alt=\"Bostoen Kijkwoning Marke Het GoudenHof Badkamer\" srcset=\"https:\/\/www.bostoen.be\/uploads\/2024\/06\/bostoen-kijkwoning-marke-het-goudenhof-badkamer-2-300x176.jpg 300w, https:\/\/www.bostoen.be\/uploads\/2024\/06\/bostoen-kijkwoning-marke-het-goudenhof-badkamer-2-1024x602.jpg 1024w, https:\/\/www.bostoen.be\/uploads\/2024\/06\/bostoen-kijkwoning-marke-het-goudenhof-badkamer-2-768x451.jpg 768w, https:\/\/www.bostoen.be\/uploads\/2024\/06\/bostoen-kijkwoning-marke-het-goudenhof-badkamer-2-1536x903.jpg 1536w, https:\/\/www.bostoen.be\/uploads\/2024\/06\/bostoen-kijkwoning-marke-het-goudenhof-badkamer-2.jpg 1800w\" width=\"1800\" height=\"1058\" loading=\"lazy\" fetchpriority=\"low\" class=\"w-full !h-full  object-cover\"\n>\n                                                            <\/a>\n                    <a\n                data-fancybox=\"gallery-32782\"\n                href=\"https:\/\/www.bostoen.be\/uploads\/2024\/06\/Bostoen-Het-GoudenHof-nieuwbouw-kijkwoning-Marke-slaapkamer.jpg\"\n                data-index=\"8\"\n                class=\"relative group col-span-1 row-span-1 hidden\"\n            >\n                                    <img decoding=\"async\"\n    src=\"https:\/\/www.bostoen.be\/uploads\/2024\/06\/Bostoen-Het-GoudenHof-nieuwbouw-kijkwoning-Marke-slaapkamer.jpg\" alt=\"Bostoen Het GoudenHof kijkwoning in Marke slaapkamer 1\" srcset=\"https:\/\/www.bostoen.be\/uploads\/2024\/06\/Bostoen-Het-GoudenHof-nieuwbouw-kijkwoning-Marke-slaapkamer-300x165.jpg 300w, https:\/\/www.bostoen.be\/uploads\/2024\/06\/Bostoen-Het-GoudenHof-nieuwbouw-kijkwoning-Marke-slaapkamer-1024x564.jpg 1024w, https:\/\/www.bostoen.be\/uploads\/2024\/06\/Bostoen-Het-GoudenHof-nieuwbouw-kijkwoning-Marke-slaapkamer-768x423.jpg 768w, https:\/\/www.bostoen.be\/uploads\/2024\/06\/Bostoen-Het-GoudenHof-nieuwbouw-kijkwoning-Marke-slaapkamer.jpg 1200w\" width=\"1200\" height=\"661\" loading=\"lazy\" fetchpriority=\"low\" class=\"w-full !h-full  object-cover\"\n>\n                                                            <\/a>\n                    <a\n                data-fancybox=\"gallery-32782\"\n                href=\"https:\/\/www.bostoen.be\/uploads\/2024\/06\/bostoen-kijkwoning-marke-het-goudenhof-slaapkamer-1.jpg\"\n                data-index=\"9\"\n                class=\"relative group col-span-1 row-span-1 hidden\"\n            >\n                                    <img decoding=\"async\"\n    src=\"https:\/\/www.bostoen.be\/uploads\/2024\/06\/bostoen-kijkwoning-marke-het-goudenhof-slaapkamer-1.jpg\" alt=\"Bostoen Kijkwoning Marke Het GoudenHof Slaapkamer\" srcset=\"https:\/\/www.bostoen.be\/uploads\/2024\/06\/bostoen-kijkwoning-marke-het-goudenhof-slaapkamer-1-300x189.jpg 300w, https:\/\/www.bostoen.be\/uploads\/2024\/06\/bostoen-kijkwoning-marke-het-goudenhof-slaapkamer-1-1024x644.jpg 1024w, https:\/\/www.bostoen.be\/uploads\/2024\/06\/bostoen-kijkwoning-marke-het-goudenhof-slaapkamer-1-768x483.jpg 768w, https:\/\/www.bostoen.be\/uploads\/2024\/06\/bostoen-kijkwoning-marke-het-goudenhof-slaapkamer-1-1536x966.jpg 1536w, https:\/\/www.bostoen.be\/uploads\/2024\/06\/bostoen-kijkwoning-marke-het-goudenhof-slaapkamer-1.jpg 1800w\" width=\"1800\" height=\"1132\" loading=\"lazy\" fetchpriority=\"low\" class=\"w-full !h-full  object-cover\"\n>\n                                                            <\/a>\n                    <a\n                data-fancybox=\"gallery-32782\"\n                href=\"https:\/\/www.bostoen.be\/uploads\/2024\/06\/bostoen-kijkwoning-marke-het-goudenhof-slaapkamer-2.jpg\"\n                data-index=\"10\"\n                class=\"relative group col-span-1 row-span-1 hidden\"\n            >\n                                    <img decoding=\"async\"\n    src=\"https:\/\/www.bostoen.be\/uploads\/2024\/06\/bostoen-kijkwoning-marke-het-goudenhof-slaapkamer-2.jpg\" alt=\"Bostoen Kijkwoning Marke Het GoudenHof Slaapkamer\" srcset=\"https:\/\/www.bostoen.be\/uploads\/2024\/06\/bostoen-kijkwoning-marke-het-goudenhof-slaapkamer-2-300x183.jpg 300w, https:\/\/www.bostoen.be\/uploads\/2024\/06\/bostoen-kijkwoning-marke-het-goudenhof-slaapkamer-2-1024x625.jpg 1024w, https:\/\/www.bostoen.be\/uploads\/2024\/06\/bostoen-kijkwoning-marke-het-goudenhof-slaapkamer-2-768x468.jpg 768w, https:\/\/www.bostoen.be\/uploads\/2024\/06\/bostoen-kijkwoning-marke-het-goudenhof-slaapkamer-2-1536x937.jpg 1536w, https:\/\/www.bostoen.be\/uploads\/2024\/06\/bostoen-kijkwoning-marke-het-goudenhof-slaapkamer-2.jpg 1800w\" width=\"1800\" height=\"1098\" loading=\"lazy\" fetchpriority=\"low\" class=\"w-full !h-full  object-cover\"\n>\n                                                            <\/a>\n                    <a\n                data-fancybox=\"gallery-32782\"\n                href=\"https:\/\/www.bostoen.be\/uploads\/2024\/06\/Bostoen-Het-GoudenHof-nieuwbouw-kijkwoning-Marke-slaapkamer-3.jpg\"\n                data-index=\"11\"\n                class=\"relative group col-span-1 row-span-1 hidden\"\n            >\n                                    <img decoding=\"async\"\n    src=\"https:\/\/www.bostoen.be\/uploads\/2024\/06\/Bostoen-Het-GoudenHof-nieuwbouw-kijkwoning-Marke-slaapkamer-3.jpg\" alt=\"Bostoen Het GoudenHof kijkwoning in Marke slaapkamer 3\" srcset=\"https:\/\/www.bostoen.be\/uploads\/2024\/06\/Bostoen-Het-GoudenHof-nieuwbouw-kijkwoning-Marke-slaapkamer-3-300x166.jpg 300w, https:\/\/www.bostoen.be\/uploads\/2024\/06\/Bostoen-Het-GoudenHof-nieuwbouw-kijkwoning-Marke-slaapkamer-3-1024x567.jpg 1024w, https:\/\/www.bostoen.be\/uploads\/2024\/06\/Bostoen-Het-GoudenHof-nieuwbouw-kijkwoning-Marke-slaapkamer-3-768x426.jpg 768w, https:\/\/www.bostoen.be\/uploads\/2024\/06\/Bostoen-Het-GoudenHof-nieuwbouw-kijkwoning-Marke-slaapkamer-3.jpg 1200w\" width=\"1200\" height=\"665\" loading=\"lazy\" fetchpriority=\"low\" class=\"w-full !h-full  object-cover\"\n>\n                                                            <\/a>\n                    <a\n                data-fancybox=\"gallery-32782\"\n                href=\"https:\/\/www.bostoen.be\/uploads\/2024\/06\/bostoen-energiezuinige-nieuwbouwwonigen-marke-het-goudenhof-kijkwoning.jpg\"\n                data-index=\"12\"\n                class=\"relative group col-span-1 row-span-1 hidden\"\n            >\n                                    <img decoding=\"async\"\n    src=\"https:\/\/www.bostoen.be\/uploads\/2024\/06\/bostoen-energiezuinige-nieuwbouwwonigen-marke-het-goudenhof-kijkwoning.jpg\" alt=\"Bostoen energiezuinige nieuwbouwwonigen Marke Het Goudenhof kijkwoning\" srcset=\"https:\/\/www.bostoen.be\/uploads\/2024\/06\/bostoen-energiezuinige-nieuwbouwwonigen-marke-het-goudenhof-kijkwoning-300x233.jpg 300w, https:\/\/www.bostoen.be\/uploads\/2024\/06\/bostoen-energiezuinige-nieuwbouwwonigen-marke-het-goudenhof-kijkwoning-768x598.jpg 768w, https:\/\/www.bostoen.be\/uploads\/2024\/06\/bostoen-energiezuinige-nieuwbouwwonigen-marke-het-goudenhof-kijkwoning.jpg 1000w\" width=\"1000\" height=\"778\" loading=\"lazy\" fetchpriority=\"low\" class=\"w-full !h-full  object-cover\"\n>\n                                                            <\/a>\n                    <a\n                data-fancybox=\"gallery-32782\"\n                href=\"https:\/\/www.bostoen.be\/uploads\/2024\/06\/Bostoen-Het-GoudenHof-nieuwbouw-kijkwoning-Marke-achtergevel.jpg\"\n                data-index=\"13\"\n                class=\"relative group col-span-1 row-span-1 hidden\"\n            >\n                                    <img decoding=\"async\"\n    src=\"https:\/\/www.bostoen.be\/uploads\/2024\/06\/Bostoen-Het-GoudenHof-nieuwbouw-kijkwoning-Marke-achtergevel.jpg\" alt=\"Bostoen Het GoudenHof kijkwoning in Marke tuin\" srcset=\"https:\/\/www.bostoen.be\/uploads\/2024\/06\/Bostoen-Het-GoudenHof-nieuwbouw-kijkwoning-Marke-achtergevel-300x169.jpg 300w, https:\/\/www.bostoen.be\/uploads\/2024\/06\/Bostoen-Het-GoudenHof-nieuwbouw-kijkwoning-Marke-achtergevel-1024x578.jpg 1024w, https:\/\/www.bostoen.be\/uploads\/2024\/06\/Bostoen-Het-GoudenHof-nieuwbouw-kijkwoning-Marke-achtergevel-768x433.jpg 768w, https:\/\/www.bostoen.be\/uploads\/2024\/06\/Bostoen-Het-GoudenHof-nieuwbouw-kijkwoning-Marke-achtergevel.jpg 1200w\" width=\"1200\" height=\"677\" loading=\"lazy\" fetchpriority=\"low\" class=\"w-full !h-full  object-cover\"\n>\n                                                            <\/a>\n            <\/div>\n        <\/div>\n    <\/div>\n\n                <\/div>\n            <\/div>\n                    <div class=\"bg-gray-75\">\n                <div class=\"container\">\n                    <div class=\"grid lg:grid-cols-2 wp-block-model-block pb-16 pt-16\">\n        <div class=\"flex flex-col justify-center gap-2 mb-4 lg:mb-0 lg:order-2 lg:ms-16\">\n            <div class=\"text-xl font-bold font-condensed flex gap-2 items-center\">\n                <span class=\"!text-primary-500\"><svg xmlns=\"http:\/\/www.w3.org\/2000\/svg\" viewBox=\"0 0 384 512\" class=\"svg-inline--fa  fas fa-map-marker-alt\" role=\"img\" aria-hidden=\"true\" style=\"color:currentColor\"><!-- Font Awesome Pro 5.15.3 by @fontawesome - https:\/\/fontawesome.com License - https:\/\/fontawesome.com\/license (Commercial License) --><path d=\"M172.268 501.67C26.97 291.031 0 269.413 0 192 0 85.961 85.961 0 192 0s192 85.961 192 192c0 77.413-26.97 99.031-172.268 309.67-9.535 13.774-29.93 13.773-39.464 0zM192 272c44.183 0 80-35.817 80-80s-35.817-80-80-80-80 35.817-80 80 35.817 80 80 80z\" fill=\"currentColor\"><\/path><\/svg>\n<\/span>\n                <span class=\"text-gray-500\">Kijkwoning: Baljuwstraat 12, Dentergem<\/span>\n            <\/div>\n            <h2 class=\"font-bold font-condensed text-3xl md:text-4xl mb-2\">\n                            Kijkwoning in Dentergem\n                            <\/h2>\n                                        <div class=\"wysiwyg wysiwyg-usps mb-4\"><ul>\n<li>Open bebouwing met 3 slaapkamers<\/li>\n<li>Badkamer met dubbele lavabo, ligbad en douche<\/li>\n<li>Lichtrijke leefruimte met grote raampartijen<\/li>\n<li>Stijlvolle inkomhal met elegante stalen deur<\/li>\n<li>Warmtepomp, vloerverwarmig, ventilatie D en zonnepanelen<\/li>\n<li>Gelegen in een doodlopende straat met groenzone<\/li>\n<\/ul>\n<\/div>\n                                        <div class=\"flex flex-col !w-max\">\n                    <a\n            class=\"group font-condensed inline-flex items-center py-1 px-12 rounded-md transition-colors duration-200 cursor-pointer no-underline font-condensed !text-white hover:!text-white bg-primary-500 hover:bg-primary-400 font-bold\"\n                    href=\"https:\/\/www.bostoen.be\/fr\/maisons\/dentergem\/rivahof\/#contact-form\"\n                                >\n            \n            Prenez rendez-vous\n\n                    <\/a>\n                    <a\n                        href=\"https:\/\/www.bostoen.be\/fr\/maisons\/dentergem\/rivahof\/\"\n                        class=\"w-full inline-block text-center px-6 underline hover:no-underline flex-1 !decoration-black\"\n                    >\n                        Ou d\u00e9couvrez ce projet\n                    <\/a>\n                <\/div>\n                    <\/div>\n\n        <div class=\"lg:order-1\">\n            <div class=\"grid grid-cols-2 gap-1 auto-rows-[8rem] md:auto-rows-[10rem] mt-4 md:grid-cols-3\">\n                    <a\n                data-fancybox=\"gallery-32422\"\n                href=\"https:\/\/www.bostoen.be\/uploads\/2024\/05\/Bostoen-RivaHof-Dentergem-stijlvolle-kijkwoning-leefruimte.jpg\"\n                data-index=\"0\"\n                class=\"relative group col-span-2 row-span-2 md:col-span-3 block\"\n            >\n                                    <img decoding=\"async\"\n    src=\"https:\/\/www.bostoen.be\/uploads\/2024\/05\/Bostoen-RivaHof-Dentergem-stijlvolle-kijkwoning-leefruimte.jpg\" alt=\"Bostoen RivaHof Dentergem stijlvolle kijkwoning leefruimte\" srcset=\"https:\/\/www.bostoen.be\/uploads\/2024\/05\/Bostoen-RivaHof-Dentergem-stijlvolle-kijkwoning-leefruimte-300x206.jpg 300w, https:\/\/www.bostoen.be\/uploads\/2024\/05\/Bostoen-RivaHof-Dentergem-stijlvolle-kijkwoning-leefruimte-1024x701.jpg 1024w, https:\/\/www.bostoen.be\/uploads\/2024\/05\/Bostoen-RivaHof-Dentergem-stijlvolle-kijkwoning-leefruimte-768x526.jpg 768w, https:\/\/www.bostoen.be\/uploads\/2024\/05\/Bostoen-RivaHof-Dentergem-stijlvolle-kijkwoning-leefruimte.jpg 1200w\" width=\"1200\" height=\"822\" loading=\"lazy\" fetchpriority=\"low\" class=\"w-full !h-full  object-cover\"\n>\n                                                            <\/a>\n                    <a\n                data-fancybox=\"gallery-32422\"\n                href=\"https:\/\/www.bostoen.be\/uploads\/2024\/05\/Bostoen-RivaHof-Dentergem-stijlvolle-kijkwoning-leefruimte-zithoek.jpg\"\n                data-index=\"1\"\n                class=\"relative group col-span-1 row-span-1 block\"\n            >\n                                    <img decoding=\"async\"\n    src=\"https:\/\/www.bostoen.be\/uploads\/2024\/05\/Bostoen-RivaHof-Dentergem-stijlvolle-kijkwoning-leefruimte-zithoek.jpg\" alt=\"Bostoen RivaHof Dentergem stijlvolle kijkwoning leefruimte zithoek\" srcset=\"https:\/\/www.bostoen.be\/uploads\/2024\/05\/Bostoen-RivaHof-Dentergem-stijlvolle-kijkwoning-leefruimte-zithoek-300x214.jpg 300w, https:\/\/www.bostoen.be\/uploads\/2024\/05\/Bostoen-RivaHof-Dentergem-stijlvolle-kijkwoning-leefruimte-zithoek-1024x731.jpg 1024w, https:\/\/www.bostoen.be\/uploads\/2024\/05\/Bostoen-RivaHof-Dentergem-stijlvolle-kijkwoning-leefruimte-zithoek-768x548.jpg 768w, https:\/\/www.bostoen.be\/uploads\/2024\/05\/Bostoen-RivaHof-Dentergem-stijlvolle-kijkwoning-leefruimte-zithoek.jpg 1200w\" width=\"1200\" height=\"857\" loading=\"lazy\" fetchpriority=\"low\" class=\"w-full !h-full  object-cover\"\n>\n                                                            <\/a>\n                    <a\n                data-fancybox=\"gallery-32422\"\n                href=\"https:\/\/www.bostoen.be\/uploads\/2024\/05\/Bostoen-RivaHof-Dentergem-stijlvolle-kijkwoning-keuken.jpg\"\n                data-index=\"2\"\n                class=\"relative group col-span-1 row-span-1 block\"\n            >\n                                    <img decoding=\"async\"\n    src=\"https:\/\/www.bostoen.be\/uploads\/2024\/05\/Bostoen-RivaHof-Dentergem-stijlvolle-kijkwoning-keuken.jpg\" alt=\"Bostoen RivaHof Dentergem stijlvolle kijkwoning keuken eetplaats\" srcset=\"https:\/\/www.bostoen.be\/uploads\/2024\/05\/Bostoen-RivaHof-Dentergem-stijlvolle-kijkwoning-keuken-300x225.jpg 300w, https:\/\/www.bostoen.be\/uploads\/2024\/05\/Bostoen-RivaHof-Dentergem-stijlvolle-kijkwoning-keuken-1024x768.jpg 1024w, https:\/\/www.bostoen.be\/uploads\/2024\/05\/Bostoen-RivaHof-Dentergem-stijlvolle-kijkwoning-keuken-768x576.jpg 768w, https:\/\/www.bostoen.be\/uploads\/2024\/05\/Bostoen-RivaHof-Dentergem-stijlvolle-kijkwoning-keuken.jpg 1200w\" width=\"1200\" height=\"900\" loading=\"lazy\" fetchpriority=\"low\" class=\"w-full !h-full  object-cover\"\n>\n                                                                    <div class=\"absolute inset-0 bg-black\/25  flex flex-col items-center justify-center text-white text-lg font-semibold flex-wrap md:hidden\">\n                        <div class=\"text-3xl\">+17<\/div>\n                        <div class=\"text-sm\">voir toutes les photos<\/div>\n                    <\/div>\n                            <\/a>\n                    <a\n                data-fancybox=\"gallery-32422\"\n                href=\"https:\/\/www.bostoen.be\/uploads\/2024\/05\/Bostoen-RivaHof-Dentergem-stijlvolle-kijkwoning-keuken-2.jpg\"\n                data-index=\"3\"\n                class=\"relative group col-span-1 row-span-1 block hidden md:block\"\n            >\n                                    <img decoding=\"async\"\n    src=\"https:\/\/www.bostoen.be\/uploads\/2024\/05\/Bostoen-RivaHof-Dentergem-stijlvolle-kijkwoning-keuken-2.jpg\" alt=\"Bostoen RivaHof Dentergem stijlvolle kijkwoning keuken\" srcset=\"https:\/\/www.bostoen.be\/uploads\/2024\/05\/Bostoen-RivaHof-Dentergem-stijlvolle-kijkwoning-keuken-2-300x209.jpg 300w, https:\/\/www.bostoen.be\/uploads\/2024\/05\/Bostoen-RivaHof-Dentergem-stijlvolle-kijkwoning-keuken-2-768x535.jpg 768w, https:\/\/www.bostoen.be\/uploads\/2024\/05\/Bostoen-RivaHof-Dentergem-stijlvolle-kijkwoning-keuken-2.jpg 972w\" width=\"972\" height=\"677\" loading=\"lazy\" fetchpriority=\"low\" class=\"w-full !h-full  object-cover\"\n>\n                                                    <div class=\"absolute inset-0 bg-black\/25  flex flex-col items-center justify-center text-white text-lg font-semibold flex-wrap\">\n                        <div class=\"text-4xl\">+16<\/div>\n                        <div>voir toutes les photos<\/div>\n                    <\/div>\n                                            <\/a>\n                    <a\n                data-fancybox=\"gallery-32422\"\n                href=\"https:\/\/www.bostoen.be\/uploads\/2024\/05\/Bostoen-RivaHof-Dentergem-stijlvolle-keuken-kijkwoning-4.jpg\"\n                data-index=\"4\"\n                class=\"relative group col-span-1 row-span-1 hidden\"\n            >\n                                    <img decoding=\"async\"\n    src=\"https:\/\/www.bostoen.be\/uploads\/2024\/05\/Bostoen-RivaHof-Dentergem-stijlvolle-keuken-kijkwoning-4.jpg\" alt=\"Bostoen RivaHof Dentergem stijlvolle kijkwoning keuken kraan\" srcset=\"https:\/\/www.bostoen.be\/uploads\/2024\/05\/Bostoen-RivaHof-Dentergem-stijlvolle-keuken-kijkwoning-4-169x300.jpg 169w, https:\/\/www.bostoen.be\/uploads\/2024\/05\/Bostoen-RivaHof-Dentergem-stijlvolle-keuken-kijkwoning-4.jpg 564w\" width=\"564\" height=\"1000\" loading=\"lazy\" fetchpriority=\"low\" class=\"w-full !h-full  object-cover\"\n>\n                                                            <\/a>\n                    <a\n                data-fancybox=\"gallery-32422\"\n                href=\"https:\/\/www.bostoen.be\/uploads\/2024\/05\/Bostoen-RivaHof-Dentergem-stijlvolle-kijkwoning-keuken-3.jpg\"\n                data-index=\"5\"\n                class=\"relative group col-span-1 row-span-1 hidden\"\n            >\n                                    <img decoding=\"async\"\n    src=\"https:\/\/www.bostoen.be\/uploads\/2024\/05\/Bostoen-RivaHof-Dentergem-stijlvolle-kijkwoning-keuken-3.jpg\" alt=\"Bostoen RivaHof Dentergem stijlvolle kijkwoning keuken\" srcset=\"https:\/\/www.bostoen.be\/uploads\/2024\/05\/Bostoen-RivaHof-Dentergem-stijlvolle-kijkwoning-keuken-3-300x234.jpg 300w, https:\/\/www.bostoen.be\/uploads\/2024\/05\/Bostoen-RivaHof-Dentergem-stijlvolle-kijkwoning-keuken-3-1024x799.jpg 1024w, https:\/\/www.bostoen.be\/uploads\/2024\/05\/Bostoen-RivaHof-Dentergem-stijlvolle-kijkwoning-keuken-3-768x599.jpg 768w, https:\/\/www.bostoen.be\/uploads\/2024\/05\/Bostoen-RivaHof-Dentergem-stijlvolle-kijkwoning-keuken-3.jpg 1200w\" width=\"1200\" height=\"936\" loading=\"lazy\" fetchpriority=\"low\" class=\"w-full !h-full  object-cover\"\n>\n                                                            <\/a>\n                    <a\n                data-fancybox=\"gallery-32422\"\n                href=\"https:\/\/www.bostoen.be\/uploads\/2024\/05\/Bostoen-RivaHof-Dentergem-stijlvolle-kijkwoning-inkomhal.jpg\"\n                data-index=\"6\"\n                class=\"relative group col-span-1 row-span-1 hidden\"\n            >\n                                    <img decoding=\"async\"\n    src=\"https:\/\/www.bostoen.be\/uploads\/2024\/05\/Bostoen-RivaHof-Dentergem-stijlvolle-kijkwoning-inkomhal.jpg\" alt=\"Bostoen RivaHof Dentergem stijlvolle kijkwoning inkomhal\" srcset=\"https:\/\/www.bostoen.be\/uploads\/2024\/05\/Bostoen-RivaHof-Dentergem-stijlvolle-kijkwoning-inkomhal-169x300.jpg 169w, https:\/\/www.bostoen.be\/uploads\/2024\/05\/Bostoen-RivaHof-Dentergem-stijlvolle-kijkwoning-inkomhal.jpg 564w\" width=\"564\" height=\"1000\" loading=\"lazy\" fetchpriority=\"low\" class=\"w-full !h-full  object-cover\"\n>\n                                                            <\/a>\n                    <a\n                data-fancybox=\"gallery-32422\"\n                href=\"https:\/\/www.bostoen.be\/uploads\/2024\/05\/Bostoen-RivaHof-Dentergem-stijlvolle-kijkwoning-inkomhal-bovenaanzicht.jpg\"\n                data-index=\"7\"\n                class=\"relative group col-span-1 row-span-1 hidden\"\n            >\n                                    <img decoding=\"async\"\n    src=\"https:\/\/www.bostoen.be\/uploads\/2024\/05\/Bostoen-RivaHof-Dentergem-stijlvolle-kijkwoning-inkomhal-bovenaanzicht.jpg\" alt=\"Bostoen RivaHof Dentergem stijlvolle kijkwoning inkomhal bovenaanzicht\" srcset=\"https:\/\/www.bostoen.be\/uploads\/2024\/05\/Bostoen-RivaHof-Dentergem-stijlvolle-kijkwoning-inkomhal-bovenaanzicht-300x184.jpg 300w, https:\/\/www.bostoen.be\/uploads\/2024\/05\/Bostoen-RivaHof-Dentergem-stijlvolle-kijkwoning-inkomhal-bovenaanzicht-1024x626.jpg 1024w, https:\/\/www.bostoen.be\/uploads\/2024\/05\/Bostoen-RivaHof-Dentergem-stijlvolle-kijkwoning-inkomhal-bovenaanzicht-768x470.jpg 768w, https:\/\/www.bostoen.be\/uploads\/2024\/05\/Bostoen-RivaHof-Dentergem-stijlvolle-kijkwoning-inkomhal-bovenaanzicht.jpg 1200w\" width=\"1200\" height=\"734\" loading=\"lazy\" fetchpriority=\"low\" class=\"w-full !h-full  object-cover\"\n>\n                                                            <\/a>\n                    <a\n                data-fancybox=\"gallery-32422\"\n                href=\"https:\/\/www.bostoen.be\/uploads\/2024\/05\/Bostoen-RivaHof-Dentergem-stijlvolle-kijkwoning-nachthal.jpg\"\n                data-index=\"8\"\n                class=\"relative group col-span-1 row-span-1 hidden\"\n            >\n                                    <img decoding=\"async\"\n    src=\"https:\/\/www.bostoen.be\/uploads\/2024\/05\/Bostoen-RivaHof-Dentergem-stijlvolle-kijkwoning-nachthal.jpg\" alt=\"Bostoen RivaHof Dentergem stijlvolle kijkwoning nachthal\" srcset=\"https:\/\/www.bostoen.be\/uploads\/2024\/05\/Bostoen-RivaHof-Dentergem-stijlvolle-kijkwoning-nachthal-169x300.jpg 169w, https:\/\/www.bostoen.be\/uploads\/2024\/05\/Bostoen-RivaHof-Dentergem-stijlvolle-kijkwoning-nachthal.jpg 564w\" width=\"564\" height=\"1000\" loading=\"lazy\" fetchpriority=\"low\" class=\"w-full !h-full  object-cover\"\n>\n                                                            <\/a>\n                    <a\n                data-fancybox=\"gallery-32422\"\n                href=\"https:\/\/www.bostoen.be\/uploads\/2024\/05\/Bostoen-RivaHof-Dentergem-stijlvolle-kijkwoning-slaapkamer.jpg\"\n                data-index=\"9\"\n                class=\"relative group col-span-1 row-span-1 hidden\"\n            >\n                                    <img decoding=\"async\"\n    src=\"https:\/\/www.bostoen.be\/uploads\/2024\/05\/Bostoen-RivaHof-Dentergem-stijlvolle-kijkwoning-slaapkamer.jpg\" alt=\"Bostoen RivaHof Dentergem stijlvolle kijkwoning slaapkamer 1\" srcset=\"https:\/\/www.bostoen.be\/uploads\/2024\/05\/Bostoen-RivaHof-Dentergem-stijlvolle-kijkwoning-slaapkamer-300x169.jpg 300w, https:\/\/www.bostoen.be\/uploads\/2024\/05\/Bostoen-RivaHof-Dentergem-stijlvolle-kijkwoning-slaapkamer-1024x578.jpg 1024w, https:\/\/www.bostoen.be\/uploads\/2024\/05\/Bostoen-RivaHof-Dentergem-stijlvolle-kijkwoning-slaapkamer-768x433.jpg 768w, https:\/\/www.bostoen.be\/uploads\/2024\/05\/Bostoen-RivaHof-Dentergem-stijlvolle-kijkwoning-slaapkamer.jpg 1200w\" width=\"1200\" height=\"677\" loading=\"lazy\" fetchpriority=\"low\" class=\"w-full !h-full  object-cover\"\n>\n                                                            <\/a>\n                    <a\n                data-fancybox=\"gallery-32422\"\n                href=\"https:\/\/www.bostoen.be\/uploads\/2024\/05\/Bostoen-RivaHof-Dentergem-stijlvolle-kijkwoning-slaapkamer-2.jpg\"\n                data-index=\"10\"\n                class=\"relative group col-span-1 row-span-1 hidden\"\n            >\n                                    <img decoding=\"async\"\n    src=\"https:\/\/www.bostoen.be\/uploads\/2024\/05\/Bostoen-RivaHof-Dentergem-stijlvolle-kijkwoning-slaapkamer-2.jpg\" alt=\"Bostoen RivaHof Dentergem stijlvolle kijkwoning slaapkamer 2\" srcset=\"https:\/\/www.bostoen.be\/uploads\/2024\/05\/Bostoen-RivaHof-Dentergem-stijlvolle-kijkwoning-slaapkamer-2-300x169.jpg 300w, https:\/\/www.bostoen.be\/uploads\/2024\/05\/Bostoen-RivaHof-Dentergem-stijlvolle-kijkwoning-slaapkamer-2-1024x578.jpg 1024w, https:\/\/www.bostoen.be\/uploads\/2024\/05\/Bostoen-RivaHof-Dentergem-stijlvolle-kijkwoning-slaapkamer-2-768x433.jpg 768w, https:\/\/www.bostoen.be\/uploads\/2024\/05\/Bostoen-RivaHof-Dentergem-stijlvolle-kijkwoning-slaapkamer-2.jpg 1200w\" width=\"1200\" height=\"677\" loading=\"lazy\" fetchpriority=\"low\" class=\"w-full !h-full  object-cover\"\n>\n                                                            <\/a>\n                    <a\n                data-fancybox=\"gallery-32422\"\n                href=\"https:\/\/www.bostoen.be\/uploads\/2024\/05\/Bostoen-RivaHof-Dentergem-stijlvolle-kijkwoning-slaapkamer-3.jpg\"\n                data-index=\"11\"\n                class=\"relative group col-span-1 row-span-1 hidden\"\n            >\n                                    <img decoding=\"async\"\n    src=\"https:\/\/www.bostoen.be\/uploads\/2024\/05\/Bostoen-RivaHof-Dentergem-stijlvolle-kijkwoning-slaapkamer-3.jpg\" alt=\"Bostoen RivaHof Dentergem stijlvolle kijkwoning slaapkamer 3\" srcset=\"https:\/\/www.bostoen.be\/uploads\/2024\/05\/Bostoen-RivaHof-Dentergem-stijlvolle-kijkwoning-slaapkamer-3-300x215.jpg 300w, https:\/\/www.bostoen.be\/uploads\/2024\/05\/Bostoen-RivaHof-Dentergem-stijlvolle-kijkwoning-slaapkamer-3-1024x733.jpg 1024w, https:\/\/www.bostoen.be\/uploads\/2024\/05\/Bostoen-RivaHof-Dentergem-stijlvolle-kijkwoning-slaapkamer-3-768x550.jpg 768w, https:\/\/www.bostoen.be\/uploads\/2024\/05\/Bostoen-RivaHof-Dentergem-stijlvolle-kijkwoning-slaapkamer-3.jpg 1200w\" width=\"1200\" height=\"859\" loading=\"lazy\" fetchpriority=\"low\" class=\"w-full !h-full  object-cover\"\n>\n                                                            <\/a>\n                    <a\n                data-fancybox=\"gallery-32422\"\n                href=\"https:\/\/www.bostoen.be\/uploads\/2024\/05\/Bostoen-RivaHof-Dentergem-stijlvolle-kijkwoning-badkamer-2.jpg\"\n                data-index=\"12\"\n                class=\"relative group col-span-1 row-span-1 hidden\"\n            >\n                                    <img decoding=\"async\"\n    src=\"https:\/\/www.bostoen.be\/uploads\/2024\/05\/Bostoen-RivaHof-Dentergem-stijlvolle-kijkwoning-badkamer-2.jpg\" alt=\"Bostoen RivaHof Dentergem stijlvolle kijkwoning badkamer\" srcset=\"https:\/\/www.bostoen.be\/uploads\/2024\/05\/Bostoen-RivaHof-Dentergem-stijlvolle-kijkwoning-badkamer-2-300x169.jpg 300w, https:\/\/www.bostoen.be\/uploads\/2024\/05\/Bostoen-RivaHof-Dentergem-stijlvolle-kijkwoning-badkamer-2-1024x578.jpg 1024w, https:\/\/www.bostoen.be\/uploads\/2024\/05\/Bostoen-RivaHof-Dentergem-stijlvolle-kijkwoning-badkamer-2-768x433.jpg 768w, https:\/\/www.bostoen.be\/uploads\/2024\/05\/Bostoen-RivaHof-Dentergem-stijlvolle-kijkwoning-badkamer-2.jpg 1200w\" width=\"1200\" height=\"677\" loading=\"lazy\" fetchpriority=\"low\" class=\"w-full !h-full  object-cover\"\n>\n                                                            <\/a>\n                    <a\n                data-fancybox=\"gallery-32422\"\n                href=\"https:\/\/www.bostoen.be\/uploads\/2024\/05\/Bostoen-RivaHof-Dentergem-stijlvolle-kijkwoning-badkamer.jpg\"\n                data-index=\"13\"\n                class=\"relative group col-span-1 row-span-1 hidden\"\n            >\n                                    <img decoding=\"async\"\n    src=\"https:\/\/www.bostoen.be\/uploads\/2024\/05\/Bostoen-RivaHof-Dentergem-stijlvolle-kijkwoning-badkamer.jpg\" alt=\"Bostoen RivaHof Dentergem stijlvolle kijkwoning badkamer\" srcset=\"https:\/\/www.bostoen.be\/uploads\/2024\/05\/Bostoen-RivaHof-Dentergem-stijlvolle-kijkwoning-badkamer-300x169.jpg 300w, https:\/\/www.bostoen.be\/uploads\/2024\/05\/Bostoen-RivaHof-Dentergem-stijlvolle-kijkwoning-badkamer-1024x578.jpg 1024w, https:\/\/www.bostoen.be\/uploads\/2024\/05\/Bostoen-RivaHof-Dentergem-stijlvolle-kijkwoning-badkamer-768x433.jpg 768w, https:\/\/www.bostoen.be\/uploads\/2024\/05\/Bostoen-RivaHof-Dentergem-stijlvolle-kijkwoning-badkamer.jpg 1200w\" width=\"1200\" height=\"677\" loading=\"lazy\" fetchpriority=\"low\" class=\"w-full !h-full  object-cover\"\n>\n                                                            <\/a>\n                    <a\n                data-fancybox=\"gallery-32422\"\n                href=\"https:\/\/www.bostoen.be\/uploads\/2024\/05\/Bostoen-RivaHof-Dentergem-stijlvolle-kijkwoning-tuin-2.jpg\"\n                data-index=\"14\"\n                class=\"relative group col-span-1 row-span-1 hidden\"\n            >\n                                    <img decoding=\"async\"\n    src=\"https:\/\/www.bostoen.be\/uploads\/2024\/05\/Bostoen-RivaHof-Dentergem-stijlvolle-kijkwoning-tuin-2.jpg\" alt=\"Bostoen RivaHof Dentergem stijlvolle kijkwoning tuin\" srcset=\"https:\/\/www.bostoen.be\/uploads\/2024\/05\/Bostoen-RivaHof-Dentergem-stijlvolle-kijkwoning-tuin-2-300x190.jpg 300w, https:\/\/www.bostoen.be\/uploads\/2024\/05\/Bostoen-RivaHof-Dentergem-stijlvolle-kijkwoning-tuin-2-1024x649.jpg 1024w, https:\/\/www.bostoen.be\/uploads\/2024\/05\/Bostoen-RivaHof-Dentergem-stijlvolle-kijkwoning-tuin-2-768x487.jpg 768w, https:\/\/www.bostoen.be\/uploads\/2024\/05\/Bostoen-RivaHof-Dentergem-stijlvolle-kijkwoning-tuin-2.jpg 1200w\" width=\"1200\" height=\"761\" loading=\"lazy\" fetchpriority=\"low\" class=\"w-full !h-full  object-cover\"\n>\n                                                            <\/a>\n                    <a\n                data-fancybox=\"gallery-32422\"\n                href=\"https:\/\/www.bostoen.be\/uploads\/2024\/05\/Bostoen-RivaHof-Dentergem-stijlvolle-kijkwoning-tuin.jpg\"\n                data-index=\"15\"\n                class=\"relative group col-span-1 row-span-1 hidden\"\n            >\n                                    <img decoding=\"async\"\n    src=\"https:\/\/www.bostoen.be\/uploads\/2024\/05\/Bostoen-RivaHof-Dentergem-stijlvolle-kijkwoning-tuin.jpg\" alt=\"Bostoen RivaHof Dentergem stijlvolle kijkwoning tuin\" srcset=\"https:\/\/www.bostoen.be\/uploads\/2024\/05\/Bostoen-RivaHof-Dentergem-stijlvolle-kijkwoning-tuin-300x169.jpg 300w, https:\/\/www.bostoen.be\/uploads\/2024\/05\/Bostoen-RivaHof-Dentergem-stijlvolle-kijkwoning-tuin-1024x578.jpg 1024w, https:\/\/www.bostoen.be\/uploads\/2024\/05\/Bostoen-RivaHof-Dentergem-stijlvolle-kijkwoning-tuin-768x433.jpg 768w, https:\/\/www.bostoen.be\/uploads\/2024\/05\/Bostoen-RivaHof-Dentergem-stijlvolle-kijkwoning-tuin.jpg 1200w\" width=\"1200\" height=\"677\" loading=\"lazy\" fetchpriority=\"low\" class=\"w-full !h-full  object-cover\"\n>\n                                                            <\/a>\n                    <a\n                data-fancybox=\"gallery-32422\"\n                href=\"https:\/\/www.bostoen.be\/uploads\/2024\/05\/Bostoen-RivaHof-Dentergem-stijlvolle-kijkwoning-oprit.jpg\"\n                data-index=\"16\"\n                class=\"relative group col-span-1 row-span-1 hidden\"\n            >\n                                    <img decoding=\"async\"\n    src=\"https:\/\/www.bostoen.be\/uploads\/2024\/05\/Bostoen-RivaHof-Dentergem-stijlvolle-kijkwoning-oprit.jpg\" alt=\"Bostoen RivaHof Dentergem stijlvolle kijkwoning oprit\" srcset=\"https:\/\/www.bostoen.be\/uploads\/2024\/05\/Bostoen-RivaHof-Dentergem-stijlvolle-kijkwoning-oprit-196x300.jpg 196w, https:\/\/www.bostoen.be\/uploads\/2024\/05\/Bostoen-RivaHof-Dentergem-stijlvolle-kijkwoning-oprit.jpg 654w\" width=\"654\" height=\"1000\" loading=\"lazy\" fetchpriority=\"low\" class=\"w-full !h-full  object-cover\"\n>\n                                                            <\/a>\n                    <a\n                data-fancybox=\"gallery-32422\"\n                href=\"https:\/\/www.bostoen.be\/uploads\/2024\/05\/Bostoen-RivaHof-Dentergem-omgeving-Provinciedomein-De-Baliekouter-2.jpg\"\n                data-index=\"17\"\n                class=\"relative group col-span-1 row-span-1 hidden\"\n            >\n                                    <img decoding=\"async\"\n    src=\"https:\/\/www.bostoen.be\/uploads\/2024\/05\/Bostoen-RivaHof-Dentergem-omgeving-Provinciedomein-De-Baliekouter-2.jpg\" alt=\"Bostoen RivaHof Dentergem omgeving Provinciedomein De Baliekouter\" srcset=\"https:\/\/www.bostoen.be\/uploads\/2024\/05\/Bostoen-RivaHof-Dentergem-omgeving-Provinciedomein-De-Baliekouter-2-300x169.jpg 300w, https:\/\/www.bostoen.be\/uploads\/2024\/05\/Bostoen-RivaHof-Dentergem-omgeving-Provinciedomein-De-Baliekouter-2-1024x576.jpg 1024w, https:\/\/www.bostoen.be\/uploads\/2024\/05\/Bostoen-RivaHof-Dentergem-omgeving-Provinciedomein-De-Baliekouter-2-768x432.jpg 768w, https:\/\/www.bostoen.be\/uploads\/2024\/05\/Bostoen-RivaHof-Dentergem-omgeving-Provinciedomein-De-Baliekouter-2.jpg 1200w\" width=\"1200\" height=\"675\" loading=\"lazy\" fetchpriority=\"low\" class=\"w-full !h-full  object-cover\"\n>\n                                                            <\/a>\n                    <a\n                data-fancybox=\"gallery-32422\"\n                href=\"https:\/\/www.bostoen.be\/uploads\/2024\/05\/Bostoen-RivaHof-Dentergem-omgeving-Provinciedomein-De-Baliekouter.jpg\"\n                data-index=\"18\"\n                class=\"relative group col-span-1 row-span-1 hidden\"\n            >\n                                    <img decoding=\"async\"\n    src=\"https:\/\/www.bostoen.be\/uploads\/2024\/05\/Bostoen-RivaHof-Dentergem-omgeving-Provinciedomein-De-Baliekouter.jpg\" alt=\"Bostoen RivaHof Dentergem omgeving Provinciedomein De Baliekouter\" srcset=\"https:\/\/www.bostoen.be\/uploads\/2024\/05\/Bostoen-RivaHof-Dentergem-omgeving-Provinciedomein-De-Baliekouter-300x169.jpg 300w, https:\/\/www.bostoen.be\/uploads\/2024\/05\/Bostoen-RivaHof-Dentergem-omgeving-Provinciedomein-De-Baliekouter-1024x576.jpg 1024w, https:\/\/www.bostoen.be\/uploads\/2024\/05\/Bostoen-RivaHof-Dentergem-omgeving-Provinciedomein-De-Baliekouter-768x432.jpg 768w, https:\/\/www.bostoen.be\/uploads\/2024\/05\/Bostoen-RivaHof-Dentergem-omgeving-Provinciedomein-De-Baliekouter.jpg 1200w\" width=\"1200\" height=\"675\" loading=\"lazy\" fetchpriority=\"low\" class=\"w-full !h-full  object-cover\"\n>\n                                                            <\/a>\n                    <a\n                data-fancybox=\"gallery-32422\"\n                href=\"https:\/\/www.bostoen.be\/uploads\/2024\/05\/Bostoen-RivaHof-Dentergem-groene-omgeving-2.jpg\"\n                data-index=\"19\"\n                class=\"relative group col-span-1 row-span-1 hidden\"\n            >\n                                    <img decoding=\"async\"\n    src=\"https:\/\/www.bostoen.be\/uploads\/2024\/05\/Bostoen-RivaHof-Dentergem-groene-omgeving-2.jpg\" alt=\"Bostoen RivaHof Dentergem groene omgeving\" srcset=\"https:\/\/www.bostoen.be\/uploads\/2024\/05\/Bostoen-RivaHof-Dentergem-groene-omgeving-2-300x169.jpg 300w, https:\/\/www.bostoen.be\/uploads\/2024\/05\/Bostoen-RivaHof-Dentergem-groene-omgeving-2-1024x576.jpg 1024w, https:\/\/www.bostoen.be\/uploads\/2024\/05\/Bostoen-RivaHof-Dentergem-groene-omgeving-2-768x432.jpg 768w, https:\/\/www.bostoen.be\/uploads\/2024\/05\/Bostoen-RivaHof-Dentergem-groene-omgeving-2.jpg 1200w\" width=\"1200\" height=\"675\" loading=\"lazy\" fetchpriority=\"low\" class=\"w-full !h-full  object-cover\"\n>\n                                                            <\/a>\n            <\/div>\n        <\/div>\n    <\/div>\n\n                <\/div>\n            <\/div>\n                    <div class=\"\">\n                <div class=\"container\">\n                    <div class=\"grid lg:grid-cols-2 wp-block-model-block pb-16 pt-16\">\n        <div class=\"flex flex-col justify-center gap-2 mb-4 lg:mb-0 lg:order-1 lg:me-16\">\n            <div class=\"text-xl font-bold font-condensed flex gap-2 items-center\">\n                <span class=\"!text-primary-500\"><svg xmlns=\"http:\/\/www.w3.org\/2000\/svg\" viewBox=\"0 0 384 512\" class=\"svg-inline--fa  fas fa-map-marker-alt\" role=\"img\" aria-hidden=\"true\" style=\"color:currentColor\"><!-- Font Awesome Pro 5.15.3 by @fontawesome - https:\/\/fontawesome.com License - https:\/\/fontawesome.com\/license (Commercial License) --><path d=\"M172.268 501.67C26.97 291.031 0 269.413 0 192 0 85.961 85.961 0 192 0s192 85.961 192 192c0 77.413-26.97 99.031-172.268 309.67-9.535 13.774-29.93 13.773-39.464 0zM192 272c44.183 0 80-35.817 80-80s-35.817-80-80-80-80 35.817-80 80 35.817 80 80 80z\" fill=\"currentColor\"><\/path><\/svg>\n<\/span>\n                <span class=\"text-gray-500\">Kijkwoning: Buiskouter 74, Astene<\/span>\n            <\/div>\n            <h2 class=\"font-bold font-condensed text-3xl md:text-4xl mb-2\">\n                            Kijkwoning in Astene\n                            <\/h2>\n                                        <div class=\"wysiwyg wysiwyg-usps mb-4\"><ul>\n<li>Halfopen bebouwing met 3 slaapkamers<\/li>\n<li>Badkamer met ligbad en douche<\/li>\n<li>Comfortabele leefruimte met open keuken<\/li>\n<li>Veel lichtinval dankzij grote raampartijen<\/li>\n<li>Aangename tuin<\/li>\n<li>Warmtepomp, vloerverwarming, ventilatie D en zonnepanelen<\/li>\n<\/ul>\n<\/div>\n                                        <div class=\"flex flex-col !w-max\">\n                    <a\n            class=\"group font-condensed inline-flex items-center py-1 px-12 rounded-md transition-colors duration-200 cursor-pointer no-underline font-condensed !text-white hover:!text-white bg-primary-500 hover:bg-primary-400 font-bold\"\n                    href=\"https:\/\/www.bostoen.be\/fr\/maisons\/astene\/begijnhof\/#contact-form\"\n                                >\n            \n            Prenez rendez-vous\n\n                    <\/a>\n                    <a\n                        href=\"https:\/\/www.bostoen.be\/fr\/maisons\/astene\/begijnhof\/\"\n                        class=\"w-full inline-block text-center px-6 underline hover:no-underline flex-1 !decoration-black\"\n                    >\n                        Ou d\u00e9couvrez ce projet\n                    <\/a>\n                <\/div>\n                    <\/div>\n\n        <div class=\"lg:order-2\">\n            <div class=\"grid grid-cols-2 gap-1 auto-rows-[8rem] md:auto-rows-[10rem] mt-4 md:grid-cols-3\">\n                    <a\n                data-fancybox=\"gallery-13983\"\n                href=\"https:\/\/www.bostoen.be\/uploads\/2022\/02\/bostoen_nieuwbouwwoning_kijkwoning_astene_begijnhof_living.jpg\"\n                data-index=\"0\"\n                class=\"relative group col-span-2 row-span-2 md:col-span-3 block\"\n            >\n                                    <img decoding=\"async\"\n    src=\"https:\/\/www.bostoen.be\/uploads\/2022\/02\/bostoen_nieuwbouwwoning_kijkwoning_astene_begijnhof_living.jpg\" alt=\"Bostoen Nieuwbouwwoning Kijkwoning Astene BegijnHof Living\" srcset=\"https:\/\/www.bostoen.be\/uploads\/2022\/02\/bostoen_nieuwbouwwoning_kijkwoning_astene_begijnhof_living-300x169.jpg 300w, https:\/\/www.bostoen.be\/uploads\/2022\/02\/bostoen_nieuwbouwwoning_kijkwoning_astene_begijnhof_living-1024x577.jpg 1024w, https:\/\/www.bostoen.be\/uploads\/2022\/02\/bostoen_nieuwbouwwoning_kijkwoning_astene_begijnhof_living-768x433.jpg 768w, https:\/\/www.bostoen.be\/uploads\/2022\/02\/bostoen_nieuwbouwwoning_kijkwoning_astene_begijnhof_living-1536x866.jpg 1536w, https:\/\/www.bostoen.be\/uploads\/2022\/02\/bostoen_nieuwbouwwoning_kijkwoning_astene_begijnhof_living-2048x1155.jpg 2048w\" width=\"2128\" height=\"1200\" loading=\"lazy\" fetchpriority=\"low\" class=\"w-full !h-full  object-cover\"\n>\n                                                            <\/a>\n                    <a\n                data-fancybox=\"gallery-13983\"\n                href=\"https:\/\/www.bostoen.be\/uploads\/2022\/02\/bostoen_nieuwbouwwoning_kijkwoning_astene_begijnhof_eetruimte.jpg\"\n                data-index=\"1\"\n                class=\"relative group col-span-1 row-span-1 block\"\n            >\n                                    <img decoding=\"async\"\n    src=\"https:\/\/www.bostoen.be\/uploads\/2022\/02\/bostoen_nieuwbouwwoning_kijkwoning_astene_begijnhof_eetruimte.jpg\" alt=\"Bostoen Nieuwbouwwoning Kijkwoning Astene BegijnHof Eetruimte\" srcset=\"https:\/\/www.bostoen.be\/uploads\/2022\/02\/bostoen_nieuwbouwwoning_kijkwoning_astene_begijnhof_eetruimte-300x183.jpg 300w, https:\/\/www.bostoen.be\/uploads\/2022\/02\/bostoen_nieuwbouwwoning_kijkwoning_astene_begijnhof_eetruimte-1024x625.jpg 1024w, https:\/\/www.bostoen.be\/uploads\/2022\/02\/bostoen_nieuwbouwwoning_kijkwoning_astene_begijnhof_eetruimte-768x469.jpg 768w, https:\/\/www.bostoen.be\/uploads\/2022\/02\/bostoen_nieuwbouwwoning_kijkwoning_astene_begijnhof_eetruimte-1536x938.jpg 1536w, https:\/\/www.bostoen.be\/uploads\/2022\/02\/bostoen_nieuwbouwwoning_kijkwoning_astene_begijnhof_eetruimte.jpg 1965w\" width=\"1965\" height=\"1200\" loading=\"lazy\" fetchpriority=\"low\" class=\"w-full !h-full  object-cover\"\n>\n                                                            <\/a>\n                    <a\n                data-fancybox=\"gallery-13983\"\n                href=\"https:\/\/www.bostoen.be\/uploads\/2022\/02\/bostoen_nieuwbouwwoning_kijkwoning_astene_begijnhof_keuken.jpg\"\n                data-index=\"2\"\n                class=\"relative group col-span-1 row-span-1 block\"\n            >\n                                    <img decoding=\"async\"\n    src=\"https:\/\/www.bostoen.be\/uploads\/2022\/02\/bostoen_nieuwbouwwoning_kijkwoning_astene_begijnhof_keuken.jpg\" alt=\"Bostoen Nieuwbouwwoning Kijkwoning Astene BegijnHof Keuken\" srcset=\"https:\/\/www.bostoen.be\/uploads\/2022\/02\/bostoen_nieuwbouwwoning_kijkwoning_astene_begijnhof_keuken-300x230.jpg 300w, https:\/\/www.bostoen.be\/uploads\/2022\/02\/bostoen_nieuwbouwwoning_kijkwoning_astene_begijnhof_keuken-1024x786.jpg 1024w, https:\/\/www.bostoen.be\/uploads\/2022\/02\/bostoen_nieuwbouwwoning_kijkwoning_astene_begijnhof_keuken-768x590.jpg 768w, https:\/\/www.bostoen.be\/uploads\/2022\/02\/bostoen_nieuwbouwwoning_kijkwoning_astene_begijnhof_keuken-1536x1179.jpg 1536w, https:\/\/www.bostoen.be\/uploads\/2022\/02\/bostoen_nieuwbouwwoning_kijkwoning_astene_begijnhof_keuken.jpg 1563w\" width=\"1563\" height=\"1200\" loading=\"lazy\" fetchpriority=\"low\" class=\"w-full !h-full  object-cover\"\n>\n                                                                    <div class=\"absolute inset-0 bg-black\/25  flex flex-col items-center justify-center text-white text-lg font-semibold flex-wrap md:hidden\">\n                        <div class=\"text-3xl\">+6<\/div>\n                        <div class=\"text-sm\">voir toutes les photos<\/div>\n                    <\/div>\n                            <\/a>\n                    <a\n                data-fancybox=\"gallery-13983\"\n                href=\"https:\/\/www.bostoen.be\/uploads\/2022\/02\/bostoen_nieuwbouwwoning_kijkwoning_astene_begijnhof_badkamer.jpg\"\n                data-index=\"3\"\n                class=\"relative group col-span-1 row-span-1 block hidden md:block\"\n            >\n                                    <img decoding=\"async\"\n    src=\"https:\/\/www.bostoen.be\/uploads\/2022\/02\/bostoen_nieuwbouwwoning_kijkwoning_astene_begijnhof_badkamer.jpg\" alt=\"Bostoen Nieuwbouwwoning Kijkwoning Astene BegijnHof Badkamer\" srcset=\"https:\/\/www.bostoen.be\/uploads\/2022\/02\/bostoen_nieuwbouwwoning_kijkwoning_astene_begijnhof_badkamer-300x169.jpg 300w, https:\/\/www.bostoen.be\/uploads\/2022\/02\/bostoen_nieuwbouwwoning_kijkwoning_astene_begijnhof_badkamer-1024x577.jpg 1024w, https:\/\/www.bostoen.be\/uploads\/2022\/02\/bostoen_nieuwbouwwoning_kijkwoning_astene_begijnhof_badkamer-768x433.jpg 768w, https:\/\/www.bostoen.be\/uploads\/2022\/02\/bostoen_nieuwbouwwoning_kijkwoning_astene_begijnhof_badkamer-1536x866.jpg 1536w, https:\/\/www.bostoen.be\/uploads\/2022\/02\/bostoen_nieuwbouwwoning_kijkwoning_astene_begijnhof_badkamer-2048x1155.jpg 2048w\" width=\"2128\" height=\"1200\" loading=\"lazy\" fetchpriority=\"low\" class=\"w-full !h-full  object-cover\"\n>\n                                                    <div class=\"absolute inset-0 bg-black\/25  flex flex-col items-center justify-center text-white text-lg font-semibold flex-wrap\">\n                        <div class=\"text-4xl\">+5<\/div>\n                        <div>voir toutes les photos<\/div>\n                    <\/div>\n                                            <\/a>\n                    <a\n                data-fancybox=\"gallery-13983\"\n                href=\"https:\/\/www.bostoen.be\/uploads\/2022\/02\/bostoen_nieuwbouwwoning_kijkwoning_astene_begijnhof_slaapkamer1.jpg\"\n                data-index=\"4\"\n                class=\"relative group col-span-1 row-span-1 hidden\"\n            >\n                                    <img decoding=\"async\"\n    src=\"https:\/\/www.bostoen.be\/uploads\/2022\/02\/bostoen_nieuwbouwwoning_kijkwoning_astene_begijnhof_slaapkamer1.jpg\" alt=\"Bostoen Nieuwbouwwoning Kijkwoning Astene BegijnHof Slaapkamer\" srcset=\"https:\/\/www.bostoen.be\/uploads\/2022\/02\/bostoen_nieuwbouwwoning_kijkwoning_astene_begijnhof_slaapkamer1-300x169.jpg 300w, https:\/\/www.bostoen.be\/uploads\/2022\/02\/bostoen_nieuwbouwwoning_kijkwoning_astene_begijnhof_slaapkamer1-1024x577.jpg 1024w, https:\/\/www.bostoen.be\/uploads\/2022\/02\/bostoen_nieuwbouwwoning_kijkwoning_astene_begijnhof_slaapkamer1-768x433.jpg 768w, https:\/\/www.bostoen.be\/uploads\/2022\/02\/bostoen_nieuwbouwwoning_kijkwoning_astene_begijnhof_slaapkamer1-1536x866.jpg 1536w, https:\/\/www.bostoen.be\/uploads\/2022\/02\/bostoen_nieuwbouwwoning_kijkwoning_astene_begijnhof_slaapkamer1-2048x1155.jpg 2048w\" width=\"2128\" height=\"1200\" loading=\"lazy\" fetchpriority=\"low\" class=\"w-full !h-full  object-cover\"\n>\n                                                            <\/a>\n                    <a\n                data-fancybox=\"gallery-13983\"\n                href=\"https:\/\/www.bostoen.be\/uploads\/2022\/02\/bostoen_nieuwbouwwoning_kijkwoning_astene_begijnhof_slaapkamer2.jpg\"\n                data-index=\"5\"\n                class=\"relative group col-span-1 row-span-1 hidden\"\n            >\n                                    <img decoding=\"async\"\n    src=\"https:\/\/www.bostoen.be\/uploads\/2022\/02\/bostoen_nieuwbouwwoning_kijkwoning_astene_begijnhof_slaapkamer2.jpg\" alt=\"Bostoen Nieuwbouwwoning Kijkwoning Astene BegijnHof Slaapkamer\" srcset=\"https:\/\/www.bostoen.be\/uploads\/2022\/02\/bostoen_nieuwbouwwoning_kijkwoning_astene_begijnhof_slaapkamer2-300x169.jpg 300w, https:\/\/www.bostoen.be\/uploads\/2022\/02\/bostoen_nieuwbouwwoning_kijkwoning_astene_begijnhof_slaapkamer2-1024x577.jpg 1024w, https:\/\/www.bostoen.be\/uploads\/2022\/02\/bostoen_nieuwbouwwoning_kijkwoning_astene_begijnhof_slaapkamer2-768x433.jpg 768w, https:\/\/www.bostoen.be\/uploads\/2022\/02\/bostoen_nieuwbouwwoning_kijkwoning_astene_begijnhof_slaapkamer2-1536x866.jpg 1536w, https:\/\/www.bostoen.be\/uploads\/2022\/02\/bostoen_nieuwbouwwoning_kijkwoning_astene_begijnhof_slaapkamer2-2048x1155.jpg 2048w\" width=\"2128\" height=\"1200\" loading=\"lazy\" fetchpriority=\"low\" class=\"w-full !h-full  object-cover\"\n>\n                                                            <\/a>\n                    <a\n                data-fancybox=\"gallery-13983\"\n                href=\"https:\/\/www.bostoen.be\/uploads\/2022\/02\/bostoen_nieuwbouwwoning_kijkwoning_astene_begijnhof_bureau.jpg\"\n                data-index=\"6\"\n                class=\"relative group col-span-1 row-span-1 hidden\"\n            >\n                                    <img decoding=\"async\"\n    src=\"https:\/\/www.bostoen.be\/uploads\/2022\/02\/bostoen_nieuwbouwwoning_kijkwoning_astene_begijnhof_bureau.jpg\" alt=\"Bostoen Nieuwbouwwoning Kijkwoning Astene BegijnHof Bureau\" srcset=\"https:\/\/www.bostoen.be\/uploads\/2022\/02\/bostoen_nieuwbouwwoning_kijkwoning_astene_begijnhof_bureau-300x169.jpg 300w, https:\/\/www.bostoen.be\/uploads\/2022\/02\/bostoen_nieuwbouwwoning_kijkwoning_astene_begijnhof_bureau-1024x577.jpg 1024w, https:\/\/www.bostoen.be\/uploads\/2022\/02\/bostoen_nieuwbouwwoning_kijkwoning_astene_begijnhof_bureau-768x433.jpg 768w, https:\/\/www.bostoen.be\/uploads\/2022\/02\/bostoen_nieuwbouwwoning_kijkwoning_astene_begijnhof_bureau-1536x866.jpg 1536w, https:\/\/www.bostoen.be\/uploads\/2022\/02\/bostoen_nieuwbouwwoning_kijkwoning_astene_begijnhof_bureau-2048x1155.jpg 2048w\" width=\"2128\" height=\"1200\" loading=\"lazy\" fetchpriority=\"low\" class=\"w-full !h-full  object-cover\"\n>\n                                                            <\/a>\n                    <a\n                data-fancybox=\"gallery-13983\"\n                href=\"https:\/\/www.bostoen.be\/uploads\/2022\/02\/bostoen_nieuwbouwwoning_kijkwoning_astene_begijnhof_terras.jpg\"\n                data-index=\"7\"\n                class=\"relative group col-span-1 row-span-1 hidden\"\n            >\n                                    <img decoding=\"async\"\n    src=\"https:\/\/www.bostoen.be\/uploads\/2022\/02\/bostoen_nieuwbouwwoning_kijkwoning_astene_begijnhof_terras.jpg\" alt=\"Bostoen Nieuwbouwwoning Kijkwoning Astene BegijnHof Terras\" srcset=\"https:\/\/www.bostoen.be\/uploads\/2022\/02\/bostoen_nieuwbouwwoning_kijkwoning_astene_begijnhof_terras-300x185.jpg 300w, https:\/\/www.bostoen.be\/uploads\/2022\/02\/bostoen_nieuwbouwwoning_kijkwoning_astene_begijnhof_terras-1024x631.jpg 1024w, https:\/\/www.bostoen.be\/uploads\/2022\/02\/bostoen_nieuwbouwwoning_kijkwoning_astene_begijnhof_terras-768x474.jpg 768w, https:\/\/www.bostoen.be\/uploads\/2022\/02\/bostoen_nieuwbouwwoning_kijkwoning_astene_begijnhof_terras-1536x947.jpg 1536w, https:\/\/www.bostoen.be\/uploads\/2022\/02\/bostoen_nieuwbouwwoning_kijkwoning_astene_begijnhof_terras.jpg 1946w\" width=\"1946\" height=\"1200\" loading=\"lazy\" fetchpriority=\"low\" class=\"w-full !h-full  object-cover\"\n>\n                                                            <\/a>\n                    <a\n                data-fancybox=\"gallery-13983\"\n                href=\"https:\/\/www.bostoen.be\/uploads\/2022\/02\/bostoen_nieuwbouwwoning_kijkwoning_astene_begijnhof_tuin.jpg\"\n                data-index=\"8\"\n                class=\"relative group col-span-1 row-span-1 hidden\"\n            >\n                                    <img decoding=\"async\"\n    src=\"https:\/\/www.bostoen.be\/uploads\/2022\/02\/bostoen_nieuwbouwwoning_kijkwoning_astene_begijnhof_tuin.jpg\" alt=\"Bostoen Nieuwbouwwoning Kijkwoning Astene BegijnHof Tuin\" srcset=\"https:\/\/www.bostoen.be\/uploads\/2022\/02\/bostoen_nieuwbouwwoning_kijkwoning_astene_begijnhof_tuin-300x169.jpg 300w, https:\/\/www.bostoen.be\/uploads\/2022\/02\/bostoen_nieuwbouwwoning_kijkwoning_astene_begijnhof_tuin-1024x577.jpg 1024w, https:\/\/www.bostoen.be\/uploads\/2022\/02\/bostoen_nieuwbouwwoning_kijkwoning_astene_begijnhof_tuin-768x433.jpg 768w, https:\/\/www.bostoen.be\/uploads\/2022\/02\/bostoen_nieuwbouwwoning_kijkwoning_astene_begijnhof_tuin-1536x866.jpg 1536w, https:\/\/www.bostoen.be\/uploads\/2022\/02\/bostoen_nieuwbouwwoning_kijkwoning_astene_begijnhof_tuin-2048x1155.jpg 2048w\" width=\"2128\" height=\"1200\" loading=\"lazy\" fetchpriority=\"low\" class=\"w-full !h-full  object-cover\"\n>\n                                                            <\/a>\n            <\/div>\n        <\/div>\n    <\/div>\n\n                <\/div>\n            <\/div>\n                    <div class=\"bg-gray-75\">\n                <div class=\"container\">\n                    <div class=\"grid lg:grid-cols-2 wp-block-model-block pb-16 pt-16\">\n        <div class=\"flex flex-col justify-center gap-2 mb-4 lg:mb-0 lg:order-2 lg:ms-16\">\n            <div class=\"text-xl font-bold font-condensed flex gap-2 items-center\">\n                <span class=\"!text-primary-500\"><svg xmlns=\"http:\/\/www.w3.org\/2000\/svg\" viewBox=\"0 0 384 512\" class=\"svg-inline--fa  fas fa-map-marker-alt\" role=\"img\" aria-hidden=\"true\" style=\"color:currentColor\"><!-- Font Awesome Pro 5.15.3 by @fontawesome - https:\/\/fontawesome.com License - https:\/\/fontawesome.com\/license (Commercial License) --><path d=\"M172.268 501.67C26.97 291.031 0 269.413 0 192 0 85.961 85.961 0 192 0s192 85.961 192 192c0 77.413-26.97 99.031-172.268 309.67-9.535 13.774-29.93 13.773-39.464 0zM192 272c44.183 0 80-35.817 80-80s-35.817-80-80-80-80 35.817-80 80 35.817 80 80 80z\" fill=\"currentColor\"><\/path><\/svg>\n<\/span>\n                <span class=\"text-gray-500\">Maison t\u00e9moin: Buiskouter 74, Astene<\/span>\n            <\/div>\n            <h2 class=\"font-bold font-condensed text-3xl md:text-4xl mb-2\">\n                            Maison t\u00e9moin \u00e0 Astene\n                            <\/h2>\n                                        <div class=\"wysiwyg wysiwyg-usps mb-4\"><ul>\n<li>Maison semi-ouverte avec 3 chambres<\/li>\n<li>Salle de bains avec baignoire et douche<\/li>\n<li>Espace de vie confortable avec cuisine ouverte<\/li>\n<li>Beaucoup de lumi\u00e8re gr\u00e2ce \u00e0 de grandes baies vitr\u00e9es<\/li>\n<li>Beau jardin<\/li>\n<li>Pompe \u00e0 chaleur, chauffage au sol, ventilation type D et panneaux solaires<\/li>\n<\/ul>\n<\/div>\n                                        <div class=\"flex flex-col !w-max\">\n                    <a\n            class=\"group font-condensed inline-flex items-center py-1 px-12 rounded-md transition-colors duration-200 cursor-pointer no-underline font-condensed !text-white hover:!text-white bg-primary-500 hover:bg-primary-400 font-bold\"\n                    href=\"https:\/\/www.bostoen.be\/fr\/maisons\/astene\/begijnhof\/#contact-form\"\n                                >\n            \n            Prenez rendez-vous\n\n                    <\/a>\n                    <a\n                        href=\"https:\/\/www.bostoen.be\/fr\/maisons\/astene\/begijnhof\/\"\n                        class=\"w-full inline-block text-center px-6 underline hover:no-underline flex-1 !decoration-black\"\n                    >\n                        Ou d\u00e9couvrez ce projet\n                    <\/a>\n                <\/div>\n                    <\/div>\n\n        <div class=\"lg:order-1\">\n            <div class=\"grid grid-cols-2 gap-1 auto-rows-[8rem] md:auto-rows-[10rem] mt-4 md:grid-cols-3\">\n                    <a\n                data-fancybox=\"gallery-22046\"\n                href=\"https:\/\/www.bostoen.be\/uploads\/2022\/02\/bostoen_nieuwbouwwoning_kijkwoning_astene_begijnhof_living.jpg\"\n                data-index=\"0\"\n                class=\"relative group col-span-2 row-span-2 md:col-span-3 block\"\n            >\n                                    <img decoding=\"async\"\n    src=\"https:\/\/www.bostoen.be\/uploads\/2022\/02\/bostoen_nieuwbouwwoning_kijkwoning_astene_begijnhof_living.jpg\" alt=\"Bostoen Nieuwbouwwoning Kijkwoning Astene BegijnHof Living\" srcset=\"https:\/\/www.bostoen.be\/uploads\/2022\/02\/bostoen_nieuwbouwwoning_kijkwoning_astene_begijnhof_living-300x169.jpg 300w, https:\/\/www.bostoen.be\/uploads\/2022\/02\/bostoen_nieuwbouwwoning_kijkwoning_astene_begijnhof_living-1024x577.jpg 1024w, https:\/\/www.bostoen.be\/uploads\/2022\/02\/bostoen_nieuwbouwwoning_kijkwoning_astene_begijnhof_living-768x433.jpg 768w, https:\/\/www.bostoen.be\/uploads\/2022\/02\/bostoen_nieuwbouwwoning_kijkwoning_astene_begijnhof_living-1536x866.jpg 1536w, https:\/\/www.bostoen.be\/uploads\/2022\/02\/bostoen_nieuwbouwwoning_kijkwoning_astene_begijnhof_living-2048x1155.jpg 2048w\" width=\"2128\" height=\"1200\" loading=\"lazy\" fetchpriority=\"low\" class=\"w-full !h-full  object-cover\"\n>\n                                                            <\/a>\n                    <a\n                data-fancybox=\"gallery-22046\"\n                href=\"https:\/\/www.bostoen.be\/uploads\/2022\/02\/bostoen_nieuwbouwwoning_kijkwoning_astene_begijnhof_eetruimte.jpg\"\n                data-index=\"1\"\n                class=\"relative group col-span-1 row-span-1 block\"\n            >\n                                    <img decoding=\"async\"\n    src=\"https:\/\/www.bostoen.be\/uploads\/2022\/02\/bostoen_nieuwbouwwoning_kijkwoning_astene_begijnhof_eetruimte.jpg\" alt=\"Bostoen Nieuwbouwwoning Kijkwoning Astene BegijnHof Eetruimte\" srcset=\"https:\/\/www.bostoen.be\/uploads\/2022\/02\/bostoen_nieuwbouwwoning_kijkwoning_astene_begijnhof_eetruimte-300x183.jpg 300w, https:\/\/www.bostoen.be\/uploads\/2022\/02\/bostoen_nieuwbouwwoning_kijkwoning_astene_begijnhof_eetruimte-1024x625.jpg 1024w, https:\/\/www.bostoen.be\/uploads\/2022\/02\/bostoen_nieuwbouwwoning_kijkwoning_astene_begijnhof_eetruimte-768x469.jpg 768w, https:\/\/www.bostoen.be\/uploads\/2022\/02\/bostoen_nieuwbouwwoning_kijkwoning_astene_begijnhof_eetruimte-1536x938.jpg 1536w, https:\/\/www.bostoen.be\/uploads\/2022\/02\/bostoen_nieuwbouwwoning_kijkwoning_astene_begijnhof_eetruimte.jpg 1965w\" width=\"1965\" height=\"1200\" loading=\"lazy\" fetchpriority=\"low\" class=\"w-full !h-full  object-cover\"\n>\n                                                            <\/a>\n                    <a\n                data-fancybox=\"gallery-22046\"\n                href=\"https:\/\/www.bostoen.be\/uploads\/2022\/02\/bostoen_nieuwbouwwoning_kijkwoning_astene_begijnhof_keuken.jpg\"\n                data-index=\"2\"\n                class=\"relative group col-span-1 row-span-1 block\"\n            >\n                                    <img decoding=\"async\"\n    src=\"https:\/\/www.bostoen.be\/uploads\/2022\/02\/bostoen_nieuwbouwwoning_kijkwoning_astene_begijnhof_keuken.jpg\" alt=\"Bostoen Nieuwbouwwoning Kijkwoning Astene BegijnHof Keuken\" srcset=\"https:\/\/www.bostoen.be\/uploads\/2022\/02\/bostoen_nieuwbouwwoning_kijkwoning_astene_begijnhof_keuken-300x230.jpg 300w, https:\/\/www.bostoen.be\/uploads\/2022\/02\/bostoen_nieuwbouwwoning_kijkwoning_astene_begijnhof_keuken-1024x786.jpg 1024w, https:\/\/www.bostoen.be\/uploads\/2022\/02\/bostoen_nieuwbouwwoning_kijkwoning_astene_begijnhof_keuken-768x590.jpg 768w, https:\/\/www.bostoen.be\/uploads\/2022\/02\/bostoen_nieuwbouwwoning_kijkwoning_astene_begijnhof_keuken-1536x1179.jpg 1536w, https:\/\/www.bostoen.be\/uploads\/2022\/02\/bostoen_nieuwbouwwoning_kijkwoning_astene_begijnhof_keuken.jpg 1563w\" width=\"1563\" height=\"1200\" loading=\"lazy\" fetchpriority=\"low\" class=\"w-full !h-full  object-cover\"\n>\n                                                                    <div class=\"absolute inset-0 bg-black\/25  flex flex-col items-center justify-center text-white text-lg font-semibold flex-wrap md:hidden\">\n                        <div class=\"text-3xl\">+6<\/div>\n                        <div class=\"text-sm\">voir toutes les photos<\/div>\n                    <\/div>\n                            <\/a>\n                    <a\n                data-fancybox=\"gallery-22046\"\n                href=\"https:\/\/www.bostoen.be\/uploads\/2022\/02\/bostoen_nieuwbouwwoning_kijkwoning_astene_begijnhof_badkamer.jpg\"\n                data-index=\"3\"\n                class=\"relative group col-span-1 row-span-1 block hidden md:block\"\n            >\n                                    <img decoding=\"async\"\n    src=\"https:\/\/www.bostoen.be\/uploads\/2022\/02\/bostoen_nieuwbouwwoning_kijkwoning_astene_begijnhof_badkamer.jpg\" alt=\"Bostoen Nieuwbouwwoning Kijkwoning Astene BegijnHof Badkamer\" srcset=\"https:\/\/www.bostoen.be\/uploads\/2022\/02\/bostoen_nieuwbouwwoning_kijkwoning_astene_begijnhof_badkamer-300x169.jpg 300w, https:\/\/www.bostoen.be\/uploads\/2022\/02\/bostoen_nieuwbouwwoning_kijkwoning_astene_begijnhof_badkamer-1024x577.jpg 1024w, https:\/\/www.bostoen.be\/uploads\/2022\/02\/bostoen_nieuwbouwwoning_kijkwoning_astene_begijnhof_badkamer-768x433.jpg 768w, https:\/\/www.bostoen.be\/uploads\/2022\/02\/bostoen_nieuwbouwwoning_kijkwoning_astene_begijnhof_badkamer-1536x866.jpg 1536w, https:\/\/www.bostoen.be\/uploads\/2022\/02\/bostoen_nieuwbouwwoning_kijkwoning_astene_begijnhof_badkamer-2048x1155.jpg 2048w\" width=\"2128\" height=\"1200\" loading=\"lazy\" fetchpriority=\"low\" class=\"w-full !h-full  object-cover\"\n>\n                                                    <div class=\"absolute inset-0 bg-black\/25  flex flex-col items-center justify-center text-white text-lg font-semibold flex-wrap\">\n                        <div class=\"text-4xl\">+5<\/div>\n                        <div>voir toutes les photos<\/div>\n                    <\/div>\n                                            <\/a>\n                    <a\n                data-fancybox=\"gallery-22046\"\n                href=\"https:\/\/www.bostoen.be\/uploads\/2022\/02\/bostoen_nieuwbouwwoning_kijkwoning_astene_begijnhof_slaapkamer1.jpg\"\n                data-index=\"4\"\n                class=\"relative group col-span-1 row-span-1 hidden\"\n            >\n                                    <img decoding=\"async\"\n    src=\"https:\/\/www.bostoen.be\/uploads\/2022\/02\/bostoen_nieuwbouwwoning_kijkwoning_astene_begijnhof_slaapkamer1.jpg\" alt=\"Bostoen Nieuwbouwwoning Kijkwoning Astene BegijnHof Slaapkamer\" srcset=\"https:\/\/www.bostoen.be\/uploads\/2022\/02\/bostoen_nieuwbouwwoning_kijkwoning_astene_begijnhof_slaapkamer1-300x169.jpg 300w, https:\/\/www.bostoen.be\/uploads\/2022\/02\/bostoen_nieuwbouwwoning_kijkwoning_astene_begijnhof_slaapkamer1-1024x577.jpg 1024w, https:\/\/www.bostoen.be\/uploads\/2022\/02\/bostoen_nieuwbouwwoning_kijkwoning_astene_begijnhof_slaapkamer1-768x433.jpg 768w, https:\/\/www.bostoen.be\/uploads\/2022\/02\/bostoen_nieuwbouwwoning_kijkwoning_astene_begijnhof_slaapkamer1-1536x866.jpg 1536w, https:\/\/www.bostoen.be\/uploads\/2022\/02\/bostoen_nieuwbouwwoning_kijkwoning_astene_begijnhof_slaapkamer1-2048x1155.jpg 2048w\" width=\"2128\" height=\"1200\" loading=\"lazy\" fetchpriority=\"low\" class=\"w-full !h-full  object-cover\"\n>\n                                                            <\/a>\n                    <a\n                data-fancybox=\"gallery-22046\"\n                href=\"https:\/\/www.bostoen.be\/uploads\/2022\/02\/bostoen_nieuwbouwwoning_kijkwoning_astene_begijnhof_slaapkamer2.jpg\"\n                data-index=\"5\"\n                class=\"relative group col-span-1 row-span-1 hidden\"\n            >\n                                    <img decoding=\"async\"\n    src=\"https:\/\/www.bostoen.be\/uploads\/2022\/02\/bostoen_nieuwbouwwoning_kijkwoning_astene_begijnhof_slaapkamer2.jpg\" alt=\"Bostoen Nieuwbouwwoning Kijkwoning Astene BegijnHof Slaapkamer\" srcset=\"https:\/\/www.bostoen.be\/uploads\/2022\/02\/bostoen_nieuwbouwwoning_kijkwoning_astene_begijnhof_slaapkamer2-300x169.jpg 300w, https:\/\/www.bostoen.be\/uploads\/2022\/02\/bostoen_nieuwbouwwoning_kijkwoning_astene_begijnhof_slaapkamer2-1024x577.jpg 1024w, https:\/\/www.bostoen.be\/uploads\/2022\/02\/bostoen_nieuwbouwwoning_kijkwoning_astene_begijnhof_slaapkamer2-768x433.jpg 768w, https:\/\/www.bostoen.be\/uploads\/2022\/02\/bostoen_nieuwbouwwoning_kijkwoning_astene_begijnhof_slaapkamer2-1536x866.jpg 1536w, https:\/\/www.bostoen.be\/uploads\/2022\/02\/bostoen_nieuwbouwwoning_kijkwoning_astene_begijnhof_slaapkamer2-2048x1155.jpg 2048w\" width=\"2128\" height=\"1200\" loading=\"lazy\" fetchpriority=\"low\" class=\"w-full !h-full  object-cover\"\n>\n                                                            <\/a>\n                    <a\n                data-fancybox=\"gallery-22046\"\n                href=\"https:\/\/www.bostoen.be\/uploads\/2022\/02\/bostoen_nieuwbouwwoning_kijkwoning_astene_begijnhof_bureau.jpg\"\n                data-index=\"6\"\n                class=\"relative group col-span-1 row-span-1 hidden\"\n            >\n                                    <img decoding=\"async\"\n    src=\"https:\/\/www.bostoen.be\/uploads\/2022\/02\/bostoen_nieuwbouwwoning_kijkwoning_astene_begijnhof_bureau.jpg\" alt=\"Bostoen Nieuwbouwwoning Kijkwoning Astene BegijnHof Bureau\" srcset=\"https:\/\/www.bostoen.be\/uploads\/2022\/02\/bostoen_nieuwbouwwoning_kijkwoning_astene_begijnhof_bureau-300x169.jpg 300w, https:\/\/www.bostoen.be\/uploads\/2022\/02\/bostoen_nieuwbouwwoning_kijkwoning_astene_begijnhof_bureau-1024x577.jpg 1024w, https:\/\/www.bostoen.be\/uploads\/2022\/02\/bostoen_nieuwbouwwoning_kijkwoning_astene_begijnhof_bureau-768x433.jpg 768w, https:\/\/www.bostoen.be\/uploads\/2022\/02\/bostoen_nieuwbouwwoning_kijkwoning_astene_begijnhof_bureau-1536x866.jpg 1536w, https:\/\/www.bostoen.be\/uploads\/2022\/02\/bostoen_nieuwbouwwoning_kijkwoning_astene_begijnhof_bureau-2048x1155.jpg 2048w\" width=\"2128\" height=\"1200\" loading=\"lazy\" fetchpriority=\"low\" class=\"w-full !h-full  object-cover\"\n>\n                                                            <\/a>\n                    <a\n                data-fancybox=\"gallery-22046\"\n                href=\"https:\/\/www.bostoen.be\/uploads\/2022\/02\/bostoen_nieuwbouwwoning_kijkwoning_astene_begijnhof_terras.jpg\"\n                data-index=\"7\"\n                class=\"relative group col-span-1 row-span-1 hidden\"\n            >\n                                    <img decoding=\"async\"\n    src=\"https:\/\/www.bostoen.be\/uploads\/2022\/02\/bostoen_nieuwbouwwoning_kijkwoning_astene_begijnhof_terras.jpg\" alt=\"Bostoen Nieuwbouwwoning Kijkwoning Astene BegijnHof Terras\" srcset=\"https:\/\/www.bostoen.be\/uploads\/2022\/02\/bostoen_nieuwbouwwoning_kijkwoning_astene_begijnhof_terras-300x185.jpg 300w, https:\/\/www.bostoen.be\/uploads\/2022\/02\/bostoen_nieuwbouwwoning_kijkwoning_astene_begijnhof_terras-1024x631.jpg 1024w, https:\/\/www.bostoen.be\/uploads\/2022\/02\/bostoen_nieuwbouwwoning_kijkwoning_astene_begijnhof_terras-768x474.jpg 768w, https:\/\/www.bostoen.be\/uploads\/2022\/02\/bostoen_nieuwbouwwoning_kijkwoning_astene_begijnhof_terras-1536x947.jpg 1536w, https:\/\/www.bostoen.be\/uploads\/2022\/02\/bostoen_nieuwbouwwoning_kijkwoning_astene_begijnhof_terras.jpg 1946w\" width=\"1946\" height=\"1200\" loading=\"lazy\" fetchpriority=\"low\" class=\"w-full !h-full  object-cover\"\n>\n                                                            <\/a>\n                    <a\n                data-fancybox=\"gallery-22046\"\n                href=\"https:\/\/www.bostoen.be\/uploads\/2022\/02\/bostoen_nieuwbouwwoning_kijkwoning_astene_begijnhof_tuin.jpg\"\n                data-index=\"8\"\n                class=\"relative group col-span-1 row-span-1 hidden\"\n            >\n                                    <img decoding=\"async\"\n    src=\"https:\/\/www.bostoen.be\/uploads\/2022\/02\/bostoen_nieuwbouwwoning_kijkwoning_astene_begijnhof_tuin.jpg\" alt=\"Bostoen Nieuwbouwwoning Kijkwoning Astene BegijnHof Tuin\" srcset=\"https:\/\/www.bostoen.be\/uploads\/2022\/02\/bostoen_nieuwbouwwoning_kijkwoning_astene_begijnhof_tuin-300x169.jpg 300w, https:\/\/www.bostoen.be\/uploads\/2022\/02\/bostoen_nieuwbouwwoning_kijkwoning_astene_begijnhof_tuin-1024x577.jpg 1024w, https:\/\/www.bostoen.be\/uploads\/2022\/02\/bostoen_nieuwbouwwoning_kijkwoning_astene_begijnhof_tuin-768x433.jpg 768w, https:\/\/www.bostoen.be\/uploads\/2022\/02\/bostoen_nieuwbouwwoning_kijkwoning_astene_begijnhof_tuin-1536x866.jpg 1536w, https:\/\/www.bostoen.be\/uploads\/2022\/02\/bostoen_nieuwbouwwoning_kijkwoning_astene_begijnhof_tuin-2048x1155.jpg 2048w\" width=\"2128\" height=\"1200\" loading=\"lazy\" fetchpriority=\"low\" class=\"w-full !h-full  object-cover\"\n>\n                                                            <\/a>\n            <\/div>\n        <\/div>\n    <\/div>\n\n                <\/div>\n            <\/div>\n                    <div class=\"\">\n                <div class=\"container\">\n                    <div class=\"grid lg:grid-cols-2 wp-block-model-block pb-16 pt-16\">\n        <div class=\"flex flex-col justify-center gap-2 mb-4 lg:mb-0 lg:order-1 lg:me-16\">\n            <div class=\"text-xl font-bold font-condensed flex gap-2 items-center\">\n                <span class=\"!text-primary-500\"><svg xmlns=\"http:\/\/www.w3.org\/2000\/svg\" viewBox=\"0 0 384 512\" class=\"svg-inline--fa  fas fa-map-marker-alt\" role=\"img\" aria-hidden=\"true\" style=\"color:currentColor\"><!-- Font Awesome Pro 5.15.3 by @fontawesome - https:\/\/fontawesome.com License - https:\/\/fontawesome.com\/license (Commercial License) --><path d=\"M172.268 501.67C26.97 291.031 0 269.413 0 192 0 85.961 85.961 0 192 0s192 85.961 192 192c0 77.413-26.97 99.031-172.268 309.67-9.535 13.774-29.93 13.773-39.464 0zM192 272c44.183 0 80-35.817 80-80s-35.817-80-80-80-80 35.817-80 80 35.817 80 80 80z\" fill=\"currentColor\"><\/path><\/svg>\n<\/span>\n                <span class=\"text-gray-500\">Kijkwoning: Presse 36, Herzele<\/span>\n            <\/div>\n            <h2 class=\"font-bold font-condensed text-3xl md:text-4xl mb-2\">\n                            Kijkwoning in Herzele\n                            <\/h2>\n                                        <div class=\"wysiwyg wysiwyg-usps mb-4\"><ul>\n<li>Halfopen bebouwing met 3 slaapkamers<\/li>\n<li>Badkamer met dubbele lavabo, ligbad en douche<\/li>\n<li>Lichtrijke leefruimte met open keuken<\/li>\n<li>Met mooie tuin en groenzone<\/li>\n<li>Woning met carport<\/li>\n<li>Warmtepomp, vloerverwarming, ventilatie D en zonnepanelen<\/li>\n<\/ul>\n<\/div>\n                                        <div class=\"flex flex-col !w-max\">\n                    <a\n            class=\"group font-condensed inline-flex items-center py-1 px-12 rounded-md transition-colors duration-200 cursor-pointer no-underline font-condensed !text-white hover:!text-white bg-primary-500 hover:bg-primary-400 font-bold\"\n                    href=\"https:\/\/www.bostoen.be\/fr\/maisons\/herzele\/groenemeer\/#contact-form\"\n                                >\n            \n            Prenez rendez-vous\n\n                    <\/a>\n                    <a\n                        href=\"https:\/\/www.bostoen.be\/fr\/maisons\/herzele\/groenemeer\/\"\n                        class=\"w-full inline-block text-center px-6 underline hover:no-underline flex-1 !decoration-black\"\n                    >\n                        Ou d\u00e9couvrez ce projet\n                    <\/a>\n                <\/div>\n                    <\/div>\n\n        <div class=\"lg:order-2\">\n            <div class=\"grid grid-cols-2 gap-1 auto-rows-[8rem] md:auto-rows-[10rem] mt-4 md:grid-cols-3\">\n                    <a\n                data-fancybox=\"gallery-2027\"\n                href=\"https:\/\/www.bostoen.be\/uploads\/2021\/10\/Bostoen-Kijkwoning-Herzele-GroeneMeer-Woonkamer-2.jpg\"\n                data-index=\"0\"\n                class=\"relative group col-span-2 row-span-2 md:col-span-3 block\"\n            >\n                                    <img decoding=\"async\"\n    src=\"https:\/\/www.bostoen.be\/uploads\/2021\/10\/Bostoen-Kijkwoning-Herzele-GroeneMeer-Woonkamer-2.jpg\" alt=\"Bostoen Kijkwoning Herzele GroeneMeer Woonkamer\" srcset=\"https:\/\/www.bostoen.be\/uploads\/2021\/10\/Bostoen-Kijkwoning-Herzele-GroeneMeer-Woonkamer-2-300x200.jpg 300w, https:\/\/www.bostoen.be\/uploads\/2021\/10\/Bostoen-Kijkwoning-Herzele-GroeneMeer-Woonkamer-2-1024x683.jpg 1024w, https:\/\/www.bostoen.be\/uploads\/2021\/10\/Bostoen-Kijkwoning-Herzele-GroeneMeer-Woonkamer-2-768x512.jpg 768w, https:\/\/www.bostoen.be\/uploads\/2021\/10\/Bostoen-Kijkwoning-Herzele-GroeneMeer-Woonkamer-2-1536x1024.jpg 1536w, https:\/\/www.bostoen.be\/uploads\/2021\/10\/Bostoen-Kijkwoning-Herzele-GroeneMeer-Woonkamer-2.jpg 1800w\" width=\"1800\" height=\"1200\" loading=\"lazy\" fetchpriority=\"low\" style=\"object-position: 50% 50%;\" class=\"w-full !h-full  object-cover\"\n>\n                                                            <\/a>\n                    <a\n                data-fancybox=\"gallery-2027\"\n                href=\"https:\/\/www.bostoen.be\/uploads\/2021\/10\/Bostoen-Kijkwoning-Herzele-GroeneMeer-Woonkamer.jpg\"\n                data-index=\"1\"\n                class=\"relative group col-span-1 row-span-1 block\"\n            >\n                                    <img decoding=\"async\"\n    src=\"https:\/\/www.bostoen.be\/uploads\/2021\/10\/Bostoen-Kijkwoning-Herzele-GroeneMeer-Woonkamer.jpg\" alt=\"Bostoen Kijkwoning Herzele GroeneMeer Woonkamer\" srcset=\"https:\/\/www.bostoen.be\/uploads\/2021\/10\/Bostoen-Kijkwoning-Herzele-GroeneMeer-Woonkamer-300x202.jpg 300w, https:\/\/www.bostoen.be\/uploads\/2021\/10\/Bostoen-Kijkwoning-Herzele-GroeneMeer-Woonkamer-1024x688.jpg 1024w, https:\/\/www.bostoen.be\/uploads\/2021\/10\/Bostoen-Kijkwoning-Herzele-GroeneMeer-Woonkamer-768x516.jpg 768w, https:\/\/www.bostoen.be\/uploads\/2021\/10\/Bostoen-Kijkwoning-Herzele-GroeneMeer-Woonkamer-1536x1033.jpg 1536w, https:\/\/www.bostoen.be\/uploads\/2021\/10\/Bostoen-Kijkwoning-Herzele-GroeneMeer-Woonkamer.jpg 1785w\" width=\"1785\" height=\"1200\" loading=\"lazy\" fetchpriority=\"low\" style=\"object-position: 50% 50%;\" class=\"w-full !h-full  object-cover\"\n>\n                                                            <\/a>\n                    <a\n                data-fancybox=\"gallery-2027\"\n                href=\"https:\/\/www.bostoen.be\/uploads\/2021\/10\/Bostoen-Kijkwoning-Herzele-GroeneMeer-Keuken.jpg\"\n                data-index=\"2\"\n                class=\"relative group col-span-1 row-span-1 block\"\n            >\n                                    <img decoding=\"async\"\n    src=\"https:\/\/www.bostoen.be\/uploads\/2021\/10\/Bostoen-Kijkwoning-Herzele-GroeneMeer-Keuken.jpg\" alt=\"Bostoen Kijkwoning Herzele GroeneMeer Keuken\" srcset=\"https:\/\/www.bostoen.be\/uploads\/2021\/10\/Bostoen-Kijkwoning-Herzele-GroeneMeer-Keuken-300x195.jpg 300w, https:\/\/www.bostoen.be\/uploads\/2021\/10\/Bostoen-Kijkwoning-Herzele-GroeneMeer-Keuken-1024x666.jpg 1024w, https:\/\/www.bostoen.be\/uploads\/2021\/10\/Bostoen-Kijkwoning-Herzele-GroeneMeer-Keuken-768x499.jpg 768w, https:\/\/www.bostoen.be\/uploads\/2021\/10\/Bostoen-Kijkwoning-Herzele-GroeneMeer-Keuken-1536x998.jpg 1536w, https:\/\/www.bostoen.be\/uploads\/2021\/10\/Bostoen-Kijkwoning-Herzele-GroeneMeer-Keuken.jpg 1846w\" width=\"1846\" height=\"1200\" loading=\"lazy\" fetchpriority=\"low\" style=\"object-position: 50% 50%;\" class=\"w-full !h-full  object-cover\"\n>\n                                                                    <div class=\"absolute inset-0 bg-black\/25  flex flex-col items-center justify-center text-white text-lg font-semibold flex-wrap md:hidden\">\n                        <div class=\"text-3xl\">+7<\/div>\n                        <div class=\"text-sm\">voir toutes les photos<\/div>\n                    <\/div>\n                            <\/a>\n                    <a\n                data-fancybox=\"gallery-2027\"\n                href=\"https:\/\/www.bostoen.be\/uploads\/2021\/10\/Bostoen-Kijkwoning-Herzele-GroeneMeer-Eetkamer.jpg\"\n                data-index=\"3\"\n                class=\"relative group col-span-1 row-span-1 block hidden md:block\"\n            >\n                                    <img decoding=\"async\"\n    src=\"https:\/\/www.bostoen.be\/uploads\/2021\/10\/Bostoen-Kijkwoning-Herzele-GroeneMeer-Eetkamer.jpg\" alt=\"Bostoen Kijkwoning Herzele GroeneMeer Eetkamer\" srcset=\"https:\/\/www.bostoen.be\/uploads\/2021\/10\/Bostoen-Kijkwoning-Herzele-GroeneMeer-Eetkamer-300x199.jpg 300w, https:\/\/www.bostoen.be\/uploads\/2021\/10\/Bostoen-Kijkwoning-Herzele-GroeneMeer-Eetkamer-1024x678.jpg 1024w, https:\/\/www.bostoen.be\/uploads\/2021\/10\/Bostoen-Kijkwoning-Herzele-GroeneMeer-Eetkamer-768x509.jpg 768w, https:\/\/www.bostoen.be\/uploads\/2021\/10\/Bostoen-Kijkwoning-Herzele-GroeneMeer-Eetkamer-1536x1017.jpg 1536w, https:\/\/www.bostoen.be\/uploads\/2021\/10\/Bostoen-Kijkwoning-Herzele-GroeneMeer-Eetkamer.jpg 1812w\" width=\"1812\" height=\"1200\" loading=\"lazy\" fetchpriority=\"low\" style=\"object-position: 50% 50%;\" class=\"w-full !h-full  object-cover\"\n>\n                                                    <div class=\"absolute inset-0 bg-black\/25  flex flex-col items-center justify-center text-white text-lg font-semibold flex-wrap\">\n                        <div class=\"text-4xl\">+6<\/div>\n                        <div>voir toutes les photos<\/div>\n                    <\/div>\n                                            <\/a>\n                    <a\n                data-fancybox=\"gallery-2027\"\n                href=\"https:\/\/www.bostoen.be\/uploads\/2021\/10\/Bostoen-Kijkwoning-Herzele-GroeneMeer-Slaapkamer.jpg\"\n                data-index=\"4\"\n                class=\"relative group col-span-1 row-span-1 hidden\"\n            >\n                                    <img decoding=\"async\"\n    src=\"https:\/\/www.bostoen.be\/uploads\/2021\/10\/Bostoen-Kijkwoning-Herzele-GroeneMeer-Slaapkamer.jpg\" alt=\"Bostoen Kijkwoning Herzele GroeneMeer Slaapkamer\" srcset=\"https:\/\/www.bostoen.be\/uploads\/2021\/10\/Bostoen-Kijkwoning-Herzele-GroeneMeer-Slaapkamer-300x194.jpg 300w, https:\/\/www.bostoen.be\/uploads\/2021\/10\/Bostoen-Kijkwoning-Herzele-GroeneMeer-Slaapkamer-1024x663.jpg 1024w, https:\/\/www.bostoen.be\/uploads\/2021\/10\/Bostoen-Kijkwoning-Herzele-GroeneMeer-Slaapkamer-768x498.jpg 768w, https:\/\/www.bostoen.be\/uploads\/2021\/10\/Bostoen-Kijkwoning-Herzele-GroeneMeer-Slaapkamer-1536x995.jpg 1536w, https:\/\/www.bostoen.be\/uploads\/2021\/10\/Bostoen-Kijkwoning-Herzele-GroeneMeer-Slaapkamer.jpg 1852w\" width=\"1852\" height=\"1200\" loading=\"lazy\" fetchpriority=\"low\" style=\"object-position: 50% 50%;\" class=\"w-full !h-full  object-cover\"\n>\n                                                            <\/a>\n                    <a\n                data-fancybox=\"gallery-2027\"\n                href=\"https:\/\/www.bostoen.be\/uploads\/2021\/10\/Bostoen-Kijkwoning-Herzele-GroeneMeer-Slaapkamer-2.jpg\"\n                data-index=\"5\"\n                class=\"relative group col-span-1 row-span-1 hidden\"\n            >\n                                    <img decoding=\"async\"\n    src=\"https:\/\/www.bostoen.be\/uploads\/2021\/10\/Bostoen-Kijkwoning-Herzele-GroeneMeer-Slaapkamer-2.jpg\" alt=\"Bostoen Kijkwoning Herzele GroeneMeer Slaapkamer\" srcset=\"https:\/\/www.bostoen.be\/uploads\/2021\/10\/Bostoen-Kijkwoning-Herzele-GroeneMeer-Slaapkamer-2-300x200.jpg 300w, https:\/\/www.bostoen.be\/uploads\/2021\/10\/Bostoen-Kijkwoning-Herzele-GroeneMeer-Slaapkamer-2-1024x683.jpg 1024w, https:\/\/www.bostoen.be\/uploads\/2021\/10\/Bostoen-Kijkwoning-Herzele-GroeneMeer-Slaapkamer-2-768x512.jpg 768w, https:\/\/www.bostoen.be\/uploads\/2021\/10\/Bostoen-Kijkwoning-Herzele-GroeneMeer-Slaapkamer-2-1536x1024.jpg 1536w, https:\/\/www.bostoen.be\/uploads\/2021\/10\/Bostoen-Kijkwoning-Herzele-GroeneMeer-Slaapkamer-2.jpg 1800w\" width=\"1800\" height=\"1200\" loading=\"lazy\" fetchpriority=\"low\" style=\"object-position: 50% 50%;\" class=\"w-full !h-full  object-cover\"\n>\n                                                            <\/a>\n                    <a\n                data-fancybox=\"gallery-2027\"\n                href=\"https:\/\/www.bostoen.be\/uploads\/2021\/10\/Bostoen-Kijkwoning-Herzele-GroeneMeer-Slaapkamer-3.jpg\"\n                data-index=\"6\"\n                class=\"relative group col-span-1 row-span-1 hidden\"\n            >\n                                    <img decoding=\"async\"\n    src=\"https:\/\/www.bostoen.be\/uploads\/2021\/10\/Bostoen-Kijkwoning-Herzele-GroeneMeer-Slaapkamer-3.jpg\" alt=\"Bostoen Kijkwoning Herzele GroeneMeer Slaapkamer\" srcset=\"https:\/\/www.bostoen.be\/uploads\/2021\/10\/Bostoen-Kijkwoning-Herzele-GroeneMeer-Slaapkamer-3-300x200.jpg 300w, https:\/\/www.bostoen.be\/uploads\/2021\/10\/Bostoen-Kijkwoning-Herzele-GroeneMeer-Slaapkamer-3-1024x683.jpg 1024w, https:\/\/www.bostoen.be\/uploads\/2021\/10\/Bostoen-Kijkwoning-Herzele-GroeneMeer-Slaapkamer-3-768x512.jpg 768w, https:\/\/www.bostoen.be\/uploads\/2021\/10\/Bostoen-Kijkwoning-Herzele-GroeneMeer-Slaapkamer-3-1536x1024.jpg 1536w, https:\/\/www.bostoen.be\/uploads\/2021\/10\/Bostoen-Kijkwoning-Herzele-GroeneMeer-Slaapkamer-3.jpg 1800w\" width=\"1800\" height=\"1200\" loading=\"lazy\" fetchpriority=\"low\" style=\"object-position: 50% 50%;\" class=\"w-full !h-full  object-cover\"\n>\n                                                            <\/a>\n                    <a\n                data-fancybox=\"gallery-2027\"\n                href=\"https:\/\/www.bostoen.be\/uploads\/2021\/10\/Bostoen-Kijkwoning-Herzele-GroeneMeer-Badkamer.jpg\"\n                data-index=\"7\"\n                class=\"relative group col-span-1 row-span-1 hidden\"\n            >\n                                    <img decoding=\"async\"\n    src=\"https:\/\/www.bostoen.be\/uploads\/2021\/10\/Bostoen-Kijkwoning-Herzele-GroeneMeer-Badkamer.jpg\" alt=\"Bostoen Kijkwoning Herzele GroeneMeer Badkamer\" srcset=\"https:\/\/www.bostoen.be\/uploads\/2021\/10\/Bostoen-Kijkwoning-Herzele-GroeneMeer-Badkamer-300x200.jpg 300w, https:\/\/www.bostoen.be\/uploads\/2021\/10\/Bostoen-Kijkwoning-Herzele-GroeneMeer-Badkamer-1024x683.jpg 1024w, https:\/\/www.bostoen.be\/uploads\/2021\/10\/Bostoen-Kijkwoning-Herzele-GroeneMeer-Badkamer-768x512.jpg 768w, https:\/\/www.bostoen.be\/uploads\/2021\/10\/Bostoen-Kijkwoning-Herzele-GroeneMeer-Badkamer-1536x1025.jpg 1536w, https:\/\/www.bostoen.be\/uploads\/2021\/10\/Bostoen-Kijkwoning-Herzele-GroeneMeer-Badkamer.jpg 1799w\" width=\"1799\" height=\"1200\" loading=\"lazy\" fetchpriority=\"low\" style=\"object-position: 50% 50%;\" class=\"w-full !h-full  object-cover\"\n>\n                                                            <\/a>\n                    <a\n                data-fancybox=\"gallery-2027\"\n                href=\"https:\/\/www.bostoen.be\/uploads\/2021\/10\/Bostoen-Kijkwoning-Herzele-GroeneMeer-Badkamer-2.jpg\"\n                data-index=\"8\"\n                class=\"relative group col-span-1 row-span-1 hidden\"\n            >\n                                    <img decoding=\"async\"\n    src=\"https:\/\/www.bostoen.be\/uploads\/2021\/10\/Bostoen-Kijkwoning-Herzele-GroeneMeer-Badkamer-2.jpg\" alt=\"Bostoen Kijkwoning Herzele GroeneMeer Badkamer\" srcset=\"https:\/\/www.bostoen.be\/uploads\/2021\/10\/Bostoen-Kijkwoning-Herzele-GroeneMeer-Badkamer-2-300x207.jpg 300w, https:\/\/www.bostoen.be\/uploads\/2021\/10\/Bostoen-Kijkwoning-Herzele-GroeneMeer-Badkamer-2-1024x705.jpg 1024w, https:\/\/www.bostoen.be\/uploads\/2021\/10\/Bostoen-Kijkwoning-Herzele-GroeneMeer-Badkamer-2-768x529.jpg 768w, https:\/\/www.bostoen.be\/uploads\/2021\/10\/Bostoen-Kijkwoning-Herzele-GroeneMeer-Badkamer-2-1536x1057.jpg 1536w, https:\/\/www.bostoen.be\/uploads\/2021\/10\/Bostoen-Kijkwoning-Herzele-GroeneMeer-Badkamer-2.jpg 1743w\" width=\"1743\" height=\"1200\" loading=\"lazy\" fetchpriority=\"low\" style=\"object-position: 50% 50%;\" class=\"w-full !h-full  object-cover\"\n>\n                                                            <\/a>\n                    <a\n                data-fancybox=\"gallery-2027\"\n                href=\"https:\/\/www.bostoen.be\/uploads\/2021\/10\/Bostoen-Kijkwoning-Herzele-GroeneMeer-Exterieur.jpg\"\n                data-index=\"9\"\n                class=\"relative group col-span-1 row-span-1 hidden\"\n            >\n                                    <img decoding=\"async\"\n    src=\"https:\/\/www.bostoen.be\/uploads\/2021\/10\/Bostoen-Kijkwoning-Herzele-GroeneMeer-Exterieur.jpg\" alt=\"Bostoen Kijkwoning Herzele GroeneMeer Exterieur\" srcset=\"https:\/\/www.bostoen.be\/uploads\/2021\/10\/Bostoen-Kijkwoning-Herzele-GroeneMeer-Exterieur-300x221.jpg 300w, https:\/\/www.bostoen.be\/uploads\/2021\/10\/Bostoen-Kijkwoning-Herzele-GroeneMeer-Exterieur-1024x753.jpg 1024w, https:\/\/www.bostoen.be\/uploads\/2021\/10\/Bostoen-Kijkwoning-Herzele-GroeneMeer-Exterieur-768x565.jpg 768w, https:\/\/www.bostoen.be\/uploads\/2021\/10\/Bostoen-Kijkwoning-Herzele-GroeneMeer-Exterieur-1536x1130.jpg 1536w, https:\/\/www.bostoen.be\/uploads\/2021\/10\/Bostoen-Kijkwoning-Herzele-GroeneMeer-Exterieur.jpg 1631w\" width=\"1631\" height=\"1200\" loading=\"lazy\" fetchpriority=\"low\" style=\"object-position: 50% 50%;\" class=\"w-full !h-full  object-cover\"\n>\n                                                            <\/a>\n            <\/div>\n        <\/div>\n    <\/div>\n\n                <\/div>\n            <\/div>\n                <\/div>\n\n\n<div class=\"wp-blocks-block  alignwide\" id=\"appartementst\u00e9moins\">\n    <div class=\"h-px bg-gray-75 ml-4\"><\/div>\n            <div class=\"px-12 py-2 bg-gray-75 text-gray-500 font-condensed font-bold rounded-md whitespace-nowrap leading-none w-max -mt-px\">Appartements t\u00e9moins<\/div>\n    <\/div>\n\n\n<div\nclass=\"wp-blocks-block  alignfull\"\n>\n                        <div class=\"\">\n                <div class=\"container\">\n                    <div class=\"grid lg:grid-cols-2 wp-block-model-block pb-16\">\n        <div class=\"flex flex-col justify-center gap-2 mb-4 lg:mb-0 lg:order-1 lg:me-16\">\n            <div class=\"text-xl font-bold font-condensed flex gap-2 items-center\">\n                <span class=\"!text-primary-500\"><svg xmlns=\"http:\/\/www.w3.org\/2000\/svg\" viewBox=\"0 0 384 512\" class=\"svg-inline--fa  fas fa-map-marker-alt\" role=\"img\" aria-hidden=\"true\" style=\"color:currentColor\"><!-- Font Awesome Pro 5.15.3 by @fontawesome - https:\/\/fontawesome.com License - https:\/\/fontawesome.com\/license (Commercial License) --><path d=\"M172.268 501.67C26.97 291.031 0 269.413 0 192 0 85.961 85.961 0 192 0s192 85.961 192 192c0 77.413-26.97 99.031-172.268 309.67-9.535 13.774-29.93 13.773-39.464 0zM192 272c44.183 0 80-35.817 80-80s-35.817-80-80-80-80 35.817-80 80 35.817 80 80 80z\" fill=\"currentColor\"><\/path><\/svg>\n<\/span>\n                <span class=\"text-gray-500\">Appartement t\u00e9moin: Strandlaan 230, Coxyde<\/span>\n            <\/div>\n            <h2 class=\"font-bold font-condensed text-3xl md:text-4xl mb-2\">\n                            Appartement t\u00e9moin \u00e0 Coxyde\n                            <\/h2>\n                                        <div class=\"wysiwyg wysiwyg-usps mb-4\"><ul>\n<li>Appartement au premier \u00e9tage<\/li>\n<li>2 chambres spacieux<\/li>\n<li>Espace de vie luminieux avec de grandes baies vitr\u00e9es<\/li>\n<li>Terrasse orient\u00e9e sud-ouest avec beaucoup de lumi\u00e8re du soleil<\/li>\n<li>Pompe \u00e0 chaleur, chauffage au sol et ventilation type D<\/li>\n<\/ul>\n<\/div>\n                                        <div class=\"flex flex-col !w-max\">\n                    <a\n            class=\"group font-condensed inline-flex items-center py-1 px-12 rounded-md transition-colors duration-200 cursor-pointer no-underline font-condensed !text-white hover:!text-white bg-primary-500 hover:bg-primary-400 font-bold\"\n                    href=\"https:\/\/www.bostoen.be\/fr\/appartements\/koksijde\/maro\/#contact-form\"\n                                >\n            \n            Prenez rendez-vous\n\n                    <\/a>\n                    <a\n                        href=\"https:\/\/www.bostoen.be\/fr\/appartements\/koksijde\/maro\/\"\n                        class=\"w-full inline-block text-center px-6 underline hover:no-underline flex-1 !decoration-black\"\n                    >\n                        Ou d\u00e9couvrez ce projet\n                    <\/a>\n                <\/div>\n                    <\/div>\n\n        <div class=\"lg:order-2\">\n            <div class=\"grid grid-cols-2 gap-1 auto-rows-[8rem] md:auto-rows-[10rem] mt-4 md:grid-cols-3\">\n                    <a\n                data-fancybox=\"gallery-113804\"\n                href=\"https:\/\/www.bostoen.be\/uploads\/2026\/04\/Bostoen_Maro_Koksijde_Kijkappartement_Keuken-9.jpg\"\n                data-index=\"0\"\n                class=\"relative group col-span-2 row-span-2 md:col-span-3 block\"\n            >\n                                    <img decoding=\"async\"\n    src=\"https:\/\/www.bostoen.be\/uploads\/2026\/04\/Bostoen_Maro_Koksijde_Kijkappartement_Keuken-9.jpg\" alt=\"\" srcset=\"https:\/\/www.bostoen.be\/uploads\/2026\/04\/Bostoen_Maro_Koksijde_Kijkappartement_Keuken-9-200x300.jpg 200w, https:\/\/www.bostoen.be\/uploads\/2026\/04\/Bostoen_Maro_Koksijde_Kijkappartement_Keuken-9-683x1024.jpg 683w, https:\/\/www.bostoen.be\/uploads\/2026\/04\/Bostoen_Maro_Koksijde_Kijkappartement_Keuken-9-768x1152.jpg 768w, https:\/\/www.bostoen.be\/uploads\/2026\/04\/Bostoen_Maro_Koksijde_Kijkappartement_Keuken-9-1024x1536.jpg 1024w, https:\/\/www.bostoen.be\/uploads\/2026\/04\/Bostoen_Maro_Koksijde_Kijkappartement_Keuken-9-1365x2048.jpg 1365w, https:\/\/www.bostoen.be\/uploads\/2026\/04\/Bostoen_Maro_Koksijde_Kijkappartement_Keuken-9.jpg 1500w\" width=\"1500\" height=\"2250\" loading=\"lazy\" fetchpriority=\"low\" class=\"w-full !h-full  object-cover\"\n>\n                                                            <\/a>\n                    <a\n                data-fancybox=\"gallery-113804\"\n                href=\"https:\/\/www.bostoen.be\/uploads\/2026\/04\/Bostoen_Maro_Koksijde_Kijkappartement_Eethoek-6.jpg\"\n                data-index=\"1\"\n                class=\"relative group col-span-1 row-span-1 block\"\n            >\n                                    <img decoding=\"async\"\n    src=\"https:\/\/www.bostoen.be\/uploads\/2026\/04\/Bostoen_Maro_Koksijde_Kijkappartement_Eethoek-6.jpg\" alt=\"\" srcset=\"https:\/\/www.bostoen.be\/uploads\/2026\/04\/Bostoen_Maro_Koksijde_Kijkappartement_Eethoek-6-300x200.jpg 300w, https:\/\/www.bostoen.be\/uploads\/2026\/04\/Bostoen_Maro_Koksijde_Kijkappartement_Eethoek-6-1024x682.jpg 1024w, https:\/\/www.bostoen.be\/uploads\/2026\/04\/Bostoen_Maro_Koksijde_Kijkappartement_Eethoek-6-768x512.jpg 768w, https:\/\/www.bostoen.be\/uploads\/2026\/04\/Bostoen_Maro_Koksijde_Kijkappartement_Eethoek-6-1536x1024.jpg 1536w, https:\/\/www.bostoen.be\/uploads\/2026\/04\/Bostoen_Maro_Koksijde_Kijkappartement_Eethoek-6.jpg 2000w\" width=\"2000\" height=\"1333\" loading=\"lazy\" fetchpriority=\"low\" class=\"w-full !h-full  object-cover\"\n>\n                                                            <\/a>\n                    <a\n                data-fancybox=\"gallery-113804\"\n                href=\"https:\/\/www.bostoen.be\/uploads\/2026\/04\/Bostoen_Maro_Koksijde_Kijkappartement_Keuken-1-2.jpg\"\n                data-index=\"2\"\n                class=\"relative group col-span-1 row-span-1 block\"\n            >\n                                    <img decoding=\"async\"\n    src=\"https:\/\/www.bostoen.be\/uploads\/2026\/04\/Bostoen_Maro_Koksijde_Kijkappartement_Keuken-1-2.jpg\" alt=\"\" srcset=\"https:\/\/www.bostoen.be\/uploads\/2026\/04\/Bostoen_Maro_Koksijde_Kijkappartement_Keuken-1-2-216x300.jpg 216w, https:\/\/www.bostoen.be\/uploads\/2026\/04\/Bostoen_Maro_Koksijde_Kijkappartement_Keuken-1-2-737x1024.jpg 737w, https:\/\/www.bostoen.be\/uploads\/2026\/04\/Bostoen_Maro_Koksijde_Kijkappartement_Keuken-1-2-768x1068.jpg 768w, https:\/\/www.bostoen.be\/uploads\/2026\/04\/Bostoen_Maro_Koksijde_Kijkappartement_Keuken-1-2-1105x1536.jpg 1105w, https:\/\/www.bostoen.be\/uploads\/2026\/04\/Bostoen_Maro_Koksijde_Kijkappartement_Keuken-1-2-1473x2048.jpg 1473w, https:\/\/www.bostoen.be\/uploads\/2026\/04\/Bostoen_Maro_Koksijde_Kijkappartement_Keuken-1-2.jpg 1800w\" width=\"1800\" height=\"2502\" loading=\"lazy\" fetchpriority=\"low\" style=\"object-position: 57% 63%;\" class=\"w-full !h-full  object-cover\"\n>\n                                                                    <div class=\"absolute inset-0 bg-black\/25  flex flex-col items-center justify-center text-white text-lg font-semibold flex-wrap md:hidden\">\n                        <div class=\"text-3xl\">+12<\/div>\n                        <div class=\"text-sm\">voir toutes les photos<\/div>\n                    <\/div>\n                            <\/a>\n                    <a\n                data-fancybox=\"gallery-113804\"\n                href=\"https:\/\/www.bostoen.be\/uploads\/2026\/04\/Bostoen_Maro_Koksijde_Kijkappartement_Keuken-14-scaled.jpg\"\n                data-index=\"3\"\n                class=\"relative group col-span-1 row-span-1 block hidden md:block\"\n            >\n                                    <img decoding=\"async\"\n    src=\"https:\/\/www.bostoen.be\/uploads\/2026\/04\/Bostoen_Maro_Koksijde_Kijkappartement_Keuken-14-scaled.jpg\" alt=\"\" srcset=\"https:\/\/www.bostoen.be\/uploads\/2026\/04\/Bostoen_Maro_Koksijde_Kijkappartement_Keuken-14-200x300.jpg 200w, https:\/\/www.bostoen.be\/uploads\/2026\/04\/Bostoen_Maro_Koksijde_Kijkappartement_Keuken-14-683x1024.jpg 683w, https:\/\/www.bostoen.be\/uploads\/2026\/04\/Bostoen_Maro_Koksijde_Kijkappartement_Keuken-14-768x1152.jpg 768w, https:\/\/www.bostoen.be\/uploads\/2026\/04\/Bostoen_Maro_Koksijde_Kijkappartement_Keuken-14-1024x1536.jpg 1024w, https:\/\/www.bostoen.be\/uploads\/2026\/04\/Bostoen_Maro_Koksijde_Kijkappartement_Keuken-14-1365x2048.jpg 1365w, https:\/\/www.bostoen.be\/uploads\/2026\/04\/Bostoen_Maro_Koksijde_Kijkappartement_Keuken-14-scaled.jpg 1707w\" width=\"1707\" height=\"2560\" loading=\"lazy\" fetchpriority=\"low\" class=\"w-full !h-full  object-cover\"\n>\n                                                    <div class=\"absolute inset-0 bg-black\/25  flex flex-col items-center justify-center text-white text-lg font-semibold flex-wrap\">\n                        <div class=\"text-4xl\">+11<\/div>\n                        <div>voir toutes les photos<\/div>\n                    <\/div>\n                                            <\/a>\n                    <a\n                data-fancybox=\"gallery-113804\"\n                href=\"https:\/\/www.bostoen.be\/uploads\/2026\/04\/Bostoen_Maro_Koksijde_Kijkappartement_Leefruimte-4.jpg\"\n                data-index=\"4\"\n                class=\"relative group col-span-1 row-span-1 hidden\"\n            >\n                                    <img decoding=\"async\"\n    src=\"https:\/\/www.bostoen.be\/uploads\/2026\/04\/Bostoen_Maro_Koksijde_Kijkappartement_Leefruimte-4.jpg\" alt=\"\" srcset=\"https:\/\/www.bostoen.be\/uploads\/2026\/04\/Bostoen_Maro_Koksijde_Kijkappartement_Leefruimte-4-210x300.jpg 210w, https:\/\/www.bostoen.be\/uploads\/2026\/04\/Bostoen_Maro_Koksijde_Kijkappartement_Leefruimte-4-716x1024.jpg 716w, https:\/\/www.bostoen.be\/uploads\/2026\/04\/Bostoen_Maro_Koksijde_Kijkappartement_Leefruimte-4-768x1099.jpg 768w, https:\/\/www.bostoen.be\/uploads\/2026\/04\/Bostoen_Maro_Koksijde_Kijkappartement_Leefruimte-4-1074x1536.jpg 1074w, https:\/\/www.bostoen.be\/uploads\/2026\/04\/Bostoen_Maro_Koksijde_Kijkappartement_Leefruimte-4.jpg 1400w\" width=\"1400\" height=\"2003\" loading=\"lazy\" fetchpriority=\"low\" class=\"w-full !h-full  object-cover\"\n>\n                                                            <\/a>\n                    <a\n                data-fancybox=\"gallery-113804\"\n                href=\"https:\/\/www.bostoen.be\/uploads\/2026\/04\/Bostoen_Maro_Koksijde_Kijkappartement_Leefruimte-12.jpg\"\n                data-index=\"5\"\n                class=\"relative group col-span-1 row-span-1 hidden\"\n            >\n                                    <img decoding=\"async\"\n    src=\"https:\/\/www.bostoen.be\/uploads\/2026\/04\/Bostoen_Maro_Koksijde_Kijkappartement_Leefruimte-12.jpg\" alt=\"\" srcset=\"https:\/\/www.bostoen.be\/uploads\/2026\/04\/Bostoen_Maro_Koksijde_Kijkappartement_Leefruimte-12-209x300.jpg 209w, https:\/\/www.bostoen.be\/uploads\/2026\/04\/Bostoen_Maro_Koksijde_Kijkappartement_Leefruimte-12-712x1024.jpg 712w, https:\/\/www.bostoen.be\/uploads\/2026\/04\/Bostoen_Maro_Koksijde_Kijkappartement_Leefruimte-12-768x1104.jpg 768w, https:\/\/www.bostoen.be\/uploads\/2026\/04\/Bostoen_Maro_Koksijde_Kijkappartement_Leefruimte-12-1069x1536.jpg 1069w, https:\/\/www.bostoen.be\/uploads\/2026\/04\/Bostoen_Maro_Koksijde_Kijkappartement_Leefruimte-12.jpg 1200w\" width=\"1200\" height=\"1725\" loading=\"lazy\" fetchpriority=\"low\" class=\"w-full !h-full  object-cover\"\n>\n                                                            <\/a>\n                    <a\n                data-fancybox=\"gallery-113804\"\n                href=\"https:\/\/www.bostoen.be\/uploads\/2026\/04\/Bostoen_Maro_Koksijde_Kijkappartement_Leefruimte-8.jpg\"\n                data-index=\"6\"\n                class=\"relative group col-span-1 row-span-1 hidden\"\n            >\n                                    <img decoding=\"async\"\n    src=\"https:\/\/www.bostoen.be\/uploads\/2026\/04\/Bostoen_Maro_Koksijde_Kijkappartement_Leefruimte-8.jpg\" alt=\"\" srcset=\"https:\/\/www.bostoen.be\/uploads\/2026\/04\/Bostoen_Maro_Koksijde_Kijkappartement_Leefruimte-8-218x300.jpg 218w, https:\/\/www.bostoen.be\/uploads\/2026\/04\/Bostoen_Maro_Koksijde_Kijkappartement_Leefruimte-8-744x1024.jpg 744w, https:\/\/www.bostoen.be\/uploads\/2026\/04\/Bostoen_Maro_Koksijde_Kijkappartement_Leefruimte-8-768x1057.jpg 768w, https:\/\/www.bostoen.be\/uploads\/2026\/04\/Bostoen_Maro_Koksijde_Kijkappartement_Leefruimte-8-1117x1536.jpg 1117w, https:\/\/www.bostoen.be\/uploads\/2026\/04\/Bostoen_Maro_Koksijde_Kijkappartement_Leefruimte-8.jpg 1400w\" width=\"1400\" height=\"1926\" loading=\"lazy\" fetchpriority=\"low\" class=\"w-full !h-full  object-cover\"\n>\n                                                            <\/a>\n                    <a\n                data-fancybox=\"gallery-113804\"\n                href=\"https:\/\/www.bostoen.be\/uploads\/2026\/04\/Bostoen_Maro_Koksijde_Kijkappartement_Leefruimte-10.jpg\"\n                data-index=\"7\"\n                class=\"relative group col-span-1 row-span-1 hidden\"\n            >\n                                    <img decoding=\"async\"\n    src=\"https:\/\/www.bostoen.be\/uploads\/2026\/04\/Bostoen_Maro_Koksijde_Kijkappartement_Leefruimte-10.jpg\" alt=\"\" srcset=\"https:\/\/www.bostoen.be\/uploads\/2026\/04\/Bostoen_Maro_Koksijde_Kijkappartement_Leefruimte-10-200x300.jpg 200w, https:\/\/www.bostoen.be\/uploads\/2026\/04\/Bostoen_Maro_Koksijde_Kijkappartement_Leefruimte-10-683x1024.jpg 683w, https:\/\/www.bostoen.be\/uploads\/2026\/04\/Bostoen_Maro_Koksijde_Kijkappartement_Leefruimte-10-768x1152.jpg 768w, https:\/\/www.bostoen.be\/uploads\/2026\/04\/Bostoen_Maro_Koksijde_Kijkappartement_Leefruimte-10-1024x1536.jpg 1024w, https:\/\/www.bostoen.be\/uploads\/2026\/04\/Bostoen_Maro_Koksijde_Kijkappartement_Leefruimte-10.jpg 1200w\" width=\"1200\" height=\"1800\" loading=\"lazy\" fetchpriority=\"low\" class=\"w-full !h-full  object-cover\"\n>\n                                                            <\/a>\n                    <a\n                data-fancybox=\"gallery-113804\"\n                href=\"https:\/\/www.bostoen.be\/uploads\/2026\/04\/Bostoen_Maro_Koksijde_Kijkappartement_Slaapkamer1-3.jpg\"\n                data-index=\"8\"\n                class=\"relative group col-span-1 row-span-1 hidden\"\n            >\n                                    <img decoding=\"async\"\n    src=\"https:\/\/www.bostoen.be\/uploads\/2026\/04\/Bostoen_Maro_Koksijde_Kijkappartement_Slaapkamer1-3.jpg\" alt=\"\" srcset=\"https:\/\/www.bostoen.be\/uploads\/2026\/04\/Bostoen_Maro_Koksijde_Kijkappartement_Slaapkamer1-3-208x300.jpg 208w, https:\/\/www.bostoen.be\/uploads\/2026\/04\/Bostoen_Maro_Koksijde_Kijkappartement_Slaapkamer1-3-711x1024.jpg 711w, https:\/\/www.bostoen.be\/uploads\/2026\/04\/Bostoen_Maro_Koksijde_Kijkappartement_Slaapkamer1-3-768x1106.jpg 768w, https:\/\/www.bostoen.be\/uploads\/2026\/04\/Bostoen_Maro_Koksijde_Kijkappartement_Slaapkamer1-3-1067x1536.jpg 1067w, https:\/\/www.bostoen.be\/uploads\/2026\/04\/Bostoen_Maro_Koksijde_Kijkappartement_Slaapkamer1-3.jpg 1200w\" width=\"1200\" height=\"1728\" loading=\"lazy\" fetchpriority=\"low\" class=\"w-full !h-full  object-cover\"\n>\n                                                            <\/a>\n                    <a\n                data-fancybox=\"gallery-113804\"\n                href=\"https:\/\/www.bostoen.be\/uploads\/2026\/04\/Bostoen_Maro_Koksijde_Kijkappartement_Slaapkamer1-9.jpg\"\n                data-index=\"9\"\n                class=\"relative group col-span-1 row-span-1 hidden\"\n            >\n                                    <img decoding=\"async\"\n    src=\"https:\/\/www.bostoen.be\/uploads\/2026\/04\/Bostoen_Maro_Koksijde_Kijkappartement_Slaapkamer1-9.jpg\" alt=\"\" srcset=\"https:\/\/www.bostoen.be\/uploads\/2026\/04\/Bostoen_Maro_Koksijde_Kijkappartement_Slaapkamer1-9-300x200.jpg 300w, https:\/\/www.bostoen.be\/uploads\/2026\/04\/Bostoen_Maro_Koksijde_Kijkappartement_Slaapkamer1-9-1024x682.jpg 1024w, https:\/\/www.bostoen.be\/uploads\/2026\/04\/Bostoen_Maro_Koksijde_Kijkappartement_Slaapkamer1-9-768x512.jpg 768w, https:\/\/www.bostoen.be\/uploads\/2026\/04\/Bostoen_Maro_Koksijde_Kijkappartement_Slaapkamer1-9-1536x1024.jpg 1536w, https:\/\/www.bostoen.be\/uploads\/2026\/04\/Bostoen_Maro_Koksijde_Kijkappartement_Slaapkamer1-9.jpg 2000w\" width=\"2000\" height=\"1333\" loading=\"lazy\" fetchpriority=\"low\" class=\"w-full !h-full  object-cover\"\n>\n                                                            <\/a>\n                    <a\n                data-fancybox=\"gallery-113804\"\n                href=\"https:\/\/www.bostoen.be\/uploads\/2026\/04\/Bostoen_Maro_Koksijde_Kijkappartement_Slaapkamer2-2.jpg\"\n                data-index=\"10\"\n                class=\"relative group col-span-1 row-span-1 hidden\"\n            >\n                                    <img decoding=\"async\"\n    src=\"https:\/\/www.bostoen.be\/uploads\/2026\/04\/Bostoen_Maro_Koksijde_Kijkappartement_Slaapkamer2-2.jpg\" alt=\"\" srcset=\"https:\/\/www.bostoen.be\/uploads\/2026\/04\/Bostoen_Maro_Koksijde_Kijkappartement_Slaapkamer2-2-205x300.jpg 205w, https:\/\/www.bostoen.be\/uploads\/2026\/04\/Bostoen_Maro_Koksijde_Kijkappartement_Slaapkamer2-2-701x1024.jpg 701w, https:\/\/www.bostoen.be\/uploads\/2026\/04\/Bostoen_Maro_Koksijde_Kijkappartement_Slaapkamer2-2-768x1121.jpg 768w, https:\/\/www.bostoen.be\/uploads\/2026\/04\/Bostoen_Maro_Koksijde_Kijkappartement_Slaapkamer2-2-1052x1536.jpg 1052w, https:\/\/www.bostoen.be\/uploads\/2026\/04\/Bostoen_Maro_Koksijde_Kijkappartement_Slaapkamer2-2.jpg 1200w\" width=\"1200\" height=\"1752\" loading=\"lazy\" fetchpriority=\"low\" class=\"w-full !h-full  object-cover\"\n>\n                                                            <\/a>\n                    <a\n                data-fancybox=\"gallery-113804\"\n                href=\"https:\/\/www.bostoen.be\/uploads\/2026\/04\/Bostoen_Maro_Koksijde_Kijkappartement_Slaapkamer2-5.jpg\"\n                data-index=\"11\"\n                class=\"relative group col-span-1 row-span-1 hidden\"\n            >\n                                    <img decoding=\"async\"\n    src=\"https:\/\/www.bostoen.be\/uploads\/2026\/04\/Bostoen_Maro_Koksijde_Kijkappartement_Slaapkamer2-5.jpg\" alt=\"\" srcset=\"https:\/\/www.bostoen.be\/uploads\/2026\/04\/Bostoen_Maro_Koksijde_Kijkappartement_Slaapkamer2-5-211x300.jpg 211w, https:\/\/www.bostoen.be\/uploads\/2026\/04\/Bostoen_Maro_Koksijde_Kijkappartement_Slaapkamer2-5-721x1024.jpg 721w, https:\/\/www.bostoen.be\/uploads\/2026\/04\/Bostoen_Maro_Koksijde_Kijkappartement_Slaapkamer2-5-768x1091.jpg 768w, https:\/\/www.bostoen.be\/uploads\/2026\/04\/Bostoen_Maro_Koksijde_Kijkappartement_Slaapkamer2-5-1082x1536.jpg 1082w, https:\/\/www.bostoen.be\/uploads\/2026\/04\/Bostoen_Maro_Koksijde_Kijkappartement_Slaapkamer2-5-1442x2048.jpg 1442w, https:\/\/www.bostoen.be\/uploads\/2026\/04\/Bostoen_Maro_Koksijde_Kijkappartement_Slaapkamer2-5.jpg 1500w\" width=\"1500\" height=\"2130\" loading=\"lazy\" fetchpriority=\"low\" class=\"w-full !h-full  object-cover\"\n>\n                                                            <\/a>\n                    <a\n                data-fancybox=\"gallery-113804\"\n                href=\"https:\/\/www.bostoen.be\/uploads\/2026\/04\/Bostoen_Maro_Koksijde_Kijkappartement_Badkamer-3.jpg\"\n                data-index=\"12\"\n                class=\"relative group col-span-1 row-span-1 hidden\"\n            >\n                                    <img decoding=\"async\"\n    src=\"https:\/\/www.bostoen.be\/uploads\/2026\/04\/Bostoen_Maro_Koksijde_Kijkappartement_Badkamer-3.jpg\" alt=\"\" srcset=\"https:\/\/www.bostoen.be\/uploads\/2026\/04\/Bostoen_Maro_Koksijde_Kijkappartement_Badkamer-3-300x200.jpg 300w, https:\/\/www.bostoen.be\/uploads\/2026\/04\/Bostoen_Maro_Koksijde_Kijkappartement_Badkamer-3-1024x683.jpg 1024w, https:\/\/www.bostoen.be\/uploads\/2026\/04\/Bostoen_Maro_Koksijde_Kijkappartement_Badkamer-3-768x512.jpg 768w, https:\/\/www.bostoen.be\/uploads\/2026\/04\/Bostoen_Maro_Koksijde_Kijkappartement_Badkamer-3-1536x1024.jpg 1536w, https:\/\/www.bostoen.be\/uploads\/2026\/04\/Bostoen_Maro_Koksijde_Kijkappartement_Badkamer-3.jpg 1800w\" width=\"1800\" height=\"1200\" loading=\"lazy\" fetchpriority=\"low\" class=\"w-full !h-full  object-cover\"\n>\n                                                            <\/a>\n                    <a\n                data-fancybox=\"gallery-113804\"\n                href=\"https:\/\/www.bostoen.be\/uploads\/2026\/04\/Bostoen_Maro_Koksijde_Kijkappartement_Badkamer-2.jpg\"\n                data-index=\"13\"\n                class=\"relative group col-span-1 row-span-1 hidden\"\n            >\n                                    <img decoding=\"async\"\n    src=\"https:\/\/www.bostoen.be\/uploads\/2026\/04\/Bostoen_Maro_Koksijde_Kijkappartement_Badkamer-2.jpg\" alt=\"\" srcset=\"https:\/\/www.bostoen.be\/uploads\/2026\/04\/Bostoen_Maro_Koksijde_Kijkappartement_Badkamer-2-200x300.jpg 200w, https:\/\/www.bostoen.be\/uploads\/2026\/04\/Bostoen_Maro_Koksijde_Kijkappartement_Badkamer-2-683x1024.jpg 683w, https:\/\/www.bostoen.be\/uploads\/2026\/04\/Bostoen_Maro_Koksijde_Kijkappartement_Badkamer-2-768x1152.jpg 768w, https:\/\/www.bostoen.be\/uploads\/2026\/04\/Bostoen_Maro_Koksijde_Kijkappartement_Badkamer-2-1024x1536.jpg 1024w, https:\/\/www.bostoen.be\/uploads\/2026\/04\/Bostoen_Maro_Koksijde_Kijkappartement_Badkamer-2-1365x2048.jpg 1365w, https:\/\/www.bostoen.be\/uploads\/2026\/04\/Bostoen_Maro_Koksijde_Kijkappartement_Badkamer-2.jpg 1500w\" width=\"1500\" height=\"2250\" loading=\"lazy\" fetchpriority=\"low\" class=\"w-full !h-full  object-cover\"\n>\n                                                            <\/a>\n                    <a\n                data-fancybox=\"gallery-113804\"\n                href=\"https:\/\/www.bostoen.be\/uploads\/2026\/04\/Bostoen_Maro_Koksijde_Kijkappartement_Toilet.jpg\"\n                data-index=\"14\"\n                class=\"relative group col-span-1 row-span-1 hidden\"\n            >\n                                    <img decoding=\"async\"\n    src=\"https:\/\/www.bostoen.be\/uploads\/2026\/04\/Bostoen_Maro_Koksijde_Kijkappartement_Toilet.jpg\" alt=\"\" srcset=\"https:\/\/www.bostoen.be\/uploads\/2026\/04\/Bostoen_Maro_Koksijde_Kijkappartement_Toilet-200x300.jpg 200w, https:\/\/www.bostoen.be\/uploads\/2026\/04\/Bostoen_Maro_Koksijde_Kijkappartement_Toilet-683x1024.jpg 683w, https:\/\/www.bostoen.be\/uploads\/2026\/04\/Bostoen_Maro_Koksijde_Kijkappartement_Toilet-768x1152.jpg 768w, https:\/\/www.bostoen.be\/uploads\/2026\/04\/Bostoen_Maro_Koksijde_Kijkappartement_Toilet-1024x1536.jpg 1024w, https:\/\/www.bostoen.be\/uploads\/2026\/04\/Bostoen_Maro_Koksijde_Kijkappartement_Toilet-1365x2048.jpg 1365w, https:\/\/www.bostoen.be\/uploads\/2026\/04\/Bostoen_Maro_Koksijde_Kijkappartement_Toilet.jpg 1500w\" width=\"1500\" height=\"2250\" loading=\"lazy\" fetchpriority=\"low\" class=\"w-full !h-full  object-cover\"\n>\n                                                            <\/a>\n            <\/div>\n        <\/div>\n    <\/div>\n\n                <\/div>\n            <\/div>\n                    <div class=\"bg-gray-75\">\n                <div class=\"container\">\n                    <div class=\"grid lg:grid-cols-2 wp-block-model-block pb-16 pt-16\">\n        <div class=\"flex flex-col justify-center gap-2 mb-4 lg:mb-0 lg:order-2 lg:ms-16\">\n            <div class=\"text-xl font-bold font-condensed flex gap-2 items-center\">\n                <span class=\"!text-primary-500\"><svg xmlns=\"http:\/\/www.w3.org\/2000\/svg\" viewBox=\"0 0 384 512\" class=\"svg-inline--fa  fas fa-map-marker-alt\" role=\"img\" aria-hidden=\"true\" style=\"color:currentColor\"><!-- Font Awesome Pro 5.15.3 by @fontawesome - https:\/\/fontawesome.com License - https:\/\/fontawesome.com\/license (Commercial License) --><path d=\"M172.268 501.67C26.97 291.031 0 269.413 0 192 0 85.961 85.961 0 192 0s192 85.961 192 192c0 77.413-26.97 99.031-172.268 309.67-9.535 13.774-29.93 13.773-39.464 0zM192 272c44.183 0 80-35.817 80-80s-35.817-80-80-80-80 35.817-80 80 35.817 80 80 80z\" fill=\"currentColor\"><\/path><\/svg>\n<\/span>\n                <span class=\"text-gray-500\">Kijkappartement: Strandlaan 230, Koksijde<\/span>\n            <\/div>\n            <h2 class=\"font-bold font-condensed text-3xl md:text-4xl mb-2\">\n                            Kijkappartement in Koksijde\n                            <\/h2>\n                                        <div class=\"wysiwyg wysiwyg-usps mb-4\"><ul>\n<li>Appartement op de eerste verdieping<\/li>\n<li>2 ruime slaapkamers<\/li>\n<li>Lichtrijke leefruimte met grote raampartijen<\/li>\n<li>Zuidwestgericht terras met veel zonlicht<\/li>\n<li>Warmtepomp, vloerverwarming, ventilatie D en zonnepanelen<\/li>\n<\/ul>\n<\/div>\n                                        <div class=\"flex flex-col !w-max\">\n                    <a\n            class=\"group font-condensed inline-flex items-center py-1 px-12 rounded-md transition-colors duration-200 cursor-pointer no-underline font-condensed !text-white hover:!text-white bg-primary-500 hover:bg-primary-400 font-bold\"\n                    href=\"https:\/\/www.bostoen.be\/fr\/appartements\/koksijde\/maro\/#contact-form\"\n                                >\n            \n            Prenez rendez-vous\n\n                    <\/a>\n                    <a\n                        href=\"https:\/\/www.bostoen.be\/fr\/appartements\/koksijde\/maro\/\"\n                        class=\"w-full inline-block text-center px-6 underline hover:no-underline flex-1 !decoration-black\"\n                    >\n                        Ou d\u00e9couvrez ce projet\n                    <\/a>\n                <\/div>\n                    <\/div>\n\n        <div class=\"lg:order-1\">\n            <div class=\"grid grid-cols-2 gap-1 auto-rows-[8rem] md:auto-rows-[10rem] mt-4 md:grid-cols-3\">\n                    <a\n                data-fancybox=\"gallery-113788\"\n                href=\"https:\/\/www.bostoen.be\/uploads\/2026\/04\/Bostoen_Maro_Koksijde_Kijkappartement_Keuken-9.jpg\"\n                data-index=\"0\"\n                class=\"relative group col-span-2 row-span-2 md:col-span-3 block\"\n            >\n                                    <img decoding=\"async\"\n    src=\"https:\/\/www.bostoen.be\/uploads\/2026\/04\/Bostoen_Maro_Koksijde_Kijkappartement_Keuken-9.jpg\" alt=\"\" srcset=\"https:\/\/www.bostoen.be\/uploads\/2026\/04\/Bostoen_Maro_Koksijde_Kijkappartement_Keuken-9-200x300.jpg 200w, https:\/\/www.bostoen.be\/uploads\/2026\/04\/Bostoen_Maro_Koksijde_Kijkappartement_Keuken-9-683x1024.jpg 683w, https:\/\/www.bostoen.be\/uploads\/2026\/04\/Bostoen_Maro_Koksijde_Kijkappartement_Keuken-9-768x1152.jpg 768w, https:\/\/www.bostoen.be\/uploads\/2026\/04\/Bostoen_Maro_Koksijde_Kijkappartement_Keuken-9-1024x1536.jpg 1024w, https:\/\/www.bostoen.be\/uploads\/2026\/04\/Bostoen_Maro_Koksijde_Kijkappartement_Keuken-9-1365x2048.jpg 1365w, https:\/\/www.bostoen.be\/uploads\/2026\/04\/Bostoen_Maro_Koksijde_Kijkappartement_Keuken-9.jpg 1500w\" width=\"1500\" height=\"2250\" loading=\"lazy\" fetchpriority=\"low\" class=\"w-full !h-full  object-cover\"\n>\n                                                            <\/a>\n                    <a\n                data-fancybox=\"gallery-113788\"\n                href=\"https:\/\/www.bostoen.be\/uploads\/2026\/04\/Bostoen_Maro_Koksijde_Kijkappartement_Eethoek-6.jpg\"\n                data-index=\"1\"\n                class=\"relative group col-span-1 row-span-1 block\"\n            >\n                                    <img decoding=\"async\"\n    src=\"https:\/\/www.bostoen.be\/uploads\/2026\/04\/Bostoen_Maro_Koksijde_Kijkappartement_Eethoek-6.jpg\" alt=\"\" srcset=\"https:\/\/www.bostoen.be\/uploads\/2026\/04\/Bostoen_Maro_Koksijde_Kijkappartement_Eethoek-6-300x200.jpg 300w, https:\/\/www.bostoen.be\/uploads\/2026\/04\/Bostoen_Maro_Koksijde_Kijkappartement_Eethoek-6-1024x682.jpg 1024w, https:\/\/www.bostoen.be\/uploads\/2026\/04\/Bostoen_Maro_Koksijde_Kijkappartement_Eethoek-6-768x512.jpg 768w, https:\/\/www.bostoen.be\/uploads\/2026\/04\/Bostoen_Maro_Koksijde_Kijkappartement_Eethoek-6-1536x1024.jpg 1536w, https:\/\/www.bostoen.be\/uploads\/2026\/04\/Bostoen_Maro_Koksijde_Kijkappartement_Eethoek-6.jpg 2000w\" width=\"2000\" height=\"1333\" loading=\"lazy\" fetchpriority=\"low\" class=\"w-full !h-full  object-cover\"\n>\n                                                            <\/a>\n                    <a\n                data-fancybox=\"gallery-113788\"\n                href=\"https:\/\/www.bostoen.be\/uploads\/2026\/04\/Bostoen_Maro_Koksijde_Kijkappartement_Keuken-1-2.jpg\"\n                data-index=\"2\"\n                class=\"relative group col-span-1 row-span-1 block\"\n            >\n                                    <img decoding=\"async\"\n    src=\"https:\/\/www.bostoen.be\/uploads\/2026\/04\/Bostoen_Maro_Koksijde_Kijkappartement_Keuken-1-2.jpg\" alt=\"\" srcset=\"https:\/\/www.bostoen.be\/uploads\/2026\/04\/Bostoen_Maro_Koksijde_Kijkappartement_Keuken-1-2-216x300.jpg 216w, https:\/\/www.bostoen.be\/uploads\/2026\/04\/Bostoen_Maro_Koksijde_Kijkappartement_Keuken-1-2-737x1024.jpg 737w, https:\/\/www.bostoen.be\/uploads\/2026\/04\/Bostoen_Maro_Koksijde_Kijkappartement_Keuken-1-2-768x1068.jpg 768w, https:\/\/www.bostoen.be\/uploads\/2026\/04\/Bostoen_Maro_Koksijde_Kijkappartement_Keuken-1-2-1105x1536.jpg 1105w, https:\/\/www.bostoen.be\/uploads\/2026\/04\/Bostoen_Maro_Koksijde_Kijkappartement_Keuken-1-2-1473x2048.jpg 1473w, https:\/\/www.bostoen.be\/uploads\/2026\/04\/Bostoen_Maro_Koksijde_Kijkappartement_Keuken-1-2.jpg 1800w\" width=\"1800\" height=\"2502\" loading=\"lazy\" fetchpriority=\"low\" style=\"object-position: 57% 63%;\" class=\"w-full !h-full  object-cover\"\n>\n                                                                    <div class=\"absolute inset-0 bg-black\/25  flex flex-col items-center justify-center text-white text-lg font-semibold flex-wrap md:hidden\">\n                        <div class=\"text-3xl\">+12<\/div>\n                        <div class=\"text-sm\">voir toutes les photos<\/div>\n                    <\/div>\n                            <\/a>\n                    <a\n                data-fancybox=\"gallery-113788\"\n                href=\"https:\/\/www.bostoen.be\/uploads\/2026\/04\/Bostoen_Maro_Koksijde_Kijkappartement_Keuken-14-scaled.jpg\"\n                data-index=\"3\"\n                class=\"relative group col-span-1 row-span-1 block hidden md:block\"\n            >\n                                    <img decoding=\"async\"\n    src=\"https:\/\/www.bostoen.be\/uploads\/2026\/04\/Bostoen_Maro_Koksijde_Kijkappartement_Keuken-14-scaled.jpg\" alt=\"\" srcset=\"https:\/\/www.bostoen.be\/uploads\/2026\/04\/Bostoen_Maro_Koksijde_Kijkappartement_Keuken-14-200x300.jpg 200w, https:\/\/www.bostoen.be\/uploads\/2026\/04\/Bostoen_Maro_Koksijde_Kijkappartement_Keuken-14-683x1024.jpg 683w, https:\/\/www.bostoen.be\/uploads\/2026\/04\/Bostoen_Maro_Koksijde_Kijkappartement_Keuken-14-768x1152.jpg 768w, https:\/\/www.bostoen.be\/uploads\/2026\/04\/Bostoen_Maro_Koksijde_Kijkappartement_Keuken-14-1024x1536.jpg 1024w, https:\/\/www.bostoen.be\/uploads\/2026\/04\/Bostoen_Maro_Koksijde_Kijkappartement_Keuken-14-1365x2048.jpg 1365w, https:\/\/www.bostoen.be\/uploads\/2026\/04\/Bostoen_Maro_Koksijde_Kijkappartement_Keuken-14-scaled.jpg 1707w\" width=\"1707\" height=\"2560\" loading=\"lazy\" fetchpriority=\"low\" class=\"w-full !h-full  object-cover\"\n>\n                                                    <div class=\"absolute inset-0 bg-black\/25  flex flex-col items-center justify-center text-white text-lg font-semibold flex-wrap\">\n                        <div class=\"text-4xl\">+11<\/div>\n                        <div>voir toutes les photos<\/div>\n                    <\/div>\n                                            <\/a>\n                    <a\n                data-fancybox=\"gallery-113788\"\n                href=\"https:\/\/www.bostoen.be\/uploads\/2026\/04\/Bostoen_Maro_Koksijde_Kijkappartement_Leefruimte-12.jpg\"\n                data-index=\"4\"\n                class=\"relative group col-span-1 row-span-1 hidden\"\n            >\n                                    <img decoding=\"async\"\n    src=\"https:\/\/www.bostoen.be\/uploads\/2026\/04\/Bostoen_Maro_Koksijde_Kijkappartement_Leefruimte-12.jpg\" alt=\"\" srcset=\"https:\/\/www.bostoen.be\/uploads\/2026\/04\/Bostoen_Maro_Koksijde_Kijkappartement_Leefruimte-12-209x300.jpg 209w, https:\/\/www.bostoen.be\/uploads\/2026\/04\/Bostoen_Maro_Koksijde_Kijkappartement_Leefruimte-12-712x1024.jpg 712w, https:\/\/www.bostoen.be\/uploads\/2026\/04\/Bostoen_Maro_Koksijde_Kijkappartement_Leefruimte-12-768x1104.jpg 768w, https:\/\/www.bostoen.be\/uploads\/2026\/04\/Bostoen_Maro_Koksijde_Kijkappartement_Leefruimte-12-1069x1536.jpg 1069w, https:\/\/www.bostoen.be\/uploads\/2026\/04\/Bostoen_Maro_Koksijde_Kijkappartement_Leefruimte-12.jpg 1200w\" width=\"1200\" height=\"1725\" loading=\"lazy\" fetchpriority=\"low\" class=\"w-full !h-full  object-cover\"\n>\n                                                            <\/a>\n                    <a\n                data-fancybox=\"gallery-113788\"\n                href=\"https:\/\/www.bostoen.be\/uploads\/2026\/04\/Bostoen_Maro_Koksijde_Kijkappartement_Leefruimte-10.jpg\"\n                data-index=\"5\"\n                class=\"relative group col-span-1 row-span-1 hidden\"\n            >\n                                    <img decoding=\"async\"\n    src=\"https:\/\/www.bostoen.be\/uploads\/2026\/04\/Bostoen_Maro_Koksijde_Kijkappartement_Leefruimte-10.jpg\" alt=\"\" srcset=\"https:\/\/www.bostoen.be\/uploads\/2026\/04\/Bostoen_Maro_Koksijde_Kijkappartement_Leefruimte-10-200x300.jpg 200w, https:\/\/www.bostoen.be\/uploads\/2026\/04\/Bostoen_Maro_Koksijde_Kijkappartement_Leefruimte-10-683x1024.jpg 683w, https:\/\/www.bostoen.be\/uploads\/2026\/04\/Bostoen_Maro_Koksijde_Kijkappartement_Leefruimte-10-768x1152.jpg 768w, https:\/\/www.bostoen.be\/uploads\/2026\/04\/Bostoen_Maro_Koksijde_Kijkappartement_Leefruimte-10-1024x1536.jpg 1024w, https:\/\/www.bostoen.be\/uploads\/2026\/04\/Bostoen_Maro_Koksijde_Kijkappartement_Leefruimte-10.jpg 1200w\" width=\"1200\" height=\"1800\" loading=\"lazy\" fetchpriority=\"low\" class=\"w-full !h-full  object-cover\"\n>\n                                                            <\/a>\n                    <a\n                data-fancybox=\"gallery-113788\"\n                href=\"https:\/\/www.bostoen.be\/uploads\/2026\/04\/Bostoen_Maro_Koksijde_Kijkappartement_Leefruimte-8.jpg\"\n                data-index=\"6\"\n                class=\"relative group col-span-1 row-span-1 hidden\"\n            >\n                                    <img decoding=\"async\"\n    src=\"https:\/\/www.bostoen.be\/uploads\/2026\/04\/Bostoen_Maro_Koksijde_Kijkappartement_Leefruimte-8.jpg\" alt=\"\" srcset=\"https:\/\/www.bostoen.be\/uploads\/2026\/04\/Bostoen_Maro_Koksijde_Kijkappartement_Leefruimte-8-218x300.jpg 218w, https:\/\/www.bostoen.be\/uploads\/2026\/04\/Bostoen_Maro_Koksijde_Kijkappartement_Leefruimte-8-744x1024.jpg 744w, https:\/\/www.bostoen.be\/uploads\/2026\/04\/Bostoen_Maro_Koksijde_Kijkappartement_Leefruimte-8-768x1057.jpg 768w, https:\/\/www.bostoen.be\/uploads\/2026\/04\/Bostoen_Maro_Koksijde_Kijkappartement_Leefruimte-8-1117x1536.jpg 1117w, https:\/\/www.bostoen.be\/uploads\/2026\/04\/Bostoen_Maro_Koksijde_Kijkappartement_Leefruimte-8.jpg 1400w\" width=\"1400\" height=\"1926\" loading=\"lazy\" fetchpriority=\"low\" class=\"w-full !h-full  object-cover\"\n>\n                                                            <\/a>\n                    <a\n                data-fancybox=\"gallery-113788\"\n                href=\"https:\/\/www.bostoen.be\/uploads\/2026\/04\/Bostoen_Maro_Koksijde_Kijkappartement_Leefruimte-4.jpg\"\n                data-index=\"7\"\n                class=\"relative group col-span-1 row-span-1 hidden\"\n            >\n                                    <img decoding=\"async\"\n    src=\"https:\/\/www.bostoen.be\/uploads\/2026\/04\/Bostoen_Maro_Koksijde_Kijkappartement_Leefruimte-4.jpg\" alt=\"\" srcset=\"https:\/\/www.bostoen.be\/uploads\/2026\/04\/Bostoen_Maro_Koksijde_Kijkappartement_Leefruimte-4-210x300.jpg 210w, https:\/\/www.bostoen.be\/uploads\/2026\/04\/Bostoen_Maro_Koksijde_Kijkappartement_Leefruimte-4-716x1024.jpg 716w, https:\/\/www.bostoen.be\/uploads\/2026\/04\/Bostoen_Maro_Koksijde_Kijkappartement_Leefruimte-4-768x1099.jpg 768w, https:\/\/www.bostoen.be\/uploads\/2026\/04\/Bostoen_Maro_Koksijde_Kijkappartement_Leefruimte-4-1074x1536.jpg 1074w, https:\/\/www.bostoen.be\/uploads\/2026\/04\/Bostoen_Maro_Koksijde_Kijkappartement_Leefruimte-4.jpg 1400w\" width=\"1400\" height=\"2003\" loading=\"lazy\" fetchpriority=\"low\" class=\"w-full !h-full  object-cover\"\n>\n                                                            <\/a>\n                    <a\n                data-fancybox=\"gallery-113788\"\n                href=\"https:\/\/www.bostoen.be\/uploads\/2026\/04\/Bostoen_Maro_Koksijde_Kijkappartement_Slaapkamer1-3.jpg\"\n                data-index=\"8\"\n                class=\"relative group col-span-1 row-span-1 hidden\"\n            >\n                                    <img decoding=\"async\"\n    src=\"https:\/\/www.bostoen.be\/uploads\/2026\/04\/Bostoen_Maro_Koksijde_Kijkappartement_Slaapkamer1-3.jpg\" alt=\"\" srcset=\"https:\/\/www.bostoen.be\/uploads\/2026\/04\/Bostoen_Maro_Koksijde_Kijkappartement_Slaapkamer1-3-208x300.jpg 208w, https:\/\/www.bostoen.be\/uploads\/2026\/04\/Bostoen_Maro_Koksijde_Kijkappartement_Slaapkamer1-3-711x1024.jpg 711w, https:\/\/www.bostoen.be\/uploads\/2026\/04\/Bostoen_Maro_Koksijde_Kijkappartement_Slaapkamer1-3-768x1106.jpg 768w, https:\/\/www.bostoen.be\/uploads\/2026\/04\/Bostoen_Maro_Koksijde_Kijkappartement_Slaapkamer1-3-1067x1536.jpg 1067w, https:\/\/www.bostoen.be\/uploads\/2026\/04\/Bostoen_Maro_Koksijde_Kijkappartement_Slaapkamer1-3.jpg 1200w\" width=\"1200\" height=\"1728\" loading=\"lazy\" fetchpriority=\"low\" class=\"w-full !h-full  object-cover\"\n>\n                                                            <\/a>\n                    <a\n                data-fancybox=\"gallery-113788\"\n                href=\"https:\/\/www.bostoen.be\/uploads\/2026\/04\/Bostoen_Maro_Koksijde_Kijkappartement_Slaapkamer1-9.jpg\"\n                data-index=\"9\"\n                class=\"relative group col-span-1 row-span-1 hidden\"\n            >\n                                    <img decoding=\"async\"\n    src=\"https:\/\/www.bostoen.be\/uploads\/2026\/04\/Bostoen_Maro_Koksijde_Kijkappartement_Slaapkamer1-9.jpg\" alt=\"\" srcset=\"https:\/\/www.bostoen.be\/uploads\/2026\/04\/Bostoen_Maro_Koksijde_Kijkappartement_Slaapkamer1-9-300x200.jpg 300w, https:\/\/www.bostoen.be\/uploads\/2026\/04\/Bostoen_Maro_Koksijde_Kijkappartement_Slaapkamer1-9-1024x682.jpg 1024w, https:\/\/www.bostoen.be\/uploads\/2026\/04\/Bostoen_Maro_Koksijde_Kijkappartement_Slaapkamer1-9-768x512.jpg 768w, https:\/\/www.bostoen.be\/uploads\/2026\/04\/Bostoen_Maro_Koksijde_Kijkappartement_Slaapkamer1-9-1536x1024.jpg 1536w, https:\/\/www.bostoen.be\/uploads\/2026\/04\/Bostoen_Maro_Koksijde_Kijkappartement_Slaapkamer1-9.jpg 2000w\" width=\"2000\" height=\"1333\" loading=\"lazy\" fetchpriority=\"low\" class=\"w-full !h-full  object-cover\"\n>\n                                                            <\/a>\n                    <a\n                data-fancybox=\"gallery-113788\"\n                href=\"https:\/\/www.bostoen.be\/uploads\/2026\/04\/Bostoen_Maro_Koksijde_Kijkappartement_Slaapkamer2-2.jpg\"\n                data-index=\"10\"\n                class=\"relative group col-span-1 row-span-1 hidden\"\n            >\n                                    <img decoding=\"async\"\n    src=\"https:\/\/www.bostoen.be\/uploads\/2026\/04\/Bostoen_Maro_Koksijde_Kijkappartement_Slaapkamer2-2.jpg\" alt=\"\" srcset=\"https:\/\/www.bostoen.be\/uploads\/2026\/04\/Bostoen_Maro_Koksijde_Kijkappartement_Slaapkamer2-2-205x300.jpg 205w, https:\/\/www.bostoen.be\/uploads\/2026\/04\/Bostoen_Maro_Koksijde_Kijkappartement_Slaapkamer2-2-701x1024.jpg 701w, https:\/\/www.bostoen.be\/uploads\/2026\/04\/Bostoen_Maro_Koksijde_Kijkappartement_Slaapkamer2-2-768x1121.jpg 768w, https:\/\/www.bostoen.be\/uploads\/2026\/04\/Bostoen_Maro_Koksijde_Kijkappartement_Slaapkamer2-2-1052x1536.jpg 1052w, https:\/\/www.bostoen.be\/uploads\/2026\/04\/Bostoen_Maro_Koksijde_Kijkappartement_Slaapkamer2-2.jpg 1200w\" width=\"1200\" height=\"1752\" loading=\"lazy\" fetchpriority=\"low\" class=\"w-full !h-full  object-cover\"\n>\n                                                            <\/a>\n                    <a\n                data-fancybox=\"gallery-113788\"\n                href=\"https:\/\/www.bostoen.be\/uploads\/2026\/04\/Bostoen_Maro_Koksijde_Kijkappartement_Slaapkamer2-5.jpg\"\n                data-index=\"11\"\n                class=\"relative group col-span-1 row-span-1 hidden\"\n            >\n                                    <img decoding=\"async\"\n    src=\"https:\/\/www.bostoen.be\/uploads\/2026\/04\/Bostoen_Maro_Koksijde_Kijkappartement_Slaapkamer2-5.jpg\" alt=\"\" srcset=\"https:\/\/www.bostoen.be\/uploads\/2026\/04\/Bostoen_Maro_Koksijde_Kijkappartement_Slaapkamer2-5-211x300.jpg 211w, https:\/\/www.bostoen.be\/uploads\/2026\/04\/Bostoen_Maro_Koksijde_Kijkappartement_Slaapkamer2-5-721x1024.jpg 721w, https:\/\/www.bostoen.be\/uploads\/2026\/04\/Bostoen_Maro_Koksijde_Kijkappartement_Slaapkamer2-5-768x1091.jpg 768w, https:\/\/www.bostoen.be\/uploads\/2026\/04\/Bostoen_Maro_Koksijde_Kijkappartement_Slaapkamer2-5-1082x1536.jpg 1082w, https:\/\/www.bostoen.be\/uploads\/2026\/04\/Bostoen_Maro_Koksijde_Kijkappartement_Slaapkamer2-5-1442x2048.jpg 1442w, https:\/\/www.bostoen.be\/uploads\/2026\/04\/Bostoen_Maro_Koksijde_Kijkappartement_Slaapkamer2-5.jpg 1500w\" width=\"1500\" height=\"2130\" loading=\"lazy\" fetchpriority=\"low\" class=\"w-full !h-full  object-cover\"\n>\n                                                            <\/a>\n                    <a\n                data-fancybox=\"gallery-113788\"\n                href=\"https:\/\/www.bostoen.be\/uploads\/2026\/04\/Bostoen_Maro_Koksijde_Kijkappartement_Badkamer-2.jpg\"\n                data-index=\"12\"\n                class=\"relative group col-span-1 row-span-1 hidden\"\n            >\n                                    <img decoding=\"async\"\n    src=\"https:\/\/www.bostoen.be\/uploads\/2026\/04\/Bostoen_Maro_Koksijde_Kijkappartement_Badkamer-2.jpg\" alt=\"\" srcset=\"https:\/\/www.bostoen.be\/uploads\/2026\/04\/Bostoen_Maro_Koksijde_Kijkappartement_Badkamer-2-200x300.jpg 200w, https:\/\/www.bostoen.be\/uploads\/2026\/04\/Bostoen_Maro_Koksijde_Kijkappartement_Badkamer-2-683x1024.jpg 683w, https:\/\/www.bostoen.be\/uploads\/2026\/04\/Bostoen_Maro_Koksijde_Kijkappartement_Badkamer-2-768x1152.jpg 768w, https:\/\/www.bostoen.be\/uploads\/2026\/04\/Bostoen_Maro_Koksijde_Kijkappartement_Badkamer-2-1024x1536.jpg 1024w, https:\/\/www.bostoen.be\/uploads\/2026\/04\/Bostoen_Maro_Koksijde_Kijkappartement_Badkamer-2-1365x2048.jpg 1365w, https:\/\/www.bostoen.be\/uploads\/2026\/04\/Bostoen_Maro_Koksijde_Kijkappartement_Badkamer-2.jpg 1500w\" width=\"1500\" height=\"2250\" loading=\"lazy\" fetchpriority=\"low\" class=\"w-full !h-full  object-cover\"\n>\n                                                            <\/a>\n                    <a\n                data-fancybox=\"gallery-113788\"\n                href=\"https:\/\/www.bostoen.be\/uploads\/2026\/04\/Bostoen_Maro_Koksijde_Kijkappartement_Badkamer-3.jpg\"\n                data-index=\"13\"\n                class=\"relative group col-span-1 row-span-1 hidden\"\n            >\n                                    <img decoding=\"async\"\n    src=\"https:\/\/www.bostoen.be\/uploads\/2026\/04\/Bostoen_Maro_Koksijde_Kijkappartement_Badkamer-3.jpg\" alt=\"\" srcset=\"https:\/\/www.bostoen.be\/uploads\/2026\/04\/Bostoen_Maro_Koksijde_Kijkappartement_Badkamer-3-300x200.jpg 300w, https:\/\/www.bostoen.be\/uploads\/2026\/04\/Bostoen_Maro_Koksijde_Kijkappartement_Badkamer-3-1024x683.jpg 1024w, https:\/\/www.bostoen.be\/uploads\/2026\/04\/Bostoen_Maro_Koksijde_Kijkappartement_Badkamer-3-768x512.jpg 768w, https:\/\/www.bostoen.be\/uploads\/2026\/04\/Bostoen_Maro_Koksijde_Kijkappartement_Badkamer-3-1536x1024.jpg 1536w, https:\/\/www.bostoen.be\/uploads\/2026\/04\/Bostoen_Maro_Koksijde_Kijkappartement_Badkamer-3.jpg 1800w\" width=\"1800\" height=\"1200\" loading=\"lazy\" fetchpriority=\"low\" class=\"w-full !h-full  object-cover\"\n>\n                                                            <\/a>\n                    <a\n                data-fancybox=\"gallery-113788\"\n                href=\"https:\/\/www.bostoen.be\/uploads\/2026\/04\/Bostoen_Maro_Koksijde_Kijkappartement_Toilet.jpg\"\n                data-index=\"14\"\n                class=\"relative group col-span-1 row-span-1 hidden\"\n            >\n                                    <img decoding=\"async\"\n    src=\"https:\/\/www.bostoen.be\/uploads\/2026\/04\/Bostoen_Maro_Koksijde_Kijkappartement_Toilet.jpg\" alt=\"\" srcset=\"https:\/\/www.bostoen.be\/uploads\/2026\/04\/Bostoen_Maro_Koksijde_Kijkappartement_Toilet-200x300.jpg 200w, https:\/\/www.bostoen.be\/uploads\/2026\/04\/Bostoen_Maro_Koksijde_Kijkappartement_Toilet-683x1024.jpg 683w, https:\/\/www.bostoen.be\/uploads\/2026\/04\/Bostoen_Maro_Koksijde_Kijkappartement_Toilet-768x1152.jpg 768w, https:\/\/www.bostoen.be\/uploads\/2026\/04\/Bostoen_Maro_Koksijde_Kijkappartement_Toilet-1024x1536.jpg 1024w, https:\/\/www.bostoen.be\/uploads\/2026\/04\/Bostoen_Maro_Koksijde_Kijkappartement_Toilet-1365x2048.jpg 1365w, https:\/\/www.bostoen.be\/uploads\/2026\/04\/Bostoen_Maro_Koksijde_Kijkappartement_Toilet.jpg 1500w\" width=\"1500\" height=\"2250\" loading=\"lazy\" fetchpriority=\"low\" class=\"w-full !h-full  object-cover\"\n>\n                                                            <\/a>\n            <\/div>\n        <\/div>\n    <\/div>\n\n                <\/div>\n            <\/div>\n                    <div class=\"\">\n                <div class=\"container\">\n                    <div class=\"grid lg:grid-cols-2 wp-block-model-block pb-16 pt-16\">\n        <div class=\"flex flex-col justify-center gap-2 mb-4 lg:mb-0 lg:order-1 lg:me-16\">\n            <div class=\"text-xl font-bold font-condensed flex gap-2 items-center\">\n                <span class=\"!text-primary-500\"><svg xmlns=\"http:\/\/www.w3.org\/2000\/svg\" viewBox=\"0 0 384 512\" class=\"svg-inline--fa  fas fa-map-marker-alt\" role=\"img\" aria-hidden=\"true\" style=\"color:currentColor\"><!-- Font Awesome Pro 5.15.3 by @fontawesome - https:\/\/fontawesome.com License - https:\/\/fontawesome.com\/license (Commercial License) --><path d=\"M172.268 501.67C26.97 291.031 0 269.413 0 192 0 85.961 85.961 0 192 0s192 85.961 192 192c0 77.413-26.97 99.031-172.268 309.67-9.535 13.774-29.93 13.773-39.464 0zM192 272c44.183 0 80-35.817 80-80s-35.817-80-80-80-80 35.817-80 80 35.817 80 80 80z\" fill=\"currentColor\"><\/path><\/svg>\n<\/span>\n                <span class=\"text-gray-500\">Appartement t\u00e9moin: Eekhoutstraat 8C &#8211; 8D, Ardooie<\/span>\n            <\/div>\n            <h2 class=\"font-bold font-condensed text-3xl md:text-4xl mb-2\">\n                            Appartement t\u00e9moin \u00e0 Ardooie\n                            <\/h2>\n                                        <div class=\"wysiwyg wysiwyg-usps mb-4\"><ul>\n<li>Appartement au rez-de-chauss\u00e9e avec 2 chambres<\/li>\n<li>Terrasse orient\u00e9e sud-ouest et jardin priv\u00e9<\/li>\n<li>Espace de vie lumineux avec cuisine ouverte<\/li>\n<li>Beaucoup de lumi\u00e8re gr\u00e2ce \u00e0 de grandes baies vitr\u00e9es<\/li>\n<li>Pompe \u00e0 chaleur, chauffage au sol, ventilation type D et panneaux solaires<\/li>\n<\/ul>\n<\/div>\n                                        <div class=\"flex flex-col !w-max\">\n                    <a\n            class=\"group font-condensed inline-flex items-center py-1 px-12 rounded-md transition-colors duration-200 cursor-pointer no-underline font-condensed !text-white hover:!text-white bg-primary-500 hover:bg-primary-400 font-bold\"\n                    href=\"https:\/\/www.bostoen.be\/fr\/appartements\/ardooie\/fiori\/#contact-form\"\n                                >\n            \n            Prenez rendez-vous\n\n                    <\/a>\n                    <a\n                        href=\"https:\/\/www.bostoen.be\/fr\/appartements\/ardooie\/fiori\/\"\n                        class=\"w-full inline-block text-center px-6 underline hover:no-underline flex-1 !decoration-black\"\n                    >\n                        Ou d\u00e9couvrez ce projet\n                    <\/a>\n                <\/div>\n                    <\/div>\n\n        <div class=\"lg:order-2\">\n            <div class=\"grid grid-cols-2 gap-1 auto-rows-[8rem] md:auto-rows-[10rem] mt-4 md:grid-cols-3\">\n                    <a\n                data-fancybox=\"gallery-36536\"\n                href=\"https:\/\/www.bostoen.be\/uploads\/2025\/07\/Residentie-Fiori-4-2.jpg\"\n                data-index=\"0\"\n                class=\"relative group col-span-2 row-span-2 md:col-span-3 block\"\n            >\n                                    <img decoding=\"async\"\n    src=\"https:\/\/www.bostoen.be\/uploads\/2025\/07\/Residentie-Fiori-4-2.jpg\" alt=\"Bostoen Fiori Nieuwbouwappartementen in Ardooie Kijkappartement\" srcset=\"https:\/\/www.bostoen.be\/uploads\/2025\/07\/Residentie-Fiori-4-2-300x235.jpg 300w, https:\/\/www.bostoen.be\/uploads\/2025\/07\/Residentie-Fiori-4-2-1024x801.jpg 1024w, https:\/\/www.bostoen.be\/uploads\/2025\/07\/Residentie-Fiori-4-2-768x601.jpg 768w, https:\/\/www.bostoen.be\/uploads\/2025\/07\/Residentie-Fiori-4-2.jpg 1488w\" width=\"1488\" height=\"1164\" loading=\"lazy\" fetchpriority=\"low\" class=\"w-full !h-full  object-cover\"\n>\n                                                            <\/a>\n                    <a\n                data-fancybox=\"gallery-36536\"\n                href=\"https:\/\/www.bostoen.be\/uploads\/2025\/07\/Bostoen_Kijkappartement_Residentie_Fiori_Ardooie_Leefruimte-31.jpg\"\n                data-index=\"1\"\n                class=\"relative group col-span-1 row-span-1 block\"\n            >\n                                    <img decoding=\"async\"\n    src=\"https:\/\/www.bostoen.be\/uploads\/2025\/07\/Bostoen_Kijkappartement_Residentie_Fiori_Ardooie_Leefruimte-31.jpg\" alt=\"Bostoen Nieuwbouw Moderne appartementen Ardooie Residentie Fiori Leefruimte Kijkappartement\" srcset=\"https:\/\/www.bostoen.be\/uploads\/2025\/07\/Bostoen_Kijkappartement_Residentie_Fiori_Ardooie_Leefruimte-31-300x225.jpg 300w, https:\/\/www.bostoen.be\/uploads\/2025\/07\/Bostoen_Kijkappartement_Residentie_Fiori_Ardooie_Leefruimte-31-1024x768.jpg 1024w, https:\/\/www.bostoen.be\/uploads\/2025\/07\/Bostoen_Kijkappartement_Residentie_Fiori_Ardooie_Leefruimte-31-768x576.jpg 768w, https:\/\/www.bostoen.be\/uploads\/2025\/07\/Bostoen_Kijkappartement_Residentie_Fiori_Ardooie_Leefruimte-31.jpg 1100w\" width=\"1100\" height=\"825\" loading=\"lazy\" fetchpriority=\"low\" class=\"w-full !h-full  object-cover\"\n>\n                                                            <\/a>\n                    <a\n                data-fancybox=\"gallery-36536\"\n                href=\"https:\/\/www.bostoen.be\/uploads\/2025\/07\/Bostoen_Kijkappartement_Residentie_Fiori_Ardooie_Leefruimte-7.jpg\"\n                data-index=\"2\"\n                class=\"relative group col-span-1 row-span-1 block\"\n            >\n                                    <img decoding=\"async\"\n    src=\"https:\/\/www.bostoen.be\/uploads\/2025\/07\/Bostoen_Kijkappartement_Residentie_Fiori_Ardooie_Leefruimte-7.jpg\" alt=\"Bostoen Nieuwbouw Moderne appartementen Ardooie Residentie Fiori Leefruimte Kijkappartement\" srcset=\"https:\/\/www.bostoen.be\/uploads\/2025\/07\/Bostoen_Kijkappartement_Residentie_Fiori_Ardooie_Leefruimte-7-300x225.jpg 300w, https:\/\/www.bostoen.be\/uploads\/2025\/07\/Bostoen_Kijkappartement_Residentie_Fiori_Ardooie_Leefruimte-7-768x576.jpg 768w, https:\/\/www.bostoen.be\/uploads\/2025\/07\/Bostoen_Kijkappartement_Residentie_Fiori_Ardooie_Leefruimte-7.jpg 1000w\" width=\"1000\" height=\"750\" loading=\"lazy\" fetchpriority=\"low\" class=\"w-full !h-full  object-cover\"\n>\n                                                                    <div class=\"absolute inset-0 bg-black\/25  flex flex-col items-center justify-center text-white text-lg font-semibold flex-wrap md:hidden\">\n                        <div class=\"text-3xl\">+9<\/div>\n                        <div class=\"text-sm\">voir toutes les photos<\/div>\n                    <\/div>\n                            <\/a>\n                    <a\n                data-fancybox=\"gallery-36536\"\n                href=\"https:\/\/www.bostoen.be\/uploads\/2025\/07\/Bostoen_Kijkappartement_Residentie_Fiori_Ardooie_Leefruimte-23.jpg\"\n                data-index=\"3\"\n                class=\"relative group col-span-1 row-span-1 block hidden md:block\"\n            >\n                                    <img decoding=\"async\"\n    src=\"https:\/\/www.bostoen.be\/uploads\/2025\/07\/Bostoen_Kijkappartement_Residentie_Fiori_Ardooie_Leefruimte-23.jpg\" alt=\"Bostoen Nieuwbouw Moderne appartementen Ardooie Residentie Fiori Leefruimte Kijkappartement\" srcset=\"https:\/\/www.bostoen.be\/uploads\/2025\/07\/Bostoen_Kijkappartement_Residentie_Fiori_Ardooie_Leefruimte-23-300x225.jpg 300w, https:\/\/www.bostoen.be\/uploads\/2025\/07\/Bostoen_Kijkappartement_Residentie_Fiori_Ardooie_Leefruimte-23-1024x768.jpg 1024w, https:\/\/www.bostoen.be\/uploads\/2025\/07\/Bostoen_Kijkappartement_Residentie_Fiori_Ardooie_Leefruimte-23-768x576.jpg 768w, https:\/\/www.bostoen.be\/uploads\/2025\/07\/Bostoen_Kijkappartement_Residentie_Fiori_Ardooie_Leefruimte-23.jpg 1200w\" width=\"1200\" height=\"900\" loading=\"lazy\" fetchpriority=\"low\" class=\"w-full !h-full  object-cover\"\n>\n                                                    <div class=\"absolute inset-0 bg-black\/25  flex flex-col items-center justify-center text-white text-lg font-semibold flex-wrap\">\n                        <div class=\"text-4xl\">+8<\/div>\n                        <div>voir toutes les photos<\/div>\n                    <\/div>\n                                            <\/a>\n                    <a\n                data-fancybox=\"gallery-36536\"\n                href=\"https:\/\/www.bostoen.be\/uploads\/2025\/07\/Bostoen_Kijkappartement_Residentie_Fiori_Ardooie_Leefruimte-25.jpg\"\n                data-index=\"4\"\n                class=\"relative group col-span-1 row-span-1 hidden\"\n            >\n                                    <img decoding=\"async\"\n    src=\"https:\/\/www.bostoen.be\/uploads\/2025\/07\/Bostoen_Kijkappartement_Residentie_Fiori_Ardooie_Leefruimte-25.jpg\" alt=\"\" srcset=\"https:\/\/www.bostoen.be\/uploads\/2025\/07\/Bostoen_Kijkappartement_Residentie_Fiori_Ardooie_Leefruimte-25-300x225.jpg 300w, https:\/\/www.bostoen.be\/uploads\/2025\/07\/Bostoen_Kijkappartement_Residentie_Fiori_Ardooie_Leefruimte-25-1024x768.jpg 1024w, https:\/\/www.bostoen.be\/uploads\/2025\/07\/Bostoen_Kijkappartement_Residentie_Fiori_Ardooie_Leefruimte-25-768x576.jpg 768w, https:\/\/www.bostoen.be\/uploads\/2025\/07\/Bostoen_Kijkappartement_Residentie_Fiori_Ardooie_Leefruimte-25.jpg 1400w\" width=\"1400\" height=\"1050\" loading=\"lazy\" fetchpriority=\"low\" class=\"w-full !h-full  object-cover\"\n>\n                                                            <\/a>\n                    <a\n                data-fancybox=\"gallery-36536\"\n                href=\"https:\/\/www.bostoen.be\/uploads\/2025\/07\/Bostoen_Kijkappartement_Residentie_Fiori_Ardooie_Terras-1.jpg\"\n                data-index=\"5\"\n                class=\"relative group col-span-1 row-span-1 hidden\"\n            >\n                                    <img decoding=\"async\"\n    src=\"https:\/\/www.bostoen.be\/uploads\/2025\/07\/Bostoen_Kijkappartement_Residentie_Fiori_Ardooie_Terras-1.jpg\" alt=\"\" srcset=\"https:\/\/www.bostoen.be\/uploads\/2025\/07\/Bostoen_Kijkappartement_Residentie_Fiori_Ardooie_Terras-1-300x225.jpg 300w, https:\/\/www.bostoen.be\/uploads\/2025\/07\/Bostoen_Kijkappartement_Residentie_Fiori_Ardooie_Terras-1-768x576.jpg 768w, https:\/\/www.bostoen.be\/uploads\/2025\/07\/Bostoen_Kijkappartement_Residentie_Fiori_Ardooie_Terras-1.jpg 1000w\" width=\"1000\" height=\"750\" loading=\"lazy\" fetchpriority=\"low\" class=\"w-full !h-full  object-cover\"\n>\n                                                            <\/a>\n                    <a\n                data-fancybox=\"gallery-36536\"\n                href=\"https:\/\/www.bostoen.be\/uploads\/2025\/07\/Bostoen_Kijkappartement_Residentie_Fiori_Ardooie_Terras-5.jpg\"\n                data-index=\"6\"\n                class=\"relative group col-span-1 row-span-1 hidden\"\n            >\n                                    <img decoding=\"async\"\n    src=\"https:\/\/www.bostoen.be\/uploads\/2025\/07\/Bostoen_Kijkappartement_Residentie_Fiori_Ardooie_Terras-5.jpg\" alt=\"\" srcset=\"https:\/\/www.bostoen.be\/uploads\/2025\/07\/Bostoen_Kijkappartement_Residentie_Fiori_Ardooie_Terras-5-300x225.jpg 300w, https:\/\/www.bostoen.be\/uploads\/2025\/07\/Bostoen_Kijkappartement_Residentie_Fiori_Ardooie_Terras-5-768x576.jpg 768w, https:\/\/www.bostoen.be\/uploads\/2025\/07\/Bostoen_Kijkappartement_Residentie_Fiori_Ardooie_Terras-5.jpg 1000w\" width=\"1000\" height=\"750\" loading=\"lazy\" fetchpriority=\"low\" class=\"w-full !h-full  object-cover\"\n>\n                                                            <\/a>\n                    <a\n                data-fancybox=\"gallery-36536\"\n                href=\"https:\/\/www.bostoen.be\/uploads\/2025\/07\/Bostoen_Kijkappartement_Residentie_Fiori_Ardooie_Terras-7.jpg\"\n                data-index=\"7\"\n                class=\"relative group col-span-1 row-span-1 hidden\"\n            >\n                                    <img decoding=\"async\"\n    src=\"https:\/\/www.bostoen.be\/uploads\/2025\/07\/Bostoen_Kijkappartement_Residentie_Fiori_Ardooie_Terras-7.jpg\" alt=\"\" srcset=\"https:\/\/www.bostoen.be\/uploads\/2025\/07\/Bostoen_Kijkappartement_Residentie_Fiori_Ardooie_Terras-7-300x225.jpg 300w, https:\/\/www.bostoen.be\/uploads\/2025\/07\/Bostoen_Kijkappartement_Residentie_Fiori_Ardooie_Terras-7-768x576.jpg 768w, https:\/\/www.bostoen.be\/uploads\/2025\/07\/Bostoen_Kijkappartement_Residentie_Fiori_Ardooie_Terras-7.jpg 1000w\" width=\"1000\" height=\"750\" loading=\"lazy\" fetchpriority=\"low\" class=\"w-full !h-full  object-cover\"\n>\n                                                            <\/a>\n                    <a\n                data-fancybox=\"gallery-36536\"\n                href=\"https:\/\/www.bostoen.be\/uploads\/2025\/07\/Bostoen_Kijkappartement_Residentie_Fiori_Ardooie_Badkamer-1.jpg\"\n                data-index=\"8\"\n                class=\"relative group col-span-1 row-span-1 hidden\"\n            >\n                                    <img decoding=\"async\"\n    src=\"https:\/\/www.bostoen.be\/uploads\/2025\/07\/Bostoen_Kijkappartement_Residentie_Fiori_Ardooie_Badkamer-1.jpg\" alt=\"Bostoen Nieuwbouw Moderne appartementen Ardooie Residentie Fiori Badkamer Kijkappartement\" srcset=\"https:\/\/www.bostoen.be\/uploads\/2025\/07\/Bostoen_Kijkappartement_Residentie_Fiori_Ardooie_Badkamer-1-300x225.jpg 300w, https:\/\/www.bostoen.be\/uploads\/2025\/07\/Bostoen_Kijkappartement_Residentie_Fiori_Ardooie_Badkamer-1-1024x768.jpg 1024w, https:\/\/www.bostoen.be\/uploads\/2025\/07\/Bostoen_Kijkappartement_Residentie_Fiori_Ardooie_Badkamer-1-768x576.jpg 768w, https:\/\/www.bostoen.be\/uploads\/2025\/07\/Bostoen_Kijkappartement_Residentie_Fiori_Ardooie_Badkamer-1.jpg 1200w\" width=\"1200\" height=\"900\" loading=\"lazy\" fetchpriority=\"low\" class=\"w-full !h-full  object-cover\"\n>\n                                                            <\/a>\n                    <a\n                data-fancybox=\"gallery-36536\"\n                href=\"https:\/\/www.bostoen.be\/uploads\/2025\/07\/Residentie-Fiori-1.jpg\"\n                data-index=\"9\"\n                class=\"relative group col-span-1 row-span-1 hidden\"\n            >\n                                    <img decoding=\"async\"\n    src=\"https:\/\/www.bostoen.be\/uploads\/2025\/07\/Residentie-Fiori-1.jpg\" alt=\"Bostoen Fiori Nieuwbouwappartementen in Ardooie Kijkappartement\" srcset=\"https:\/\/www.bostoen.be\/uploads\/2025\/07\/Residentie-Fiori-1-300x225.jpg 300w, https:\/\/www.bostoen.be\/uploads\/2025\/07\/Residentie-Fiori-1-1024x768.jpg 1024w, https:\/\/www.bostoen.be\/uploads\/2025\/07\/Residentie-Fiori-1-768x576.jpg 768w, https:\/\/www.bostoen.be\/uploads\/2025\/07\/Residentie-Fiori-1-1536x1152.jpg 1536w, https:\/\/www.bostoen.be\/uploads\/2025\/07\/Residentie-Fiori-1.jpg 2000w\" width=\"2000\" height=\"1500\" loading=\"lazy\" fetchpriority=\"low\" class=\"w-full !h-full  object-cover\"\n>\n                                                            <\/a>\n                    <a\n                data-fancybox=\"gallery-36536\"\n                href=\"https:\/\/www.bostoen.be\/uploads\/2025\/07\/Residentie-Fiori-3.jpg\"\n                data-index=\"10\"\n                class=\"relative group col-span-1 row-span-1 hidden\"\n            >\n                                    <img decoding=\"async\"\n    src=\"https:\/\/www.bostoen.be\/uploads\/2025\/07\/Residentie-Fiori-3.jpg\" alt=\"Bostoen Fiori Nieuwbouwappartementen in Ardooie Kijkappartement\" srcset=\"https:\/\/www.bostoen.be\/uploads\/2025\/07\/Residentie-Fiori-3-300x225.jpg 300w, https:\/\/www.bostoen.be\/uploads\/2025\/07\/Residentie-Fiori-3-1024x768.jpg 1024w, https:\/\/www.bostoen.be\/uploads\/2025\/07\/Residentie-Fiori-3-768x576.jpg 768w, https:\/\/www.bostoen.be\/uploads\/2025\/07\/Residentie-Fiori-3-1536x1152.jpg 1536w, https:\/\/www.bostoen.be\/uploads\/2025\/07\/Residentie-Fiori-3.jpg 2000w\" width=\"2000\" height=\"1500\" loading=\"lazy\" fetchpriority=\"low\" class=\"w-full !h-full  object-cover\"\n>\n                                                            <\/a>\n                    <a\n                data-fancybox=\"gallery-36536\"\n                href=\"https:\/\/www.bostoen.be\/uploads\/2025\/07\/Bostoen_Kijkappartement_Residentie_Fiori_Ardooie_Slaapkamer2-2.jpg\"\n                data-index=\"11\"\n                class=\"relative group col-span-1 row-span-1 hidden\"\n            >\n                                    <img decoding=\"async\"\n    src=\"https:\/\/www.bostoen.be\/uploads\/2025\/07\/Bostoen_Kijkappartement_Residentie_Fiori_Ardooie_Slaapkamer2-2.jpg\" alt=\"Bostoen Nieuwbouw Moderne appartementen Ardooie Residentie Fiori Slaapkamer Kijkappartement\" srcset=\"https:\/\/www.bostoen.be\/uploads\/2025\/07\/Bostoen_Kijkappartement_Residentie_Fiori_Ardooie_Slaapkamer2-2-300x225.jpg 300w, https:\/\/www.bostoen.be\/uploads\/2025\/07\/Bostoen_Kijkappartement_Residentie_Fiori_Ardooie_Slaapkamer2-2-1024x768.jpg 1024w, https:\/\/www.bostoen.be\/uploads\/2025\/07\/Bostoen_Kijkappartement_Residentie_Fiori_Ardooie_Slaapkamer2-2-768x576.jpg 768w, https:\/\/www.bostoen.be\/uploads\/2025\/07\/Bostoen_Kijkappartement_Residentie_Fiori_Ardooie_Slaapkamer2-2.jpg 1100w\" width=\"1100\" height=\"825\" loading=\"lazy\" fetchpriority=\"low\" class=\"w-full !h-full  object-cover\"\n>\n                                                            <\/a>\n            <\/div>\n        <\/div>\n    <\/div>\n\n                <\/div>\n            <\/div>\n                    <div class=\"bg-gray-75\">\n                <div class=\"container\">\n                    <div class=\"grid lg:grid-cols-2 wp-block-model-block pb-16 pt-16\">\n        <div class=\"flex flex-col justify-center gap-2 mb-4 lg:mb-0 lg:order-2 lg:ms-16\">\n            <div class=\"text-xl font-bold font-condensed flex gap-2 items-center\">\n                <span class=\"!text-primary-500\"><svg xmlns=\"http:\/\/www.w3.org\/2000\/svg\" viewBox=\"0 0 384 512\" class=\"svg-inline--fa  fas fa-map-marker-alt\" role=\"img\" aria-hidden=\"true\" style=\"color:currentColor\"><!-- Font Awesome Pro 5.15.3 by @fontawesome - https:\/\/fontawesome.com License - https:\/\/fontawesome.com\/license (Commercial License) --><path d=\"M172.268 501.67C26.97 291.031 0 269.413 0 192 0 85.961 85.961 0 192 0s192 85.961 192 192c0 77.413-26.97 99.031-172.268 309.67-9.535 13.774-29.93 13.773-39.464 0zM192 272c44.183 0 80-35.817 80-80s-35.817-80-80-80-80 35.817-80 80 35.817 80 80 80z\" fill=\"currentColor\"><\/path><\/svg>\n<\/span>\n                <span class=\"text-gray-500\">Kijkappartement: Nieuwpoortsesteenweg 138, Oostende<\/span>\n            <\/div>\n            <h2 class=\"font-bold font-condensed text-3xl md:text-4xl mb-2\">\n                            Kijkappartement in Oostende\n                            <\/h2>\n                                        <div class=\"wysiwyg wysiwyg-usps mb-4\"><ul>\n<li>Gelijkvloers appartement met 1 slaapkamer<\/li>\n<li>Badkamer met dubbele lavabo en douche<\/li>\n<li>Stijlvolle leefruimte met grote raampartijen<\/li>\n<li>Warmtepomp, vloerverwarming, ventilatie D en zonnepanelen<\/li>\n<li>Op 500 meter van het strand<\/li>\n<\/ul>\n<\/div>\n                                        <div class=\"flex flex-col !w-max\">\n                    <a\n            class=\"group font-condensed inline-flex items-center py-1 px-12 rounded-md transition-colors duration-200 cursor-pointer no-underline font-condensed !text-white hover:!text-white bg-primary-500 hover:bg-primary-400 font-bold\"\n                    href=\"https:\/\/www.bostoen.be\/fr\/appartements\/oostende\/minne\/#contact-form\"\n                                >\n            \n            Prenez rendez-vous\n\n                    <\/a>\n                    <a\n                        href=\"https:\/\/www.bostoen.be\/fr\/appartements\/oostende\/minne\/\"\n                        class=\"w-full inline-block text-center px-6 underline hover:no-underline flex-1 !decoration-black\"\n                    >\n                        Ou d\u00e9couvrez ce projet\n                    <\/a>\n                <\/div>\n                    <\/div>\n\n        <div class=\"lg:order-1\">\n            <div class=\"grid grid-cols-2 gap-1 auto-rows-[8rem] md:auto-rows-[10rem] mt-4 md:grid-cols-3\">\n                    <a\n                data-fancybox=\"gallery-37888\"\n                href=\"https:\/\/www.bostoen.be\/uploads\/2025\/12\/Minne-Oostende-12.jpg\"\n                data-index=\"0\"\n                class=\"relative group col-span-2 row-span-2 md:col-span-3 block\"\n            >\n                                    <img decoding=\"async\"\n    src=\"https:\/\/www.bostoen.be\/uploads\/2025\/12\/Minne-Oostende-12.jpg\" alt=\"\" srcset=\"https:\/\/www.bostoen.be\/uploads\/2025\/12\/Minne-Oostende-12-300x200.jpg 300w, https:\/\/www.bostoen.be\/uploads\/2025\/12\/Minne-Oostende-12-1024x683.jpg 1024w, https:\/\/www.bostoen.be\/uploads\/2025\/12\/Minne-Oostende-12-768x512.jpg 768w, https:\/\/www.bostoen.be\/uploads\/2025\/12\/Minne-Oostende-12-1536x1024.jpg 1536w, https:\/\/www.bostoen.be\/uploads\/2025\/12\/Minne-Oostende-12-2048x1366.jpg 2048w\" width=\"2200\" height=\"1467\" loading=\"lazy\" fetchpriority=\"low\" class=\"w-full !h-full  object-cover\"\n>\n                                                            <\/a>\n                    <a\n                data-fancybox=\"gallery-37888\"\n                href=\"https:\/\/www.bostoen.be\/uploads\/2025\/12\/Minne-Oostende-4.jpg\"\n                data-index=\"1\"\n                class=\"relative group col-span-1 row-span-1 block\"\n            >\n                                    <img decoding=\"async\"\n    src=\"https:\/\/www.bostoen.be\/uploads\/2025\/12\/Minne-Oostende-4.jpg\" alt=\"\" srcset=\"https:\/\/www.bostoen.be\/uploads\/2025\/12\/Minne-Oostende-4-300x200.jpg 300w, https:\/\/www.bostoen.be\/uploads\/2025\/12\/Minne-Oostende-4-1024x683.jpg 1024w, https:\/\/www.bostoen.be\/uploads\/2025\/12\/Minne-Oostende-4-768x512.jpg 768w, https:\/\/www.bostoen.be\/uploads\/2025\/12\/Minne-Oostende-4-1536x1024.jpg 1536w, https:\/\/www.bostoen.be\/uploads\/2025\/12\/Minne-Oostende-4-2048x1366.jpg 2048w\" width=\"2200\" height=\"1467\" loading=\"lazy\" fetchpriority=\"low\" class=\"w-full !h-full  object-cover\"\n>\n                                                            <\/a>\n                    <a\n                data-fancybox=\"gallery-37888\"\n                href=\"https:\/\/www.bostoen.be\/uploads\/2025\/12\/Minne-Oostende-8.jpg\"\n                data-index=\"2\"\n                class=\"relative group col-span-1 row-span-1 block\"\n            >\n                                    <img decoding=\"async\"\n    src=\"https:\/\/www.bostoen.be\/uploads\/2025\/12\/Minne-Oostende-8.jpg\" alt=\"\" srcset=\"https:\/\/www.bostoen.be\/uploads\/2025\/12\/Minne-Oostende-8-200x300.jpg 200w, https:\/\/www.bostoen.be\/uploads\/2025\/12\/Minne-Oostende-8-683x1024.jpg 683w, https:\/\/www.bostoen.be\/uploads\/2025\/12\/Minne-Oostende-8-768x1152.jpg 768w, https:\/\/www.bostoen.be\/uploads\/2025\/12\/Minne-Oostende-8-1024x1536.jpg 1024w, https:\/\/www.bostoen.be\/uploads\/2025\/12\/Minne-Oostende-8.jpg 1200w\" width=\"1200\" height=\"1800\" loading=\"lazy\" fetchpriority=\"low\" class=\"w-full !h-full  object-cover\"\n>\n                                                                    <div class=\"absolute inset-0 bg-black\/25  flex flex-col items-center justify-center text-white text-lg font-semibold flex-wrap md:hidden\">\n                        <div class=\"text-3xl\">+10<\/div>\n                        <div class=\"text-sm\">voir toutes les photos<\/div>\n                    <\/div>\n                            <\/a>\n                    <a\n                data-fancybox=\"gallery-37888\"\n                href=\"https:\/\/www.bostoen.be\/uploads\/2025\/12\/Minne-Oostende-14.jpg\"\n                data-index=\"3\"\n                class=\"relative group col-span-1 row-span-1 block hidden md:block\"\n            >\n                                    <img decoding=\"async\"\n    src=\"https:\/\/www.bostoen.be\/uploads\/2025\/12\/Minne-Oostende-14.jpg\" alt=\"\" srcset=\"https:\/\/www.bostoen.be\/uploads\/2025\/12\/Minne-Oostende-14-200x300.jpg 200w, https:\/\/www.bostoen.be\/uploads\/2025\/12\/Minne-Oostende-14-683x1024.jpg 683w, https:\/\/www.bostoen.be\/uploads\/2025\/12\/Minne-Oostende-14-768x1152.jpg 768w, https:\/\/www.bostoen.be\/uploads\/2025\/12\/Minne-Oostende-14-1024x1536.jpg 1024w, https:\/\/www.bostoen.be\/uploads\/2025\/12\/Minne-Oostende-14.jpg 1200w\" width=\"1200\" height=\"1800\" loading=\"lazy\" fetchpriority=\"low\" class=\"w-full !h-full  object-cover\"\n>\n                                                    <div class=\"absolute inset-0 bg-black\/25  flex flex-col items-center justify-center text-white text-lg font-semibold flex-wrap\">\n                        <div class=\"text-4xl\">+9<\/div>\n                        <div>voir toutes les photos<\/div>\n                    <\/div>\n                                            <\/a>\n                    <a\n                data-fancybox=\"gallery-37888\"\n                href=\"https:\/\/www.bostoen.be\/uploads\/2025\/12\/Minne-Oostende-10.jpg\"\n                data-index=\"4\"\n                class=\"relative group col-span-1 row-span-1 hidden\"\n            >\n                                    <img decoding=\"async\"\n    src=\"https:\/\/www.bostoen.be\/uploads\/2025\/12\/Minne-Oostende-10.jpg\" alt=\"\" srcset=\"https:\/\/www.bostoen.be\/uploads\/2025\/12\/Minne-Oostende-10-300x200.jpg 300w, https:\/\/www.bostoen.be\/uploads\/2025\/12\/Minne-Oostende-10-1024x683.jpg 1024w, https:\/\/www.bostoen.be\/uploads\/2025\/12\/Minne-Oostende-10-768x512.jpg 768w, https:\/\/www.bostoen.be\/uploads\/2025\/12\/Minne-Oostende-10-1536x1024.jpg 1536w, https:\/\/www.bostoen.be\/uploads\/2025\/12\/Minne-Oostende-10-2048x1366.jpg 2048w\" width=\"2200\" height=\"1467\" loading=\"lazy\" fetchpriority=\"low\" class=\"w-full !h-full  object-cover\"\n>\n                                                            <\/a>\n                    <a\n                data-fancybox=\"gallery-37888\"\n                href=\"https:\/\/www.bostoen.be\/uploads\/2025\/12\/Minne-Oostende-18.jpg\"\n                data-index=\"5\"\n                class=\"relative group col-span-1 row-span-1 hidden\"\n            >\n                                    <img decoding=\"async\"\n    src=\"https:\/\/www.bostoen.be\/uploads\/2025\/12\/Minne-Oostende-18.jpg\" alt=\"\" srcset=\"https:\/\/www.bostoen.be\/uploads\/2025\/12\/Minne-Oostende-18-200x300.jpg 200w, https:\/\/www.bostoen.be\/uploads\/2025\/12\/Minne-Oostende-18-683x1024.jpg 683w, https:\/\/www.bostoen.be\/uploads\/2025\/12\/Minne-Oostende-18-768x1152.jpg 768w, https:\/\/www.bostoen.be\/uploads\/2025\/12\/Minne-Oostende-18-1024x1536.jpg 1024w, https:\/\/www.bostoen.be\/uploads\/2025\/12\/Minne-Oostende-18.jpg 1200w\" width=\"1200\" height=\"1800\" loading=\"lazy\" fetchpriority=\"low\" class=\"w-full !h-full  object-cover\"\n>\n                                                            <\/a>\n                    <a\n                data-fancybox=\"gallery-37888\"\n                href=\"https:\/\/www.bostoen.be\/uploads\/2025\/12\/Minne-Oostende-17.jpg\"\n                data-index=\"6\"\n                class=\"relative group col-span-1 row-span-1 hidden\"\n            >\n                                    <img decoding=\"async\"\n    src=\"https:\/\/www.bostoen.be\/uploads\/2025\/12\/Minne-Oostende-17.jpg\" alt=\"\" srcset=\"https:\/\/www.bostoen.be\/uploads\/2025\/12\/Minne-Oostende-17-300x200.jpg 300w, https:\/\/www.bostoen.be\/uploads\/2025\/12\/Minne-Oostende-17-1024x683.jpg 1024w, https:\/\/www.bostoen.be\/uploads\/2025\/12\/Minne-Oostende-17-768x512.jpg 768w, https:\/\/www.bostoen.be\/uploads\/2025\/12\/Minne-Oostende-17-1536x1024.jpg 1536w, https:\/\/www.bostoen.be\/uploads\/2025\/12\/Minne-Oostende-17-2048x1366.jpg 2048w\" width=\"2200\" height=\"1467\" loading=\"lazy\" fetchpriority=\"low\" class=\"w-full !h-full  object-cover\"\n>\n                                                            <\/a>\n                    <a\n                data-fancybox=\"gallery-37888\"\n                href=\"https:\/\/www.bostoen.be\/uploads\/2025\/12\/Minne-Oostende-22.jpg\"\n                data-index=\"7\"\n                class=\"relative group col-span-1 row-span-1 hidden\"\n            >\n                                    <img decoding=\"async\"\n    src=\"https:\/\/www.bostoen.be\/uploads\/2025\/12\/Minne-Oostende-22.jpg\" alt=\"\" srcset=\"https:\/\/www.bostoen.be\/uploads\/2025\/12\/Minne-Oostende-22-200x300.jpg 200w, https:\/\/www.bostoen.be\/uploads\/2025\/12\/Minne-Oostende-22-683x1024.jpg 683w, https:\/\/www.bostoen.be\/uploads\/2025\/12\/Minne-Oostende-22-768x1152.jpg 768w, https:\/\/www.bostoen.be\/uploads\/2025\/12\/Minne-Oostende-22-1024x1536.jpg 1024w, https:\/\/www.bostoen.be\/uploads\/2025\/12\/Minne-Oostende-22.jpg 1200w\" width=\"1200\" height=\"1800\" loading=\"lazy\" fetchpriority=\"low\" class=\"w-full !h-full  object-cover\"\n>\n                                                            <\/a>\n                    <a\n                data-fancybox=\"gallery-37888\"\n                href=\"https:\/\/www.bostoen.be\/uploads\/2025\/12\/Minne-Oostende-24.jpg\"\n                data-index=\"8\"\n                class=\"relative group col-span-1 row-span-1 hidden\"\n            >\n                                    <img decoding=\"async\"\n    src=\"https:\/\/www.bostoen.be\/uploads\/2025\/12\/Minne-Oostende-24.jpg\" alt=\"\" srcset=\"https:\/\/www.bostoen.be\/uploads\/2025\/12\/Minne-Oostende-24-200x300.jpg 200w, https:\/\/www.bostoen.be\/uploads\/2025\/12\/Minne-Oostende-24-683x1024.jpg 683w, https:\/\/www.bostoen.be\/uploads\/2025\/12\/Minne-Oostende-24-768x1152.jpg 768w, https:\/\/www.bostoen.be\/uploads\/2025\/12\/Minne-Oostende-24-1024x1536.jpg 1024w, https:\/\/www.bostoen.be\/uploads\/2025\/12\/Minne-Oostende-24.jpg 1200w\" width=\"1200\" height=\"1800\" loading=\"lazy\" fetchpriority=\"low\" class=\"w-full !h-full  object-cover\"\n>\n                                                            <\/a>\n                    <a\n                data-fancybox=\"gallery-37888\"\n                href=\"https:\/\/www.bostoen.be\/uploads\/2025\/12\/Minne-Oostende-25.jpg\"\n                data-index=\"9\"\n                class=\"relative group col-span-1 row-span-1 hidden\"\n            >\n                                    <img decoding=\"async\"\n    src=\"https:\/\/www.bostoen.be\/uploads\/2025\/12\/Minne-Oostende-25.jpg\" alt=\"\" srcset=\"https:\/\/www.bostoen.be\/uploads\/2025\/12\/Minne-Oostende-25-200x300.jpg 200w, https:\/\/www.bostoen.be\/uploads\/2025\/12\/Minne-Oostende-25-683x1024.jpg 683w, https:\/\/www.bostoen.be\/uploads\/2025\/12\/Minne-Oostende-25-768x1152.jpg 768w, https:\/\/www.bostoen.be\/uploads\/2025\/12\/Minne-Oostende-25-1024x1536.jpg 1024w, https:\/\/www.bostoen.be\/uploads\/2025\/12\/Minne-Oostende-25.jpg 1200w\" width=\"1200\" height=\"1800\" loading=\"lazy\" fetchpriority=\"low\" class=\"w-full !h-full  object-cover\"\n>\n                                                            <\/a>\n                    <a\n                data-fancybox=\"gallery-37888\"\n                href=\"https:\/\/www.bostoen.be\/uploads\/2025\/12\/Minne-Oostende-26-scaled.jpg\"\n                data-index=\"10\"\n                class=\"relative group col-span-1 row-span-1 hidden\"\n            >\n                                    <img decoding=\"async\"\n    src=\"https:\/\/www.bostoen.be\/uploads\/2025\/12\/Minne-Oostende-26-scaled.jpg\" alt=\"\" srcset=\"https:\/\/www.bostoen.be\/uploads\/2025\/12\/Minne-Oostende-26-200x300.jpg 200w, https:\/\/www.bostoen.be\/uploads\/2025\/12\/Minne-Oostende-26-683x1024.jpg 683w, https:\/\/www.bostoen.be\/uploads\/2025\/12\/Minne-Oostende-26-768x1152.jpg 768w, https:\/\/www.bostoen.be\/uploads\/2025\/12\/Minne-Oostende-26-1024x1536.jpg 1024w, https:\/\/www.bostoen.be\/uploads\/2025\/12\/Minne-Oostende-26-1365x2048.jpg 1365w, https:\/\/www.bostoen.be\/uploads\/2025\/12\/Minne-Oostende-26-scaled.jpg 1707w\" width=\"1707\" height=\"2560\" loading=\"lazy\" fetchpriority=\"low\" class=\"w-full !h-full  object-cover\"\n>\n                                                            <\/a>\n                    <a\n                data-fancybox=\"gallery-37888\"\n                href=\"https:\/\/www.bostoen.be\/uploads\/2025\/12\/Minne-Oostende-28.jpg\"\n                data-index=\"11\"\n                class=\"relative group col-span-1 row-span-1 hidden\"\n            >\n                                    <img decoding=\"async\"\n    src=\"https:\/\/www.bostoen.be\/uploads\/2025\/12\/Minne-Oostende-28.jpg\" alt=\"\" srcset=\"https:\/\/www.bostoen.be\/uploads\/2025\/12\/Minne-Oostende-28-169x300.jpg 169w, https:\/\/www.bostoen.be\/uploads\/2025\/12\/Minne-Oostende-28-576x1024.jpg 576w, https:\/\/www.bostoen.be\/uploads\/2025\/12\/Minne-Oostende-28-768x1365.jpg 768w, https:\/\/www.bostoen.be\/uploads\/2025\/12\/Minne-Oostende-28-864x1536.jpg 864w, https:\/\/www.bostoen.be\/uploads\/2025\/12\/Minne-Oostende-28-1152x2048.jpg 1152w, https:\/\/www.bostoen.be\/uploads\/2025\/12\/Minne-Oostende-28.jpg 1200w\" width=\"1200\" height=\"2133\" loading=\"lazy\" fetchpriority=\"low\" class=\"w-full !h-full  object-cover\"\n>\n                                                            <\/a>\n                    <a\n                data-fancybox=\"gallery-37888\"\n                href=\"https:\/\/www.bostoen.be\/uploads\/2025\/12\/Minne-Oostende-33.jpg\"\n                data-index=\"12\"\n                class=\"relative group col-span-1 row-span-1 hidden\"\n            >\n                                    <img decoding=\"async\"\n    src=\"https:\/\/www.bostoen.be\/uploads\/2025\/12\/Minne-Oostende-33.jpg\" alt=\"\" srcset=\"https:\/\/www.bostoen.be\/uploads\/2025\/12\/Minne-Oostende-33-300x200.jpg 300w, https:\/\/www.bostoen.be\/uploads\/2025\/12\/Minne-Oostende-33-1024x683.jpg 1024w, https:\/\/www.bostoen.be\/uploads\/2025\/12\/Minne-Oostende-33-768x512.jpg 768w, https:\/\/www.bostoen.be\/uploads\/2025\/12\/Minne-Oostende-33-1536x1024.jpg 1536w, https:\/\/www.bostoen.be\/uploads\/2025\/12\/Minne-Oostende-33-2048x1366.jpg 2048w\" width=\"2200\" height=\"1467\" loading=\"lazy\" fetchpriority=\"low\" class=\"w-full !h-full  object-cover\"\n>\n                                                            <\/a>\n            <\/div>\n        <\/div>\n    <\/div>\n\n                <\/div>\n            <\/div>\n                    <div class=\"\">\n                <div class=\"container\">\n                    <div class=\"grid lg:grid-cols-2 wp-block-model-block pb-16 pt-16\">\n        <div class=\"flex flex-col justify-center gap-2 mb-4 lg:mb-0 lg:order-1 lg:me-16\">\n            <div class=\"text-xl font-bold font-condensed flex gap-2 items-center\">\n                <span class=\"!text-primary-500\"><svg xmlns=\"http:\/\/www.w3.org\/2000\/svg\" viewBox=\"0 0 384 512\" class=\"svg-inline--fa  fas fa-map-marker-alt\" role=\"img\" aria-hidden=\"true\" style=\"color:currentColor\"><!-- Font Awesome Pro 5.15.3 by @fontawesome - https:\/\/fontawesome.com License - https:\/\/fontawesome.com\/license (Commercial License) --><path d=\"M172.268 501.67C26.97 291.031 0 269.413 0 192 0 85.961 85.961 0 192 0s192 85.961 192 192c0 77.413-26.97 99.031-172.268 309.67-9.535 13.774-29.93 13.773-39.464 0zM192 272c44.183 0 80-35.817 80-80s-35.817-80-80-80-80 35.817-80 80 35.817 80 80 80z\" fill=\"currentColor\"><\/path><\/svg>\n<\/span>\n                <span class=\"text-gray-500\">Appartement t\u00e9moin: Nieuwpoortsesteenweg 138, Ostende<\/span>\n            <\/div>\n            <h2 class=\"font-bold font-condensed text-3xl md:text-4xl mb-2\">\n                            Appartement t\u00e9moin \u00e0 Ostende\n                            <\/h2>\n                                        <div class=\"wysiwyg wysiwyg-usps mb-4\"><ul>\n<li>Appartement au rez-de-chauss\u00e9e avec 1 chambre<\/li>\n<li>Salle de bains avec double lavabo et douche<\/li>\n<li>Espace de vie \u00e9l\u00e9gant avec de grandes baies vitr\u00e9es<\/li>\n<li>Pompe \u00e0 chaleur, chauffage au sol, ventilation type D et panneaux solaires<\/li>\n<li>\u00c0 500 m\u00e8tres de la plage<\/li>\n<\/ul>\n<\/div>\n                                        <div class=\"flex flex-col !w-max\">\n                    <a\n            class=\"group font-condensed inline-flex items-center py-1 px-12 rounded-md transition-colors duration-200 cursor-pointer no-underline font-condensed !text-white hover:!text-white bg-primary-500 hover:bg-primary-400 font-bold\"\n                    href=\"https:\/\/www.bostoen.be\/fr\/appartements\/oostende\/minne\/#contact-form\"\n                                >\n            \n            Prenez rendez-vous\n\n                    <\/a>\n                    <a\n                        href=\"https:\/\/www.bostoen.be\/fr\/appartements\/oostende\/minne\/\"\n                        class=\"w-full inline-block text-center px-6 underline hover:no-underline flex-1 !decoration-black\"\n                    >\n                        Ou d\u00e9couvrez ce projet\n                    <\/a>\n                <\/div>\n                    <\/div>\n\n        <div class=\"lg:order-2\">\n            <div class=\"grid grid-cols-2 gap-1 auto-rows-[8rem] md:auto-rows-[10rem] mt-4 md:grid-cols-3\">\n                    <a\n                data-fancybox=\"gallery-113363\"\n                href=\"https:\/\/www.bostoen.be\/uploads\/2025\/12\/Minne-Oostende-12.jpg\"\n                data-index=\"0\"\n                class=\"relative group col-span-2 row-span-2 md:col-span-3 block\"\n            >\n                                    <img decoding=\"async\"\n    src=\"https:\/\/www.bostoen.be\/uploads\/2025\/12\/Minne-Oostende-12.jpg\" alt=\"\" srcset=\"https:\/\/www.bostoen.be\/uploads\/2025\/12\/Minne-Oostende-12-300x200.jpg 300w, https:\/\/www.bostoen.be\/uploads\/2025\/12\/Minne-Oostende-12-1024x683.jpg 1024w, https:\/\/www.bostoen.be\/uploads\/2025\/12\/Minne-Oostende-12-768x512.jpg 768w, https:\/\/www.bostoen.be\/uploads\/2025\/12\/Minne-Oostende-12-1536x1024.jpg 1536w, https:\/\/www.bostoen.be\/uploads\/2025\/12\/Minne-Oostende-12-2048x1366.jpg 2048w\" width=\"2200\" height=\"1467\" loading=\"lazy\" fetchpriority=\"low\" class=\"w-full !h-full  object-cover\"\n>\n                                                            <\/a>\n                    <a\n                data-fancybox=\"gallery-113363\"\n                href=\"https:\/\/www.bostoen.be\/uploads\/2025\/12\/Minne-Oostende-4.jpg\"\n                data-index=\"1\"\n                class=\"relative group col-span-1 row-span-1 block\"\n            >\n                                    <img decoding=\"async\"\n    src=\"https:\/\/www.bostoen.be\/uploads\/2025\/12\/Minne-Oostende-4.jpg\" alt=\"\" srcset=\"https:\/\/www.bostoen.be\/uploads\/2025\/12\/Minne-Oostende-4-300x200.jpg 300w, https:\/\/www.bostoen.be\/uploads\/2025\/12\/Minne-Oostende-4-1024x683.jpg 1024w, https:\/\/www.bostoen.be\/uploads\/2025\/12\/Minne-Oostende-4-768x512.jpg 768w, https:\/\/www.bostoen.be\/uploads\/2025\/12\/Minne-Oostende-4-1536x1024.jpg 1536w, https:\/\/www.bostoen.be\/uploads\/2025\/12\/Minne-Oostende-4-2048x1366.jpg 2048w\" width=\"2200\" height=\"1467\" loading=\"lazy\" fetchpriority=\"low\" class=\"w-full !h-full  object-cover\"\n>\n                                                            <\/a>\n                    <a\n                data-fancybox=\"gallery-113363\"\n                href=\"https:\/\/www.bostoen.be\/uploads\/2025\/12\/Minne-Oostende-8.jpg\"\n                data-index=\"2\"\n                class=\"relative group col-span-1 row-span-1 block\"\n            >\n                                    <img decoding=\"async\"\n    src=\"https:\/\/www.bostoen.be\/uploads\/2025\/12\/Minne-Oostende-8.jpg\" alt=\"\" srcset=\"https:\/\/www.bostoen.be\/uploads\/2025\/12\/Minne-Oostende-8-200x300.jpg 200w, https:\/\/www.bostoen.be\/uploads\/2025\/12\/Minne-Oostende-8-683x1024.jpg 683w, https:\/\/www.bostoen.be\/uploads\/2025\/12\/Minne-Oostende-8-768x1152.jpg 768w, https:\/\/www.bostoen.be\/uploads\/2025\/12\/Minne-Oostende-8-1024x1536.jpg 1024w, https:\/\/www.bostoen.be\/uploads\/2025\/12\/Minne-Oostende-8.jpg 1200w\" width=\"1200\" height=\"1800\" loading=\"lazy\" fetchpriority=\"low\" class=\"w-full !h-full  object-cover\"\n>\n                                                                    <div class=\"absolute inset-0 bg-black\/25  flex flex-col items-center justify-center text-white text-lg font-semibold flex-wrap md:hidden\">\n                        <div class=\"text-3xl\">+10<\/div>\n                        <div class=\"text-sm\">voir toutes les photos<\/div>\n                    <\/div>\n                            <\/a>\n                    <a\n                data-fancybox=\"gallery-113363\"\n                href=\"https:\/\/www.bostoen.be\/uploads\/2025\/12\/Minne-Oostende-14.jpg\"\n                data-index=\"3\"\n                class=\"relative group col-span-1 row-span-1 block hidden md:block\"\n            >\n                                    <img decoding=\"async\"\n    src=\"https:\/\/www.bostoen.be\/uploads\/2025\/12\/Minne-Oostende-14.jpg\" alt=\"\" srcset=\"https:\/\/www.bostoen.be\/uploads\/2025\/12\/Minne-Oostende-14-200x300.jpg 200w, https:\/\/www.bostoen.be\/uploads\/2025\/12\/Minne-Oostende-14-683x1024.jpg 683w, https:\/\/www.bostoen.be\/uploads\/2025\/12\/Minne-Oostende-14-768x1152.jpg 768w, https:\/\/www.bostoen.be\/uploads\/2025\/12\/Minne-Oostende-14-1024x1536.jpg 1024w, https:\/\/www.bostoen.be\/uploads\/2025\/12\/Minne-Oostende-14.jpg 1200w\" width=\"1200\" height=\"1800\" loading=\"lazy\" fetchpriority=\"low\" class=\"w-full !h-full  object-cover\"\n>\n                                                    <div class=\"absolute inset-0 bg-black\/25  flex flex-col items-center justify-center text-white text-lg font-semibold flex-wrap\">\n                        <div class=\"text-4xl\">+9<\/div>\n                        <div>voir toutes les photos<\/div>\n                    <\/div>\n                                            <\/a>\n                    <a\n                data-fancybox=\"gallery-113363\"\n                href=\"https:\/\/www.bostoen.be\/uploads\/2025\/12\/Minne-Oostende-10.jpg\"\n                data-index=\"4\"\n                class=\"relative group col-span-1 row-span-1 hidden\"\n            >\n                                    <img decoding=\"async\"\n    src=\"https:\/\/www.bostoen.be\/uploads\/2025\/12\/Minne-Oostende-10.jpg\" alt=\"\" srcset=\"https:\/\/www.bostoen.be\/uploads\/2025\/12\/Minne-Oostende-10-300x200.jpg 300w, https:\/\/www.bostoen.be\/uploads\/2025\/12\/Minne-Oostende-10-1024x683.jpg 1024w, https:\/\/www.bostoen.be\/uploads\/2025\/12\/Minne-Oostende-10-768x512.jpg 768w, https:\/\/www.bostoen.be\/uploads\/2025\/12\/Minne-Oostende-10-1536x1024.jpg 1536w, https:\/\/www.bostoen.be\/uploads\/2025\/12\/Minne-Oostende-10-2048x1366.jpg 2048w\" width=\"2200\" height=\"1467\" loading=\"lazy\" fetchpriority=\"low\" class=\"w-full !h-full  object-cover\"\n>\n                                                            <\/a>\n                    <a\n                data-fancybox=\"gallery-113363\"\n                href=\"https:\/\/www.bostoen.be\/uploads\/2025\/12\/Minne-Oostende-18.jpg\"\n                data-index=\"5\"\n                class=\"relative group col-span-1 row-span-1 hidden\"\n            >\n                                    <img decoding=\"async\"\n    src=\"https:\/\/www.bostoen.be\/uploads\/2025\/12\/Minne-Oostende-18.jpg\" alt=\"\" srcset=\"https:\/\/www.bostoen.be\/uploads\/2025\/12\/Minne-Oostende-18-200x300.jpg 200w, https:\/\/www.bostoen.be\/uploads\/2025\/12\/Minne-Oostende-18-683x1024.jpg 683w, https:\/\/www.bostoen.be\/uploads\/2025\/12\/Minne-Oostende-18-768x1152.jpg 768w, https:\/\/www.bostoen.be\/uploads\/2025\/12\/Minne-Oostende-18-1024x1536.jpg 1024w, https:\/\/www.bostoen.be\/uploads\/2025\/12\/Minne-Oostende-18.jpg 1200w\" width=\"1200\" height=\"1800\" loading=\"lazy\" fetchpriority=\"low\" class=\"w-full !h-full  object-cover\"\n>\n                                                            <\/a>\n                    <a\n                data-fancybox=\"gallery-113363\"\n                href=\"https:\/\/www.bostoen.be\/uploads\/2025\/12\/Minne-Oostende-17.jpg\"\n                data-index=\"6\"\n                class=\"relative group col-span-1 row-span-1 hidden\"\n            >\n                                    <img decoding=\"async\"\n    src=\"https:\/\/www.bostoen.be\/uploads\/2025\/12\/Minne-Oostende-17.jpg\" alt=\"\" srcset=\"https:\/\/www.bostoen.be\/uploads\/2025\/12\/Minne-Oostende-17-300x200.jpg 300w, https:\/\/www.bostoen.be\/uploads\/2025\/12\/Minne-Oostende-17-1024x683.jpg 1024w, https:\/\/www.bostoen.be\/uploads\/2025\/12\/Minne-Oostende-17-768x512.jpg 768w, https:\/\/www.bostoen.be\/uploads\/2025\/12\/Minne-Oostende-17-1536x1024.jpg 1536w, https:\/\/www.bostoen.be\/uploads\/2025\/12\/Minne-Oostende-17-2048x1366.jpg 2048w\" width=\"2200\" height=\"1467\" loading=\"lazy\" fetchpriority=\"low\" class=\"w-full !h-full  object-cover\"\n>\n                                                            <\/a>\n                    <a\n                data-fancybox=\"gallery-113363\"\n                href=\"https:\/\/www.bostoen.be\/uploads\/2025\/12\/Minne-Oostende-22.jpg\"\n                data-index=\"7\"\n                class=\"relative group col-span-1 row-span-1 hidden\"\n            >\n                                    <img decoding=\"async\"\n    src=\"https:\/\/www.bostoen.be\/uploads\/2025\/12\/Minne-Oostende-22.jpg\" alt=\"\" srcset=\"https:\/\/www.bostoen.be\/uploads\/2025\/12\/Minne-Oostende-22-200x300.jpg 200w, https:\/\/www.bostoen.be\/uploads\/2025\/12\/Minne-Oostende-22-683x1024.jpg 683w, https:\/\/www.bostoen.be\/uploads\/2025\/12\/Minne-Oostende-22-768x1152.jpg 768w, https:\/\/www.bostoen.be\/uploads\/2025\/12\/Minne-Oostende-22-1024x1536.jpg 1024w, https:\/\/www.bostoen.be\/uploads\/2025\/12\/Minne-Oostende-22.jpg 1200w\" width=\"1200\" height=\"1800\" loading=\"lazy\" fetchpriority=\"low\" class=\"w-full !h-full  object-cover\"\n>\n                                                            <\/a>\n                    <a\n                data-fancybox=\"gallery-113363\"\n                href=\"https:\/\/www.bostoen.be\/uploads\/2025\/12\/Minne-Oostende-24.jpg\"\n                data-index=\"8\"\n                class=\"relative group col-span-1 row-span-1 hidden\"\n            >\n                                    <img decoding=\"async\"\n    src=\"https:\/\/www.bostoen.be\/uploads\/2025\/12\/Minne-Oostende-24.jpg\" alt=\"\" srcset=\"https:\/\/www.bostoen.be\/uploads\/2025\/12\/Minne-Oostende-24-200x300.jpg 200w, https:\/\/www.bostoen.be\/uploads\/2025\/12\/Minne-Oostende-24-683x1024.jpg 683w, https:\/\/www.bostoen.be\/uploads\/2025\/12\/Minne-Oostende-24-768x1152.jpg 768w, https:\/\/www.bostoen.be\/uploads\/2025\/12\/Minne-Oostende-24-1024x1536.jpg 1024w, https:\/\/www.bostoen.be\/uploads\/2025\/12\/Minne-Oostende-24.jpg 1200w\" width=\"1200\" height=\"1800\" loading=\"lazy\" fetchpriority=\"low\" class=\"w-full !h-full  object-cover\"\n>\n                                                            <\/a>\n                    <a\n                data-fancybox=\"gallery-113363\"\n                href=\"https:\/\/www.bostoen.be\/uploads\/2025\/12\/Minne-Oostende-25.jpg\"\n                data-index=\"9\"\n                class=\"relative group col-span-1 row-span-1 hidden\"\n            >\n                                    <img decoding=\"async\"\n    src=\"https:\/\/www.bostoen.be\/uploads\/2025\/12\/Minne-Oostende-25.jpg\" alt=\"\" srcset=\"https:\/\/www.bostoen.be\/uploads\/2025\/12\/Minne-Oostende-25-200x300.jpg 200w, https:\/\/www.bostoen.be\/uploads\/2025\/12\/Minne-Oostende-25-683x1024.jpg 683w, https:\/\/www.bostoen.be\/uploads\/2025\/12\/Minne-Oostende-25-768x1152.jpg 768w, https:\/\/www.bostoen.be\/uploads\/2025\/12\/Minne-Oostende-25-1024x1536.jpg 1024w, https:\/\/www.bostoen.be\/uploads\/2025\/12\/Minne-Oostende-25.jpg 1200w\" width=\"1200\" height=\"1800\" loading=\"lazy\" fetchpriority=\"low\" class=\"w-full !h-full  object-cover\"\n>\n                                                            <\/a>\n                    <a\n                data-fancybox=\"gallery-113363\"\n                href=\"https:\/\/www.bostoen.be\/uploads\/2025\/12\/Minne-Oostende-26-scaled.jpg\"\n                data-index=\"10\"\n                class=\"relative group col-span-1 row-span-1 hidden\"\n            >\n                                    <img decoding=\"async\"\n    src=\"https:\/\/www.bostoen.be\/uploads\/2025\/12\/Minne-Oostende-26-scaled.jpg\" alt=\"\" srcset=\"https:\/\/www.bostoen.be\/uploads\/2025\/12\/Minne-Oostende-26-200x300.jpg 200w, https:\/\/www.bostoen.be\/uploads\/2025\/12\/Minne-Oostende-26-683x1024.jpg 683w, https:\/\/www.bostoen.be\/uploads\/2025\/12\/Minne-Oostende-26-768x1152.jpg 768w, https:\/\/www.bostoen.be\/uploads\/2025\/12\/Minne-Oostende-26-1024x1536.jpg 1024w, https:\/\/www.bostoen.be\/uploads\/2025\/12\/Minne-Oostende-26-1365x2048.jpg 1365w, https:\/\/www.bostoen.be\/uploads\/2025\/12\/Minne-Oostende-26-scaled.jpg 1707w\" width=\"1707\" height=\"2560\" loading=\"lazy\" fetchpriority=\"low\" class=\"w-full !h-full  object-cover\"\n>\n                                                            <\/a>\n                    <a\n                data-fancybox=\"gallery-113363\"\n                href=\"https:\/\/www.bostoen.be\/uploads\/2025\/12\/Minne-Oostende-28.jpg\"\n                data-index=\"11\"\n                class=\"relative group col-span-1 row-span-1 hidden\"\n            >\n                                    <img decoding=\"async\"\n    src=\"https:\/\/www.bostoen.be\/uploads\/2025\/12\/Minne-Oostende-28.jpg\" alt=\"\" srcset=\"https:\/\/www.bostoen.be\/uploads\/2025\/12\/Minne-Oostende-28-169x300.jpg 169w, https:\/\/www.bostoen.be\/uploads\/2025\/12\/Minne-Oostende-28-576x1024.jpg 576w, https:\/\/www.bostoen.be\/uploads\/2025\/12\/Minne-Oostende-28-768x1365.jpg 768w, https:\/\/www.bostoen.be\/uploads\/2025\/12\/Minne-Oostende-28-864x1536.jpg 864w, https:\/\/www.bostoen.be\/uploads\/2025\/12\/Minne-Oostende-28-1152x2048.jpg 1152w, https:\/\/www.bostoen.be\/uploads\/2025\/12\/Minne-Oostende-28.jpg 1200w\" width=\"1200\" height=\"2133\" loading=\"lazy\" fetchpriority=\"low\" class=\"w-full !h-full  object-cover\"\n>\n                                                            <\/a>\n                    <a\n                data-fancybox=\"gallery-113363\"\n                href=\"https:\/\/www.bostoen.be\/uploads\/2025\/12\/Minne-Oostende-33.jpg\"\n                data-index=\"12\"\n                class=\"relative group col-span-1 row-span-1 hidden\"\n            >\n                                    <img decoding=\"async\"\n    src=\"https:\/\/www.bostoen.be\/uploads\/2025\/12\/Minne-Oostende-33.jpg\" alt=\"\" srcset=\"https:\/\/www.bostoen.be\/uploads\/2025\/12\/Minne-Oostende-33-300x200.jpg 300w, https:\/\/www.bostoen.be\/uploads\/2025\/12\/Minne-Oostende-33-1024x683.jpg 1024w, https:\/\/www.bostoen.be\/uploads\/2025\/12\/Minne-Oostende-33-768x512.jpg 768w, https:\/\/www.bostoen.be\/uploads\/2025\/12\/Minne-Oostende-33-1536x1024.jpg 1536w, https:\/\/www.bostoen.be\/uploads\/2025\/12\/Minne-Oostende-33-2048x1366.jpg 2048w\" width=\"2200\" height=\"1467\" loading=\"lazy\" fetchpriority=\"low\" class=\"w-full !h-full  object-cover\"\n>\n                                                            <\/a>\n            <\/div>\n        <\/div>\n    <\/div>\n\n                <\/div>\n            <\/div>\n                    <div class=\"bg-gray-75\">\n                <div class=\"container\">\n                    <div class=\"grid lg:grid-cols-2 wp-block-model-block pb-16 pt-16\">\n        <div class=\"flex flex-col justify-center gap-2 mb-4 lg:mb-0 lg:order-2 lg:ms-16\">\n            <div class=\"text-xl font-bold font-condensed flex gap-2 items-center\">\n                <span class=\"!text-primary-500\"><svg xmlns=\"http:\/\/www.w3.org\/2000\/svg\" viewBox=\"0 0 384 512\" class=\"svg-inline--fa  fas fa-map-marker-alt\" role=\"img\" aria-hidden=\"true\" style=\"color:currentColor\"><!-- Font Awesome Pro 5.15.3 by @fontawesome - https:\/\/fontawesome.com License - https:\/\/fontawesome.com\/license (Commercial License) --><path d=\"M172.268 501.67C26.97 291.031 0 269.413 0 192 0 85.961 85.961 0 192 0s192 85.961 192 192c0 77.413-26.97 99.031-172.268 309.67-9.535 13.774-29.93 13.773-39.464 0zM192 272c44.183 0 80-35.817 80-80s-35.817-80-80-80-80 35.817-80 80 35.817 80 80 80z\" fill=\"currentColor\"><\/path><\/svg>\n<\/span>\n                <span class=\"text-gray-500\">Kijkappartement: Visserstraat, Rumst<\/span>\n            <\/div>\n            <h2 class=\"font-bold font-condensed text-3xl md:text-4xl mb-2\">\n                            Kijkappartement in Rumst\n                            <\/h2>\n                                        <div class=\"wysiwyg wysiwyg-usps mb-4\"><ul>\n<li>Gelijkvloers appartement met\u00a02 slaapkamers<\/li>\n<li>Stijlvolle leefruimte met open keuken<\/li>\n<li>Praktische berging<\/li>\n<li>Terras met priv\u00e9tuintje<\/li>\n<li>Warmtepomp, vloerverwarming en ventilatie D<\/li>\n<\/ul>\n<\/div>\n                                        <div class=\"flex flex-col !w-max\">\n                    <a\n            class=\"group font-condensed inline-flex items-center py-1 px-12 rounded-md transition-colors duration-200 cursor-pointer no-underline font-condensed !text-white hover:!text-white bg-primary-500 hover:bg-primary-400 font-bold\"\n                    href=\"https:\/\/www.bostoen.be\/fr\/appartements\/rumst\/oris\/#contact-form\"\n                                >\n            \n            Prenez rendez-vous\n\n                    <\/a>\n                    <a\n                        href=\"https:\/\/www.bostoen.be\/fr\/appartements\/rumst\/oris\/\"\n                        class=\"w-full inline-block text-center px-6 underline hover:no-underline flex-1 !decoration-black\"\n                    >\n                        Ou d\u00e9couvrez ce projet\n                    <\/a>\n                <\/div>\n                    <\/div>\n\n        <div class=\"lg:order-1\">\n            <div class=\"grid grid-cols-2 gap-1 auto-rows-[8rem] md:auto-rows-[10rem] mt-4 md:grid-cols-3\">\n                    <a\n                data-fancybox=\"gallery-37869\"\n                href=\"https:\/\/www.bostoen.be\/uploads\/2025\/12\/Oris-Rumst-5-1.jpg\"\n                data-index=\"0\"\n                class=\"relative group col-span-2 row-span-2 md:col-span-3 block\"\n            >\n                                    <img decoding=\"async\"\n    src=\"https:\/\/www.bostoen.be\/uploads\/2025\/12\/Oris-Rumst-5-1.jpg\" alt=\"Energiezuinige nieuwbouwappartementen in Rumst Oris Kijkappartement Leefruimte\" srcset=\"https:\/\/www.bostoen.be\/uploads\/2025\/12\/Oris-Rumst-5-1-300x200.jpg 300w, https:\/\/www.bostoen.be\/uploads\/2025\/12\/Oris-Rumst-5-1-1024x683.jpg 1024w, https:\/\/www.bostoen.be\/uploads\/2025\/12\/Oris-Rumst-5-1-768x512.jpg 768w, https:\/\/www.bostoen.be\/uploads\/2025\/12\/Oris-Rumst-5-1-1536x1024.jpg 1536w, https:\/\/www.bostoen.be\/uploads\/2025\/12\/Oris-Rumst-5-1.jpg 1800w\" width=\"1800\" height=\"1200\" loading=\"lazy\" fetchpriority=\"low\" class=\"w-full !h-full  object-cover\"\n>\n                                                            <\/a>\n                    <a\n                data-fancybox=\"gallery-37869\"\n                href=\"https:\/\/www.bostoen.be\/uploads\/2025\/12\/Oris-Rumst-6.jpg\"\n                data-index=\"1\"\n                class=\"relative group col-span-1 row-span-1 block\"\n            >\n                                    <img decoding=\"async\"\n    src=\"https:\/\/www.bostoen.be\/uploads\/2025\/12\/Oris-Rumst-6.jpg\" alt=\"Energiezuinige nieuwbouwappartementen in Rumst Oris Kijkappartement Leefruimte\" srcset=\"https:\/\/www.bostoen.be\/uploads\/2025\/12\/Oris-Rumst-6-200x300.jpg 200w, https:\/\/www.bostoen.be\/uploads\/2025\/12\/Oris-Rumst-6-683x1024.jpg 683w, https:\/\/www.bostoen.be\/uploads\/2025\/12\/Oris-Rumst-6-768x1152.jpg 768w, https:\/\/www.bostoen.be\/uploads\/2025\/12\/Oris-Rumst-6.jpg 1000w\" width=\"1000\" height=\"1500\" loading=\"lazy\" fetchpriority=\"low\" class=\"w-full !h-full  object-cover\"\n>\n                                                            <\/a>\n                    <a\n                data-fancybox=\"gallery-37869\"\n                href=\"https:\/\/www.bostoen.be\/uploads\/2025\/12\/Oris-Rumst-2.jpg\"\n                data-index=\"2\"\n                class=\"relative group col-span-1 row-span-1 block\"\n            >\n                                    <img decoding=\"async\"\n    src=\"https:\/\/www.bostoen.be\/uploads\/2025\/12\/Oris-Rumst-2.jpg\" alt=\"Energiezuinige nieuwbouwappartementen in Rumst Oris Kijkappartement Leefruimte\" srcset=\"https:\/\/www.bostoen.be\/uploads\/2025\/12\/Oris-Rumst-2-300x200.jpg 300w, https:\/\/www.bostoen.be\/uploads\/2025\/12\/Oris-Rumst-2-1024x683.jpg 1024w, https:\/\/www.bostoen.be\/uploads\/2025\/12\/Oris-Rumst-2-768x512.jpg 768w, https:\/\/www.bostoen.be\/uploads\/2025\/12\/Oris-Rumst-2-1536x1024.jpg 1536w, https:\/\/www.bostoen.be\/uploads\/2025\/12\/Oris-Rumst-2.jpg 1800w\" width=\"1800\" height=\"1200\" loading=\"lazy\" fetchpriority=\"low\" class=\"w-full !h-full  object-cover\"\n>\n                                                                    <div class=\"absolute inset-0 bg-black\/25  flex flex-col items-center justify-center text-white text-lg font-semibold flex-wrap md:hidden\">\n                        <div class=\"text-3xl\">+14<\/div>\n                        <div class=\"text-sm\">voir toutes les photos<\/div>\n                    <\/div>\n                            <\/a>\n                    <a\n                data-fancybox=\"gallery-37869\"\n                href=\"https:\/\/www.bostoen.be\/uploads\/2025\/12\/Oris-Rumst-15.jpg\"\n                data-index=\"3\"\n                class=\"relative group col-span-1 row-span-1 block hidden md:block\"\n            >\n                                    <img decoding=\"async\"\n    src=\"https:\/\/www.bostoen.be\/uploads\/2025\/12\/Oris-Rumst-15.jpg\" alt=\"Energiezuinige nieuwbouwappartementen in Rumst Oris Kijkappartement Keuken\" srcset=\"https:\/\/www.bostoen.be\/uploads\/2025\/12\/Oris-Rumst-15-200x300.jpg 200w, https:\/\/www.bostoen.be\/uploads\/2025\/12\/Oris-Rumst-15-683x1024.jpg 683w, https:\/\/www.bostoen.be\/uploads\/2025\/12\/Oris-Rumst-15-768x1152.jpg 768w, https:\/\/www.bostoen.be\/uploads\/2025\/12\/Oris-Rumst-15-1024x1536.jpg 1024w, https:\/\/www.bostoen.be\/uploads\/2025\/12\/Oris-Rumst-15-1365x2048.jpg 1365w, https:\/\/www.bostoen.be\/uploads\/2025\/12\/Oris-Rumst-15.jpg 1500w\" width=\"1500\" height=\"2250\" loading=\"lazy\" fetchpriority=\"low\" class=\"w-full !h-full  object-cover\"\n>\n                                                    <div class=\"absolute inset-0 bg-black\/25  flex flex-col items-center justify-center text-white text-lg font-semibold flex-wrap\">\n                        <div class=\"text-4xl\">+13<\/div>\n                        <div>voir toutes les photos<\/div>\n                    <\/div>\n                                            <\/a>\n                    <a\n                data-fancybox=\"gallery-37869\"\n                href=\"https:\/\/www.bostoen.be\/uploads\/2025\/12\/Oris-Rumst-17.jpg\"\n                data-index=\"4\"\n                class=\"relative group col-span-1 row-span-1 hidden\"\n            >\n                                    <img decoding=\"async\"\n    src=\"https:\/\/www.bostoen.be\/uploads\/2025\/12\/Oris-Rumst-17.jpg\" alt=\"Energiezuinige nieuwbouwappartementen in Rumst Oris Kijkappartement Keuken\" srcset=\"https:\/\/www.bostoen.be\/uploads\/2025\/12\/Oris-Rumst-17-300x200.jpg 300w, https:\/\/www.bostoen.be\/uploads\/2025\/12\/Oris-Rumst-17-1024x682.jpg 1024w, https:\/\/www.bostoen.be\/uploads\/2025\/12\/Oris-Rumst-17-768x512.jpg 768w, https:\/\/www.bostoen.be\/uploads\/2025\/12\/Oris-Rumst-17-1536x1024.jpg 1536w, https:\/\/www.bostoen.be\/uploads\/2025\/12\/Oris-Rumst-17.jpg 2000w\" width=\"2000\" height=\"1333\" loading=\"lazy\" fetchpriority=\"low\" class=\"w-full !h-full  object-cover\"\n>\n                                                            <\/a>\n                    <a\n                data-fancybox=\"gallery-37869\"\n                href=\"https:\/\/www.bostoen.be\/uploads\/2025\/12\/Oris-Rumst-19.jpg\"\n                data-index=\"5\"\n                class=\"relative group col-span-1 row-span-1 hidden\"\n            >\n                                    <img decoding=\"async\"\n    src=\"https:\/\/www.bostoen.be\/uploads\/2025\/12\/Oris-Rumst-19.jpg\" alt=\"Energiezuinige nieuwbouwappartementen in Rumst Oris Kijkappartement Keuken\" srcset=\"https:\/\/www.bostoen.be\/uploads\/2025\/12\/Oris-Rumst-19-300x200.jpg 300w, https:\/\/www.bostoen.be\/uploads\/2025\/12\/Oris-Rumst-19-1024x682.jpg 1024w, https:\/\/www.bostoen.be\/uploads\/2025\/12\/Oris-Rumst-19-768x512.jpg 768w, https:\/\/www.bostoen.be\/uploads\/2025\/12\/Oris-Rumst-19-1536x1024.jpg 1536w, https:\/\/www.bostoen.be\/uploads\/2025\/12\/Oris-Rumst-19.jpg 2000w\" width=\"2000\" height=\"1333\" loading=\"lazy\" fetchpriority=\"low\" class=\"w-full !h-full  object-cover\"\n>\n                                                            <\/a>\n                    <a\n                data-fancybox=\"gallery-37869\"\n                href=\"https:\/\/www.bostoen.be\/uploads\/2025\/12\/Oris-Rumst-23-scaled.jpg\"\n                data-index=\"6\"\n                class=\"relative group col-span-1 row-span-1 hidden\"\n            >\n                                    <img decoding=\"async\"\n    src=\"https:\/\/www.bostoen.be\/uploads\/2025\/12\/Oris-Rumst-23-scaled.jpg\" alt=\"Energiezuinige nieuwbouwappartementen in Rumst Oris Kijkappartement Keuken\" srcset=\"https:\/\/www.bostoen.be\/uploads\/2025\/12\/Oris-Rumst-23-200x300.jpg 200w, https:\/\/www.bostoen.be\/uploads\/2025\/12\/Oris-Rumst-23-683x1024.jpg 683w, https:\/\/www.bostoen.be\/uploads\/2025\/12\/Oris-Rumst-23-768x1152.jpg 768w, https:\/\/www.bostoen.be\/uploads\/2025\/12\/Oris-Rumst-23-1024x1536.jpg 1024w, https:\/\/www.bostoen.be\/uploads\/2025\/12\/Oris-Rumst-23-1365x2048.jpg 1365w, https:\/\/www.bostoen.be\/uploads\/2025\/12\/Oris-Rumst-23-scaled.jpg 1707w\" width=\"1707\" height=\"2560\" loading=\"lazy\" fetchpriority=\"low\" class=\"w-full !h-full  object-cover\"\n>\n                                                            <\/a>\n                    <a\n                data-fancybox=\"gallery-37869\"\n                href=\"https:\/\/www.bostoen.be\/uploads\/2025\/12\/Oris-Rumst-25-scaled.jpg\"\n                data-index=\"7\"\n                class=\"relative group col-span-1 row-span-1 hidden\"\n            >\n                                    <img decoding=\"async\"\n    src=\"https:\/\/www.bostoen.be\/uploads\/2025\/12\/Oris-Rumst-25-scaled.jpg\" alt=\"Energiezuinige nieuwbouwappartementen in Rumst Oris Kijkappartement Slaapkamer\" srcset=\"https:\/\/www.bostoen.be\/uploads\/2025\/12\/Oris-Rumst-25-200x300.jpg 200w, https:\/\/www.bostoen.be\/uploads\/2025\/12\/Oris-Rumst-25-683x1024.jpg 683w, https:\/\/www.bostoen.be\/uploads\/2025\/12\/Oris-Rumst-25-768x1152.jpg 768w, https:\/\/www.bostoen.be\/uploads\/2025\/12\/Oris-Rumst-25-1024x1536.jpg 1024w, https:\/\/www.bostoen.be\/uploads\/2025\/12\/Oris-Rumst-25-1365x2048.jpg 1365w, https:\/\/www.bostoen.be\/uploads\/2025\/12\/Oris-Rumst-25-scaled.jpg 1707w\" width=\"1707\" height=\"2560\" loading=\"lazy\" fetchpriority=\"low\" class=\"w-full !h-full  object-cover\"\n>\n                                                            <\/a>\n                    <a\n                data-fancybox=\"gallery-37869\"\n                href=\"https:\/\/www.bostoen.be\/uploads\/2025\/12\/Oris-Rumst-24-scaled.jpg\"\n                data-index=\"8\"\n                class=\"relative group col-span-1 row-span-1 hidden\"\n            >\n                                    <img decoding=\"async\"\n    src=\"https:\/\/www.bostoen.be\/uploads\/2025\/12\/Oris-Rumst-24-scaled.jpg\" alt=\"Energiezuinige nieuwbouwappartementen in Rumst Oris Kijkappartement Slaapkamer\" srcset=\"https:\/\/www.bostoen.be\/uploads\/2025\/12\/Oris-Rumst-24-200x300.jpg 200w, https:\/\/www.bostoen.be\/uploads\/2025\/12\/Oris-Rumst-24-683x1024.jpg 683w, https:\/\/www.bostoen.be\/uploads\/2025\/12\/Oris-Rumst-24-768x1152.jpg 768w, https:\/\/www.bostoen.be\/uploads\/2025\/12\/Oris-Rumst-24-1024x1536.jpg 1024w, https:\/\/www.bostoen.be\/uploads\/2025\/12\/Oris-Rumst-24-1365x2048.jpg 1365w, https:\/\/www.bostoen.be\/uploads\/2025\/12\/Oris-Rumst-24-scaled.jpg 1707w\" width=\"1707\" height=\"2560\" loading=\"lazy\" fetchpriority=\"low\" class=\"w-full !h-full  object-cover\"\n>\n                                                            <\/a>\n                    <a\n                data-fancybox=\"gallery-37869\"\n                href=\"https:\/\/www.bostoen.be\/uploads\/2025\/12\/Oris-Rumst-27-1-scaled.jpg\"\n                data-index=\"9\"\n                class=\"relative group col-span-1 row-span-1 hidden\"\n            >\n                                    <img decoding=\"async\"\n    src=\"https:\/\/www.bostoen.be\/uploads\/2025\/12\/Oris-Rumst-27-1-scaled.jpg\" alt=\"Energiezuinige nieuwbouwappartementen in Rumst Oris Kijkappartement Slaapkamer\" srcset=\"https:\/\/www.bostoen.be\/uploads\/2025\/12\/Oris-Rumst-27-1-200x300.jpg 200w, https:\/\/www.bostoen.be\/uploads\/2025\/12\/Oris-Rumst-27-1-683x1024.jpg 683w, https:\/\/www.bostoen.be\/uploads\/2025\/12\/Oris-Rumst-27-1-768x1152.jpg 768w, https:\/\/www.bostoen.be\/uploads\/2025\/12\/Oris-Rumst-27-1-1024x1536.jpg 1024w, https:\/\/www.bostoen.be\/uploads\/2025\/12\/Oris-Rumst-27-1-1365x2048.jpg 1365w, https:\/\/www.bostoen.be\/uploads\/2025\/12\/Oris-Rumst-27-1-scaled.jpg 1707w\" width=\"1707\" height=\"2560\" loading=\"lazy\" fetchpriority=\"low\" class=\"w-full !h-full  object-cover\"\n>\n                                                            <\/a>\n                    <a\n                data-fancybox=\"gallery-37869\"\n                href=\"https:\/\/www.bostoen.be\/uploads\/2025\/12\/Oris-Rumst-30-scaled.jpg\"\n                data-index=\"10\"\n                class=\"relative group col-span-1 row-span-1 hidden\"\n            >\n                                    <img decoding=\"async\"\n    src=\"https:\/\/www.bostoen.be\/uploads\/2025\/12\/Oris-Rumst-30-scaled.jpg\" alt=\"Energiezuinige nieuwbouwappartementen in Rumst Oris Kijkappartement Badkamer\" srcset=\"https:\/\/www.bostoen.be\/uploads\/2025\/12\/Oris-Rumst-30-200x300.jpg 200w, https:\/\/www.bostoen.be\/uploads\/2025\/12\/Oris-Rumst-30-683x1024.jpg 683w, https:\/\/www.bostoen.be\/uploads\/2025\/12\/Oris-Rumst-30-768x1152.jpg 768w, https:\/\/www.bostoen.be\/uploads\/2025\/12\/Oris-Rumst-30-1024x1536.jpg 1024w, https:\/\/www.bostoen.be\/uploads\/2025\/12\/Oris-Rumst-30-1365x2048.jpg 1365w, https:\/\/www.bostoen.be\/uploads\/2025\/12\/Oris-Rumst-30-scaled.jpg 1707w\" width=\"1707\" height=\"2560\" loading=\"lazy\" fetchpriority=\"low\" class=\"w-full !h-full  object-cover\"\n>\n                                                            <\/a>\n                    <a\n                data-fancybox=\"gallery-37869\"\n                href=\"https:\/\/www.bostoen.be\/uploads\/2025\/12\/Oris-Rumst-31-scaled.jpg\"\n                data-index=\"11\"\n                class=\"relative group col-span-1 row-span-1 hidden\"\n            >\n                                    <img decoding=\"async\"\n    src=\"https:\/\/www.bostoen.be\/uploads\/2025\/12\/Oris-Rumst-31-scaled.jpg\" alt=\"Energiezuinige nieuwbouwappartementen in Rumst Oris Kijkappartement Badkamer\" srcset=\"https:\/\/www.bostoen.be\/uploads\/2025\/12\/Oris-Rumst-31-200x300.jpg 200w, https:\/\/www.bostoen.be\/uploads\/2025\/12\/Oris-Rumst-31-683x1024.jpg 683w, https:\/\/www.bostoen.be\/uploads\/2025\/12\/Oris-Rumst-31-768x1152.jpg 768w, https:\/\/www.bostoen.be\/uploads\/2025\/12\/Oris-Rumst-31-1024x1536.jpg 1024w, https:\/\/www.bostoen.be\/uploads\/2025\/12\/Oris-Rumst-31-1365x2048.jpg 1365w, https:\/\/www.bostoen.be\/uploads\/2025\/12\/Oris-Rumst-31-scaled.jpg 1707w\" width=\"1707\" height=\"2560\" loading=\"lazy\" fetchpriority=\"low\" class=\"w-full !h-full  object-cover\"\n>\n                                                            <\/a>\n                    <a\n                data-fancybox=\"gallery-37869\"\n                href=\"https:\/\/www.bostoen.be\/uploads\/2025\/12\/Oris-Rumst-41.jpg\"\n                data-index=\"12\"\n                class=\"relative group col-span-1 row-span-1 hidden\"\n            >\n                                    <img decoding=\"async\"\n    src=\"https:\/\/www.bostoen.be\/uploads\/2025\/12\/Oris-Rumst-41.jpg\" alt=\"Energiezuinige nieuwbouwappartementen in Rumst Oris Kijkappartement\" srcset=\"https:\/\/www.bostoen.be\/uploads\/2025\/12\/Oris-Rumst-41-200x300.jpg 200w, https:\/\/www.bostoen.be\/uploads\/2025\/12\/Oris-Rumst-41-683x1024.jpg 683w, https:\/\/www.bostoen.be\/uploads\/2025\/12\/Oris-Rumst-41-768x1152.jpg 768w, https:\/\/www.bostoen.be\/uploads\/2025\/12\/Oris-Rumst-41.jpg 1000w\" width=\"1000\" height=\"1500\" loading=\"lazy\" fetchpriority=\"low\" class=\"w-full !h-full  object-cover\"\n>\n                                                            <\/a>\n                    <a\n                data-fancybox=\"gallery-37869\"\n                href=\"https:\/\/www.bostoen.be\/uploads\/2025\/12\/Oris-Rumst-40.jpg\"\n                data-index=\"13\"\n                class=\"relative group col-span-1 row-span-1 hidden\"\n            >\n                                    <img decoding=\"async\"\n    src=\"https:\/\/www.bostoen.be\/uploads\/2025\/12\/Oris-Rumst-40.jpg\" alt=\"Energiezuinige nieuwbouwappartementen in Rumst Oris Kijkappartement\" srcset=\"https:\/\/www.bostoen.be\/uploads\/2025\/12\/Oris-Rumst-40-200x300.jpg 200w, https:\/\/www.bostoen.be\/uploads\/2025\/12\/Oris-Rumst-40-683x1024.jpg 683w, https:\/\/www.bostoen.be\/uploads\/2025\/12\/Oris-Rumst-40-768x1152.jpg 768w, https:\/\/www.bostoen.be\/uploads\/2025\/12\/Oris-Rumst-40.jpg 800w\" width=\"800\" height=\"1200\" loading=\"lazy\" fetchpriority=\"low\" class=\"w-full !h-full  object-cover\"\n>\n                                                            <\/a>\n                    <a\n                data-fancybox=\"gallery-37869\"\n                href=\"https:\/\/www.bostoen.be\/uploads\/2025\/12\/Oris-Rumst-37.jpg\"\n                data-index=\"14\"\n                class=\"relative group col-span-1 row-span-1 hidden\"\n            >\n                                    <img decoding=\"async\"\n    src=\"https:\/\/www.bostoen.be\/uploads\/2025\/12\/Oris-Rumst-37.jpg\" alt=\"Energiezuinige nieuwbouwappartementen in Rumst Oris Kijkappartement\" srcset=\"https:\/\/www.bostoen.be\/uploads\/2025\/12\/Oris-Rumst-37-200x300.jpg 200w, https:\/\/www.bostoen.be\/uploads\/2025\/12\/Oris-Rumst-37-683x1024.jpg 683w, https:\/\/www.bostoen.be\/uploads\/2025\/12\/Oris-Rumst-37-768x1152.jpg 768w, https:\/\/www.bostoen.be\/uploads\/2025\/12\/Oris-Rumst-37-1024x1536.jpg 1024w, https:\/\/www.bostoen.be\/uploads\/2025\/12\/Oris-Rumst-37.jpg 1200w\" width=\"1200\" height=\"1800\" loading=\"lazy\" fetchpriority=\"low\" class=\"w-full !h-full  object-cover\"\n>\n                                                            <\/a>\n                    <a\n                data-fancybox=\"gallery-37869\"\n                href=\"https:\/\/www.bostoen.be\/uploads\/2025\/12\/Oris-Rumst-45.jpg\"\n                data-index=\"15\"\n                class=\"relative group col-span-1 row-span-1 hidden\"\n            >\n                                    <img decoding=\"async\"\n    src=\"https:\/\/www.bostoen.be\/uploads\/2025\/12\/Oris-Rumst-45.jpg\" alt=\"Energiezuinige nieuwbouwappartementen in Rumst Oris Kijkappartement Terras\" srcset=\"https:\/\/www.bostoen.be\/uploads\/2025\/12\/Oris-Rumst-45-200x300.jpg 200w, https:\/\/www.bostoen.be\/uploads\/2025\/12\/Oris-Rumst-45-683x1024.jpg 683w, https:\/\/www.bostoen.be\/uploads\/2025\/12\/Oris-Rumst-45-768x1152.jpg 768w, https:\/\/www.bostoen.be\/uploads\/2025\/12\/Oris-Rumst-45-1024x1536.jpg 1024w, https:\/\/www.bostoen.be\/uploads\/2025\/12\/Oris-Rumst-45.jpg 1200w\" width=\"1200\" height=\"1800\" loading=\"lazy\" fetchpriority=\"low\" class=\"w-full !h-full  object-cover\"\n>\n                                                            <\/a>\n                    <a\n                data-fancybox=\"gallery-37869\"\n                href=\"https:\/\/www.bostoen.be\/uploads\/2025\/12\/Oris-Rumst-54.jpg\"\n                data-index=\"16\"\n                class=\"relative group col-span-1 row-span-1 hidden\"\n            >\n                                    <img decoding=\"async\"\n    src=\"https:\/\/www.bostoen.be\/uploads\/2025\/12\/Oris-Rumst-54.jpg\" alt=\"Energiezuinige nieuwbouwappartementen in Rumst Oris Kijkappartement\" srcset=\"https:\/\/www.bostoen.be\/uploads\/2025\/12\/Oris-Rumst-54-200x300.jpg 200w, https:\/\/www.bostoen.be\/uploads\/2025\/12\/Oris-Rumst-54-683x1024.jpg 683w, https:\/\/www.bostoen.be\/uploads\/2025\/12\/Oris-Rumst-54-768x1152.jpg 768w, https:\/\/www.bostoen.be\/uploads\/2025\/12\/Oris-Rumst-54-1024x1536.jpg 1024w, https:\/\/www.bostoen.be\/uploads\/2025\/12\/Oris-Rumst-54.jpg 1200w\" width=\"1200\" height=\"1800\" loading=\"lazy\" fetchpriority=\"low\" class=\"w-full !h-full  object-cover\"\n>\n                                                            <\/a>\n            <\/div>\n        <\/div>\n    <\/div>\n\n                <\/div>\n            <\/div>\n                    <div class=\"\">\n                <div class=\"container\">\n                    <div class=\"grid lg:grid-cols-2 wp-block-model-block pb-16 pt-16\">\n        <div class=\"flex flex-col justify-center gap-2 mb-4 lg:mb-0 lg:order-1 lg:me-16\">\n            <div class=\"text-xl font-bold font-condensed flex gap-2 items-center\">\n                <span class=\"!text-primary-500\"><svg xmlns=\"http:\/\/www.w3.org\/2000\/svg\" viewBox=\"0 0 384 512\" class=\"svg-inline--fa  fas fa-map-marker-alt\" role=\"img\" aria-hidden=\"true\" style=\"color:currentColor\"><!-- Font Awesome Pro 5.15.3 by @fontawesome - https:\/\/fontawesome.com License - https:\/\/fontawesome.com\/license (Commercial License) --><path d=\"M172.268 501.67C26.97 291.031 0 269.413 0 192 0 85.961 85.961 0 192 0s192 85.961 192 192c0 77.413-26.97 99.031-172.268 309.67-9.535 13.774-29.93 13.773-39.464 0zM192 272c44.183 0 80-35.817 80-80s-35.817-80-80-80-80 35.817-80 80 35.817 80 80 80z\" fill=\"currentColor\"><\/path><\/svg>\n<\/span>\n                <span class=\"text-gray-500\">Appartement t\u00e9moin: Visserstraat, Rumst<\/span>\n            <\/div>\n            <h2 class=\"font-bold font-condensed text-3xl md:text-4xl mb-2\">\n                            Appartement t\u00e9moin \u00e0 Rumst\n                            <\/h2>\n                                        <div class=\"wysiwyg wysiwyg-usps mb-4\"><ul>\n<li>Appartement au rez de chauss\u00e9e avec 2 chambres<\/li>\n<li>Espace de vie \u00e9l\u00e9gant avec cuisine ouverte<\/li>\n<li>D\u00e9barras pratique<\/li>\n<li>Terrasse avec petit jardin priv\u00e9<\/li>\n<li>Pompe \u00e0 chaleur, chauffage au sol et ventilation type D<\/li>\n<\/ul>\n<\/div>\n                                        <div class=\"flex flex-col !w-max\">\n                    <a\n            class=\"group font-condensed inline-flex items-center py-1 px-12 rounded-md transition-colors duration-200 cursor-pointer no-underline font-condensed !text-white hover:!text-white bg-primary-500 hover:bg-primary-400 font-bold\"\n                    href=\"https:\/\/www.bostoen.be\/fr\/appartements\/rumst\/oris\/#contact-form\"\n                                >\n            \n            Prenez rendez-vous\n\n                    <\/a>\n                    <a\n                        href=\"https:\/\/www.bostoen.be\/fr\/appartements\/rumst\/oris\/\"\n                        class=\"w-full inline-block text-center px-6 underline hover:no-underline flex-1 !decoration-black\"\n                    >\n                        Ou d\u00e9couvrez ce projet\n                    <\/a>\n                <\/div>\n                    <\/div>\n\n        <div class=\"lg:order-2\">\n            <div class=\"grid grid-cols-2 gap-1 auto-rows-[8rem] md:auto-rows-[10rem] mt-4 md:grid-cols-3\">\n                    <a\n                data-fancybox=\"gallery-113365\"\n                href=\"https:\/\/www.bostoen.be\/uploads\/2025\/12\/Oris-Rumst-5-1.jpg\"\n                data-index=\"0\"\n                class=\"relative group col-span-2 row-span-2 md:col-span-3 block\"\n            >\n                                    <img decoding=\"async\"\n    src=\"https:\/\/www.bostoen.be\/uploads\/2025\/12\/Oris-Rumst-5-1.jpg\" alt=\"Energiezuinige nieuwbouwappartementen in Rumst Oris Kijkappartement Leefruimte\" srcset=\"https:\/\/www.bostoen.be\/uploads\/2025\/12\/Oris-Rumst-5-1-300x200.jpg 300w, https:\/\/www.bostoen.be\/uploads\/2025\/12\/Oris-Rumst-5-1-1024x683.jpg 1024w, https:\/\/www.bostoen.be\/uploads\/2025\/12\/Oris-Rumst-5-1-768x512.jpg 768w, https:\/\/www.bostoen.be\/uploads\/2025\/12\/Oris-Rumst-5-1-1536x1024.jpg 1536w, https:\/\/www.bostoen.be\/uploads\/2025\/12\/Oris-Rumst-5-1.jpg 1800w\" width=\"1800\" height=\"1200\" loading=\"lazy\" fetchpriority=\"low\" class=\"w-full !h-full  object-cover\"\n>\n                                                            <\/a>\n                    <a\n                data-fancybox=\"gallery-113365\"\n                href=\"https:\/\/www.bostoen.be\/uploads\/2025\/12\/Oris-Rumst-6.jpg\"\n                data-index=\"1\"\n                class=\"relative group col-span-1 row-span-1 block\"\n            >\n                                    <img decoding=\"async\"\n    src=\"https:\/\/www.bostoen.be\/uploads\/2025\/12\/Oris-Rumst-6.jpg\" alt=\"Energiezuinige nieuwbouwappartementen in Rumst Oris Kijkappartement Leefruimte\" srcset=\"https:\/\/www.bostoen.be\/uploads\/2025\/12\/Oris-Rumst-6-200x300.jpg 200w, https:\/\/www.bostoen.be\/uploads\/2025\/12\/Oris-Rumst-6-683x1024.jpg 683w, https:\/\/www.bostoen.be\/uploads\/2025\/12\/Oris-Rumst-6-768x1152.jpg 768w, https:\/\/www.bostoen.be\/uploads\/2025\/12\/Oris-Rumst-6.jpg 1000w\" width=\"1000\" height=\"1500\" loading=\"lazy\" fetchpriority=\"low\" class=\"w-full !h-full  object-cover\"\n>\n                                                            <\/a>\n                    <a\n                data-fancybox=\"gallery-113365\"\n                href=\"https:\/\/www.bostoen.be\/uploads\/2025\/12\/Oris-Rumst-2.jpg\"\n                data-index=\"2\"\n                class=\"relative group col-span-1 row-span-1 block\"\n            >\n                                    <img decoding=\"async\"\n    src=\"https:\/\/www.bostoen.be\/uploads\/2025\/12\/Oris-Rumst-2.jpg\" alt=\"Energiezuinige nieuwbouwappartementen in Rumst Oris Kijkappartement Leefruimte\" srcset=\"https:\/\/www.bostoen.be\/uploads\/2025\/12\/Oris-Rumst-2-300x200.jpg 300w, https:\/\/www.bostoen.be\/uploads\/2025\/12\/Oris-Rumst-2-1024x683.jpg 1024w, https:\/\/www.bostoen.be\/uploads\/2025\/12\/Oris-Rumst-2-768x512.jpg 768w, https:\/\/www.bostoen.be\/uploads\/2025\/12\/Oris-Rumst-2-1536x1024.jpg 1536w, https:\/\/www.bostoen.be\/uploads\/2025\/12\/Oris-Rumst-2.jpg 1800w\" width=\"1800\" height=\"1200\" loading=\"lazy\" fetchpriority=\"low\" class=\"w-full !h-full  object-cover\"\n>\n                                                                    <div class=\"absolute inset-0 bg-black\/25  flex flex-col items-center justify-center text-white text-lg font-semibold flex-wrap md:hidden\">\n                        <div class=\"text-3xl\">+14<\/div>\n                        <div class=\"text-sm\">voir toutes les photos<\/div>\n                    <\/div>\n                            <\/a>\n                    <a\n                data-fancybox=\"gallery-113365\"\n                href=\"https:\/\/www.bostoen.be\/uploads\/2025\/12\/Oris-Rumst-15.jpg\"\n                data-index=\"3\"\n                class=\"relative group col-span-1 row-span-1 block hidden md:block\"\n            >\n                                    <img decoding=\"async\"\n    src=\"https:\/\/www.bostoen.be\/uploads\/2025\/12\/Oris-Rumst-15.jpg\" alt=\"Energiezuinige nieuwbouwappartementen in Rumst Oris Kijkappartement Keuken\" srcset=\"https:\/\/www.bostoen.be\/uploads\/2025\/12\/Oris-Rumst-15-200x300.jpg 200w, https:\/\/www.bostoen.be\/uploads\/2025\/12\/Oris-Rumst-15-683x1024.jpg 683w, https:\/\/www.bostoen.be\/uploads\/2025\/12\/Oris-Rumst-15-768x1152.jpg 768w, https:\/\/www.bostoen.be\/uploads\/2025\/12\/Oris-Rumst-15-1024x1536.jpg 1024w, https:\/\/www.bostoen.be\/uploads\/2025\/12\/Oris-Rumst-15-1365x2048.jpg 1365w, https:\/\/www.bostoen.be\/uploads\/2025\/12\/Oris-Rumst-15.jpg 1500w\" width=\"1500\" height=\"2250\" loading=\"lazy\" fetchpriority=\"low\" class=\"w-full !h-full  object-cover\"\n>\n                                                    <div class=\"absolute inset-0 bg-black\/25  flex flex-col items-center justify-center text-white text-lg font-semibold flex-wrap\">\n                        <div class=\"text-4xl\">+13<\/div>\n                        <div>voir toutes les photos<\/div>\n                    <\/div>\n                                            <\/a>\n                    <a\n                data-fancybox=\"gallery-113365\"\n                href=\"https:\/\/www.bostoen.be\/uploads\/2025\/12\/Oris-Rumst-17.jpg\"\n                data-index=\"4\"\n                class=\"relative group col-span-1 row-span-1 hidden\"\n            >\n                                    <img decoding=\"async\"\n    src=\"https:\/\/www.bostoen.be\/uploads\/2025\/12\/Oris-Rumst-17.jpg\" alt=\"Energiezuinige nieuwbouwappartementen in Rumst Oris Kijkappartement Keuken\" srcset=\"https:\/\/www.bostoen.be\/uploads\/2025\/12\/Oris-Rumst-17-300x200.jpg 300w, https:\/\/www.bostoen.be\/uploads\/2025\/12\/Oris-Rumst-17-1024x682.jpg 1024w, https:\/\/www.bostoen.be\/uploads\/2025\/12\/Oris-Rumst-17-768x512.jpg 768w, https:\/\/www.bostoen.be\/uploads\/2025\/12\/Oris-Rumst-17-1536x1024.jpg 1536w, https:\/\/www.bostoen.be\/uploads\/2025\/12\/Oris-Rumst-17.jpg 2000w\" width=\"2000\" height=\"1333\" loading=\"lazy\" fetchpriority=\"low\" class=\"w-full !h-full  object-cover\"\n>\n                                                            <\/a>\n                    <a\n                data-fancybox=\"gallery-113365\"\n                href=\"https:\/\/www.bostoen.be\/uploads\/2025\/12\/Oris-Rumst-19.jpg\"\n                data-index=\"5\"\n                class=\"relative group col-span-1 row-span-1 hidden\"\n            >\n                                    <img decoding=\"async\"\n    src=\"https:\/\/www.bostoen.be\/uploads\/2025\/12\/Oris-Rumst-19.jpg\" alt=\"Energiezuinige nieuwbouwappartementen in Rumst Oris Kijkappartement Keuken\" srcset=\"https:\/\/www.bostoen.be\/uploads\/2025\/12\/Oris-Rumst-19-300x200.jpg 300w, https:\/\/www.bostoen.be\/uploads\/2025\/12\/Oris-Rumst-19-1024x682.jpg 1024w, https:\/\/www.bostoen.be\/uploads\/2025\/12\/Oris-Rumst-19-768x512.jpg 768w, https:\/\/www.bostoen.be\/uploads\/2025\/12\/Oris-Rumst-19-1536x1024.jpg 1536w, https:\/\/www.bostoen.be\/uploads\/2025\/12\/Oris-Rumst-19.jpg 2000w\" width=\"2000\" height=\"1333\" loading=\"lazy\" fetchpriority=\"low\" class=\"w-full !h-full  object-cover\"\n>\n                                                            <\/a>\n                    <a\n                data-fancybox=\"gallery-113365\"\n                href=\"https:\/\/www.bostoen.be\/uploads\/2025\/12\/Oris-Rumst-23-scaled.jpg\"\n                data-index=\"6\"\n                class=\"relative group col-span-1 row-span-1 hidden\"\n            >\n                                    <img decoding=\"async\"\n    src=\"https:\/\/www.bostoen.be\/uploads\/2025\/12\/Oris-Rumst-23-scaled.jpg\" alt=\"Energiezuinige nieuwbouwappartementen in Rumst Oris Kijkappartement Keuken\" srcset=\"https:\/\/www.bostoen.be\/uploads\/2025\/12\/Oris-Rumst-23-200x300.jpg 200w, https:\/\/www.bostoen.be\/uploads\/2025\/12\/Oris-Rumst-23-683x1024.jpg 683w, https:\/\/www.bostoen.be\/uploads\/2025\/12\/Oris-Rumst-23-768x1152.jpg 768w, https:\/\/www.bostoen.be\/uploads\/2025\/12\/Oris-Rumst-23-1024x1536.jpg 1024w, https:\/\/www.bostoen.be\/uploads\/2025\/12\/Oris-Rumst-23-1365x2048.jpg 1365w, https:\/\/www.bostoen.be\/uploads\/2025\/12\/Oris-Rumst-23-scaled.jpg 1707w\" width=\"1707\" height=\"2560\" loading=\"lazy\" fetchpriority=\"low\" class=\"w-full !h-full  object-cover\"\n>\n                                                            <\/a>\n                    <a\n                data-fancybox=\"gallery-113365\"\n                href=\"https:\/\/www.bostoen.be\/uploads\/2025\/12\/Oris-Rumst-25-scaled.jpg\"\n                data-index=\"7\"\n                class=\"relative group col-span-1 row-span-1 hidden\"\n            >\n                                    <img decoding=\"async\"\n    src=\"https:\/\/www.bostoen.be\/uploads\/2025\/12\/Oris-Rumst-25-scaled.jpg\" alt=\"Energiezuinige nieuwbouwappartementen in Rumst Oris Kijkappartement Slaapkamer\" srcset=\"https:\/\/www.bostoen.be\/uploads\/2025\/12\/Oris-Rumst-25-200x300.jpg 200w, https:\/\/www.bostoen.be\/uploads\/2025\/12\/Oris-Rumst-25-683x1024.jpg 683w, https:\/\/www.bostoen.be\/uploads\/2025\/12\/Oris-Rumst-25-768x1152.jpg 768w, https:\/\/www.bostoen.be\/uploads\/2025\/12\/Oris-Rumst-25-1024x1536.jpg 1024w, https:\/\/www.bostoen.be\/uploads\/2025\/12\/Oris-Rumst-25-1365x2048.jpg 1365w, https:\/\/www.bostoen.be\/uploads\/2025\/12\/Oris-Rumst-25-scaled.jpg 1707w\" width=\"1707\" height=\"2560\" loading=\"lazy\" fetchpriority=\"low\" class=\"w-full !h-full  object-cover\"\n>\n                                                            <\/a>\n                    <a\n                data-fancybox=\"gallery-113365\"\n                href=\"https:\/\/www.bostoen.be\/uploads\/2025\/12\/Oris-Rumst-24-scaled.jpg\"\n                data-index=\"8\"\n                class=\"relative group col-span-1 row-span-1 hidden\"\n            >\n                                    <img decoding=\"async\"\n    src=\"https:\/\/www.bostoen.be\/uploads\/2025\/12\/Oris-Rumst-24-scaled.jpg\" alt=\"Energiezuinige nieuwbouwappartementen in Rumst Oris Kijkappartement Slaapkamer\" srcset=\"https:\/\/www.bostoen.be\/uploads\/2025\/12\/Oris-Rumst-24-200x300.jpg 200w, https:\/\/www.bostoen.be\/uploads\/2025\/12\/Oris-Rumst-24-683x1024.jpg 683w, https:\/\/www.bostoen.be\/uploads\/2025\/12\/Oris-Rumst-24-768x1152.jpg 768w, https:\/\/www.bostoen.be\/uploads\/2025\/12\/Oris-Rumst-24-1024x1536.jpg 1024w, https:\/\/www.bostoen.be\/uploads\/2025\/12\/Oris-Rumst-24-1365x2048.jpg 1365w, https:\/\/www.bostoen.be\/uploads\/2025\/12\/Oris-Rumst-24-scaled.jpg 1707w\" width=\"1707\" height=\"2560\" loading=\"lazy\" fetchpriority=\"low\" class=\"w-full !h-full  object-cover\"\n>\n                                                            <\/a>\n                    <a\n                data-fancybox=\"gallery-113365\"\n                href=\"https:\/\/www.bostoen.be\/uploads\/2025\/12\/Oris-Rumst-27-1-scaled.jpg\"\n                data-index=\"9\"\n                class=\"relative group col-span-1 row-span-1 hidden\"\n            >\n                                    <img decoding=\"async\"\n    src=\"https:\/\/www.bostoen.be\/uploads\/2025\/12\/Oris-Rumst-27-1-scaled.jpg\" alt=\"Energiezuinige nieuwbouwappartementen in Rumst Oris Kijkappartement Slaapkamer\" srcset=\"https:\/\/www.bostoen.be\/uploads\/2025\/12\/Oris-Rumst-27-1-200x300.jpg 200w, https:\/\/www.bostoen.be\/uploads\/2025\/12\/Oris-Rumst-27-1-683x1024.jpg 683w, https:\/\/www.bostoen.be\/uploads\/2025\/12\/Oris-Rumst-27-1-768x1152.jpg 768w, https:\/\/www.bostoen.be\/uploads\/2025\/12\/Oris-Rumst-27-1-1024x1536.jpg 1024w, https:\/\/www.bostoen.be\/uploads\/2025\/12\/Oris-Rumst-27-1-1365x2048.jpg 1365w, https:\/\/www.bostoen.be\/uploads\/2025\/12\/Oris-Rumst-27-1-scaled.jpg 1707w\" width=\"1707\" height=\"2560\" loading=\"lazy\" fetchpriority=\"low\" class=\"w-full !h-full  object-cover\"\n>\n                                                            <\/a>\n                    <a\n                data-fancybox=\"gallery-113365\"\n                href=\"https:\/\/www.bostoen.be\/uploads\/2025\/12\/Oris-Rumst-30-scaled.jpg\"\n                data-index=\"10\"\n                class=\"relative group col-span-1 row-span-1 hidden\"\n            >\n                                    <img decoding=\"async\"\n    src=\"https:\/\/www.bostoen.be\/uploads\/2025\/12\/Oris-Rumst-30-scaled.jpg\" alt=\"Energiezuinige nieuwbouwappartementen in Rumst Oris Kijkappartement Badkamer\" srcset=\"https:\/\/www.bostoen.be\/uploads\/2025\/12\/Oris-Rumst-30-200x300.jpg 200w, https:\/\/www.bostoen.be\/uploads\/2025\/12\/Oris-Rumst-30-683x1024.jpg 683w, https:\/\/www.bostoen.be\/uploads\/2025\/12\/Oris-Rumst-30-768x1152.jpg 768w, https:\/\/www.bostoen.be\/uploads\/2025\/12\/Oris-Rumst-30-1024x1536.jpg 1024w, https:\/\/www.bostoen.be\/uploads\/2025\/12\/Oris-Rumst-30-1365x2048.jpg 1365w, https:\/\/www.bostoen.be\/uploads\/2025\/12\/Oris-Rumst-30-scaled.jpg 1707w\" width=\"1707\" height=\"2560\" loading=\"lazy\" fetchpriority=\"low\" class=\"w-full !h-full  object-cover\"\n>\n                                                            <\/a>\n                    <a\n                data-fancybox=\"gallery-113365\"\n                href=\"https:\/\/www.bostoen.be\/uploads\/2025\/12\/Oris-Rumst-31-scaled.jpg\"\n                data-index=\"11\"\n                class=\"relative group col-span-1 row-span-1 hidden\"\n            >\n                                    <img decoding=\"async\"\n    src=\"https:\/\/www.bostoen.be\/uploads\/2025\/12\/Oris-Rumst-31-scaled.jpg\" alt=\"Energiezuinige nieuwbouwappartementen in Rumst Oris Kijkappartement Badkamer\" srcset=\"https:\/\/www.bostoen.be\/uploads\/2025\/12\/Oris-Rumst-31-200x300.jpg 200w, https:\/\/www.bostoen.be\/uploads\/2025\/12\/Oris-Rumst-31-683x1024.jpg 683w, https:\/\/www.bostoen.be\/uploads\/2025\/12\/Oris-Rumst-31-768x1152.jpg 768w, https:\/\/www.bostoen.be\/uploads\/2025\/12\/Oris-Rumst-31-1024x1536.jpg 1024w, https:\/\/www.bostoen.be\/uploads\/2025\/12\/Oris-Rumst-31-1365x2048.jpg 1365w, https:\/\/www.bostoen.be\/uploads\/2025\/12\/Oris-Rumst-31-scaled.jpg 1707w\" width=\"1707\" height=\"2560\" loading=\"lazy\" fetchpriority=\"low\" class=\"w-full !h-full  object-cover\"\n>\n                                                            <\/a>\n                    <a\n                data-fancybox=\"gallery-113365\"\n                href=\"https:\/\/www.bostoen.be\/uploads\/2025\/12\/Oris-Rumst-41.jpg\"\n                data-index=\"12\"\n                class=\"relative group col-span-1 row-span-1 hidden\"\n            >\n                                    <img decoding=\"async\"\n    src=\"https:\/\/www.bostoen.be\/uploads\/2025\/12\/Oris-Rumst-41.jpg\" alt=\"Energiezuinige nieuwbouwappartementen in Rumst Oris Kijkappartement\" srcset=\"https:\/\/www.bostoen.be\/uploads\/2025\/12\/Oris-Rumst-41-200x300.jpg 200w, https:\/\/www.bostoen.be\/uploads\/2025\/12\/Oris-Rumst-41-683x1024.jpg 683w, https:\/\/www.bostoen.be\/uploads\/2025\/12\/Oris-Rumst-41-768x1152.jpg 768w, https:\/\/www.bostoen.be\/uploads\/2025\/12\/Oris-Rumst-41.jpg 1000w\" width=\"1000\" height=\"1500\" loading=\"lazy\" fetchpriority=\"low\" class=\"w-full !h-full  object-cover\"\n>\n                                                            <\/a>\n                    <a\n                data-fancybox=\"gallery-113365\"\n                href=\"https:\/\/www.bostoen.be\/uploads\/2025\/12\/Oris-Rumst-40.jpg\"\n                data-index=\"13\"\n                class=\"relative group col-span-1 row-span-1 hidden\"\n            >\n                                    <img decoding=\"async\"\n    src=\"https:\/\/www.bostoen.be\/uploads\/2025\/12\/Oris-Rumst-40.jpg\" alt=\"Energiezuinige nieuwbouwappartementen in Rumst Oris Kijkappartement\" srcset=\"https:\/\/www.bostoen.be\/uploads\/2025\/12\/Oris-Rumst-40-200x300.jpg 200w, https:\/\/www.bostoen.be\/uploads\/2025\/12\/Oris-Rumst-40-683x1024.jpg 683w, https:\/\/www.bostoen.be\/uploads\/2025\/12\/Oris-Rumst-40-768x1152.jpg 768w, https:\/\/www.bostoen.be\/uploads\/2025\/12\/Oris-Rumst-40.jpg 800w\" width=\"800\" height=\"1200\" loading=\"lazy\" fetchpriority=\"low\" class=\"w-full !h-full  object-cover\"\n>\n                                                            <\/a>\n                    <a\n                data-fancybox=\"gallery-113365\"\n                href=\"https:\/\/www.bostoen.be\/uploads\/2025\/12\/Oris-Rumst-37.jpg\"\n                data-index=\"14\"\n                class=\"relative group col-span-1 row-span-1 hidden\"\n            >\n                                    <img decoding=\"async\"\n    src=\"https:\/\/www.bostoen.be\/uploads\/2025\/12\/Oris-Rumst-37.jpg\" alt=\"Energiezuinige nieuwbouwappartementen in Rumst Oris Kijkappartement\" srcset=\"https:\/\/www.bostoen.be\/uploads\/2025\/12\/Oris-Rumst-37-200x300.jpg 200w, https:\/\/www.bostoen.be\/uploads\/2025\/12\/Oris-Rumst-37-683x1024.jpg 683w, https:\/\/www.bostoen.be\/uploads\/2025\/12\/Oris-Rumst-37-768x1152.jpg 768w, https:\/\/www.bostoen.be\/uploads\/2025\/12\/Oris-Rumst-37-1024x1536.jpg 1024w, https:\/\/www.bostoen.be\/uploads\/2025\/12\/Oris-Rumst-37.jpg 1200w\" width=\"1200\" height=\"1800\" loading=\"lazy\" fetchpriority=\"low\" class=\"w-full !h-full  object-cover\"\n>\n                                                            <\/a>\n                    <a\n                data-fancybox=\"gallery-113365\"\n                href=\"https:\/\/www.bostoen.be\/uploads\/2025\/12\/Oris-Rumst-45.jpg\"\n                data-index=\"15\"\n                class=\"relative group col-span-1 row-span-1 hidden\"\n            >\n                                    <img decoding=\"async\"\n    src=\"https:\/\/www.bostoen.be\/uploads\/2025\/12\/Oris-Rumst-45.jpg\" alt=\"Energiezuinige nieuwbouwappartementen in Rumst Oris Kijkappartement Terras\" srcset=\"https:\/\/www.bostoen.be\/uploads\/2025\/12\/Oris-Rumst-45-200x300.jpg 200w, https:\/\/www.bostoen.be\/uploads\/2025\/12\/Oris-Rumst-45-683x1024.jpg 683w, https:\/\/www.bostoen.be\/uploads\/2025\/12\/Oris-Rumst-45-768x1152.jpg 768w, https:\/\/www.bostoen.be\/uploads\/2025\/12\/Oris-Rumst-45-1024x1536.jpg 1024w, https:\/\/www.bostoen.be\/uploads\/2025\/12\/Oris-Rumst-45.jpg 1200w\" width=\"1200\" height=\"1800\" loading=\"lazy\" fetchpriority=\"low\" class=\"w-full !h-full  object-cover\"\n>\n                                                            <\/a>\n                    <a\n                data-fancybox=\"gallery-113365\"\n                href=\"https:\/\/www.bostoen.be\/uploads\/2025\/12\/Oris-Rumst-54.jpg\"\n                data-index=\"16\"\n                class=\"relative group col-span-1 row-span-1 hidden\"\n            >\n                                    <img decoding=\"async\"\n    src=\"https:\/\/www.bostoen.be\/uploads\/2025\/12\/Oris-Rumst-54.jpg\" alt=\"Energiezuinige nieuwbouwappartementen in Rumst Oris Kijkappartement\" srcset=\"https:\/\/www.bostoen.be\/uploads\/2025\/12\/Oris-Rumst-54-200x300.jpg 200w, https:\/\/www.bostoen.be\/uploads\/2025\/12\/Oris-Rumst-54-683x1024.jpg 683w, https:\/\/www.bostoen.be\/uploads\/2025\/12\/Oris-Rumst-54-768x1152.jpg 768w, https:\/\/www.bostoen.be\/uploads\/2025\/12\/Oris-Rumst-54-1024x1536.jpg 1024w, https:\/\/www.bostoen.be\/uploads\/2025\/12\/Oris-Rumst-54.jpg 1200w\" width=\"1200\" height=\"1800\" loading=\"lazy\" fetchpriority=\"low\" class=\"w-full !h-full  object-cover\"\n>\n                                                            <\/a>\n            <\/div>\n        <\/div>\n    <\/div>\n\n                <\/div>\n            <\/div>\n                    <div class=\"bg-gray-75\">\n                <div class=\"container\">\n                    <div class=\"grid lg:grid-cols-2 wp-block-model-block pb-16 pt-16\">\n        <div class=\"flex flex-col justify-center gap-2 mb-4 lg:mb-0 lg:order-2 lg:ms-16\">\n            <div class=\"text-xl font-bold font-condensed flex gap-2 items-center\">\n                <span class=\"!text-primary-500\"><svg xmlns=\"http:\/\/www.w3.org\/2000\/svg\" viewBox=\"0 0 384 512\" class=\"svg-inline--fa  fas fa-map-marker-alt\" role=\"img\" aria-hidden=\"true\" style=\"color:currentColor\"><!-- Font Awesome Pro 5.15.3 by @fontawesome - https:\/\/fontawesome.com License - https:\/\/fontawesome.com\/license (Commercial License) --><path d=\"M172.268 501.67C26.97 291.031 0 269.413 0 192 0 85.961 85.961 0 192 0s192 85.961 192 192c0 77.413-26.97 99.031-172.268 309.67-9.535 13.774-29.93 13.773-39.464 0zM192 272c44.183 0 80-35.817 80-80s-35.817-80-80-80-80 35.817-80 80 35.817 80 80 80z\" fill=\"currentColor\"><\/path><\/svg>\n<\/span>\n                <span class=\"text-gray-500\">Kijkappartement: Eekhoutstraat 8C &#8211; 8D, Ardooie<\/span>\n            <\/div>\n            <h2 class=\"font-bold font-condensed text-3xl md:text-4xl mb-2\">\n                            Kijkappartement in Ardooie\n                            <\/h2>\n                                        <div class=\"wysiwyg wysiwyg-usps mb-4\"><ul>\n<li>Gelijkvloers appartement met 2 slaapkamers<\/li>\n<li>Zuidwestgericht terras en priv\u00e9tuin<\/li>\n<li>Lichtrijke leefruimte met open keuken<\/li>\n<li>Veel lichtinval dankzij grote raampartijen<\/li>\n<li>Warmtepomp, vloerverwarming, ventilatie D en zonnepanelen<\/li>\n<\/ul>\n<\/div>\n                                        <div class=\"flex flex-col !w-max\">\n                    <a\n            class=\"group font-condensed inline-flex items-center py-1 px-12 rounded-md transition-colors duration-200 cursor-pointer no-underline font-condensed !text-white hover:!text-white bg-primary-500 hover:bg-primary-400 font-bold\"\n                    href=\"https:\/\/www.bostoen.be\/fr\/appartements\/ardooie\/fiori\/#contact-form\"\n                                >\n            \n            Prenez rendez-vous\n\n                    <\/a>\n                    <a\n                        href=\"https:\/\/www.bostoen.be\/fr\/appartements\/ardooie\/fiori\/\"\n                        class=\"w-full inline-block text-center px-6 underline hover:no-underline flex-1 !decoration-black\"\n                    >\n                        Ou d\u00e9couvrez ce projet\n                    <\/a>\n                <\/div>\n                    <\/div>\n\n        <div class=\"lg:order-1\">\n            <div class=\"grid grid-cols-2 gap-1 auto-rows-[8rem] md:auto-rows-[10rem] mt-4 md:grid-cols-3\">\n                    <a\n                data-fancybox=\"gallery-36535\"\n                href=\"https:\/\/www.bostoen.be\/uploads\/2025\/07\/Residentie-Fiori-4-2.jpg\"\n                data-index=\"0\"\n                class=\"relative group col-span-2 row-span-2 md:col-span-3 block\"\n            >\n                                    <img decoding=\"async\"\n    src=\"https:\/\/www.bostoen.be\/uploads\/2025\/07\/Residentie-Fiori-4-2.jpg\" alt=\"Bostoen Fiori Nieuwbouwappartementen in Ardooie Kijkappartement\" srcset=\"https:\/\/www.bostoen.be\/uploads\/2025\/07\/Residentie-Fiori-4-2-300x235.jpg 300w, https:\/\/www.bostoen.be\/uploads\/2025\/07\/Residentie-Fiori-4-2-1024x801.jpg 1024w, https:\/\/www.bostoen.be\/uploads\/2025\/07\/Residentie-Fiori-4-2-768x601.jpg 768w, https:\/\/www.bostoen.be\/uploads\/2025\/07\/Residentie-Fiori-4-2.jpg 1488w\" width=\"1488\" height=\"1164\" loading=\"lazy\" fetchpriority=\"low\" class=\"w-full !h-full  object-cover\"\n>\n                                                            <\/a>\n                    <a\n                data-fancybox=\"gallery-36535\"\n                href=\"https:\/\/www.bostoen.be\/uploads\/2025\/07\/Bostoen_Kijkappartement_Residentie_Fiori_Ardooie_Leefruimte-31.jpg\"\n                data-index=\"1\"\n                class=\"relative group col-span-1 row-span-1 block\"\n            >\n                                    <img decoding=\"async\"\n    src=\"https:\/\/www.bostoen.be\/uploads\/2025\/07\/Bostoen_Kijkappartement_Residentie_Fiori_Ardooie_Leefruimte-31.jpg\" alt=\"Bostoen Nieuwbouw Moderne appartementen Ardooie Residentie Fiori Leefruimte Kijkappartement\" srcset=\"https:\/\/www.bostoen.be\/uploads\/2025\/07\/Bostoen_Kijkappartement_Residentie_Fiori_Ardooie_Leefruimte-31-300x225.jpg 300w, https:\/\/www.bostoen.be\/uploads\/2025\/07\/Bostoen_Kijkappartement_Residentie_Fiori_Ardooie_Leefruimte-31-1024x768.jpg 1024w, https:\/\/www.bostoen.be\/uploads\/2025\/07\/Bostoen_Kijkappartement_Residentie_Fiori_Ardooie_Leefruimte-31-768x576.jpg 768w, https:\/\/www.bostoen.be\/uploads\/2025\/07\/Bostoen_Kijkappartement_Residentie_Fiori_Ardooie_Leefruimte-31.jpg 1100w\" width=\"1100\" height=\"825\" loading=\"lazy\" fetchpriority=\"low\" class=\"w-full !h-full  object-cover\"\n>\n                                                            <\/a>\n                    <a\n                data-fancybox=\"gallery-36535\"\n                href=\"https:\/\/www.bostoen.be\/uploads\/2025\/07\/Bostoen_Kijkappartement_Residentie_Fiori_Ardooie_Leefruimte-7.jpg\"\n                data-index=\"2\"\n                class=\"relative group col-span-1 row-span-1 block\"\n            >\n                                    <img decoding=\"async\"\n    src=\"https:\/\/www.bostoen.be\/uploads\/2025\/07\/Bostoen_Kijkappartement_Residentie_Fiori_Ardooie_Leefruimte-7.jpg\" alt=\"Bostoen Nieuwbouw Moderne appartementen Ardooie Residentie Fiori Leefruimte Kijkappartement\" srcset=\"https:\/\/www.bostoen.be\/uploads\/2025\/07\/Bostoen_Kijkappartement_Residentie_Fiori_Ardooie_Leefruimte-7-300x225.jpg 300w, https:\/\/www.bostoen.be\/uploads\/2025\/07\/Bostoen_Kijkappartement_Residentie_Fiori_Ardooie_Leefruimte-7-768x576.jpg 768w, https:\/\/www.bostoen.be\/uploads\/2025\/07\/Bostoen_Kijkappartement_Residentie_Fiori_Ardooie_Leefruimte-7.jpg 1000w\" width=\"1000\" height=\"750\" loading=\"lazy\" fetchpriority=\"low\" class=\"w-full !h-full  object-cover\"\n>\n                                                                    <div class=\"absolute inset-0 bg-black\/25  flex flex-col items-center justify-center text-white text-lg font-semibold flex-wrap md:hidden\">\n                        <div class=\"text-3xl\">+9<\/div>\n                        <div class=\"text-sm\">voir toutes les photos<\/div>\n                    <\/div>\n                            <\/a>\n                    <a\n                data-fancybox=\"gallery-36535\"\n                href=\"https:\/\/www.bostoen.be\/uploads\/2025\/07\/Bostoen_Kijkappartement_Residentie_Fiori_Ardooie_Leefruimte-23.jpg\"\n                data-index=\"3\"\n                class=\"relative group col-span-1 row-span-1 block hidden md:block\"\n            >\n                                    <img decoding=\"async\"\n    src=\"https:\/\/www.bostoen.be\/uploads\/2025\/07\/Bostoen_Kijkappartement_Residentie_Fiori_Ardooie_Leefruimte-23.jpg\" alt=\"Bostoen Nieuwbouw Moderne appartementen Ardooie Residentie Fiori Leefruimte Kijkappartement\" srcset=\"https:\/\/www.bostoen.be\/uploads\/2025\/07\/Bostoen_Kijkappartement_Residentie_Fiori_Ardooie_Leefruimte-23-300x225.jpg 300w, https:\/\/www.bostoen.be\/uploads\/2025\/07\/Bostoen_Kijkappartement_Residentie_Fiori_Ardooie_Leefruimte-23-1024x768.jpg 1024w, https:\/\/www.bostoen.be\/uploads\/2025\/07\/Bostoen_Kijkappartement_Residentie_Fiori_Ardooie_Leefruimte-23-768x576.jpg 768w, https:\/\/www.bostoen.be\/uploads\/2025\/07\/Bostoen_Kijkappartement_Residentie_Fiori_Ardooie_Leefruimte-23.jpg 1200w\" width=\"1200\" height=\"900\" loading=\"lazy\" fetchpriority=\"low\" class=\"w-full !h-full  object-cover\"\n>\n                                                    <div class=\"absolute inset-0 bg-black\/25  flex flex-col items-center justify-center text-white text-lg font-semibold flex-wrap\">\n                        <div class=\"text-4xl\">+8<\/div>\n                        <div>voir toutes les photos<\/div>\n                    <\/div>\n                                            <\/a>\n                    <a\n                data-fancybox=\"gallery-36535\"\n                href=\"https:\/\/www.bostoen.be\/uploads\/2025\/07\/Bostoen_Kijkappartement_Residentie_Fiori_Ardooie_Leefruimte-25.jpg\"\n                data-index=\"4\"\n                class=\"relative group col-span-1 row-span-1 hidden\"\n            >\n                                    <img decoding=\"async\"\n    src=\"https:\/\/www.bostoen.be\/uploads\/2025\/07\/Bostoen_Kijkappartement_Residentie_Fiori_Ardooie_Leefruimte-25.jpg\" alt=\"\" srcset=\"https:\/\/www.bostoen.be\/uploads\/2025\/07\/Bostoen_Kijkappartement_Residentie_Fiori_Ardooie_Leefruimte-25-300x225.jpg 300w, https:\/\/www.bostoen.be\/uploads\/2025\/07\/Bostoen_Kijkappartement_Residentie_Fiori_Ardooie_Leefruimte-25-1024x768.jpg 1024w, https:\/\/www.bostoen.be\/uploads\/2025\/07\/Bostoen_Kijkappartement_Residentie_Fiori_Ardooie_Leefruimte-25-768x576.jpg 768w, https:\/\/www.bostoen.be\/uploads\/2025\/07\/Bostoen_Kijkappartement_Residentie_Fiori_Ardooie_Leefruimte-25.jpg 1400w\" width=\"1400\" height=\"1050\" loading=\"lazy\" fetchpriority=\"low\" class=\"w-full !h-full  object-cover\"\n>\n                                                            <\/a>\n                    <a\n                data-fancybox=\"gallery-36535\"\n                href=\"https:\/\/www.bostoen.be\/uploads\/2025\/07\/Bostoen_Kijkappartement_Residentie_Fiori_Ardooie_Terras-1.jpg\"\n                data-index=\"5\"\n                class=\"relative group col-span-1 row-span-1 hidden\"\n            >\n                                    <img decoding=\"async\"\n    src=\"https:\/\/www.bostoen.be\/uploads\/2025\/07\/Bostoen_Kijkappartement_Residentie_Fiori_Ardooie_Terras-1.jpg\" alt=\"\" srcset=\"https:\/\/www.bostoen.be\/uploads\/2025\/07\/Bostoen_Kijkappartement_Residentie_Fiori_Ardooie_Terras-1-300x225.jpg 300w, https:\/\/www.bostoen.be\/uploads\/2025\/07\/Bostoen_Kijkappartement_Residentie_Fiori_Ardooie_Terras-1-768x576.jpg 768w, https:\/\/www.bostoen.be\/uploads\/2025\/07\/Bostoen_Kijkappartement_Residentie_Fiori_Ardooie_Terras-1.jpg 1000w\" width=\"1000\" height=\"750\" loading=\"lazy\" fetchpriority=\"low\" class=\"w-full !h-full  object-cover\"\n>\n                                                            <\/a>\n                    <a\n                data-fancybox=\"gallery-36535\"\n                href=\"https:\/\/www.bostoen.be\/uploads\/2025\/07\/Bostoen_Kijkappartement_Residentie_Fiori_Ardooie_Terras-5.jpg\"\n                data-index=\"6\"\n                class=\"relative group col-span-1 row-span-1 hidden\"\n            >\n                                    <img decoding=\"async\"\n    src=\"https:\/\/www.bostoen.be\/uploads\/2025\/07\/Bostoen_Kijkappartement_Residentie_Fiori_Ardooie_Terras-5.jpg\" alt=\"\" srcset=\"https:\/\/www.bostoen.be\/uploads\/2025\/07\/Bostoen_Kijkappartement_Residentie_Fiori_Ardooie_Terras-5-300x225.jpg 300w, https:\/\/www.bostoen.be\/uploads\/2025\/07\/Bostoen_Kijkappartement_Residentie_Fiori_Ardooie_Terras-5-768x576.jpg 768w, https:\/\/www.bostoen.be\/uploads\/2025\/07\/Bostoen_Kijkappartement_Residentie_Fiori_Ardooie_Terras-5.jpg 1000w\" width=\"1000\" height=\"750\" loading=\"lazy\" fetchpriority=\"low\" class=\"w-full !h-full  object-cover\"\n>\n                                                            <\/a>\n                    <a\n                data-fancybox=\"gallery-36535\"\n                href=\"https:\/\/www.bostoen.be\/uploads\/2025\/07\/Bostoen_Kijkappartement_Residentie_Fiori_Ardooie_Terras-7.jpg\"\n                data-index=\"7\"\n                class=\"relative group col-span-1 row-span-1 hidden\"\n            >\n                                    <img decoding=\"async\"\n    src=\"https:\/\/www.bostoen.be\/uploads\/2025\/07\/Bostoen_Kijkappartement_Residentie_Fiori_Ardooie_Terras-7.jpg\" alt=\"\" srcset=\"https:\/\/www.bostoen.be\/uploads\/2025\/07\/Bostoen_Kijkappartement_Residentie_Fiori_Ardooie_Terras-7-300x225.jpg 300w, https:\/\/www.bostoen.be\/uploads\/2025\/07\/Bostoen_Kijkappartement_Residentie_Fiori_Ardooie_Terras-7-768x576.jpg 768w, https:\/\/www.bostoen.be\/uploads\/2025\/07\/Bostoen_Kijkappartement_Residentie_Fiori_Ardooie_Terras-7.jpg 1000w\" width=\"1000\" height=\"750\" loading=\"lazy\" fetchpriority=\"low\" class=\"w-full !h-full  object-cover\"\n>\n                                                            <\/a>\n                    <a\n                data-fancybox=\"gallery-36535\"\n                href=\"https:\/\/www.bostoen.be\/uploads\/2025\/07\/Bostoen_Kijkappartement_Residentie_Fiori_Ardooie_Badkamer-1.jpg\"\n                data-index=\"8\"\n                class=\"relative group col-span-1 row-span-1 hidden\"\n            >\n                                    <img decoding=\"async\"\n    src=\"https:\/\/www.bostoen.be\/uploads\/2025\/07\/Bostoen_Kijkappartement_Residentie_Fiori_Ardooie_Badkamer-1.jpg\" alt=\"Bostoen Nieuwbouw Moderne appartementen Ardooie Residentie Fiori Badkamer Kijkappartement\" srcset=\"https:\/\/www.bostoen.be\/uploads\/2025\/07\/Bostoen_Kijkappartement_Residentie_Fiori_Ardooie_Badkamer-1-300x225.jpg 300w, https:\/\/www.bostoen.be\/uploads\/2025\/07\/Bostoen_Kijkappartement_Residentie_Fiori_Ardooie_Badkamer-1-1024x768.jpg 1024w, https:\/\/www.bostoen.be\/uploads\/2025\/07\/Bostoen_Kijkappartement_Residentie_Fiori_Ardooie_Badkamer-1-768x576.jpg 768w, https:\/\/www.bostoen.be\/uploads\/2025\/07\/Bostoen_Kijkappartement_Residentie_Fiori_Ardooie_Badkamer-1.jpg 1200w\" width=\"1200\" height=\"900\" loading=\"lazy\" fetchpriority=\"low\" class=\"w-full !h-full  object-cover\"\n>\n                                                            <\/a>\n                    <a\n                data-fancybox=\"gallery-36535\"\n                href=\"https:\/\/www.bostoen.be\/uploads\/2025\/07\/Residentie-Fiori-1.jpg\"\n                data-index=\"9\"\n                class=\"relative group col-span-1 row-span-1 hidden\"\n            >\n                                    <img decoding=\"async\"\n    src=\"https:\/\/www.bostoen.be\/uploads\/2025\/07\/Residentie-Fiori-1.jpg\" alt=\"Bostoen Fiori Nieuwbouwappartementen in Ardooie Kijkappartement\" srcset=\"https:\/\/www.bostoen.be\/uploads\/2025\/07\/Residentie-Fiori-1-300x225.jpg 300w, https:\/\/www.bostoen.be\/uploads\/2025\/07\/Residentie-Fiori-1-1024x768.jpg 1024w, https:\/\/www.bostoen.be\/uploads\/2025\/07\/Residentie-Fiori-1-768x576.jpg 768w, https:\/\/www.bostoen.be\/uploads\/2025\/07\/Residentie-Fiori-1-1536x1152.jpg 1536w, https:\/\/www.bostoen.be\/uploads\/2025\/07\/Residentie-Fiori-1.jpg 2000w\" width=\"2000\" height=\"1500\" loading=\"lazy\" fetchpriority=\"low\" class=\"w-full !h-full  object-cover\"\n>\n                                                            <\/a>\n                    <a\n                data-fancybox=\"gallery-36535\"\n                href=\"https:\/\/www.bostoen.be\/uploads\/2025\/07\/Residentie-Fiori-3.jpg\"\n                data-index=\"10\"\n                class=\"relative group col-span-1 row-span-1 hidden\"\n            >\n                                    <img decoding=\"async\"\n    src=\"https:\/\/www.bostoen.be\/uploads\/2025\/07\/Residentie-Fiori-3.jpg\" alt=\"Bostoen Fiori Nieuwbouwappartementen in Ardooie Kijkappartement\" srcset=\"https:\/\/www.bostoen.be\/uploads\/2025\/07\/Residentie-Fiori-3-300x225.jpg 300w, https:\/\/www.bostoen.be\/uploads\/2025\/07\/Residentie-Fiori-3-1024x768.jpg 1024w, https:\/\/www.bostoen.be\/uploads\/2025\/07\/Residentie-Fiori-3-768x576.jpg 768w, https:\/\/www.bostoen.be\/uploads\/2025\/07\/Residentie-Fiori-3-1536x1152.jpg 1536w, https:\/\/www.bostoen.be\/uploads\/2025\/07\/Residentie-Fiori-3.jpg 2000w\" width=\"2000\" height=\"1500\" loading=\"lazy\" fetchpriority=\"low\" class=\"w-full !h-full  object-cover\"\n>\n                                                            <\/a>\n                    <a\n                data-fancybox=\"gallery-36535\"\n                href=\"https:\/\/www.bostoen.be\/uploads\/2025\/07\/Bostoen_Kijkappartement_Residentie_Fiori_Ardooie_Slaapkamer2-2.jpg\"\n                data-index=\"11\"\n                class=\"relative group col-span-1 row-span-1 hidden\"\n            >\n                                    <img decoding=\"async\"\n    src=\"https:\/\/www.bostoen.be\/uploads\/2025\/07\/Bostoen_Kijkappartement_Residentie_Fiori_Ardooie_Slaapkamer2-2.jpg\" alt=\"Bostoen Nieuwbouw Moderne appartementen Ardooie Residentie Fiori Slaapkamer Kijkappartement\" srcset=\"https:\/\/www.bostoen.be\/uploads\/2025\/07\/Bostoen_Kijkappartement_Residentie_Fiori_Ardooie_Slaapkamer2-2-300x225.jpg 300w, https:\/\/www.bostoen.be\/uploads\/2025\/07\/Bostoen_Kijkappartement_Residentie_Fiori_Ardooie_Slaapkamer2-2-1024x768.jpg 1024w, https:\/\/www.bostoen.be\/uploads\/2025\/07\/Bostoen_Kijkappartement_Residentie_Fiori_Ardooie_Slaapkamer2-2-768x576.jpg 768w, https:\/\/www.bostoen.be\/uploads\/2025\/07\/Bostoen_Kijkappartement_Residentie_Fiori_Ardooie_Slaapkamer2-2.jpg 1100w\" width=\"1100\" height=\"825\" loading=\"lazy\" fetchpriority=\"low\" class=\"w-full !h-full  object-cover\"\n>\n                                                            <\/a>\n            <\/div>\n        <\/div>\n    <\/div>\n\n                <\/div>\n            <\/div>\n                <\/div>\n\n\n\n<h2 class=\"has-spacing-small wp-block-heading alignwide\">Jetez un \u0153il \u00e0 votre future maison<\/h2>\n\n\n<p class=\"wp-block-paragraph has-spacing-extra-small alignwide has-text-align-wide\">Lorsque vous d\u00e9cidez d&#8217;acheter une nouvelle maison, vous ne vous pr\u00e9cipitez pas. Vous explorez les diff\u00e9rentes possibilit\u00e9s et parcourez les petites annonces. Au final, c&#8217;est en visitant vous-m\u00eame une maison que vous vous en faites la meilleure id\u00e9e. Une visite physique d&#8217;une maison t\u00e9moin est donc le moyen id\u00e9al pour trouver de nouvelles id\u00e9es et vous impr\u00e9gner de l&#8217;ambiance d&#8217;une maison de Bostoen. En tant que candidat acheteur, vous obtenez ainsi une vue d&#8217;ensemble du logement, des pi\u00e8ces \u00e0 vivre lumineuses aux chambres confortables avec un mobilier accueillant et des \u00e9quipements modernes.<\/p>\n\n<p class=\"wp-block-paragraph alignwide has-text-align-wide\">Bostoen vous propose diff\u00e9rentes fa\u00e7ons d&#8217;explorer la maison de vos r\u00eaves. Vous pouvez notamment consulter les projets sur notre site web. Pour une exp\u00e9rience optimale, vous pouvez visiter les projets en compagnie de nos conseillers en construction, ce qui vous permettra de tout voir de pr\u00e8s.<\/p>\n\n\n<h2 class=\"has-spacing-small wp-block-heading alignwide\">D\u00e9couvrez tous les projets de notre offre<\/h2>\n\n\n<p class=\"wp-block-paragraph has-spacing-extra-small alignwide has-text-align-wide\">Tous les projets ne disposent pas d&#8217;une maison t\u00e9moin, mais cela ne les rend pas moins int\u00e9ressants.<br>N&#8217;h\u00e9sitez pas \u00e0 consulter ces projets et \u00e0 en savoir plus sur leur emplacement, l&#8217;offre disponible, les plans et les visuels correspondants.<\/p>\n\n<div class=\"wp-blocks-block  alignwide\">\n        <div x-data=\"{ showAll: true }\">\n            <div class=\"grid grid-cols-1 md:grid-cols-2 lg:grid-cols-3 gap-8 relative \">\n                                            <div\n                    x-show=\"showAll || 0 < 0\"\n                    x-cloak\n                    x-collapse\n                    class=\"w-full\"\n                >\n                    <div class=\"w-full relative shadow-sm shadow-gray-200 transition-all duration-300 overflow-hidden\">\n    <a class=\"absolute inset-0 z-10\" href=\"https:\/\/www.bostoen.be\/fr\/appartements\/deinze\/dhulhaege\/\"><\/a>\n    <div>\n        <div class=\"relative\">\n                            <div class=\"absolute z-20 left-0 top-0 right-0 flex flex-wrap items-center justify-start m-4 gap-x-2 gap-y-4\">\n                    <div\n                        class=\"font-bold font-condensed px-8 py-1.5 rounded-md leading-none whitespace-nowrap leading-none text-white bg-black\"\n                    >\n                        Journ\u00e9e portes ouvertes\n                    <\/div>\n                <\/div>\n                        <div class=\"embla relative overflow-hidden\" id=\"carousel_34447\">\n        <div class=\"embla__viewport embla--main\">\n            <div class=\"embla__container h-56\">\n                                    <div class=\"embla__slide\">\n                        <div class=\"embla__slide__inner\">\n                            <img decoding=\"async\"\n    src=\"https:\/\/www.bostoen.be\/uploads\/2024\/11\/DHulhaege-1.jpg\" alt=\"\" srcset=\"https:\/\/www.bostoen.be\/uploads\/2024\/11\/DHulhaege-1-300x200.jpg 300w, https:\/\/www.bostoen.be\/uploads\/2024\/11\/DHulhaege-1-1024x683.jpg 1024w, https:\/\/www.bostoen.be\/uploads\/2024\/11\/DHulhaege-1-768x512.jpg 768w, https:\/\/www.bostoen.be\/uploads\/2024\/11\/DHulhaege-1.jpg 1536w\" width=\"1536\" height=\"1024\" loading=\"lazy\" fetchpriority=\"low\" class=\"embla__slide__img object-cover h-56 w-full\"\n>\n                        <\/div>\n                    <\/div>\n                                    <div class=\"embla__slide\">\n                        <div class=\"embla__slide__inner\">\n                            <img decoding=\"async\"\n    src=\"https:\/\/www.bostoen.be\/uploads\/2024\/11\/DHulhaege-5-2.jpg\" alt=\"\" srcset=\"https:\/\/www.bostoen.be\/uploads\/2024\/11\/DHulhaege-5-2-300x221.jpg 300w, https:\/\/www.bostoen.be\/uploads\/2024\/11\/DHulhaege-5-2-1024x753.jpg 1024w, https:\/\/www.bostoen.be\/uploads\/2024\/11\/DHulhaege-5-2-768x565.jpg 768w, https:\/\/www.bostoen.be\/uploads\/2024\/11\/DHulhaege-5-2.jpg 1392w\" width=\"1392\" height=\"1024\" loading=\"lazy\" fetchpriority=\"low\" class=\"embla__slide__img object-cover h-56 w-full\"\n>\n                        <\/div>\n                    <\/div>\n                                    <div class=\"embla__slide\">\n                        <div class=\"embla__slide__inner\">\n                            <img decoding=\"async\"\n    src=\"https:\/\/www.bostoen.be\/uploads\/2024\/11\/DHulhaege-2.jpg\" alt=\"\" srcset=\"https:\/\/www.bostoen.be\/uploads\/2024\/11\/DHulhaege-2-300x200.jpg 300w, https:\/\/www.bostoen.be\/uploads\/2024\/11\/DHulhaege-2-1024x683.jpg 1024w, https:\/\/www.bostoen.be\/uploads\/2024\/11\/DHulhaege-2-768x512.jpg 768w, https:\/\/www.bostoen.be\/uploads\/2024\/11\/DHulhaege-2.jpg 1536w\" width=\"1536\" height=\"1024\" loading=\"lazy\" fetchpriority=\"low\" class=\"embla__slide__img object-cover h-56 w-full\"\n>\n                        <\/div>\n                    <\/div>\n                                    <div class=\"embla__slide\">\n                        <div class=\"embla__slide__inner\">\n                            <img decoding=\"async\"\n    src=\"https:\/\/www.bostoen.be\/uploads\/2024\/11\/DHulhaege-7-2.jpg\" alt=\"\" srcset=\"https:\/\/www.bostoen.be\/uploads\/2024\/11\/DHulhaege-7-2-300x200.jpg 300w, https:\/\/www.bostoen.be\/uploads\/2024\/11\/DHulhaege-7-2-1024x683.jpg 1024w, https:\/\/www.bostoen.be\/uploads\/2024\/11\/DHulhaege-7-2-768x512.jpg 768w, https:\/\/www.bostoen.be\/uploads\/2024\/11\/DHulhaege-7-2.jpg 1536w\" width=\"1536\" height=\"1024\" loading=\"lazy\" fetchpriority=\"low\" class=\"embla__slide__img object-cover h-56 w-full\"\n>\n                        <\/div>\n                    <\/div>\n                                    <div class=\"embla__slide\">\n                        <div class=\"embla__slide__inner\">\n                            <img decoding=\"async\"\n    src=\"https:\/\/www.bostoen.be\/uploads\/2024\/11\/DHulhaege-4-2.jpg\" alt=\"\" srcset=\"https:\/\/www.bostoen.be\/uploads\/2024\/11\/DHulhaege-4-2-300x192.jpg 300w, https:\/\/www.bostoen.be\/uploads\/2024\/11\/DHulhaege-4-2-1024x655.jpg 1024w, https:\/\/www.bostoen.be\/uploads\/2024\/11\/DHulhaege-4-2-768x491.jpg 768w, https:\/\/www.bostoen.be\/uploads\/2024\/11\/DHulhaege-4-2.jpg 1479w\" width=\"1479\" height=\"946\" loading=\"lazy\" fetchpriority=\"low\" class=\"embla__slide__img object-cover h-56 w-full\"\n>\n                        <\/div>\n                    <\/div>\n                                    <div class=\"embla__slide\">\n                        <div class=\"embla__slide__inner\">\n                            <img decoding=\"async\"\n    src=\"https:\/\/www.bostoen.be\/uploads\/2024\/11\/DHulhaege-6.jpg\" alt=\"\" srcset=\"https:\/\/www.bostoen.be\/uploads\/2024\/11\/DHulhaege-6-300x200.jpg 300w, https:\/\/www.bostoen.be\/uploads\/2024\/11\/DHulhaege-6-1024x683.jpg 1024w, https:\/\/www.bostoen.be\/uploads\/2024\/11\/DHulhaege-6-768x512.jpg 768w, https:\/\/www.bostoen.be\/uploads\/2024\/11\/DHulhaege-6.jpg 1536w\" width=\"1536\" height=\"1024\" loading=\"lazy\" fetchpriority=\"low\" class=\"embla__slide__img object-cover h-56 w-full\"\n>\n                        <\/div>\n                    <\/div>\n                                    <div class=\"embla__slide\">\n                        <div class=\"embla__slide__inner\">\n                            <img decoding=\"async\"\n    src=\"https:\/\/www.bostoen.be\/uploads\/2024\/11\/DHulhaege-3.jpg\" alt=\"\" srcset=\"https:\/\/www.bostoen.be\/uploads\/2024\/11\/DHulhaege-3-300x200.jpg 300w, https:\/\/www.bostoen.be\/uploads\/2024\/11\/DHulhaege-3-1024x683.jpg 1024w, https:\/\/www.bostoen.be\/uploads\/2024\/11\/DHulhaege-3-768x512.jpg 768w, https:\/\/www.bostoen.be\/uploads\/2024\/11\/DHulhaege-3.jpg 1536w\" width=\"1536\" height=\"1024\" loading=\"lazy\" fetchpriority=\"low\" class=\"embla__slide__img object-cover h-56 w-full\"\n>\n                        <\/div>\n                    <\/div>\n                                    <div class=\"embla__slide\">\n                        <div class=\"embla__slide__inner\">\n                            <img decoding=\"async\"\n    src=\"https:\/\/www.bostoen.be\/uploads\/2024\/11\/DHulhaege-1-1.jpg\" alt=\"\" srcset=\"https:\/\/www.bostoen.be\/uploads\/2024\/11\/DHulhaege-1-1-300x200.jpg 300w, https:\/\/www.bostoen.be\/uploads\/2024\/11\/DHulhaege-1-1-1024x682.jpg 1024w, https:\/\/www.bostoen.be\/uploads\/2024\/11\/DHulhaege-1-1-768x512.jpg 768w, https:\/\/www.bostoen.be\/uploads\/2024\/11\/DHulhaege-1-1.jpg 1400w\" width=\"1400\" height=\"933\" loading=\"lazy\" fetchpriority=\"low\" class=\"embla__slide__img object-cover h-56 w-full\"\n>\n                        <\/div>\n                    <\/div>\n                                    <div class=\"embla__slide\">\n                        <div class=\"embla__slide__inner\">\n                            <img decoding=\"async\"\n    src=\"https:\/\/www.bostoen.be\/uploads\/2024\/11\/DHulhaege-9.jpg\" alt=\"\" srcset=\"https:\/\/www.bostoen.be\/uploads\/2024\/11\/DHulhaege-9-300x200.jpg 300w, https:\/\/www.bostoen.be\/uploads\/2024\/11\/DHulhaege-9-1024x682.jpg 1024w, https:\/\/www.bostoen.be\/uploads\/2024\/11\/DHulhaege-9-768x512.jpg 768w, https:\/\/www.bostoen.be\/uploads\/2024\/11\/DHulhaege-9.jpg 1400w\" width=\"1400\" height=\"933\" loading=\"lazy\" fetchpriority=\"low\" class=\"embla__slide__img object-cover h-56 w-full\"\n>\n                        <\/div>\n                    <\/div>\n                                    <div class=\"embla__slide\">\n                        <div class=\"embla__slide__inner\">\n                            <img decoding=\"async\"\n    src=\"https:\/\/www.bostoen.be\/uploads\/2024\/11\/DHulhaege-40.jpg\" alt=\"\" srcset=\"https:\/\/www.bostoen.be\/uploads\/2024\/11\/DHulhaege-40-300x200.jpg 300w, https:\/\/www.bostoen.be\/uploads\/2024\/11\/DHulhaege-40-1024x682.jpg 1024w, https:\/\/www.bostoen.be\/uploads\/2024\/11\/DHulhaege-40-768x512.jpg 768w, https:\/\/www.bostoen.be\/uploads\/2024\/11\/DHulhaege-40.jpg 1400w\" width=\"1400\" height=\"933\" loading=\"lazy\" fetchpriority=\"low\" class=\"embla__slide__img object-cover h-56 w-full\"\n>\n                        <\/div>\n                    <\/div>\n                                    <div class=\"embla__slide\">\n                        <div class=\"embla__slide__inner\">\n                            <img decoding=\"async\"\n    src=\"https:\/\/www.bostoen.be\/uploads\/2024\/11\/DHulhaege-48.jpg\" alt=\"\" srcset=\"https:\/\/www.bostoen.be\/uploads\/2024\/11\/DHulhaege-48-300x200.jpg 300w, https:\/\/www.bostoen.be\/uploads\/2024\/11\/DHulhaege-48-1024x682.jpg 1024w, https:\/\/www.bostoen.be\/uploads\/2024\/11\/DHulhaege-48-768x512.jpg 768w, https:\/\/www.bostoen.be\/uploads\/2024\/11\/DHulhaege-48.jpg 1400w\" width=\"1400\" height=\"933\" loading=\"lazy\" fetchpriority=\"low\" class=\"embla__slide__img object-cover h-56 w-full\"\n>\n                        <\/div>\n                    <\/div>\n                                    <div class=\"embla__slide\">\n                        <div class=\"embla__slide__inner\">\n                            <img decoding=\"async\"\n    src=\"https:\/\/www.bostoen.be\/uploads\/2024\/11\/DHulhaege-21.jpg\" alt=\"\" srcset=\"https:\/\/www.bostoen.be\/uploads\/2024\/11\/DHulhaege-21-200x300.jpg 200w, https:\/\/www.bostoen.be\/uploads\/2024\/11\/DHulhaege-21-683x1024.jpg 683w, https:\/\/www.bostoen.be\/uploads\/2024\/11\/DHulhaege-21-768x1152.jpg 768w, https:\/\/www.bostoen.be\/uploads\/2024\/11\/DHulhaege-21.jpg 1000w\" width=\"1000\" height=\"1500\" loading=\"lazy\" fetchpriority=\"low\" class=\"embla__slide__img object-cover h-56 w-full\"\n>\n                        <\/div>\n                    <\/div>\n                                    <div class=\"embla__slide\">\n                        <div class=\"embla__slide__inner\">\n                            <img decoding=\"async\"\n    src=\"https:\/\/www.bostoen.be\/uploads\/2024\/11\/DHulhaege-23.jpg\" alt=\"\" srcset=\"https:\/\/www.bostoen.be\/uploads\/2024\/11\/DHulhaege-23-200x300.jpg 200w, https:\/\/www.bostoen.be\/uploads\/2024\/11\/DHulhaege-23-683x1024.jpg 683w, https:\/\/www.bostoen.be\/uploads\/2024\/11\/DHulhaege-23-768x1152.jpg 768w, https:\/\/www.bostoen.be\/uploads\/2024\/11\/DHulhaege-23.jpg 1000w\" width=\"1000\" height=\"1500\" loading=\"lazy\" fetchpriority=\"low\" class=\"embla__slide__img object-cover h-56 w-full\"\n>\n                        <\/div>\n                    <\/div>\n                                    <div class=\"embla__slide\">\n                        <div class=\"embla__slide__inner\">\n                            <img decoding=\"async\"\n    src=\"https:\/\/www.bostoen.be\/uploads\/2024\/11\/DHulhaege-62.jpg\" alt=\"\" srcset=\"https:\/\/www.bostoen.be\/uploads\/2024\/11\/DHulhaege-62-200x300.jpg 200w, https:\/\/www.bostoen.be\/uploads\/2024\/11\/DHulhaege-62-683x1024.jpg 683w, https:\/\/www.bostoen.be\/uploads\/2024\/11\/DHulhaege-62-768x1152.jpg 768w, https:\/\/www.bostoen.be\/uploads\/2024\/11\/DHulhaege-62.jpg 1000w\" width=\"1000\" height=\"1500\" loading=\"lazy\" fetchpriority=\"low\" class=\"embla__slide__img object-cover h-56 w-full\"\n>\n                        <\/div>\n                    <\/div>\n                            <\/div>\n        <\/div>\n        <button class=\"embla__prev absolute top-1\/2 -mt-4 left-2 md:left-5 z-20 text-white bg-transparent border-none text-2xl opacity-100 hover:scale-105 transition-all duration-300\"><svg xmlns=\"http:\/\/www.w3.org\/2000\/svg\" viewBox=\"0 0 512 512\" class=\"svg-inline--fa  fas fa-chevron-circle-left\" role=\"img\" aria-hidden=\"true\" style=\"color:currentColor\"><!-- Font Awesome Pro 5.15.3 by @fontawesome - https:\/\/fontawesome.com License - https:\/\/fontawesome.com\/license (Commercial License) --><path d=\"M256 504C119 504 8 393 8 256S119 8 256 8s248 111 248 248-111 248-248 248zM142.1 273l135.5 135.5c9.4 9.4 24.6 9.4 33.9 0l17-17c9.4-9.4 9.4-24.6 0-33.9L226.9 256l101.6-101.6c9.4-9.4 9.4-24.6 0-33.9l-17-17c-9.4-9.4-24.6-9.4-33.9 0L142.1 239c-9.4 9.4-9.4 24.6 0 34z\" fill=\"currentColor\"><\/path><\/svg>\n<\/button>\n        <button class=\"embla__next absolute top-1\/2 -mt-4 right-2 md:right-5 z-20 text-white bg-transparent border-none text-2xl opacity-100 hover:scale-105 transition-all duration-300\"><svg xmlns=\"http:\/\/www.w3.org\/2000\/svg\" viewBox=\"0 0 512 512\" class=\"svg-inline--fa  fas fa-chevron-circle-right\" role=\"img\" aria-hidden=\"true\" style=\"color:currentColor\"><!-- Font Awesome Pro 5.15.3 by @fontawesome - https:\/\/fontawesome.com License - https:\/\/fontawesome.com\/license (Commercial License) --><path d=\"M256 8c137 0 248 111 248 248S393 504 256 504 8 393 8 256 119 8 256 8zm113.9 231L234.4 103.5c-9.4-9.4-24.6-9.4-33.9 0l-17 17c-9.4 9.4-9.4 24.6 0 33.9L285.1 256 183.5 357.6c-9.4 9.4-9.4 24.6 0 33.9l17 17c9.4 9.4 24.6 9.4 33.9 0L369.9 273c9.4-9.4 9.4-24.6 0-34z\" fill=\"currentColor\"><\/path><\/svg>\n<\/button>\n    <\/div>\n        <\/div>\n        <div class=\"flex flex-col gap-2 px-4 py-6 relative z-0\">\n            <h2 class=\"text-3xl md:text-4xl font-bold font-condensed\">Deinze<\/h2>\n            <div class=\"leading-snug text-gray-500 text-xl font-bold font-condensed\">Maisons et appartements &#8211; D&#039;Hulhaege<\/div>\n                            <div class=\"wysiwyg wysiwyg-usps\"><ul>\n<li>Maisons et appartements de caract\u00e8re traditionnel<\/li>\n<li>Espaces de vie lumineux avec grandes baies vitr\u00e9es<\/li>\n<li>Facilement accessible<\/li>\n<\/ul>\n<\/div>\n                                        <div class=\"font-bold font-condensed\">\u00c0 partir de \u20ac 266.200 hors frais<\/div>\n                    <\/div>\n    <\/div>\n<\/div>\n                <\/div>\n                                            <div\n                    x-show=\"showAll || 1 < 0\"\n                    x-cloak\n                    x-collapse\n                    class=\"w-full\"\n                >\n                    <div class=\"w-full relative shadow-sm shadow-gray-200 transition-all duration-300 overflow-hidden\">\n    <a class=\"absolute inset-0 z-10\" href=\"https:\/\/www.bostoen.be\/fr\/appartements\/merelbeke\/de-lijsters\/\"><\/a>\n    <div>\n        <div class=\"relative\">\n                            <div class=\"absolute z-20 left-0 top-0 right-0 flex flex-wrap items-center justify-start m-4 gap-x-2 gap-y-4\">\n                    <div\n                        class=\"font-bold font-condensed px-8 py-1.5 rounded-md leading-none whitespace-nowrap leading-none text-white bg-primary-500\"\n                    >\n                        TVA \u00e0 6 %\n                    <\/div>\n                <\/div>\n                        <div class=\"embla relative overflow-hidden\" id=\"carousel_28578\">\n        <div class=\"embla__viewport embla--main\">\n            <div class=\"embla__container h-56\">\n                                    <div class=\"embla__slide\">\n                        <div class=\"embla__slide__inner\">\n                            <img decoding=\"async\"\n    src=\"https:\/\/www.bostoen.be\/uploads\/2026\/02\/de-lijsters-43-3.jpg\" alt=\"\" srcset=\"https:\/\/www.bostoen.be\/uploads\/2026\/02\/de-lijsters-43-3-300x198.jpg 300w, https:\/\/www.bostoen.be\/uploads\/2026\/02\/de-lijsters-43-3-1024x675.jpg 1024w, https:\/\/www.bostoen.be\/uploads\/2026\/02\/de-lijsters-43-3-768x506.jpg 768w, https:\/\/www.bostoen.be\/uploads\/2026\/02\/de-lijsters-43-3-1536x1013.jpg 1536w, https:\/\/www.bostoen.be\/uploads\/2026\/02\/de-lijsters-43-3.jpg 1718w\" width=\"1718\" height=\"1133\" loading=\"lazy\" fetchpriority=\"low\" class=\"embla__slide__img object-cover h-56 w-full\"\n>\n                        <\/div>\n                    <\/div>\n                                    <div class=\"embla__slide\">\n                        <div class=\"embla__slide__inner\">\n                            <img decoding=\"async\"\n    src=\"https:\/\/www.bostoen.be\/uploads\/2026\/02\/de-lijsters-37.jpg\" alt=\"\" srcset=\"https:\/\/www.bostoen.be\/uploads\/2026\/02\/de-lijsters-37-300x200.jpg 300w, https:\/\/www.bostoen.be\/uploads\/2026\/02\/de-lijsters-37-1024x683.jpg 1024w, https:\/\/www.bostoen.be\/uploads\/2026\/02\/de-lijsters-37-768x512.jpg 768w, https:\/\/www.bostoen.be\/uploads\/2026\/02\/de-lijsters-37.jpg 1300w\" width=\"1300\" height=\"867\" loading=\"lazy\" fetchpriority=\"low\" class=\"embla__slide__img object-cover h-56 w-full\"\n>\n                        <\/div>\n                    <\/div>\n                                    <div class=\"embla__slide\">\n                        <div class=\"embla__slide__inner\">\n                            <img decoding=\"async\"\n    src=\"https:\/\/www.bostoen.be\/uploads\/2026\/02\/de-lijsters-1.jpg\" alt=\"\" srcset=\"https:\/\/www.bostoen.be\/uploads\/2026\/02\/de-lijsters-1-300x200.jpg 300w, https:\/\/www.bostoen.be\/uploads\/2026\/02\/de-lijsters-1-1024x683.jpg 1024w, https:\/\/www.bostoen.be\/uploads\/2026\/02\/de-lijsters-1-768x512.jpg 768w, https:\/\/www.bostoen.be\/uploads\/2026\/02\/de-lijsters-1.jpg 1300w\" width=\"1300\" height=\"867\" loading=\"lazy\" fetchpriority=\"low\" class=\"embla__slide__img object-cover h-56 w-full\"\n>\n                        <\/div>\n                    <\/div>\n                                    <div class=\"embla__slide\">\n                        <div class=\"embla__slide__inner\">\n                            <img decoding=\"async\"\n    src=\"https:\/\/www.bostoen.be\/uploads\/2026\/02\/de-lijsters-17.jpg\" alt=\"\" srcset=\"https:\/\/www.bostoen.be\/uploads\/2026\/02\/de-lijsters-17-200x300.jpg 200w, https:\/\/www.bostoen.be\/uploads\/2026\/02\/de-lijsters-17-683x1024.jpg 683w, https:\/\/www.bostoen.be\/uploads\/2026\/02\/de-lijsters-17-768x1152.jpg 768w, https:\/\/www.bostoen.be\/uploads\/2026\/02\/de-lijsters-17.jpg 900w\" width=\"900\" height=\"1350\" loading=\"lazy\" fetchpriority=\"low\" class=\"embla__slide__img object-cover h-56 w-full\"\n>\n                        <\/div>\n                    <\/div>\n                                    <div class=\"embla__slide\">\n                        <div class=\"embla__slide__inner\">\n                            <img decoding=\"async\"\n    src=\"https:\/\/www.bostoen.be\/uploads\/2026\/02\/de-lijsters-10.jpg\" alt=\"\" srcset=\"https:\/\/www.bostoen.be\/uploads\/2026\/02\/de-lijsters-10-200x300.jpg 200w, https:\/\/www.bostoen.be\/uploads\/2026\/02\/de-lijsters-10-683x1024.jpg 683w, https:\/\/www.bostoen.be\/uploads\/2026\/02\/de-lijsters-10-768x1152.jpg 768w, https:\/\/www.bostoen.be\/uploads\/2026\/02\/de-lijsters-10.jpg 900w\" width=\"900\" height=\"1350\" loading=\"lazy\" fetchpriority=\"low\" class=\"embla__slide__img object-cover h-56 w-full\"\n>\n                        <\/div>\n                    <\/div>\n                                    <div class=\"embla__slide\">\n                        <div class=\"embla__slide__inner\">\n                            <img decoding=\"async\"\n    src=\"https:\/\/www.bostoen.be\/uploads\/2026\/02\/de-lijsters-22.jpg\" alt=\"\" srcset=\"https:\/\/www.bostoen.be\/uploads\/2026\/02\/de-lijsters-22-200x300.jpg 200w, https:\/\/www.bostoen.be\/uploads\/2026\/02\/de-lijsters-22-683x1024.jpg 683w, https:\/\/www.bostoen.be\/uploads\/2026\/02\/de-lijsters-22-768x1152.jpg 768w, https:\/\/www.bostoen.be\/uploads\/2026\/02\/de-lijsters-22.jpg 900w\" width=\"900\" height=\"1350\" loading=\"lazy\" fetchpriority=\"low\" class=\"embla__slide__img object-cover h-56 w-full\"\n>\n                        <\/div>\n                    <\/div>\n                                    <div class=\"embla__slide\">\n                        <div class=\"embla__slide__inner\">\n                            <img decoding=\"async\"\n    src=\"https:\/\/www.bostoen.be\/uploads\/2026\/02\/de-lijsters-35.jpg\" alt=\"\" srcset=\"https:\/\/www.bostoen.be\/uploads\/2026\/02\/de-lijsters-35-205x300.jpg 205w, https:\/\/www.bostoen.be\/uploads\/2026\/02\/de-lijsters-35-701x1024.jpg 701w, https:\/\/www.bostoen.be\/uploads\/2026\/02\/de-lijsters-35-768x1122.jpg 768w, https:\/\/www.bostoen.be\/uploads\/2026\/02\/de-lijsters-35.jpg 900w\" width=\"900\" height=\"1315\" loading=\"lazy\" fetchpriority=\"low\" class=\"embla__slide__img object-cover h-56 w-full\"\n>\n                        <\/div>\n                    <\/div>\n                                    <div class=\"embla__slide\">\n                        <div class=\"embla__slide__inner\">\n                            <img decoding=\"async\"\n    src=\"https:\/\/www.bostoen.be\/uploads\/2026\/02\/de-lijsters-102.jpg\" alt=\"\" srcset=\"https:\/\/www.bostoen.be\/uploads\/2026\/02\/de-lijsters-102-200x300.jpg 200w, https:\/\/www.bostoen.be\/uploads\/2026\/02\/de-lijsters-102-683x1024.jpg 683w, https:\/\/www.bostoen.be\/uploads\/2026\/02\/de-lijsters-102-768x1152.jpg 768w, https:\/\/www.bostoen.be\/uploads\/2026\/02\/de-lijsters-102.jpg 900w\" width=\"900\" height=\"1350\" loading=\"lazy\" fetchpriority=\"low\" class=\"embla__slide__img object-cover h-56 w-full\"\n>\n                        <\/div>\n                    <\/div>\n                                    <div class=\"embla__slide\">\n                        <div class=\"embla__slide__inner\">\n                            <img decoding=\"async\"\n    src=\"https:\/\/www.bostoen.be\/uploads\/2026\/02\/de-lijsters-62.jpg\" alt=\"\" srcset=\"https:\/\/www.bostoen.be\/uploads\/2026\/02\/de-lijsters-62-300x200.jpg 300w, https:\/\/www.bostoen.be\/uploads\/2026\/02\/de-lijsters-62-1024x683.jpg 1024w, https:\/\/www.bostoen.be\/uploads\/2026\/02\/de-lijsters-62-768x512.jpg 768w, https:\/\/www.bostoen.be\/uploads\/2026\/02\/de-lijsters-62-1536x1024.jpg 1536w, https:\/\/www.bostoen.be\/uploads\/2026\/02\/de-lijsters-62.jpg 1600w\" width=\"1600\" height=\"1067\" loading=\"lazy\" fetchpriority=\"low\" class=\"embla__slide__img object-cover h-56 w-full\"\n>\n                        <\/div>\n                    <\/div>\n                                    <div class=\"embla__slide\">\n                        <div class=\"embla__slide__inner\">\n                            <img decoding=\"async\"\n    src=\"https:\/\/www.bostoen.be\/uploads\/2026\/02\/de-lijsters-84.jpg\" alt=\"\" srcset=\"https:\/\/www.bostoen.be\/uploads\/2026\/02\/de-lijsters-84-200x300.jpg 200w, https:\/\/www.bostoen.be\/uploads\/2026\/02\/de-lijsters-84-683x1024.jpg 683w, https:\/\/www.bostoen.be\/uploads\/2026\/02\/de-lijsters-84-768x1152.jpg 768w, https:\/\/www.bostoen.be\/uploads\/2026\/02\/de-lijsters-84.jpg 900w\" width=\"900\" height=\"1350\" loading=\"lazy\" fetchpriority=\"low\" class=\"embla__slide__img object-cover h-56 w-full\"\n>\n                        <\/div>\n                    <\/div>\n                                    <div class=\"embla__slide\">\n                        <div class=\"embla__slide__inner\">\n                            <img decoding=\"async\"\n    src=\"https:\/\/www.bostoen.be\/uploads\/2026\/02\/de-lijsters-55.jpg\" alt=\"\" srcset=\"https:\/\/www.bostoen.be\/uploads\/2026\/02\/de-lijsters-55-200x300.jpg 200w, https:\/\/www.bostoen.be\/uploads\/2026\/02\/de-lijsters-55-683x1024.jpg 683w, https:\/\/www.bostoen.be\/uploads\/2026\/02\/de-lijsters-55-768x1152.jpg 768w, https:\/\/www.bostoen.be\/uploads\/2026\/02\/de-lijsters-55-1024x1536.jpg 1024w, https:\/\/www.bostoen.be\/uploads\/2026\/02\/de-lijsters-55.jpg 1200w\" width=\"1200\" height=\"1800\" loading=\"lazy\" fetchpriority=\"low\" class=\"embla__slide__img object-cover h-56 w-full\"\n>\n                        <\/div>\n                    <\/div>\n                                    <div class=\"embla__slide\">\n                        <div class=\"embla__slide__inner\">\n                            <img decoding=\"async\"\n    src=\"https:\/\/www.bostoen.be\/uploads\/2026\/02\/de-lijsters-13.jpg\" alt=\"\" srcset=\"https:\/\/www.bostoen.be\/uploads\/2026\/02\/de-lijsters-13-200x300.jpg 200w, https:\/\/www.bostoen.be\/uploads\/2026\/02\/de-lijsters-13-683x1024.jpg 683w, https:\/\/www.bostoen.be\/uploads\/2026\/02\/de-lijsters-13-768x1152.jpg 768w, https:\/\/www.bostoen.be\/uploads\/2026\/02\/de-lijsters-13.jpg 900w\" width=\"900\" height=\"1350\" loading=\"lazy\" fetchpriority=\"low\" class=\"embla__slide__img object-cover h-56 w-full\"\n>\n                        <\/div>\n                    <\/div>\n                                    <div class=\"embla__slide\">\n                        <div class=\"embla__slide__inner\">\n                            <img decoding=\"async\"\n    src=\"https:\/\/www.bostoen.be\/uploads\/2026\/02\/de-lijsters-65.jpg\" alt=\"\" srcset=\"https:\/\/www.bostoen.be\/uploads\/2026\/02\/de-lijsters-65-200x300.jpg 200w, https:\/\/www.bostoen.be\/uploads\/2026\/02\/de-lijsters-65-683x1024.jpg 683w, https:\/\/www.bostoen.be\/uploads\/2026\/02\/de-lijsters-65-768x1152.jpg 768w, https:\/\/www.bostoen.be\/uploads\/2026\/02\/de-lijsters-65.jpg 900w\" width=\"900\" height=\"1350\" loading=\"lazy\" fetchpriority=\"low\" class=\"embla__slide__img object-cover h-56 w-full\"\n>\n                        <\/div>\n                    <\/div>\n                                    <div class=\"embla__slide\">\n                        <div class=\"embla__slide__inner\">\n                            <img decoding=\"async\"\n    src=\"https:\/\/www.bostoen.be\/uploads\/2026\/02\/de-lijsters-78.jpg\" alt=\"\" srcset=\"https:\/\/www.bostoen.be\/uploads\/2026\/02\/de-lijsters-78-200x300.jpg 200w, https:\/\/www.bostoen.be\/uploads\/2026\/02\/de-lijsters-78-683x1024.jpg 683w, https:\/\/www.bostoen.be\/uploads\/2026\/02\/de-lijsters-78-768x1152.jpg 768w, https:\/\/www.bostoen.be\/uploads\/2026\/02\/de-lijsters-78.jpg 900w\" width=\"900\" height=\"1350\" loading=\"lazy\" fetchpriority=\"low\" class=\"embla__slide__img object-cover h-56 w-full\"\n>\n                        <\/div>\n                    <\/div>\n                                    <div class=\"embla__slide\">\n                        <div class=\"embla__slide__inner\">\n                            <img decoding=\"async\"\n    src=\"https:\/\/www.bostoen.be\/uploads\/2026\/02\/de-lijsters-58.jpg\" alt=\"\" srcset=\"https:\/\/www.bostoen.be\/uploads\/2026\/02\/de-lijsters-58-200x300.jpg 200w, https:\/\/www.bostoen.be\/uploads\/2026\/02\/de-lijsters-58-683x1024.jpg 683w, https:\/\/www.bostoen.be\/uploads\/2026\/02\/de-lijsters-58-768x1152.jpg 768w, https:\/\/www.bostoen.be\/uploads\/2026\/02\/de-lijsters-58.jpg 900w\" width=\"900\" height=\"1350\" loading=\"lazy\" fetchpriority=\"low\" class=\"embla__slide__img object-cover h-56 w-full\"\n>\n                        <\/div>\n                    <\/div>\n                                    <div class=\"embla__slide\">\n                        <div class=\"embla__slide__inner\">\n                            <img decoding=\"async\"\n    src=\"https:\/\/www.bostoen.be\/uploads\/2026\/02\/de-lijsters-63.jpg\" alt=\"\" srcset=\"https:\/\/www.bostoen.be\/uploads\/2026\/02\/de-lijsters-63-200x300.jpg 200w, https:\/\/www.bostoen.be\/uploads\/2026\/02\/de-lijsters-63-683x1024.jpg 683w, https:\/\/www.bostoen.be\/uploads\/2026\/02\/de-lijsters-63-768x1152.jpg 768w, https:\/\/www.bostoen.be\/uploads\/2026\/02\/de-lijsters-63.jpg 900w\" width=\"900\" height=\"1350\" loading=\"lazy\" fetchpriority=\"low\" class=\"embla__slide__img object-cover h-56 w-full\"\n>\n                        <\/div>\n                    <\/div>\n                                    <div class=\"embla__slide\">\n                        <div class=\"embla__slide__inner\">\n                            <img decoding=\"async\"\n    src=\"https:\/\/www.bostoen.be\/uploads\/2026\/02\/de-lijsters-60.jpg\" alt=\"\" srcset=\"https:\/\/www.bostoen.be\/uploads\/2026\/02\/de-lijsters-60-200x300.jpg 200w, https:\/\/www.bostoen.be\/uploads\/2026\/02\/de-lijsters-60-683x1024.jpg 683w, https:\/\/www.bostoen.be\/uploads\/2026\/02\/de-lijsters-60-768x1152.jpg 768w, https:\/\/www.bostoen.be\/uploads\/2026\/02\/de-lijsters-60-1024x1536.jpg 1024w, https:\/\/www.bostoen.be\/uploads\/2026\/02\/de-lijsters-60.jpg 1300w\" width=\"1300\" height=\"1950\" loading=\"lazy\" fetchpriority=\"low\" class=\"embla__slide__img object-cover h-56 w-full\"\n>\n                        <\/div>\n                    <\/div>\n                                    <div class=\"embla__slide\">\n                        <div class=\"embla__slide__inner\">\n                            <img decoding=\"async\"\n    src=\"https:\/\/www.bostoen.be\/uploads\/2025\/05\/bostoen-moderne-nieuwbouwappartementen-merelbeke-de-lijsters-render-tuin-wadi.jpg\" alt=\"Bostoen Moderne nieuwbouwappartementen Merelbeke De Lijsters\" srcset=\"https:\/\/www.bostoen.be\/uploads\/2025\/05\/bostoen-moderne-nieuwbouwappartementen-merelbeke-de-lijsters-render-tuin-wadi-300x200.jpg 300w, https:\/\/www.bostoen.be\/uploads\/2025\/05\/bostoen-moderne-nieuwbouwappartementen-merelbeke-de-lijsters-render-tuin-wadi-768x512.jpg 768w, https:\/\/www.bostoen.be\/uploads\/2025\/05\/bostoen-moderne-nieuwbouwappartementen-merelbeke-de-lijsters-render-tuin-wadi.jpg 900w\" width=\"900\" height=\"600\" loading=\"lazy\" fetchpriority=\"low\" class=\"embla__slide__img object-cover h-56 w-full\"\n>\n                        <\/div>\n                    <\/div>\n                                    <div class=\"embla__slide\">\n                        <div class=\"embla__slide__inner\">\n                            <img decoding=\"async\"\n    src=\"https:\/\/www.bostoen.be\/uploads\/2024\/04\/bostoen-moderne-nieuwbouwappartementen-merelbeke-de-lijsters-render-tuin.jpg\" alt=\"Bostoen moderne nieuwbouwappartementen Merelbeke De Lijsters render tuin\" srcset=\"https:\/\/www.bostoen.be\/uploads\/2024\/04\/bostoen-moderne-nieuwbouwappartementen-merelbeke-de-lijsters-render-tuin-300x200.jpg 300w, https:\/\/www.bostoen.be\/uploads\/2024\/04\/bostoen-moderne-nieuwbouwappartementen-merelbeke-de-lijsters-render-tuin-768x511.jpg 768w, https:\/\/www.bostoen.be\/uploads\/2024\/04\/bostoen-moderne-nieuwbouwappartementen-merelbeke-de-lijsters-render-tuin.jpg 1000w\" width=\"1000\" height=\"666\" loading=\"lazy\" fetchpriority=\"low\" class=\"embla__slide__img object-cover h-56 w-full\"\n>\n                        <\/div>\n                    <\/div>\n                                    <div class=\"embla__slide\">\n                        <div class=\"embla__slide__inner\">\n                            <img decoding=\"async\"\n    src=\"https:\/\/www.bostoen.be\/uploads\/2025\/12\/bostoen-moderne-nieuwbouwappartementen-merelbeke-de-lijsters-render-voorgevel.jpg\" alt=\"Bostoen Nieuwbouwappartementen in Merelbeke De Lijsters Luxeappartementen\" srcset=\"https:\/\/www.bostoen.be\/uploads\/2025\/12\/bostoen-moderne-nieuwbouwappartementen-merelbeke-de-lijsters-render-voorgevel-300x200.jpg 300w, https:\/\/www.bostoen.be\/uploads\/2025\/12\/bostoen-moderne-nieuwbouwappartementen-merelbeke-de-lijsters-render-voorgevel-768x511.jpg 768w, https:\/\/www.bostoen.be\/uploads\/2025\/12\/bostoen-moderne-nieuwbouwappartementen-merelbeke-de-lijsters-render-voorgevel.jpg 1000w\" width=\"1000\" height=\"666\" loading=\"lazy\" fetchpriority=\"low\" class=\"embla__slide__img object-cover h-56 w-full\"\n>\n                        <\/div>\n                    <\/div>\n                                    <div class=\"embla__slide\">\n                        <div class=\"embla__slide__inner\">\n                            <img decoding=\"async\"\n    src=\"https:\/\/www.bostoen.be\/uploads\/2024\/04\/bostoen-moderne-nieuwbouwappartementen-merelbeke-de-lijsters-render-voorgevel-2.jpg\" alt=\"Bostoen moderne nieuwbouwappartementen Merelbeke De Lijsters render voorgevel\" srcset=\"https:\/\/www.bostoen.be\/uploads\/2024\/04\/bostoen-moderne-nieuwbouwappartementen-merelbeke-de-lijsters-render-voorgevel-2-300x200.jpg 300w, https:\/\/www.bostoen.be\/uploads\/2024\/04\/bostoen-moderne-nieuwbouwappartementen-merelbeke-de-lijsters-render-voorgevel-2-768x511.jpg 768w, https:\/\/www.bostoen.be\/uploads\/2024\/04\/bostoen-moderne-nieuwbouwappartementen-merelbeke-de-lijsters-render-voorgevel-2.jpg 1000w\" width=\"1000\" height=\"666\" loading=\"lazy\" fetchpriority=\"low\" class=\"embla__slide__img object-cover h-56 w-full\"\n>\n                        <\/div>\n                    <\/div>\n                                    <div class=\"embla__slide\">\n                        <div class=\"embla__slide__inner\">\n                            <img decoding=\"async\"\n    src=\"https:\/\/www.bostoen.be\/uploads\/2024\/04\/bostoen-moderne-nieuwbouwappartementen-merelbeke-de-lijsters-render-tuin-terras.jpg\" alt=\"Bostoen moderne nieuwbouwappartementen Merelbeke De Lijsters render tuin terras\" srcset=\"https:\/\/www.bostoen.be\/uploads\/2024\/04\/bostoen-moderne-nieuwbouwappartementen-merelbeke-de-lijsters-render-tuin-terras-300x200.jpg 300w, https:\/\/www.bostoen.be\/uploads\/2024\/04\/bostoen-moderne-nieuwbouwappartementen-merelbeke-de-lijsters-render-tuin-terras-768x512.jpg 768w, https:\/\/www.bostoen.be\/uploads\/2024\/04\/bostoen-moderne-nieuwbouwappartementen-merelbeke-de-lijsters-render-tuin-terras.jpg 900w\" width=\"900\" height=\"600\" loading=\"lazy\" fetchpriority=\"low\" class=\"embla__slide__img object-cover h-56 w-full\"\n>\n                        <\/div>\n                    <\/div>\n                                    <div class=\"embla__slide\">\n                        <div class=\"embla__slide__inner\">\n                            <img decoding=\"async\"\n    src=\"https:\/\/www.bostoen.be\/uploads\/2024\/04\/bostoen-moderne-nieuwbouwappartementen-merelbeke-de-lijsters-render-tuin-avondbeeld.jpg\" alt=\"Bostoen moderne nieuwbouwappartementen Merelbeke De Lijsters render tuin avondbeeld\" srcset=\"https:\/\/www.bostoen.be\/uploads\/2024\/04\/bostoen-moderne-nieuwbouwappartementen-merelbeke-de-lijsters-render-tuin-avondbeeld-300x200.jpg 300w, https:\/\/www.bostoen.be\/uploads\/2024\/04\/bostoen-moderne-nieuwbouwappartementen-merelbeke-de-lijsters-render-tuin-avondbeeld-768x511.jpg 768w, https:\/\/www.bostoen.be\/uploads\/2024\/04\/bostoen-moderne-nieuwbouwappartementen-merelbeke-de-lijsters-render-tuin-avondbeeld.jpg 900w\" width=\"900\" height=\"599\" loading=\"lazy\" fetchpriority=\"low\" class=\"embla__slide__img object-cover h-56 w-full\"\n>\n                        <\/div>\n                    <\/div>\n                                    <div class=\"embla__slide\">\n                        <div class=\"embla__slide__inner\">\n                            <img decoding=\"async\"\n    src=\"https:\/\/www.bostoen.be\/uploads\/2024\/12\/bostoen-moderne-nieuwbouwappartementen-merelbeke-de-lijsters-gelijkvloers.jpg\" alt=\"Bostoen Moderne Nieuwbouwappartementen Merelbeke De Lijsters Gelijkvloers Leefruimte Mooie Tuin\" srcset=\"https:\/\/www.bostoen.be\/uploads\/2024\/12\/bostoen-moderne-nieuwbouwappartementen-merelbeke-de-lijsters-gelijkvloers-300x190.jpg 300w, https:\/\/www.bostoen.be\/uploads\/2024\/12\/bostoen-moderne-nieuwbouwappartementen-merelbeke-de-lijsters-gelijkvloers-1024x647.jpg 1024w, https:\/\/www.bostoen.be\/uploads\/2024\/12\/bostoen-moderne-nieuwbouwappartementen-merelbeke-de-lijsters-gelijkvloers-768x486.jpg 768w, https:\/\/www.bostoen.be\/uploads\/2024\/12\/bostoen-moderne-nieuwbouwappartementen-merelbeke-de-lijsters-gelijkvloers.jpg 1300w\" width=\"1300\" height=\"822\" loading=\"lazy\" fetchpriority=\"low\" class=\"embla__slide__img object-cover h-56 w-full\"\n>\n                        <\/div>\n                    <\/div>\n                                    <div class=\"embla__slide\">\n                        <div class=\"embla__slide__inner\">\n                            <img decoding=\"async\"\n    src=\"https:\/\/www.bostoen.be\/uploads\/2024\/04\/bostoen-moderne-nieuwbouwappartementen-merelbeke-de-lijsters-render-leefruimte-2.jpg\" alt=\"Bostoen moderne nieuwbouwappartementen Merelbeke De Lijsters render leefruimte\" srcset=\"https:\/\/www.bostoen.be\/uploads\/2024\/04\/bostoen-moderne-nieuwbouwappartementen-merelbeke-de-lijsters-render-leefruimte-2-300x220.jpg 300w, https:\/\/www.bostoen.be\/uploads\/2024\/04\/bostoen-moderne-nieuwbouwappartementen-merelbeke-de-lijsters-render-leefruimte-2-1024x751.jpg 1024w, https:\/\/www.bostoen.be\/uploads\/2024\/04\/bostoen-moderne-nieuwbouwappartementen-merelbeke-de-lijsters-render-leefruimte-2-768x563.jpg 768w, https:\/\/www.bostoen.be\/uploads\/2024\/04\/bostoen-moderne-nieuwbouwappartementen-merelbeke-de-lijsters-render-leefruimte-2.jpg 1200w\" width=\"1200\" height=\"880\" loading=\"lazy\" fetchpriority=\"low\" class=\"embla__slide__img object-cover h-56 w-full\"\n>\n                        <\/div>\n                    <\/div>\n                                    <div class=\"embla__slide\">\n                        <div class=\"embla__slide__inner\">\n                            <img decoding=\"async\"\n    src=\"https:\/\/www.bostoen.be\/uploads\/2024\/04\/bostoen-moderne-nieuwbouwappartementen-merelbeke-de-lijsters-render-leefruimte.jpg\" alt=\"Bostoen moderne nieuwbouwappartementen Merelbeke De Lijsters render leefruimte\" srcset=\"https:\/\/www.bostoen.be\/uploads\/2024\/04\/bostoen-moderne-nieuwbouwappartementen-merelbeke-de-lijsters-render-leefruimte-300x220.jpg 300w, https:\/\/www.bostoen.be\/uploads\/2024\/04\/bostoen-moderne-nieuwbouwappartementen-merelbeke-de-lijsters-render-leefruimte-1024x751.jpg 1024w, https:\/\/www.bostoen.be\/uploads\/2024\/04\/bostoen-moderne-nieuwbouwappartementen-merelbeke-de-lijsters-render-leefruimte-768x563.jpg 768w, https:\/\/www.bostoen.be\/uploads\/2024\/04\/bostoen-moderne-nieuwbouwappartementen-merelbeke-de-lijsters-render-leefruimte.jpg 1200w\" width=\"1200\" height=\"880\" loading=\"lazy\" fetchpriority=\"low\" class=\"embla__slide__img object-cover h-56 w-full\"\n>\n                        <\/div>\n                    <\/div>\n                            <\/div>\n        <\/div>\n        <button class=\"embla__prev absolute top-1\/2 -mt-4 left-2 md:left-5 z-20 text-white bg-transparent border-none text-2xl opacity-100 hover:scale-105 transition-all duration-300\"><svg xmlns=\"http:\/\/www.w3.org\/2000\/svg\" viewBox=\"0 0 512 512\" class=\"svg-inline--fa  fas fa-chevron-circle-left\" role=\"img\" aria-hidden=\"true\" style=\"color:currentColor\"><!-- Font Awesome Pro 5.15.3 by @fontawesome - https:\/\/fontawesome.com License - https:\/\/fontawesome.com\/license (Commercial License) --><path d=\"M256 504C119 504 8 393 8 256S119 8 256 8s248 111 248 248-111 248-248 248zM142.1 273l135.5 135.5c9.4 9.4 24.6 9.4 33.9 0l17-17c9.4-9.4 9.4-24.6 0-33.9L226.9 256l101.6-101.6c9.4-9.4 9.4-24.6 0-33.9l-17-17c-9.4-9.4-24.6-9.4-33.9 0L142.1 239c-9.4 9.4-9.4 24.6 0 34z\" fill=\"currentColor\"><\/path><\/svg>\n<\/button>\n        <button class=\"embla__next absolute top-1\/2 -mt-4 right-2 md:right-5 z-20 text-white bg-transparent border-none text-2xl opacity-100 hover:scale-105 transition-all duration-300\"><svg xmlns=\"http:\/\/www.w3.org\/2000\/svg\" viewBox=\"0 0 512 512\" class=\"svg-inline--fa  fas fa-chevron-circle-right\" role=\"img\" aria-hidden=\"true\" style=\"color:currentColor\"><!-- Font Awesome Pro 5.15.3 by @fontawesome - https:\/\/fontawesome.com License - https:\/\/fontawesome.com\/license (Commercial License) --><path d=\"M256 8c137 0 248 111 248 248S393 504 256 504 8 393 8 256 119 8 256 8zm113.9 231L234.4 103.5c-9.4-9.4-24.6-9.4-33.9 0l-17 17c-9.4 9.4-9.4 24.6 0 33.9L285.1 256 183.5 357.6c-9.4 9.4-9.4 24.6 0 33.9l17 17c9.4 9.4 24.6 9.4 33.9 0L369.9 273c9.4-9.4 9.4-24.6 0-34z\" fill=\"currentColor\"><\/path><\/svg>\n<\/button>\n    <\/div>\n        <\/div>\n        <div class=\"flex flex-col gap-2 px-4 py-6 relative z-0\">\n            <h2 class=\"text-3xl md:text-4xl font-bold font-condensed\">Merelbeke<\/h2>\n            <div class=\"leading-snug text-gray-500 text-xl font-bold font-condensed\">Appartements modernes &#8211; De Lijsters<\/div>\n                            <div class=\"wysiwyg wysiwyg-usps\"><ul>\n<li>Choix entre 1, 2 ou 3 chambres<\/li>\n<li>1 ou 2 terrasses et magnifique jardin<\/li>\n<li>Finitions de haute qualit\u00e9<\/li>\n<\/ul>\n<\/div>\n                                        <div class=\"font-bold font-condensed\">\u00c0 partir de \u20ac 608.400 hors frais<\/div>\n                    <\/div>\n    <\/div>\n<\/div>\n                <\/div>\n                                            <div\n                    x-show=\"showAll || 2 < 0\"\n                    x-cloak\n                    x-collapse\n                    class=\"w-full\"\n                >\n                    <div class=\"w-full relative shadow-sm shadow-gray-200 transition-all duration-300 overflow-hidden\">\n    <a class=\"absolute inset-0 z-10\" href=\"https:\/\/www.bostoen.be\/fr\/appartements\/zedelgem\/leenhof\/\"><\/a>\n    <div>\n        <div class=\"relative\">\n                            <div class=\"absolute z-20 left-0 top-0 right-0 flex flex-wrap items-center justify-start m-4 gap-x-2 gap-y-4\">\n                    <div\n                        class=\"font-bold font-condensed px-8 py-1.5 rounded-md leading-none whitespace-nowrap leading-none text-white bg-success\"\n                    >\n                        Promotion\n                    <\/div>\n                <\/div>\n                        <div class=\"embla relative overflow-hidden\" id=\"carousel_24590\">\n        <div class=\"embla__viewport embla--main\">\n            <div class=\"embla__container h-56\">\n                                    <div class=\"embla__slide\">\n                        <div class=\"embla__slide__inner\">\n                            <img decoding=\"async\"\n    src=\"https:\/\/www.bostoen.be\/uploads\/2025\/10\/leenhof-zedelgem-16.jpg\" alt=\"Bostoen Leenhof Zedelgem Energiezuinige nieuwbouwappartementen\" srcset=\"https:\/\/www.bostoen.be\/uploads\/2025\/10\/leenhof-zedelgem-16-300x169.jpg 300w, https:\/\/www.bostoen.be\/uploads\/2025\/10\/leenhof-zedelgem-16-768x432.jpg 768w, https:\/\/www.bostoen.be\/uploads\/2025\/10\/leenhof-zedelgem-16.jpg 1000w\" width=\"1000\" height=\"563\" loading=\"lazy\" fetchpriority=\"low\" class=\"embla__slide__img object-cover h-56 w-full\"\n>\n                        <\/div>\n                    <\/div>\n                                    <div class=\"embla__slide\">\n                        <div class=\"embla__slide__inner\">\n                            <img decoding=\"async\"\n    src=\"https:\/\/www.bostoen.be\/uploads\/2025\/10\/leenhof-zedelgem-7.jpg\" alt=\"Bostoen Leenhof Zedelgem Energiezuinige nieuwbouwappartementen\" srcset=\"https:\/\/www.bostoen.be\/uploads\/2025\/10\/leenhof-zedelgem-7-300x225.jpg 300w, https:\/\/www.bostoen.be\/uploads\/2025\/10\/leenhof-zedelgem-7-768x576.jpg 768w, https:\/\/www.bostoen.be\/uploads\/2025\/10\/leenhof-zedelgem-7.jpg 1000w\" width=\"1000\" height=\"750\" loading=\"lazy\" fetchpriority=\"low\" class=\"embla__slide__img object-cover h-56 w-full\"\n>\n                        <\/div>\n                    <\/div>\n                                    <div class=\"embla__slide\">\n                        <div class=\"embla__slide__inner\">\n                            <img decoding=\"async\"\n    src=\"https:\/\/www.bostoen.be\/uploads\/2025\/10\/leenhof-zedelgem-13.jpg\" alt=\"Bostoen Leenhof Zedelgem Energiezuinige nieuwbouwappartementen\" srcset=\"https:\/\/www.bostoen.be\/uploads\/2025\/10\/leenhof-zedelgem-13-300x130.jpg 300w, https:\/\/www.bostoen.be\/uploads\/2025\/10\/leenhof-zedelgem-13-1024x444.jpg 1024w, https:\/\/www.bostoen.be\/uploads\/2025\/10\/leenhof-zedelgem-13-768x333.jpg 768w, https:\/\/www.bostoen.be\/uploads\/2025\/10\/leenhof-zedelgem-13-1536x667.jpg 1536w, https:\/\/www.bostoen.be\/uploads\/2025\/10\/leenhof-zedelgem-13.jpg 2000w\" width=\"2000\" height=\"868\" loading=\"lazy\" fetchpriority=\"low\" class=\"embla__slide__img object-cover h-56 w-full\"\n>\n                        <\/div>\n                    <\/div>\n                                    <div class=\"embla__slide\">\n                        <div class=\"embla__slide__inner\">\n                            <img decoding=\"async\"\n    src=\"https:\/\/www.bostoen.be\/uploads\/2025\/10\/leenhof-zedelgem-5.jpg\" alt=\"Bostoen Leenhof Zedelgem Energiezuinige nieuwbouwappartementen\" srcset=\"https:\/\/www.bostoen.be\/uploads\/2025\/10\/leenhof-zedelgem-5-300x300.jpg 300w, https:\/\/www.bostoen.be\/uploads\/2025\/10\/leenhof-zedelgem-5-150x150.jpg 150w, https:\/\/www.bostoen.be\/uploads\/2025\/10\/leenhof-zedelgem-5-768x768.jpg 768w, https:\/\/www.bostoen.be\/uploads\/2025\/10\/leenhof-zedelgem-5-200x200.jpg 200w, https:\/\/www.bostoen.be\/uploads\/2025\/10\/leenhof-zedelgem-5.jpg 800w\" width=\"800\" height=\"800\" loading=\"lazy\" fetchpriority=\"low\" class=\"embla__slide__img object-cover h-56 w-full\"\n>\n                        <\/div>\n                    <\/div>\n                                    <div class=\"embla__slide\">\n                        <div class=\"embla__slide__inner\">\n                            <img decoding=\"async\"\n    src=\"https:\/\/www.bostoen.be\/uploads\/2025\/10\/leenhof-zedelgem-6.jpg\" alt=\"Bostoen Leenhof Zedelgem Energiezuinige nieuwbouwappartementen\" srcset=\"https:\/\/www.bostoen.be\/uploads\/2025\/10\/leenhof-zedelgem-6-300x300.jpg 300w, https:\/\/www.bostoen.be\/uploads\/2025\/10\/leenhof-zedelgem-6-150x150.jpg 150w, https:\/\/www.bostoen.be\/uploads\/2025\/10\/leenhof-zedelgem-6-768x768.jpg 768w, https:\/\/www.bostoen.be\/uploads\/2025\/10\/leenhof-zedelgem-6-200x200.jpg 200w, https:\/\/www.bostoen.be\/uploads\/2025\/10\/leenhof-zedelgem-6.jpg 800w\" width=\"800\" height=\"800\" loading=\"lazy\" fetchpriority=\"low\" class=\"embla__slide__img object-cover h-56 w-full\"\n>\n                        <\/div>\n                    <\/div>\n                                    <div class=\"embla__slide\">\n                        <div class=\"embla__slide__inner\">\n                            <img decoding=\"async\"\n    src=\"https:\/\/www.bostoen.be\/uploads\/2025\/10\/leenhof-zedelgem-1.jpg\" alt=\"Bostoen Leenhof Zedelgem Energiezuinige nieuwbouwappartementen\" srcset=\"https:\/\/www.bostoen.be\/uploads\/2025\/10\/leenhof-zedelgem-1-300x135.jpg 300w, https:\/\/www.bostoen.be\/uploads\/2025\/10\/leenhof-zedelgem-1-1024x461.jpg 1024w, https:\/\/www.bostoen.be\/uploads\/2025\/10\/leenhof-zedelgem-1-768x346.jpg 768w, https:\/\/www.bostoen.be\/uploads\/2025\/10\/leenhof-zedelgem-1.jpg 1500w\" width=\"1500\" height=\"675\" loading=\"lazy\" fetchpriority=\"low\" class=\"embla__slide__img object-cover h-56 w-full\"\n>\n                        <\/div>\n                    <\/div>\n                                    <div class=\"embla__slide\">\n                        <div class=\"embla__slide__inner\">\n                            <img decoding=\"async\"\n    src=\"https:\/\/www.bostoen.be\/uploads\/2025\/10\/leenhof-zedelgem-3.jpg\" alt=\"Bostoen Leenhof Zedelgem Energiezuinige nieuwbouwappartementen\" srcset=\"https:\/\/www.bostoen.be\/uploads\/2025\/10\/leenhof-zedelgem-3-300x136.jpg 300w, https:\/\/www.bostoen.be\/uploads\/2025\/10\/leenhof-zedelgem-3-1024x464.jpg 1024w, https:\/\/www.bostoen.be\/uploads\/2025\/10\/leenhof-zedelgem-3-768x348.jpg 768w, https:\/\/www.bostoen.be\/uploads\/2025\/10\/leenhof-zedelgem-3.jpg 1500w\" width=\"1500\" height=\"680\" loading=\"lazy\" fetchpriority=\"low\" class=\"embla__slide__img object-cover h-56 w-full\"\n>\n                        <\/div>\n                    <\/div>\n                                    <div class=\"embla__slide\">\n                        <div class=\"embla__slide__inner\">\n                            <img decoding=\"async\"\n    src=\"https:\/\/www.bostoen.be\/uploads\/2025\/10\/leenhof-zedelgem-15.jpg\" alt=\"Bostoen Leenhof Zedelgem Energiezuinige nieuwbouwappartementen\" srcset=\"https:\/\/www.bostoen.be\/uploads\/2025\/10\/leenhof-zedelgem-15-300x225.jpg 300w, https:\/\/www.bostoen.be\/uploads\/2025\/10\/leenhof-zedelgem-15-1024x768.jpg 1024w, https:\/\/www.bostoen.be\/uploads\/2025\/10\/leenhof-zedelgem-15-768x576.jpg 768w, https:\/\/www.bostoen.be\/uploads\/2025\/10\/leenhof-zedelgem-15.jpg 1500w\" width=\"1500\" height=\"1125\" loading=\"lazy\" fetchpriority=\"low\" class=\"embla__slide__img object-cover h-56 w-full\"\n>\n                        <\/div>\n                    <\/div>\n                                    <div class=\"embla__slide\">\n                        <div class=\"embla__slide__inner\">\n                            <img decoding=\"async\"\n    src=\"https:\/\/www.bostoen.be\/uploads\/2025\/10\/leenhof-zedelgem-8.jpg\" alt=\"Bostoen Leenhof Zedelgem Energiezuinige nieuwbouwappartementen\" srcset=\"https:\/\/www.bostoen.be\/uploads\/2025\/10\/leenhof-zedelgem-8-300x237.jpg 300w, https:\/\/www.bostoen.be\/uploads\/2025\/10\/leenhof-zedelgem-8-1024x810.jpg 1024w, https:\/\/www.bostoen.be\/uploads\/2025\/10\/leenhof-zedelgem-8-768x607.jpg 768w, https:\/\/www.bostoen.be\/uploads\/2025\/10\/leenhof-zedelgem-8.jpg 1100w\" width=\"1100\" height=\"870\" loading=\"lazy\" fetchpriority=\"low\" class=\"embla__slide__img object-cover h-56 w-full\"\n>\n                        <\/div>\n                    <\/div>\n                                    <div class=\"embla__slide\">\n                        <div class=\"embla__slide__inner\">\n                            <img decoding=\"async\"\n    src=\"https:\/\/www.bostoen.be\/uploads\/2025\/10\/leenhof-zedelgem-14.jpg\" alt=\"Bostoen Leenhof Zedelgem Energiezuinige nieuwbouwappartementen\" srcset=\"https:\/\/www.bostoen.be\/uploads\/2025\/10\/leenhof-zedelgem-14-300x169.jpg 300w, https:\/\/www.bostoen.be\/uploads\/2025\/10\/leenhof-zedelgem-14-1024x576.jpg 1024w, https:\/\/www.bostoen.be\/uploads\/2025\/10\/leenhof-zedelgem-14-768x432.jpg 768w, https:\/\/www.bostoen.be\/uploads\/2025\/10\/leenhof-zedelgem-14-1536x864.jpg 1536w, https:\/\/www.bostoen.be\/uploads\/2025\/10\/leenhof-zedelgem-14.jpg 1800w\" width=\"1800\" height=\"1013\" loading=\"lazy\" fetchpriority=\"low\" class=\"embla__slide__img object-cover h-56 w-full\"\n>\n                        <\/div>\n                    <\/div>\n                                    <div class=\"embla__slide\">\n                        <div class=\"embla__slide__inner\">\n                            <img decoding=\"async\"\n    src=\"https:\/\/www.bostoen.be\/uploads\/2025\/10\/leenhof-zedelgem-12.jpg\" alt=\"Bostoen Leenhof Zedelgem Energiezuinige nieuwbouwappartementen\" srcset=\"https:\/\/www.bostoen.be\/uploads\/2025\/10\/leenhof-zedelgem-12-300x225.jpg 300w, https:\/\/www.bostoen.be\/uploads\/2025\/10\/leenhof-zedelgem-12-1024x768.jpg 1024w, https:\/\/www.bostoen.be\/uploads\/2025\/10\/leenhof-zedelgem-12-768x576.jpg 768w, https:\/\/www.bostoen.be\/uploads\/2025\/10\/leenhof-zedelgem-12-1536x1152.jpg 1536w, https:\/\/www.bostoen.be\/uploads\/2025\/10\/leenhof-zedelgem-12.jpg 2000w\" width=\"2000\" height=\"1500\" loading=\"lazy\" fetchpriority=\"low\" class=\"embla__slide__img object-cover h-56 w-full\"\n>\n                        <\/div>\n                    <\/div>\n                                    <div class=\"embla__slide\">\n                        <div class=\"embla__slide__inner\">\n                            <img decoding=\"async\"\n    src=\"https:\/\/www.bostoen.be\/uploads\/2025\/10\/leenhof-zedelgem-11.jpg\" alt=\"Bostoen Leenhof Zedelgem Energiezuinige nieuwbouwappartementen\" srcset=\"https:\/\/www.bostoen.be\/uploads\/2025\/10\/leenhof-zedelgem-11-300x135.jpg 300w, https:\/\/www.bostoen.be\/uploads\/2025\/10\/leenhof-zedelgem-11-1024x461.jpg 1024w, https:\/\/www.bostoen.be\/uploads\/2025\/10\/leenhof-zedelgem-11-768x346.jpg 768w, https:\/\/www.bostoen.be\/uploads\/2025\/10\/leenhof-zedelgem-11.jpg 1400w\" width=\"1400\" height=\"630\" loading=\"lazy\" fetchpriority=\"low\" class=\"embla__slide__img object-cover h-56 w-full\"\n>\n                        <\/div>\n                    <\/div>\n                                    <div class=\"embla__slide\">\n                        <div class=\"embla__slide__inner\">\n                            <img decoding=\"async\"\n    src=\"https:\/\/www.bostoen.be\/uploads\/2025\/10\/leenhof-zedelgem-10.jpg\" alt=\"Bostoen Leenhof Zedelgem Energiezuinige nieuwbouwappartementen\" srcset=\"https:\/\/www.bostoen.be\/uploads\/2025\/10\/leenhof-zedelgem-10-300x229.jpg 300w, https:\/\/www.bostoen.be\/uploads\/2025\/10\/leenhof-zedelgem-10-1024x782.jpg 1024w, https:\/\/www.bostoen.be\/uploads\/2025\/10\/leenhof-zedelgem-10-768x586.jpg 768w, https:\/\/www.bostoen.be\/uploads\/2025\/10\/leenhof-zedelgem-10.jpg 1200w\" width=\"1200\" height=\"916\" loading=\"lazy\" fetchpriority=\"low\" class=\"embla__slide__img object-cover h-56 w-full\"\n>\n                        <\/div>\n                    <\/div>\n                            <\/div>\n        <\/div>\n        <button class=\"embla__prev absolute top-1\/2 -mt-4 left-2 md:left-5 z-20 text-white bg-transparent border-none text-2xl opacity-100 hover:scale-105 transition-all duration-300\"><svg xmlns=\"http:\/\/www.w3.org\/2000\/svg\" viewBox=\"0 0 512 512\" class=\"svg-inline--fa  fas fa-chevron-circle-left\" role=\"img\" aria-hidden=\"true\" style=\"color:currentColor\"><!-- Font Awesome Pro 5.15.3 by @fontawesome - https:\/\/fontawesome.com License - https:\/\/fontawesome.com\/license (Commercial License) --><path d=\"M256 504C119 504 8 393 8 256S119 8 256 8s248 111 248 248-111 248-248 248zM142.1 273l135.5 135.5c9.4 9.4 24.6 9.4 33.9 0l17-17c9.4-9.4 9.4-24.6 0-33.9L226.9 256l101.6-101.6c9.4-9.4 9.4-24.6 0-33.9l-17-17c-9.4-9.4-24.6-9.4-33.9 0L142.1 239c-9.4 9.4-9.4 24.6 0 34z\" fill=\"currentColor\"><\/path><\/svg>\n<\/button>\n        <button class=\"embla__next absolute top-1\/2 -mt-4 right-2 md:right-5 z-20 text-white bg-transparent border-none text-2xl opacity-100 hover:scale-105 transition-all duration-300\"><svg xmlns=\"http:\/\/www.w3.org\/2000\/svg\" viewBox=\"0 0 512 512\" class=\"svg-inline--fa  fas fa-chevron-circle-right\" role=\"img\" aria-hidden=\"true\" style=\"color:currentColor\"><!-- Font Awesome Pro 5.15.3 by @fontawesome - https:\/\/fontawesome.com License - https:\/\/fontawesome.com\/license (Commercial License) --><path d=\"M256 8c137 0 248 111 248 248S393 504 256 504 8 393 8 256 119 8 256 8zm113.9 231L234.4 103.5c-9.4-9.4-24.6-9.4-33.9 0l-17 17c-9.4 9.4-9.4 24.6 0 33.9L285.1 256 183.5 357.6c-9.4 9.4-9.4 24.6 0 33.9l17 17c9.4 9.4 24.6 9.4 33.9 0L369.9 273c9.4-9.4 9.4-24.6 0-34z\" fill=\"currentColor\"><\/path><\/svg>\n<\/button>\n    <\/div>\n        <\/div>\n        <div class=\"flex flex-col gap-2 px-4 py-6 relative z-0\">\n            <h2 class=\"text-3xl md:text-4xl font-bold font-condensed\">Zedelgem<\/h2>\n            <div class=\"leading-snug text-gray-500 text-xl font-bold font-condensed\">Appartements \u00e9conomes en \u00e9nergie &#8211; Leenhof<\/div>\n                            <div class=\"wysiwyg wysiwyg-usps\"><ul>\n<li>Choix entre 1, 2 ou 3 chambres<\/li>\n<li>Terrasses ensoleill\u00e9es spacieuses<\/li>\n<li>\u00c9galement int\u00e9ressant comme investissement<\/li>\n<\/ul>\n<\/div>\n                                        <div class=\"font-bold font-condensed\">\u00c0 partir de \u20ac 269.000 hors frais<\/div>\n                    <\/div>\n    <\/div>\n<\/div>\n                <\/div>\n                        <div\n                x-show=\"!showAll &#038;&#038; false\"\n                x-cloak\n                class=\"absolute bottom-0 left-0 right-0 h-36 z-30 flex justify-center items-end bg-gradient-to-t from-white from-25% to-transparent\"\n            >\n                &nbsp;\n            <\/div>\n        <\/div>\n                    <div class=\"flex justify-center mt-16\">\n            <div\n        class=\"text-left\"\n    >\n        <a\n            class=\"group font-condensed inline-flex items-center py-1 px-12 rounded-md transition-colors duration-200 cursor-pointer no-underline font-condensed !text-white hover:!text-white bg-secondary-500 hover:bg-secondary-400 font-bold\"\n                    href=\"https:\/\/www.bostoen.be\/fr\/nouveaux-projets-de-construction\/\"\n                                >\n            \n            D\u00e9couvrez les 3 projets neufs\n\n                    <\/a>\n    <\/div>\n        <\/div>\n    <\/div>\n    <\/div>\n","protected":false},"excerpt":{"rendered":"<p>D\u00e9couvrez nos maisons et appartements t\u00e9moins dans votre quartier Jetez un \u0153il \u00e0 votre future maison Lorsque vous d\u00e9cidez d&#8217;acheter une nouvelle maison, vous ne vous pr\u00e9cipitez pas. Vous explorez les diff\u00e9rentes possibilit\u00e9s et parcourez les petites annonces. Au final,&#8230;<\/p>\n","protected":false},"author":1,"featured_media":0,"parent":0,"menu_order":0,"comment_status":"closed","ping_status":"closed","template":"","meta":{"_acf_changed":false,"content-type":"","footnotes":""},"class_list":["post-7215","page","type-page","status-publish","hentry"],"acf":[],"yoast_head":"<!-- This site is optimized with the Yoast SEO Premium plugin v21.0 (Yoast SEO v24.9) - https:\/\/yoast.com\/wordpress\/plugins\/seo\/ -->\n<title>Maisons et appartements t\u00e9moins en Flandre | Bostoen<\/title>\n<meta name=\"description\" content=\"D\u00e9couvrez nos maisons et appartements t\u00e9moins en Flandre. Venez lors de nos journ\u00e9es portes ouvertes ou prenez un rendez-vous personnel.\" \/>\n<meta name=\"robots\" content=\"index, follow, max-snippet:-1, max-image-preview:large, max-video-preview:-1\" \/>\n<link rel=\"canonical\" href=\"https:\/\/www.bostoen.be\/fr\/maisons-temoins\/\" \/>\n<meta property=\"og:locale\" content=\"fr_FR\" \/>\n<meta property=\"og:type\" content=\"article\" \/>\n<meta property=\"og:title\" content=\"Bostoen kijkwoningen en appartementen in Vlaanderen\" \/>\n<meta property=\"og:description\" content=\"Ontdek onze duurzame kijkwoningen en appartementen in Vlaanderen. Kom langs tijdens onze opendeurdagen of maak een persoonlijke afspraak.\" \/>\n<meta property=\"og:url\" content=\"https:\/\/www.bostoen.be\/fr\/maisons-temoins\/\" \/>\n<meta property=\"og:site_name\" content=\"Bostoen\" \/>\n<meta property=\"article:modified_time\" content=\"2026-03-17T13:20:27+00:00\" \/>\n<meta property=\"og:image\" content=\"https:\/\/www.bostoen.be\/uploads\/2025\/11\/leenhof-zedelgem-11-5.jpg\" \/>\n\t<meta property=\"og:image:width\" content=\"1400\" \/>\n\t<meta property=\"og:image:height\" content=\"630\" \/>\n\t<meta property=\"og:image:type\" content=\"image\/jpeg\" \/>\n<meta name=\"twitter:card\" content=\"summary_large_image\" \/>\n<meta name=\"twitter:title\" content=\"Maisons et appartements t\u00e9moins\" \/>\n<meta name=\"twitter:label1\" content=\"Est. reading time\" \/>\n\t<meta name=\"twitter:data1\" content=\"2 minutes\" \/>\n<script type=\"application\/ld+json\" class=\"yoast-schema-graph\">{\"@context\":\"https:\/\/schema.org\",\"@graph\":[{\"@type\":\"WebPage\",\"@id\":\"https:\/\/www.bostoen.be\/fr\/maisons-temoins\/\",\"url\":\"https:\/\/www.bostoen.be\/fr\/maisons-temoins\/\",\"name\":\"Maisons et appartements t\u00e9moins en Flandre | Bostoen\",\"isPartOf\":{\"@id\":\"https:\/\/www.bostoen.be\/#website\"},\"primaryImageOfPage\":{\"@id\":\"https:\/\/www.bostoen.be\/fr\/maisons-temoins\/#primaryimage\"},\"image\":{\"@id\":\"https:\/\/www.bostoen.be\/fr\/maisons-temoins\/#primaryimage\"},\"thumbnailUrl\":\"https:\/\/staging.bostoen.be\/uploads\/2026\/03\/Oris-Rumst-5-1024x683.jpg\",\"datePublished\":\"2021-07-26T13:07:16+00:00\",\"dateModified\":\"2026-03-17T13:20:27+00:00\",\"description\":\"D\u00e9couvrez nos maisons et appartements t\u00e9moins en Flandre. Venez lors de nos journ\u00e9es portes ouvertes ou prenez un rendez-vous personnel.\",\"breadcrumb\":{\"@id\":\"https:\/\/www.bostoen.be\/fr\/maisons-temoins\/#breadcrumb\"},\"inLanguage\":\"fr-BE\",\"potentialAction\":[{\"@type\":\"ReadAction\",\"target\":[\"https:\/\/www.bostoen.be\/fr\/maisons-temoins\/\"]}]},{\"@type\":\"ImageObject\",\"inLanguage\":\"fr-BE\",\"@id\":\"https:\/\/www.bostoen.be\/fr\/maisons-temoins\/#primaryimage\",\"url\":\"https:\/\/staging.bostoen.be\/uploads\/2026\/03\/Oris-Rumst-5-1024x683.jpg\",\"contentUrl\":\"https:\/\/staging.bostoen.be\/uploads\/2026\/03\/Oris-Rumst-5-1024x683.jpg\"},{\"@type\":\"BreadcrumbList\",\"@id\":\"https:\/\/www.bostoen.be\/fr\/maisons-temoins\/#breadcrumb\",\"itemListElement\":[{\"@type\":\"ListItem\",\"position\":1,\"name\":\"Home\",\"item\":\"https:\/\/www.bostoen.be\/fr\/bienvenue-chez-bostoen\/\"},{\"@type\":\"ListItem\",\"position\":2,\"name\":\"Maisons et appartements t\u00e9moins\"}]},{\"@type\":\"WebSite\",\"@id\":\"https:\/\/www.bostoen.be\/#website\",\"url\":\"https:\/\/www.bostoen.be\/\",\"name\":\"Bostoen\",\"description\":\"Promoteur et entreprise de construction de maisons et d'appartements neufs\",\"potentialAction\":[{\"@type\":\"SearchAction\",\"target\":{\"@type\":\"EntryPoint\",\"urlTemplate\":\"https:\/\/www.bostoen.be\/?s={search_term_string}\"},\"query-input\":{\"@type\":\"PropertyValueSpecification\",\"valueRequired\":true,\"valueName\":\"search_term_string\"}}],\"inLanguage\":\"fr-BE\"}]}<\/script>\n<!-- \/ Yoast SEO Premium plugin. -->","yoast_head_json":{"title":"Maisons et appartements t\u00e9moins en Flandre | Bostoen","description":"D\u00e9couvrez nos maisons et appartements t\u00e9moins en Flandre. Venez lors de nos journ\u00e9es portes ouvertes ou prenez un rendez-vous personnel.","robots":{"index":"index","follow":"follow","max-snippet":"max-snippet:-1","max-image-preview":"max-image-preview:large","max-video-preview":"max-video-preview:-1"},"canonical":"https:\/\/www.bostoen.be\/fr\/maisons-temoins\/","og_locale":"fr_FR","og_type":"article","og_title":"Bostoen kijkwoningen en appartementen in Vlaanderen","og_description":"Ontdek onze duurzame kijkwoningen en appartementen in Vlaanderen. Kom langs tijdens onze opendeurdagen of maak een persoonlijke afspraak.","og_url":"https:\/\/www.bostoen.be\/fr\/maisons-temoins\/","og_site_name":"Bostoen","article_modified_time":"2026-03-17T13:20:27+00:00","og_image":[{"width":1400,"height":630,"url":"https:\/\/www.bostoen.be\/uploads\/2025\/11\/leenhof-zedelgem-11-5.jpg","type":"image\/jpeg"}],"twitter_card":"summary_large_image","twitter_title":"Maisons et appartements t\u00e9moins","twitter_misc":{"Est. reading time":"2 minutes"},"schema":{"@context":"https:\/\/schema.org","@graph":[{"@type":"WebPage","@id":"https:\/\/www.bostoen.be\/fr\/maisons-temoins\/","url":"https:\/\/www.bostoen.be\/fr\/maisons-temoins\/","name":"Maisons et appartements t\u00e9moins en Flandre | Bostoen","isPartOf":{"@id":"https:\/\/www.bostoen.be\/#website"},"primaryImageOfPage":{"@id":"https:\/\/www.bostoen.be\/fr\/maisons-temoins\/#primaryimage"},"image":{"@id":"https:\/\/www.bostoen.be\/fr\/maisons-temoins\/#primaryimage"},"thumbnailUrl":"https:\/\/staging.bostoen.be\/uploads\/2026\/03\/Oris-Rumst-5-1024x683.jpg","datePublished":"2021-07-26T13:07:16+00:00","dateModified":"2026-03-17T13:20:27+00:00","description":"D\u00e9couvrez nos maisons et appartements t\u00e9moins en Flandre. Venez lors de nos journ\u00e9es portes ouvertes ou prenez un rendez-vous personnel.","breadcrumb":{"@id":"https:\/\/www.bostoen.be\/fr\/maisons-temoins\/#breadcrumb"},"inLanguage":"fr-BE","potentialAction":[{"@type":"ReadAction","target":["https:\/\/www.bostoen.be\/fr\/maisons-temoins\/"]}]},{"@type":"ImageObject","inLanguage":"fr-BE","@id":"https:\/\/www.bostoen.be\/fr\/maisons-temoins\/#primaryimage","url":"https:\/\/staging.bostoen.be\/uploads\/2026\/03\/Oris-Rumst-5-1024x683.jpg","contentUrl":"https:\/\/staging.bostoen.be\/uploads\/2026\/03\/Oris-Rumst-5-1024x683.jpg"},{"@type":"BreadcrumbList","@id":"https:\/\/www.bostoen.be\/fr\/maisons-temoins\/#breadcrumb","itemListElement":[{"@type":"ListItem","position":1,"name":"Home","item":"https:\/\/www.bostoen.be\/fr\/bienvenue-chez-bostoen\/"},{"@type":"ListItem","position":2,"name":"Maisons et appartements t\u00e9moins"}]},{"@type":"WebSite","@id":"https:\/\/www.bostoen.be\/#website","url":"https:\/\/www.bostoen.be\/","name":"Bostoen","description":"Promoteur et entreprise de construction de maisons et d'appartements neufs","potentialAction":[{"@type":"SearchAction","target":{"@type":"EntryPoint","urlTemplate":"https:\/\/www.bostoen.be\/?s={search_term_string}"},"query-input":{"@type":"PropertyValueSpecification","valueRequired":true,"valueName":"search_term_string"}}],"inLanguage":"fr-BE"}]}},"_links":{"self":[{"href":"https:\/\/www.bostoen.be\/fr\/wp-json\/wp\/v2\/pages\/7215","targetHints":{"allow":["GET"]}}],"collection":[{"href":"https:\/\/www.bostoen.be\/fr\/wp-json\/wp\/v2\/pages"}],"about":[{"href":"https:\/\/www.bostoen.be\/fr\/wp-json\/wp\/v2\/types\/page"}],"author":[{"embeddable":true,"href":"https:\/\/www.bostoen.be\/fr\/wp-json\/wp\/v2\/users\/1"}],"replies":[{"embeddable":true,"href":"https:\/\/www.bostoen.be\/fr\/wp-json\/wp\/v2\/comments?post=7215"}],"version-history":[{"count":2,"href":"https:\/\/www.bostoen.be\/fr\/wp-json\/wp\/v2\/pages\/7215\/revisions"}],"predecessor-version":[{"id":113376,"href":"https:\/\/www.bostoen.be\/fr\/wp-json\/wp\/v2\/pages\/7215\/revisions\/113376"}],"wp:attachment":[{"href":"https:\/\/www.bostoen.be\/fr\/wp-json\/wp\/v2\/media?parent=7215"}],"curies":[{"name":"wp","href":"https:\/\/api.w.org\/{rel}","templated":true}]}}