{"id":7198,"date":"2021-12-17T12:46:23","date_gmt":"2021-12-17T12:46:23","guid":{"rendered":"https:\/\/www.bostoen.be\/?page_id=7198"},"modified":"2026-03-16T14:35:40","modified_gmt":"2026-03-16T14:35:40","slug":"jours-de-visionnage","status":"publish","type":"page","link":"https:\/\/www.bostoen.be\/fr\/jours-de-visionnage\/","title":{"rendered":"Jours de visionnage"},"content":{"rendered":"\n<h1 class=\"has-spacing-small wp-block-heading has-text-align-center\">Visitez nos biens pendant les <strong><mark style=\"background-color:rgba(0, 0, 0, 0)\" class=\"has-inline-color has-primary-color\">journ\u00e9es <\/mark><\/strong><mark style=\"background-color:rgba(0, 0, 0, 0)\" class=\"has-inline-color has-primary-color\">portes ouvertes<\/mark><\/h1>\n\n\n<p class=\"wp-block-paragraph has-spacing-extra-small has-text-align-center\">L&#8217;achat d&#8217;une nouvelle maison ou d&#8217;un nouvel appartement est une d\u00e9cision importante qui ne se prend pas du jour au lendemain. Une visite sur place est un moment id\u00e9al pour d\u00e9couvrir le bien dans tous ses aspects. <\/p>\n\n\n<div style=\"height:16px\" aria-hidden=\"true\" class=\"wp-block-spacer\"><\/div>\n\n\n<div\n    class=\"wp-blocks-block  alignfull\"\n>\n    <div class=\"container mt-10\">\n                    <div class=\"grid gap-8 md:grid-cols-2 lg:grid-cols-3\">\n            <a href=\"https:\/\/www.bostoen.be\/event\/opendeurdag-in-dentergem\/\" class=\"relative group no-underline\">\n    <div class=\"relative z-10 pr-4\">\n        <div class=\"relative\">\n                        <div class=\"absolute z-10 left-4 top-0 right-3 flex items-center justify-start -ml-2\">\n                                <div class=\"pl-2\">\n                    <div class=\"font-medium px-3 py-1.5 rounded-xl shadow text-sm leading-none -translate-y-3 bg-black whitespace-nowrap text-white\">\n                        Event\n                    <\/div>\n                <\/div>\n                            <\/div>\n            \n            <div class=\"overflow-hidden\">\n                                    <img decoding=\"async\"\n    src=\"https:\/\/www.bostoen.be\/uploads\/2026\/04\/Tekengebied-1-1.jpg\" alt=\"\" width=\"1200\" height=\"700\" loading=\"lazy\" fetchpriority=\"low\" class=\"!w-full !h-56 object-cover group-hover:scale-110 transition-transform duration-300\"\n>\n                            <\/div>\n        <\/div>\n    <\/div>\n\n    <div class=\"relative pl-4 -mt-12 flex-1\">\n        <div class=\"pt-16 pb-4 border border-gray-100 h-full flex flex-col text-gray-400 bg-white relative\">\n            <div class=\"w-full mt-auto px-6 text-gray-600 flex justify-between items-center space-x-4\">\n                <div class=\"flex flex-col space-y-2\">\n                    <div class=\"flex items-center !font-black text-lg !leading-none text-primary-500\">\n                                                <span>05.05.2026<\/span>\n                                                                    <\/div>\n\n                                            <h3 class=\"text-2xl font-medium !leading-snug\">Opendeurdag in Dentergem<\/h3>\n                    \n                                    <\/div>\n\n                <div class=\"text-2xl transition-all duration-500 group-hover:text-primary-500 group-hover:translate-x-2\">\n                    <svg xmlns=\"http:\/\/www.w3.org\/2000\/svg\" viewBox=\"0 0 448 512\" class=\"svg-inline--fa  fal fa-long-arrow-right\" role=\"img\" aria-hidden=\"true\" style=\"color:currentColor\"><!-- Font Awesome Pro 5.15.3 by @fontawesome - https:\/\/fontawesome.com License - https:\/\/fontawesome.com\/license (Commercial License) --><path d=\"M311.03 131.515l-7.071 7.07c-4.686 4.686-4.686 12.284 0 16.971L387.887 239H12c-6.627 0-12 5.373-12 12v10c0 6.627 5.373 12 12 12h375.887l-83.928 83.444c-4.686 4.686-4.686 12.284 0 16.971l7.071 7.07c4.686 4.686 12.284 4.686 16.97 0l116.485-116c4.686-4.686 4.686-12.284 0-16.971L328 131.515c-4.686-4.687-12.284-4.687-16.97 0z\" fill=\"currentColor\"><\/path><\/svg>\n                <\/div>\n            <\/div>\n        <\/div>\n    <\/div>\n<\/a>            <a href=\"https:\/\/www.bostoen.be\/event\/opendeurdag-in-astene-pattyn\/\" class=\"relative group no-underline\">\n    <div class=\"relative z-10 pr-4\">\n        <div class=\"relative\">\n                        <div class=\"absolute z-10 left-4 top-0 right-3 flex items-center justify-start -ml-2\">\n                                <div class=\"pl-2\">\n                    <div class=\"font-medium px-3 py-1.5 rounded-xl shadow text-sm leading-none -translate-y-3 bg-black whitespace-nowrap text-white\">\n                        Event\n                    <\/div>\n                <\/div>\n                            <\/div>\n            \n            <div class=\"overflow-hidden\">\n                                    <img decoding=\"async\"\n    src=\"https:\/\/www.bostoen.be\/uploads\/2026\/04\/Tekengebied-1.jpg\" alt=\"\" width=\"1200\" height=\"700\" loading=\"lazy\" fetchpriority=\"low\" class=\"!w-full !h-56 object-cover group-hover:scale-110 transition-transform duration-300\"\n>\n                            <\/div>\n        <\/div>\n    <\/div>\n\n    <div class=\"relative pl-4 -mt-12 flex-1\">\n        <div class=\"pt-16 pb-4 border border-gray-100 h-full flex flex-col text-gray-400 bg-white relative\">\n            <div class=\"w-full mt-auto px-6 text-gray-600 flex justify-between items-center space-x-4\">\n                <div class=\"flex flex-col space-y-2\">\n                    <div class=\"flex items-center !font-black text-lg !leading-none text-primary-500\">\n                                                <span>05.05.2026<\/span>\n                                                                    <\/div>\n\n                                            <h3 class=\"text-2xl font-medium !leading-snug\">Opendeurdag in Astene (Hof Pattyn)<\/h3>\n                    \n                                    <\/div>\n\n                <div class=\"text-2xl transition-all duration-500 group-hover:text-primary-500 group-hover:translate-x-2\">\n                    <svg xmlns=\"http:\/\/www.w3.org\/2000\/svg\" viewBox=\"0 0 448 512\" class=\"svg-inline--fa  fal fa-long-arrow-right\" role=\"img\" aria-hidden=\"true\" style=\"color:currentColor\"><!-- Font Awesome Pro 5.15.3 by @fontawesome - https:\/\/fontawesome.com License - https:\/\/fontawesome.com\/license (Commercial License) --><path d=\"M311.03 131.515l-7.071 7.07c-4.686 4.686-4.686 12.284 0 16.971L387.887 239H12c-6.627 0-12 5.373-12 12v10c0 6.627 5.373 12 12 12h375.887l-83.928 83.444c-4.686 4.686-4.686 12.284 0 16.971l7.071 7.07c4.686 4.686 12.284 4.686 16.97 0l116.485-116c4.686-4.686 4.686-12.284 0-16.971L328 131.515c-4.686-4.687-12.284-4.687-16.97 0z\" fill=\"currentColor\"><\/path><\/svg>\n                <\/div>\n            <\/div>\n        <\/div>\n    <\/div>\n<\/a>            <a href=\"https:\/\/www.bostoen.be\/event\/opendeurdag-in-tielt-winge\/\" class=\"relative group no-underline\">\n    <div class=\"relative z-10 pr-4\">\n        <div class=\"relative\">\n                        <div class=\"absolute z-10 left-4 top-0 right-3 flex items-center justify-start -ml-2\">\n                                <div class=\"pl-2\">\n                    <div class=\"font-medium px-3 py-1.5 rounded-xl shadow text-sm leading-none -translate-y-3 bg-black whitespace-nowrap text-white\">\n                        Event\n                    <\/div>\n                <\/div>\n                            <\/div>\n            \n            <div class=\"overflow-hidden\">\n                                    <img decoding=\"async\"\n    src=\"https:\/\/www.bostoen.be\/uploads\/2025\/04\/bostoen-energiezuinige-woningen-tielt-winge-fuithof-lot7-keuken-1-1-150x150.jpg\" alt=\"Bostoen Nieuwbouwwoning Tielt-Winge FruitHof Keuken Instapklaar\" srcset=\"https:\/\/www.bostoen.be\/uploads\/2025\/04\/bostoen-energiezuinige-woningen-tielt-winge-fuithof-lot7-keuken-1-1-225x300.jpg 225w, https:\/\/www.bostoen.be\/uploads\/2025\/04\/bostoen-energiezuinige-woningen-tielt-winge-fuithof-lot7-keuken-1-1-768x1024.jpg 768w, https:\/\/www.bostoen.be\/uploads\/2025\/04\/bostoen-energiezuinige-woningen-tielt-winge-fuithof-lot7-keuken-1-1-1152x1536.jpg 1152w, https:\/\/www.bostoen.be\/uploads\/2025\/04\/bostoen-energiezuinige-woningen-tielt-winge-fuithof-lot7-keuken-1-1.jpg 1200w\" width=\"1200\" height=\"1600\" loading=\"lazy\" fetchpriority=\"low\" class=\"!w-full !h-56 object-cover group-hover:scale-110 transition-transform duration-300\"\n>\n                            <\/div>\n        <\/div>\n    <\/div>\n\n    <div class=\"relative pl-4 -mt-12 flex-1\">\n        <div class=\"pt-16 pb-4 border border-gray-100 h-full flex flex-col text-gray-400 bg-white relative\">\n            <div class=\"w-full mt-auto px-6 text-gray-600 flex justify-between items-center space-x-4\">\n                <div class=\"flex flex-col space-y-2\">\n                    <div class=\"flex items-center !font-black text-lg !leading-none text-primary-500\">\n                                                <span>12.05.2026<\/span>\n                                                                    <\/div>\n\n                                            <h3 class=\"text-2xl font-medium !leading-snug\">Opendeurdag in Tielt-Winge<\/h3>\n                    \n                                    <\/div>\n\n                <div class=\"text-2xl transition-all duration-500 group-hover:text-primary-500 group-hover:translate-x-2\">\n                    <svg xmlns=\"http:\/\/www.w3.org\/2000\/svg\" viewBox=\"0 0 448 512\" class=\"svg-inline--fa  fal fa-long-arrow-right\" role=\"img\" aria-hidden=\"true\" style=\"color:currentColor\"><!-- Font Awesome Pro 5.15.3 by @fontawesome - https:\/\/fontawesome.com License - https:\/\/fontawesome.com\/license (Commercial License) --><path d=\"M311.03 131.515l-7.071 7.07c-4.686 4.686-4.686 12.284 0 16.971L387.887 239H12c-6.627 0-12 5.373-12 12v10c0 6.627 5.373 12 12 12h375.887l-83.928 83.444c-4.686 4.686-4.686 12.284 0 16.971l7.071 7.07c4.686 4.686 12.284 4.686 16.97 0l116.485-116c4.686-4.686 4.686-12.284 0-16.971L328 131.515c-4.686-4.687-12.284-4.687-16.97 0z\" fill=\"currentColor\"><\/path><\/svg>\n                <\/div>\n            <\/div>\n        <\/div>\n    <\/div>\n<\/a>            <a href=\"https:\/\/www.bostoen.be\/event\/opendeurdag-in-oostende\/\" class=\"relative group no-underline\">\n    <div class=\"relative z-10 pr-4\">\n        <div class=\"relative\">\n                        <div class=\"absolute z-10 left-4 top-0 right-3 flex items-center justify-start -ml-2\">\n                                <div class=\"pl-2\">\n                    <div class=\"font-medium px-3 py-1.5 rounded-xl shadow text-sm leading-none -translate-y-3 bg-black whitespace-nowrap text-white\">\n                        Event\n                    <\/div>\n                <\/div>\n                            <\/div>\n            \n            <div class=\"overflow-hidden\">\n                                    <img decoding=\"async\"\n    src=\"https:\/\/www.bostoen.be\/uploads\/2024\/03\/Minne-Oostende-22-150x150.jpg\" alt=\"\" srcset=\"https:\/\/www.bostoen.be\/uploads\/2024\/03\/Minne-Oostende-22-200x300.jpg 200w, https:\/\/www.bostoen.be\/uploads\/2024\/03\/Minne-Oostende-22-683x1024.jpg 683w, https:\/\/www.bostoen.be\/uploads\/2024\/03\/Minne-Oostende-22-768x1152.jpg 768w, https:\/\/www.bostoen.be\/uploads\/2024\/03\/Minne-Oostende-22-1024x1536.jpg 1024w, https:\/\/www.bostoen.be\/uploads\/2024\/03\/Minne-Oostende-22.jpg 1200w\" width=\"1200\" height=\"1800\" loading=\"lazy\" fetchpriority=\"low\" class=\"!w-full !h-56 object-cover group-hover:scale-110 transition-transform duration-300\"\n>\n                            <\/div>\n        <\/div>\n    <\/div>\n\n    <div class=\"relative pl-4 -mt-12 flex-1\">\n        <div class=\"pt-16 pb-4 border border-gray-100 h-full flex flex-col text-gray-400 bg-white relative\">\n            <div class=\"w-full mt-auto px-6 text-gray-600 flex justify-between items-center space-x-4\">\n                <div class=\"flex flex-col space-y-2\">\n                    <div class=\"flex items-center !font-black text-lg !leading-none text-primary-500\">\n                                                <span>12.05.2026<\/span>\n                                                                    <\/div>\n\n                                            <h3 class=\"text-2xl font-medium !leading-snug\">Opendeurdag in Oostende<\/h3>\n                    \n                                    <\/div>\n\n                <div class=\"text-2xl transition-all duration-500 group-hover:text-primary-500 group-hover:translate-x-2\">\n                    <svg xmlns=\"http:\/\/www.w3.org\/2000\/svg\" viewBox=\"0 0 448 512\" class=\"svg-inline--fa  fal fa-long-arrow-right\" role=\"img\" aria-hidden=\"true\" style=\"color:currentColor\"><!-- Font Awesome Pro 5.15.3 by @fontawesome - https:\/\/fontawesome.com License - https:\/\/fontawesome.com\/license (Commercial License) --><path d=\"M311.03 131.515l-7.071 7.07c-4.686 4.686-4.686 12.284 0 16.971L387.887 239H12c-6.627 0-12 5.373-12 12v10c0 6.627 5.373 12 12 12h375.887l-83.928 83.444c-4.686 4.686-4.686 12.284 0 16.971l7.071 7.07c4.686 4.686 12.284 4.686 16.97 0l116.485-116c4.686-4.686 4.686-12.284 0-16.971L328 131.515c-4.686-4.687-12.284-4.687-16.97 0z\" fill=\"currentColor\"><\/path><\/svg>\n                <\/div>\n            <\/div>\n        <\/div>\n    <\/div>\n<\/a>            <a href=\"https:\/\/www.bostoen.be\/event\/opendeurdag-in-ramskapelle\/\" class=\"relative group no-underline\">\n    <div class=\"relative z-10 pr-4\">\n        <div class=\"relative\">\n                        <div class=\"absolute z-10 left-4 top-0 right-3 flex items-center justify-start -ml-2\">\n                                <div class=\"pl-2\">\n                    <div class=\"font-medium px-3 py-1.5 rounded-xl shadow text-sm leading-none -translate-y-3 bg-black whitespace-nowrap text-white\">\n                        Event\n                    <\/div>\n                <\/div>\n                            <\/div>\n            \n            <div class=\"overflow-hidden\">\n                                    <img decoding=\"async\"\n    src=\"https:\/\/www.bostoen.be\/uploads\/2026\/04\/Tekengebied-2-3-150x150.jpg\" alt=\"\" srcset=\"https:\/\/www.bostoen.be\/uploads\/2026\/04\/Tekengebied-2-3-300x203.jpg 300w, https:\/\/www.bostoen.be\/uploads\/2026\/04\/Tekengebied-2-3-1024x693.jpg 1024w, https:\/\/www.bostoen.be\/uploads\/2026\/04\/Tekengebied-2-3-768x520.jpg 768w, https:\/\/www.bostoen.be\/uploads\/2026\/04\/Tekengebied-2-3.jpg 1034w\" width=\"1034\" height=\"700\" loading=\"lazy\" fetchpriority=\"low\" class=\"!w-full !h-56 object-cover group-hover:scale-110 transition-transform duration-300\"\n>\n                            <\/div>\n        <\/div>\n    <\/div>\n\n    <div class=\"relative pl-4 -mt-12 flex-1\">\n        <div class=\"pt-16 pb-4 border border-gray-100 h-full flex flex-col text-gray-400 bg-white relative\">\n            <div class=\"w-full mt-auto px-6 text-gray-600 flex justify-between items-center space-x-4\">\n                <div class=\"flex flex-col space-y-2\">\n                    <div class=\"flex items-center !font-black text-lg !leading-none text-primary-500\">\n                                                <span>19.05.2026<\/span>\n                                                                    <\/div>\n\n                                            <h3 class=\"text-2xl font-medium !leading-snug\">Opendeurdag in Ramskapelle<\/h3>\n                    \n                                    <\/div>\n\n                <div class=\"text-2xl transition-all duration-500 group-hover:text-primary-500 group-hover:translate-x-2\">\n                    <svg xmlns=\"http:\/\/www.w3.org\/2000\/svg\" viewBox=\"0 0 448 512\" class=\"svg-inline--fa  fal fa-long-arrow-right\" role=\"img\" aria-hidden=\"true\" style=\"color:currentColor\"><!-- Font Awesome Pro 5.15.3 by @fontawesome - https:\/\/fontawesome.com License - https:\/\/fontawesome.com\/license (Commercial License) --><path d=\"M311.03 131.515l-7.071 7.07c-4.686 4.686-4.686 12.284 0 16.971L387.887 239H12c-6.627 0-12 5.373-12 12v10c0 6.627 5.373 12 12 12h375.887l-83.928 83.444c-4.686 4.686-4.686 12.284 0 16.971l7.071 7.07c4.686 4.686 12.284 4.686 16.97 0l116.485-116c4.686-4.686 4.686-12.284 0-16.971L328 131.515c-4.686-4.687-12.284-4.687-16.97 0z\" fill=\"currentColor\"><\/path><\/svg>\n                <\/div>\n            <\/div>\n        <\/div>\n    <\/div>\n<\/a>            <a href=\"https:\/\/www.bostoen.be\/event\/opendeurdag-in-astene-begijnhof\/\" class=\"relative group no-underline\">\n    <div class=\"relative z-10 pr-4\">\n        <div class=\"relative\">\n                        <div class=\"absolute z-10 left-4 top-0 right-3 flex items-center justify-start -ml-2\">\n                                <div class=\"pl-2\">\n                    <div class=\"font-medium px-3 py-1.5 rounded-xl shadow text-sm leading-none -translate-y-3 bg-black whitespace-nowrap text-white\">\n                        Event\n                    <\/div>\n                <\/div>\n                            <\/div>\n            \n            <div class=\"overflow-hidden\">\n                                    <img decoding=\"async\"\n    src=\"https:\/\/www.bostoen.be\/uploads\/2026\/03\/bostoen_nieuwbouwwoning_kijkwoning_astene_begijnhof_eetruimte-150x150.jpg\" alt=\"\" srcset=\"https:\/\/www.bostoen.be\/uploads\/2026\/03\/bostoen_nieuwbouwwoning_kijkwoning_astene_begijnhof_eetruimte-300x183.jpg 300w, https:\/\/www.bostoen.be\/uploads\/2026\/03\/bostoen_nieuwbouwwoning_kijkwoning_astene_begijnhof_eetruimte-1024x625.jpg 1024w, https:\/\/www.bostoen.be\/uploads\/2026\/03\/bostoen_nieuwbouwwoning_kijkwoning_astene_begijnhof_eetruimte-768x469.jpg 768w, https:\/\/www.bostoen.be\/uploads\/2026\/03\/bostoen_nieuwbouwwoning_kijkwoning_astene_begijnhof_eetruimte-1536x938.jpg 1536w, https:\/\/www.bostoen.be\/uploads\/2026\/03\/bostoen_nieuwbouwwoning_kijkwoning_astene_begijnhof_eetruimte.jpg 1965w\" width=\"1965\" height=\"1200\" loading=\"lazy\" fetchpriority=\"low\" class=\"!w-full !h-56 object-cover group-hover:scale-110 transition-transform duration-300\"\n>\n                            <\/div>\n        <\/div>\n    <\/div>\n\n    <div class=\"relative pl-4 -mt-12 flex-1\">\n        <div class=\"pt-16 pb-4 border border-gray-100 h-full flex flex-col text-gray-400 bg-white relative\">\n            <div class=\"w-full mt-auto px-6 text-gray-600 flex justify-between items-center space-x-4\">\n                <div class=\"flex flex-col space-y-2\">\n                    <div class=\"flex items-center !font-black text-lg !leading-none text-primary-500\">\n                                                <span>26.05.2026<\/span>\n                                                                    <\/div>\n\n                                            <h3 class=\"text-2xl font-medium !leading-snug\">Opendeurdag in Astene (BegijnHof)<\/h3>\n                    \n                                    <\/div>\n\n                <div class=\"text-2xl transition-all duration-500 group-hover:text-primary-500 group-hover:translate-x-2\">\n                    <svg xmlns=\"http:\/\/www.w3.org\/2000\/svg\" viewBox=\"0 0 448 512\" class=\"svg-inline--fa  fal fa-long-arrow-right\" role=\"img\" aria-hidden=\"true\" style=\"color:currentColor\"><!-- Font Awesome Pro 5.15.3 by @fontawesome - https:\/\/fontawesome.com License - https:\/\/fontawesome.com\/license (Commercial License) --><path d=\"M311.03 131.515l-7.071 7.07c-4.686 4.686-4.686 12.284 0 16.971L387.887 239H12c-6.627 0-12 5.373-12 12v10c0 6.627 5.373 12 12 12h375.887l-83.928 83.444c-4.686 4.686-4.686 12.284 0 16.971l7.071 7.07c4.686 4.686 12.284 4.686 16.97 0l116.485-116c4.686-4.686 4.686-12.284 0-16.971L328 131.515c-4.686-4.687-12.284-4.687-16.97 0z\" fill=\"currentColor\"><\/path><\/svg>\n                <\/div>\n            <\/div>\n        <\/div>\n    <\/div>\n<\/a>            <a href=\"https:\/\/www.bostoen.be\/event\/open-wervendag-2026\/\" class=\"relative group no-underline\">\n    <div class=\"relative z-10 pr-4\">\n        <div class=\"relative\">\n                        <div class=\"absolute z-10 left-4 top-0 right-3 flex items-center justify-start -ml-2\">\n                                <div class=\"pl-2\">\n                    <div class=\"font-medium px-3 py-1.5 rounded-xl shadow text-sm leading-none -translate-y-3 bg-black whitespace-nowrap text-white\">\n                        Event\n                    <\/div>\n                <\/div>\n                            <\/div>\n            \n            <div class=\"overflow-hidden\">\n                                    <img decoding=\"async\"\n    src=\"https:\/\/www.bostoen.be\/uploads\/2026\/04\/Featured-Image-150x150.jpg\" alt=\"\" srcset=\"https:\/\/www.bostoen.be\/uploads\/2026\/04\/Featured-Image-300x125.jpg 300w, https:\/\/www.bostoen.be\/uploads\/2026\/04\/Featured-Image.jpg 748w\" width=\"748\" height=\"312\" loading=\"lazy\" fetchpriority=\"low\" class=\"!w-full !h-56 object-cover group-hover:scale-110 transition-transform duration-300\"\n>\n                            <\/div>\n        <\/div>\n    <\/div>\n\n    <div class=\"relative pl-4 -mt-12 flex-1\">\n        <div class=\"pt-16 pb-4 border border-gray-100 h-full flex flex-col text-gray-400 bg-white relative\">\n            <div class=\"w-full mt-auto px-6 text-gray-600 flex justify-between items-center space-x-4\">\n                <div class=\"flex flex-col space-y-2\">\n                    <div class=\"flex items-center !font-black text-lg !leading-none text-primary-500\">\n                                                <span>30.05.2026<\/span>\n                                                                    <\/div>\n\n                                            <h3 class=\"text-2xl font-medium !leading-snug\">Open Wervendag 2026<\/h3>\n                    \n                                    <\/div>\n\n                <div class=\"text-2xl transition-all duration-500 group-hover:text-primary-500 group-hover:translate-x-2\">\n                    <svg xmlns=\"http:\/\/www.w3.org\/2000\/svg\" viewBox=\"0 0 448 512\" class=\"svg-inline--fa  fal fa-long-arrow-right\" role=\"img\" aria-hidden=\"true\" style=\"color:currentColor\"><!-- Font Awesome Pro 5.15.3 by @fontawesome - https:\/\/fontawesome.com License - https:\/\/fontawesome.com\/license (Commercial License) --><path d=\"M311.03 131.515l-7.071 7.07c-4.686 4.686-4.686 12.284 0 16.971L387.887 239H12c-6.627 0-12 5.373-12 12v10c0 6.627 5.373 12 12 12h375.887l-83.928 83.444c-4.686 4.686-4.686 12.284 0 16.971l7.071 7.07c4.686 4.686 12.284 4.686 16.97 0l116.485-116c4.686-4.686 4.686-12.284 0-16.971L328 131.515c-4.686-4.687-12.284-4.687-16.97 0z\" fill=\"currentColor\"><\/path><\/svg>\n                <\/div>\n            <\/div>\n        <\/div>\n    <\/div>\n<\/a>    <\/div>\n                        <\/div>\n<\/div>\n\n\n\n<div style=\"height:80px\" aria-hidden=\"true\" class=\"wp-block-spacer\"><\/div>\n\n\n<div\nclass=\"w-full bg-primary-500 text-white py-14 wp-blocks-block  alignfull\"\n>\n    <div class=\"wysiwyg container flex !flex-col !items-center\">\n                    <div class=\"cta-title w-full !text-xl md:!text-2xl xl:!text-3xl !leading-tight font-light inline-block\">\n                <p style=\"text-align: center;\">Vous ne pouvez pas passer lors d&#8217;une journ\u00e9e de visite?<\/p>\n\n            <\/div>\n                                    <div class=\"mt-8\">\n                <a\n        href=\"https:\/\/bostoen.be\/fr\/contact\/\" target=\"\" class=\"rounded-full inline-flex items-center my-2 px-6 py-3 group border !border-white !text-white hover:!text-primary-500 hover:bg-white transition-all duration-300 !no-underline\"\n    >\n        Contactez nous\n        <svg xmlns=\"http:\/\/www.w3.org\/2000\/svg\" viewBox=\"0 0 448 512\" class=\"svg-inline--fa  fal fa-long-arrow-right ml-3 text-2xl !text-white group-hover:!text-primary-500 transform group-hover:translate-x-2 transition-all duration-200\" role=\"img\" aria-hidden=\"true\" style=\"color:currentColor\"><!-- Font Awesome Pro 5.15.3 by @fontawesome - https:\/\/fontawesome.com License - https:\/\/fontawesome.com\/license (Commercial License) --><path d=\"M311.03 131.515l-7.071 7.07c-4.686 4.686-4.686 12.284 0 16.971L387.887 239H12c-6.627 0-12 5.373-12 12v10c0 6.627 5.373 12 12 12h375.887l-83.928 83.444c-4.686 4.686-4.686 12.284 0 16.971l7.071 7.07c4.686 4.686 12.284 4.686 16.97 0l116.485-116c4.686-4.686 4.686-12.284 0-16.971L328 131.515c-4.686-4.687-12.284-4.687-16.97 0z\" fill=\"currentColor\"><\/path><\/svg>\n    <\/a>\n            <\/div>\n            <\/div>\n\n<\/div>\n\n\n\n<h2 class=\"has-spacing-extra-small wp-block-heading alignwide\">Comment fonctionnent les <strong><mark style=\"background-color:rgba(0, 0, 0, 0)\" class=\"has-inline-color has-primary-color\">journ\u00e9es portes ouvertes<\/mark><\/strong>?<\/h2>\n\n\n<p class=\"wp-block-paragraph has-spacing-extra-small alignwide has-text-align-wide\">Lors d\u2019une <strong>journ\u00e9e portes ouvertes<\/strong>, toutes les informations pratiques sont disponibles sur notre site web. Bien qu&#8217;il soit souvent possible de passer sans rendez-vous, une inscription sans engagement est toujours recommand\u00e9e. Cela nous permet de mieux pr\u00e9parer votre accueil.<\/p>\n\n<p class=\"wp-block-paragraph has-spacing-extra-small alignwide has-text-align-wide\">Si l&#8217;inscription est obligatoire, cette mention figurera clairement sur la page d\u00e9di\u00e9e \u00e0 la <strong>journ\u00e9e portes ouvertes<\/strong>. Apr\u00e8s avoir rempli le formulaire en ligne, vous recevrez une confirmation pr\u00e9cisant l&#8217;adresse et l&#8217;heure de votre passage. Vous n&#8217;\u00eates pas disponible au cr\u00e9neau indiqu\u00e9 ? N&#8217;h\u00e9sitez pas \u00e0 fixer un rendez-vous personnalis\u00e9 avec l&#8217;un de nos conseillers pour visiter un bien t\u00e9moin: <a href=\"https:\/\/bostoen.be\/fr\/maisons-de-visionnage\/maisons-temoins\/\">maison<\/a> ou <a href=\"https:\/\/bostoen.be\/fr\/maisons-de-visionnage\/appartements-temoins\/\">appartement<\/a>.<\/p>\n\n<p class=\"wp-block-paragraph has-spacing-small alignwide has-text-align-wide\">Le jour de la visite, nous vous accueillons \u00e0 bras ouverts. Notre conseiller vous accueillera et vous fera une visite compl\u00e8te. Vous aurez ensuite l&#8217;occasion d&#8217;explorer vous-m\u00eame et d&#8217;examiner de plus pr\u00e8s certains aspects. <\/p>\n\n\n<h2 class=\"has-spacing-extra-small wp-block-heading alignwide\">Et apr\u00e8s? <\/h2>\n\n\n<p class=\"wp-block-paragraph has-spacing-extra-small alignwide has-text-align-wide\">Apr\u00e8s la journ\u00e9e porte ouverte, vous conna\u00eetrez toutes les sp\u00e9cifications de l&#8217;entit\u00e9 r\u00e9sidentielle. Si vous avez encore des questions apr\u00e8s la visite, vous pouvez bien s\u00fbr toujours contacter notre conseiller en construction pour obtenir des informations suppl\u00e9mentaires. Votre int\u00e9r\u00eat est \u00e9veill\u00e9 et vous souhaitez acheter une maison ou un appartement ? Le conseiller en construction se fera un plaisir de vous expliquer les prochaines \u00e9tapes.<\/p>\n\n\n<h2 class=\"has-spacing-extra-small wp-block-heading alignwide\"><strong><mark style=\"background-color:rgba(0, 0, 0, 0)\" class=\"has-inline-color has-primary-color\">D\u00e9couvrez une propri\u00e9t\u00e9<\/mark><\/strong> \u00e0 Bostoen<\/h2>\n\n\n<p class=\"wp-block-paragraph has-spacing-small alignwide has-text-align-wide\">Bostoen vous offre plusieurs possibilit\u00e9s de d\u00e9couvrir la maison de vos r\u00eaves. Sur notre site web, vous trouverez toutes les informations sur les <a href=\"https:\/\/bostoen.be\/fr\/nouveaux-projets-de-construction\/\">nouveaux projets de construction<\/a> et vous pourrez faire une visite virtuelle de certains projets. Pour d\u00e9couvrir le confort d&#8217;une maison ou d&#8217;un appartement Bostoen, nous vous invitons \u00e0 nous rendre visite. N&#8217;h\u00e9sitez donc pas \u00e0 jeter un coup d&#8217;\u0153il \u00e0 notre s\u00e9lection de <a href=\"https:\/\/bostoen.be\/fr\/maisons-de-visionnage\/maisons-temoins\/\">maisons et d&#8217;appartements<\/a>.<\/p>","protected":false},"excerpt":{"rendered":"<p>Visitez nos biens pendant les journ\u00e9es portes ouvertes L&#8217;achat d&#8217;une nouvelle maison ou d&#8217;un nouvel appartement est une d\u00e9cision importante qui ne se prend pas du jour au lendemain. Une visite sur place est un moment id\u00e9al pour d\u00e9couvrir le&#8230;<\/p>\n","protected":false},"author":12,"featured_media":0,"parent":0,"menu_order":10,"comment_status":"closed","ping_status":"closed","template":"","meta":{"_acf_changed":false,"content-type":"","footnotes":""},"class_list":["post-7198","page","type-page","status-publish","hentry"],"acf":[],"yoast_head":"<!-- This site is optimized with the Yoast SEO Premium plugin v21.0 (Yoast SEO v24.9) - https:\/\/yoast.com\/wordpress\/plugins\/seo\/ -->\n<title>Journ\u00e9es de visite - D\u00e9couvrez nos maisons et appartements | Bostoen<\/title>\n<meta name=\"description\" content=\"D\u00e9couvrez toutes les maisons et appartements de Bostoen en Flandre lors de nos journ\u00e9es de visite et laissez-vous inspirer.\" \/>\n<meta name=\"robots\" content=\"index, follow, max-snippet:-1, max-image-preview:large, max-video-preview:-1\" \/>\n<link rel=\"canonical\" href=\"https:\/\/www.bostoen.be\/fr\/jours-de-visionnage\/\" \/>\n<meta property=\"og:locale\" content=\"fr_FR\" \/>\n<meta property=\"og:type\" content=\"article\" \/>\n<meta property=\"og:title\" content=\"Jours de visionnage\" \/>\n<meta property=\"og:description\" content=\"D\u00e9couvrez toutes les maisons et appartements de Bostoen en Flandre lors de nos journ\u00e9es de visite et laissez-vous inspirer.\" \/>\n<meta property=\"og:url\" content=\"https:\/\/www.bostoen.be\/fr\/jours-de-visionnage\/\" \/>\n<meta property=\"og:site_name\" content=\"Bostoen\" \/>\n<meta property=\"article:modified_time\" content=\"2026-03-16T14:35:40+00:00\" \/>\n<meta name=\"twitter:card\" content=\"summary_large_image\" \/>\n<meta name=\"twitter:label1\" content=\"Est. reading time\" \/>\n\t<meta name=\"twitter:data1\" content=\"2 minutes\" \/>\n<script type=\"application\/ld+json\" class=\"yoast-schema-graph\">{\"@context\":\"https:\/\/schema.org\",\"@graph\":[{\"@type\":\"WebPage\",\"@id\":\"https:\/\/www.bostoen.be\/fr\/jours-de-visionnage\/\",\"url\":\"https:\/\/www.bostoen.be\/fr\/jours-de-visionnage\/\",\"name\":\"Journ\u00e9es de visite - D\u00e9couvrez nos maisons et appartements | Bostoen\",\"isPartOf\":{\"@id\":\"https:\/\/www.bostoen.be\/#website\"},\"datePublished\":\"2021-12-17T12:46:23+00:00\",\"dateModified\":\"2026-03-16T14:35:40+00:00\",\"description\":\"D\u00e9couvrez toutes les maisons et appartements de Bostoen en Flandre lors de nos journ\u00e9es de visite et laissez-vous inspirer.\",\"breadcrumb\":{\"@id\":\"https:\/\/www.bostoen.be\/fr\/jours-de-visionnage\/#breadcrumb\"},\"inLanguage\":\"fr-BE\",\"potentialAction\":[{\"@type\":\"ReadAction\",\"target\":[\"https:\/\/www.bostoen.be\/fr\/jours-de-visionnage\/\"]}]},{\"@type\":\"BreadcrumbList\",\"@id\":\"https:\/\/www.bostoen.be\/fr\/jours-de-visionnage\/#breadcrumb\",\"itemListElement\":[{\"@type\":\"ListItem\",\"position\":1,\"name\":\"Home\",\"item\":\"https:\/\/www.bostoen.be\/fr\/bienvenue-chez-bostoen\/\"},{\"@type\":\"ListItem\",\"position\":2,\"name\":\"Jours de visionnage\"}]},{\"@type\":\"WebSite\",\"@id\":\"https:\/\/www.bostoen.be\/#website\",\"url\":\"https:\/\/www.bostoen.be\/\",\"name\":\"Bostoen\",\"description\":\"Promoteur et entreprise de construction de maisons et d'appartements neufs\",\"potentialAction\":[{\"@type\":\"SearchAction\",\"target\":{\"@type\":\"EntryPoint\",\"urlTemplate\":\"https:\/\/www.bostoen.be\/?s={search_term_string}\"},\"query-input\":{\"@type\":\"PropertyValueSpecification\",\"valueRequired\":true,\"valueName\":\"search_term_string\"}}],\"inLanguage\":\"fr-BE\"}]}<\/script>\n<!-- \/ Yoast SEO Premium plugin. -->","yoast_head_json":{"title":"Journ\u00e9es de visite - D\u00e9couvrez nos maisons et appartements | Bostoen","description":"D\u00e9couvrez toutes les maisons et appartements de Bostoen en Flandre lors de nos journ\u00e9es de visite et laissez-vous inspirer.","robots":{"index":"index","follow":"follow","max-snippet":"max-snippet:-1","max-image-preview":"max-image-preview:large","max-video-preview":"max-video-preview:-1"},"canonical":"https:\/\/www.bostoen.be\/fr\/jours-de-visionnage\/","og_locale":"fr_FR","og_type":"article","og_title":"Jours de visionnage","og_description":"D\u00e9couvrez toutes les maisons et appartements de Bostoen en Flandre lors de nos journ\u00e9es de visite et laissez-vous inspirer.","og_url":"https:\/\/www.bostoen.be\/fr\/jours-de-visionnage\/","og_site_name":"Bostoen","article_modified_time":"2026-03-16T14:35:40+00:00","twitter_card":"summary_large_image","twitter_misc":{"Est. reading time":"2 minutes"},"schema":{"@context":"https:\/\/schema.org","@graph":[{"@type":"WebPage","@id":"https:\/\/www.bostoen.be\/fr\/jours-de-visionnage\/","url":"https:\/\/www.bostoen.be\/fr\/jours-de-visionnage\/","name":"Journ\u00e9es de visite - D\u00e9couvrez nos maisons et appartements | Bostoen","isPartOf":{"@id":"https:\/\/www.bostoen.be\/#website"},"datePublished":"2021-12-17T12:46:23+00:00","dateModified":"2026-03-16T14:35:40+00:00","description":"D\u00e9couvrez toutes les maisons et appartements de Bostoen en Flandre lors de nos journ\u00e9es de visite et laissez-vous inspirer.","breadcrumb":{"@id":"https:\/\/www.bostoen.be\/fr\/jours-de-visionnage\/#breadcrumb"},"inLanguage":"fr-BE","potentialAction":[{"@type":"ReadAction","target":["https:\/\/www.bostoen.be\/fr\/jours-de-visionnage\/"]}]},{"@type":"BreadcrumbList","@id":"https:\/\/www.bostoen.be\/fr\/jours-de-visionnage\/#breadcrumb","itemListElement":[{"@type":"ListItem","position":1,"name":"Home","item":"https:\/\/www.bostoen.be\/fr\/bienvenue-chez-bostoen\/"},{"@type":"ListItem","position":2,"name":"Jours de visionnage"}]},{"@type":"WebSite","@id":"https:\/\/www.bostoen.be\/#website","url":"https:\/\/www.bostoen.be\/","name":"Bostoen","description":"Promoteur et entreprise de construction de maisons et d'appartements neufs","potentialAction":[{"@type":"SearchAction","target":{"@type":"EntryPoint","urlTemplate":"https:\/\/www.bostoen.be\/?s={search_term_string}"},"query-input":{"@type":"PropertyValueSpecification","valueRequired":true,"valueName":"search_term_string"}}],"inLanguage":"fr-BE"}]}},"_links":{"self":[{"href":"https:\/\/www.bostoen.be\/fr\/wp-json\/wp\/v2\/pages\/7198","targetHints":{"allow":["GET"]}}],"collection":[{"href":"https:\/\/www.bostoen.be\/fr\/wp-json\/wp\/v2\/pages"}],"about":[{"href":"https:\/\/www.bostoen.be\/fr\/wp-json\/wp\/v2\/types\/page"}],"author":[{"embeddable":true,"href":"https:\/\/www.bostoen.be\/fr\/wp-json\/wp\/v2\/users\/12"}],"replies":[{"embeddable":true,"href":"https:\/\/www.bostoen.be\/fr\/wp-json\/wp\/v2\/comments?post=7198"}],"version-history":[{"count":2,"href":"https:\/\/www.bostoen.be\/fr\/wp-json\/wp\/v2\/pages\/7198\/revisions"}],"predecessor-version":[{"id":113252,"href":"https:\/\/www.bostoen.be\/fr\/wp-json\/wp\/v2\/pages\/7198\/revisions\/113252"}],"wp:attachment":[{"href":"https:\/\/www.bostoen.be\/fr\/wp-json\/wp\/v2\/media?parent=7198"}],"curies":[{"name":"wp","href":"https:\/\/api.w.org\/{rel}","templated":true}]}}