{"id":7188,"date":"2021-12-17T12:34:34","date_gmt":"2021-12-17T12:34:34","guid":{"rendered":"https:\/\/www.bostoen.be\/?page_id=7188"},"modified":"2023-02-08T13:54:21","modified_gmt":"2023-02-08T13:54:21","slug":"confidentialite","status":"publish","type":"page","link":"https:\/\/www.bostoen.be\/fr\/confidentialite\/","title":{"rendered":"Confidentialit\u00e9"},"content":{"rendered":"\n<h2 class=\"has-spacing-small wp-block-heading\">RGPD \u2013 D\u00e9claration de confidentialit\u00e9 &#8211; Protection de la vie priv\u00e9e et des donn\u00e9es \u00e0 caract\u00e8re personnel<\/h2>\n\n\n<div class=\"wp-blocks-block\">\n    <div\n        class=\"text-left\"\n    >\n        <div\n        class=\"text-left\"\n    >\n        <button\n            class=\"group font-condensed inline-flex items-center py-1 px-12 rounded-md transition-colors duration-200 cursor-pointer no-underline font-condensed !text-white hover:!text-white bg-primary-500 hover:bg-primary-400 font-bold\" x-data=\"\" x-on:click=\"Cookiebot.renew()\"\n                            >\n            \n            <svg xmlns=\"http:\/\/www.w3.org\/2000\/svg\" viewBox=\"0 0 512 512\" class=\"svg-inline--fa  fas fa-cookie-bite mr-2\" role=\"img\" aria-hidden=\"true\" style=\"color:currentColor\"><!-- Font Awesome Pro 5.15.3 by @fontawesome - https:\/\/fontawesome.com License - https:\/\/fontawesome.com\/license (Commercial License) --><path d=\"M510.52 255.82c-69.97-.85-126.47-57.69-126.47-127.86-70.17 0-127-56.49-127.86-126.45-27.26-4.14-55.13.3-79.72 12.82l-69.13 35.22a132.221 132.221 0 0 0-57.79 57.81l-35.1 68.88a132.645 132.645 0 0 0-12.82 80.95l12.08 76.27a132.521 132.521 0 0 0 37.16 72.96l54.77 54.76a132.036 132.036 0 0 0 72.71 37.06l76.71 12.15c27.51 4.36 55.7-.11 80.53-12.76l69.13-35.21a132.273 132.273 0 0 0 57.79-57.81l35.1-68.88c12.56-24.64 17.01-52.58 12.91-79.91zM176 368c-17.67 0-32-14.33-32-32s14.33-32 32-32 32 14.33 32 32-14.33 32-32 32zm32-160c-17.67 0-32-14.33-32-32s14.33-32 32-32 32 14.33 32 32-14.33 32-32 32zm160 128c-17.67 0-32-14.33-32-32s14.33-32 32-32 32 14.33 32 32-14.33 32-32 32z\" fill=\"currentColor\"><\/path><\/svg>\n            Ajuster les param\u00e8tres des cookies\n\n                        <span class=\"ml-4 transition-transform duration-200 inline-block group-hover:transform group-hover:translate-x-2\">\n                <svg xmlns=\"http:\/\/www.w3.org\/2000\/svg\" viewBox=\"0 0 448 512\" class=\"svg-inline--fa  far fa-long-arrow-right\" role=\"img\" aria-hidden=\"true\" style=\"color:currentColor\"><!-- Font Awesome Pro 5.15.3 by @fontawesome - https:\/\/fontawesome.com License - https:\/\/fontawesome.com\/license (Commercial License) --><path d=\"M295.515 115.716l-19.626 19.626c-4.753 4.753-4.675 12.484.173 17.14L356.78 230H12c-6.627 0-12 5.373-12 12v28c0 6.627 5.373 12 12 12h344.78l-80.717 77.518c-4.849 4.656-4.927 12.387-.173 17.14l19.626 19.626c4.686 4.686 12.284 4.686 16.971 0l131.799-131.799c4.686-4.686 4.686-12.284 0-16.971L312.485 115.716c-4.686-4.686-12.284-4.686-16.97 0z\" fill=\"currentColor\"><\/path><\/svg>\n            <\/span>\n                    <\/button>\n    <\/div>\n    <\/div>\n<\/div>\n\n\n\n<h3 class=\"has-spacing-small wp-block-heading\">Article 1 &#8211; G\u00e9n\u00e9ralit\u00e9s<\/h3>\n\n\n<p class=\"wp-block-paragraph has-spacing-extra-small\"><strong>1.1&nbsp;<\/strong>La soci\u00e9t\u00e9 Bostoen, dont le si\u00e8ge social est \u00e9tabli \u00e0 9051 Sint-Denijs-Westrem, Pauline Van Pottelsberghelaan 22, traite des donn\u00e9es \u00e0 caract\u00e8re personnel dans le cadre de sa gestion d\u2019entreprise.<\/p>\n\n<p class=\"wp-block-paragraph has-spacing-extra-small\"><strong>1.2&nbsp;<\/strong>La l\u00e9gislation en mati\u00e8re de vie priv\u00e9e (en particulier la Loi du 8 d\u00e9cembre 1992 relative \u00e0 la protection de la vie priv\u00e9e et au traitement des donn\u00e9es \u00e0 caract\u00e8re personnel et le R\u00e8glement G\u00e9n\u00e9ral europ\u00e9en sur la Protection des Donn\u00e9es du 27 avril 2016) offre des garanties en mati\u00e8re de protection de la vie priv\u00e9e des personnes (physiques) et du traitement de leurs donn\u00e9es \u00e0 caract\u00e8re personnel. Conform\u00e9ment \u00e0 la l\u00e9gislation mentionn\u00e9e, Bostoen a r\u00e9dig\u00e9 la pr\u00e9sente d\u00e9claration de confidentialit\u00e9.<\/p>\n\n<p class=\"wp-block-paragraph has-spacing-extra-small\"><strong>1.3<\/strong>&nbsp;En vue d\u2019\u00e9viter tout malentendu, les termes importants de la pr\u00e9sente d\u00e9claration de confidentialit\u00e9 s\u2019entendent comme suit :<\/p>\n\n\n<ul class=\"wp-block-list\"><li>Personne Concern\u00e9e&nbsp;: une personne (physique) identifi\u00e9e ou identifiable.<\/li><li>Bostoen&nbsp;: le groupe de soci\u00e9t\u00e9s qui, ensemble, r\u00e9alisent des projets immobiliers sous la d\u00e9nomination &#8220;Bostoen&#8221;.<\/li><li>Donn\u00e9es \u00e0 caract\u00e8re personnel&nbsp;: toute information qui identifie une personne concern\u00e9e ou la rend identifiable telle qu\u2019un nom, un num\u00e9ro d\u2019identification, des donn\u00e9es de localisation, un num\u00e9ro de t\u00e9l\u00e9phone, etc.<\/li><li>Traitement&nbsp;: un travail ou un ensemble de traitements relatif \u00e0 des donn\u00e9es \u00e0 caract\u00e8re personnel ou un ensemble de donn\u00e9es \u00e0 caract\u00e8re personnel, ex\u00e9cut\u00e9es ou non au moyen de proc\u00e9d\u00e9s automatis\u00e9s, tels que la collecte, la d\u00e9finition, le classement, la structuration, l\u2019enregistrement, la mise \u00e0 jour ou la modification, la demande, la consultation, l\u2019utilisation, l\u2019octroi au moyen d\u2019envoi, la divulgation ou la mise \u00e0 disposition par tout autre moyen, etc.<\/li><\/ul>\n\n\n<p class=\"wp-block-paragraph has-spacing-extra-small\"><strong>1.4&nbsp;<\/strong>Pour une information plus g\u00e9n\u00e9rale \u00e0 propos du traitement des donn\u00e9es, veuillez consulter l\u2019autorit\u00e9 responsable de la protection des donn\u00e9es (<a href=\"http:\/\/www.privacycommission.be\/\">www.privacycommission.be<\/a>).<\/p>\n\n\n<h3 class=\"has-spacing-small wp-block-heading\">Article 2 \u2013 Traitement des donn\u00e9es \u00e0 caract\u00e8re personnel<\/h3>\n\n\n<p class=\"wp-block-paragraph has-spacing-extra-small\"><strong>2.1<\/strong>&nbsp;Les donn\u00e9es \u00e0 caract\u00e8re personnel sont trait\u00e9es par Bostoen de mani\u00e8re soign\u00e9e et conform\u00e9ment \u00e0 la loi. Les donn\u00e9es \u00e0 caract\u00e8re personnel sont uniquement obtenues \u00e0 des fins d\u00e9finies, express\u00e9ment d\u00e9crites et l\u00e9gitimes. Les finalit\u00e9s sont pr\u00e9cis\u00e9es sous l\u2019article 3.<\/p>\n\n<p class=\"wp-block-paragraph has-spacing-extra-small\"><strong>2.2<\/strong>&nbsp;Les donn\u00e9es \u00e0 caract\u00e8re personnel sont uniquement trait\u00e9es si elles r\u00e9pondent au moins \u00e0 un des fondements l\u00e9gitimes suivants:<\/p>\n\n\n<ul class=\"wp-block-list\"><li>La personne concern\u00e9e a donn\u00e9 son consentement pour le traitement de ses donn\u00e9es \u00e0 caract\u00e8re personnel (la personne concern\u00e9e peut, en outre, retirer son consentement ult\u00e9rieurement)<\/li><li>Le traitement des donn\u00e9es \u00e0 caract\u00e8re personnel est n\u00e9cessaire pour l\u2019ex\u00e9cution d\u2019un contrat dans lequel la personne concern\u00e9e fait partie ou pour la prise de mesures (pr\u00e9)contractuelles requises par le client et n\u00e9cessaires en vue de la conclusion d\u2019un contrat ;<\/li><li>Le traitement des donn\u00e9es \u00e0 caract\u00e8re personnel est n\u00e9cessaire en vue du respect d\u2019une obligation l\u00e9gale \u00e0 laquelle Bostoen est soumis ;<\/li><li>Le traitement des donn\u00e9es \u00e0 caract\u00e8re personnel est n\u00e9cessaire en vue de garantir un int\u00e9r\u00eat justifi\u00e9 de la personne concern\u00e9e.<\/li><li>Le traitement des donn\u00e9es personnelles est n\u00e9cessaire pour la d\u00e9fense des int\u00e9r\u00eats l\u00e9gitimes de Bostoen ou d\u2019un tiers auquel les donn\u00e9es \u00e0 caract\u00e8re personnel sont transmises.<\/li><\/ul>\n\n\n<p class=\"wp-block-paragraph has-spacing-extra-small\"><strong>2.3<\/strong>\u00a0Les donn\u00e9es \u00e0 caract\u00e8re personnel sont supprim\u00e9es \u00e0 l\u2019expiration des termes de conservation \u00e9tablis par Bostoen, voir article 7, \u00e0 moins que les donn\u00e9es soient destin\u00e9es aux archives et\/ou au traitement de litiges.<\/p>\n\n<p class=\"wp-block-paragraph has-spacing-extra-small\"><strong>2.4<\/strong>&nbsp;En outre, Bostoen peut collecter et traiter les donn\u00e9es \u00e0 caract\u00e8re personnel suivantes (\u00e9num\u00e9ration non limitative):<\/p>\n\n\n<ul class=\"wp-block-list\"><li>Donn\u00e9es d\u2019identification (nom, pr\u00e9nom, date, lieu et pays de naissance, nationalit\u00e9, etc.);<\/li><li>Coordonn\u00e9es (adresse postale et e-mail, num\u00e9ro de t\u00e9l\u00e9phone fixe et portable);<\/li><li>Etat civil et donn\u00e9es familiales;<\/li><li>Donn\u00e9es bancaires et financi\u00e8res;<\/li><li>Informations immobili\u00e8res (documents administratifs et\/ou autorisations, actes sous seing priv\u00e9 ou authentiques);<\/li><li>Donn\u00e9es au sujet de la profession, identit\u00e9 de l\u2019employeur, fonction, revenus et autres donn\u00e9es de pouvoir d\u2019achat;<\/li><li>Donn\u00e9es au sujet des empreintes digitales d\u2019appareils portables, ou non, de la personne concern\u00e9e.<\/li><\/ul>\n\n\n\n<h3 class=\"has-spacing-small wp-block-heading\">Article 3 &#8211; Finalit\u00e9s de traitement<\/h3>\n\n\n<p class=\"wp-block-paragraph has-spacing-extra-small\"><strong>3.1&nbsp;<\/strong>Bostoen ne traite pas plus de donn\u00e9es \u00e0 caract\u00e8re personnel que celles strictement n\u00e9cessaires. Tel que d\u00e9fini sous l\u2019article 8 ci-dessous, ces donn\u00e9es \u00e0 caract\u00e8re personnel sont mises \u00e0 la disposition des collaborateurs Bostoen, comp\u00e9tents dans ce domaine.<\/p>\n\n<p class=\"wp-block-paragraph has-spacing-extra-small\"><strong>3.2&nbsp;<\/strong>Bostoen collecte et utilise les donn\u00e9es \u00e0 caract\u00e8re personnel notamment en vue:<\/p>\n\n\n<ul class=\"wp-block-list\"><li>l\u2019octroi d\u2019information avant, durant et\/ou apr\u00e8s la conclusion de tout engagement ou contrat avec la personne concern\u00e9e;<\/li><li>du respect de toute l\u00e9gislation et r\u00e8glementation qui lui est applicable;<\/li><li>de la gestion client\u00e8le ou des relations;<\/li><li>de la politique marketing;<\/li><li>de la gestion des litiges;<\/li><li>de la formation, du coaching ou du contr\u00f4le des collaborateurs (ex. la d\u00e9tection, le traitement ou la pr\u00e9vention d\u2019infractions l\u00e9gales ou contractuelles), des objectifs HR, etc.<\/li><\/ul>\n\n\n<p class=\"wp-block-paragraph has-spacing-extra-small\"><strong>3.3<\/strong>&nbsp;De mani\u00e8re g\u00e9n\u00e9rale, le traitement des donn\u00e9es \u00e0 caract\u00e8re personnel est n\u00e9cessaire (i) \u00e0 la demande de l\u2019int\u00e9ress\u00e9, en vue de prendre certaines mesures avant la conclusion de tout contrat, (ii) afin d\u2019ex\u00e9cuter un engagement ou un contrat, (iii) conform\u00e9ment \u00e0 la loi ou en vue de r\u00e9pondre \u00e0 un int\u00e9r\u00eat l\u00e9gitime de Bostoen.<\/p>\n\n<p class=\"wp-block-paragraph has-spacing-extra-small\">La personne concern\u00e9e est exclusivement responsable de l\u2019information qu\u2019elle fournit.<\/p>\n\n\n<h3 class=\"has-spacing-small wp-block-heading\">Article 4 &#8211; Divulgation de donn\u00e9es \u00e0 des tiers<\/h3>\n\n\n<p class=\"wp-block-paragraph has-spacing-extra-small\"><strong>4.1<\/strong>&nbsp;Lors de sa gestion d\u2019entreprise, Bostoen peut faire appel \u00e0 des prestataires de services externes \u00e0 qui Bostoen peut transmettre des donn\u00e9es \u00e0 caract\u00e8re personnel dans la mesure o\u00f9 celles-ci sont n\u00e9cessaires \u00e0 l\u2019ex\u00e9cution de leurs t\u00e2ches.<\/p>\n\n<p class=\"wp-block-paragraph has-spacing-extra-small\"><strong>4.2<\/strong>&nbsp;Bostoen ne peut pas \u00eatre port\u00e9 responsable des op\u00e9rations des prestataires de services externes, principalement lors de la transmission (contrainte) de Bostoen ou de ces prestataires de services des donn\u00e9es \u00e0 caract\u00e8re personnel conform\u00e9ment \u00e0 (i) une disposition l\u00e9gale, (ii) un int\u00e9r\u00eat l\u00e9gitime, (iii) un ordre formel d\u2019une autorit\u00e9 administrative ou de contr\u00f4le, (iv) d\u2019une enqu\u00eate polici\u00e8re, de recherche ou judiciaire, ou (v) d\u2019 une d\u00e9cision judiciaire.<\/p>\n\n\n<h3 class=\"has-spacing-small wp-block-heading\">Article 5 &#8211; Protection des donn\u00e9es \u00e0 caract\u00e8re personnel<\/h3>\n\n\n<p class=\"wp-block-paragraph has-spacing-extra-small\"><strong>5.1<\/strong>&nbsp;Compte tenu de : (i) la situation technologique, (ii) des co\u00fbts de l\u2019impl\u00e9mentation, (iii) des risques du traitement, (iv) et de la nature des donn\u00e9es \u00e0 caract\u00e8re personnel, Bostoen adopte les mesures techniques et organisationnelles ad\u00e9quates en vue de prot\u00e9ger les donn\u00e9es \u00e0 caract\u00e8re personnel contre, notamment, toute destruction, perte, falsification, divulgation ou acc\u00e8s non autoris\u00e9 ainsi que toute autre forme de traitement ill\u00e9gitime de donn\u00e9es \u00e0 caract\u00e8re personnel.<\/p>\n\n<p class=\"wp-block-paragraph has-spacing-extra-small\">La pr\u00e9sente politique de confidentialit\u00e9 s\u2019applique aux services de Bostoen. Bostoen ne se porte pas responsable de la politique de confidentialit\u00e9 d\u2019autres sites et sources.<\/p>\n\n\n<h3 class=\"has-spacing-small wp-block-heading\">Article 6 \u2013 Droits de la Personne Concern\u00e9e<\/h3>\n\n\n<p class=\"wp-block-paragraph has-spacing-extra-small\"><strong>6.1 <strong>Consultation et correction<\/strong><\/strong><\/p>\n\n<p class=\"wp-block-paragraph has-spacing-extra-small\"><strong>6.1.1&nbsp;<\/strong>La personne concern\u00e9e peut demander \u00e0 Bostoen un aper\u00e7u de ses donn\u00e9es \u00e0 caract\u00e8re personnel trait\u00e9es par Bostoen.<\/p>\n\n<p class=\"wp-block-paragraph has-spacing-extra-small\"><strong>6.1.2&nbsp;<\/strong>Dans les quatre semaines suivant la r\u00e9ception de la demande, Bostoen s\u2019efforcera de fournir \u00e0 la personne concern\u00e9e un aper\u00e7u complet des donn\u00e9es \u00e0 caract\u00e8re personnel la concernant. Si aucune donn\u00e9e \u00e0 caract\u00e8re personnel de la personne concern\u00e9e n\u2019a \u00e9t\u00e9 trait\u00e9e par Bostoen, Bostoen en informera la personne concern\u00e9e dans les quatre semaines suivant la r\u00e9ception de la demande.<\/p>\n\n<p class=\"wp-block-paragraph has-spacing-extra-small\"><strong>6.1.3&nbsp;<\/strong>L\u2019aper\u00e7u vis\u00e9 dans les articles 6.1.1 et 6.1.2 inclut, de mani\u00e8re compr\u00e9hensible et lisible (i) le fait que des donn\u00e9es la concernant aient \u00e9t\u00e9 trait\u00e9es ou non ; (ii) une description de l\u2019objectif et des finalit\u00e9s du traitement ; (iii) les cat\u00e9gories des donn\u00e9es \u00e0 caract\u00e8re personnel dont le traitement a fait l\u2019objet ; (iv) les destinataires ou cat\u00e9gories de destinataires ainsi que ; (v) l\u2019information disponible sur la provenance des donn\u00e9es \u00e0 caract\u00e8re personnel.<\/p>\n\n<p class=\"wp-block-paragraph has-spacing-extra-small\"><strong>6.1.4&nbsp;<\/strong>S\u2019il apparait dans l\u2019aper\u00e7u fourni que les donn\u00e9es \u00e0 caract\u00e8re personnel sont inexactes, incompl\u00e8tes ou non pertinentes dans le cadre du traitement, la personne concern\u00e9e peut demander par \u00e9crit la correction, l\u2019ajout ou la suppression des donn\u00e9es \u00e0 caract\u00e8re personnel en question. Bostoen s\u2019efforcera de donner suite \u00e0 la personne concern\u00e9e, dans les quatre semaines suivant la r\u00e9ception de la demande. Si sa demande n\u2019a pas \u00e9t\u00e9 (enti\u00e8rement) satisfaite, il convient que les raisons soient motiv\u00e9es.<\/p>\n\n<p class=\"wp-block-paragraph has-spacing-extra-small\"><strong>6.1.5&nbsp;<\/strong>La demande de correction doit sp\u00e9cifier les donn\u00e9es \u00e0 caract\u00e8re personnel devant faire l\u2019objet de correction.<\/p>\n\n<p class=\"wp-block-paragraph has-spacing-extra-small\"><strong>6.1.6&nbsp;<\/strong>Bostoen peut d\u00e9clarer une demande irrecevable si la personne concern\u00e9e ne peut pas prouver son identit\u00e9 ou si l\u2019identit\u00e9 du demandeur ne peut pas \u00eatre validement \u00e9tablie (ex. une copie illisible de la carte d\u2019identit\u00e9). Bostoen s\u2019efforcera de communiquer, par \u00e9crit, son caract\u00e8re irrecevable dans les quatre semaines suivant la r\u00e9ception de la demande concern\u00e9e.<\/p>\n\n<p class=\"wp-block-paragraph has-spacing-extra-small\"><strong>6.2 <strong>Opposition et autorisation<\/strong><\/strong><\/p>\n\n<p class=\"wp-block-paragraph has-spacing-extra-small\"><strong>6.2.1&nbsp;<\/strong>Si le traitement des donn\u00e9es \u00e0 caract\u00e8re personnel s\u2019effectue dans le cadre de l\u2019int\u00e9r\u00eat l\u00e9gitime du responsable du traitement ou d\u2019un tiers \u00e0 qui sont transmises les donn\u00e9es \u00e0 caract\u00e8re personnel, la personne concern\u00e9e a le droit de s\u2019opposer au traitement des donn\u00e9es \u00e0 caract\u00e8re personnel la concernant. Dans les quatre semaines suivant la r\u00e9ception de l\u2019opposition, le responsable du traitement jugera si l\u2019opposition est fond\u00e9e. Le cas \u00e9ch\u00e9ant, les donn\u00e9es \u00e0 caract\u00e8re personnel de la personne concern\u00e9e seront imm\u00e9diatement supprim\u00e9es.<\/p>\n\n<p class=\"wp-block-paragraph has-spacing-extra-small\"><strong>6.2.2<\/strong>&nbsp;Si Bostoen traite des donn\u00e9es \u00e0 caract\u00e8re personnel \u00e0 des fins de publicit\u00e9 ou de marketing, la personne concern\u00e9e a le droit de s\u2019y opposer. En cas d\u2019opposition, Bostoen prendra toutes les mesures ad\u00e9quates en vue de mettre imm\u00e9diatement fin \u00e0 cette forme de traitement de donn\u00e9es \u00e0 caract\u00e8re personnel. Dans le cas des finalit\u00e9s susmentionn\u00e9es, le responsable du traitement enverra imm\u00e9diatement un message \u00e0 la personne concern\u00e9e, lui indiquant la possibilit\u00e9 de faire opposition.<\/p>\n\n<p class=\"wp-block-paragraph has-spacing-extra-small\"><strong>6.2.3&nbsp;<\/strong>L\u2019utilisation de syst\u00e8mes d\u2019appels automatis\u00e9s sans intervention humaine, de fax et de messages \u00e9lectroniques \u00e0 des fins de marketing direct est uniquement autoris\u00e9e si l\u2019exp\u00e9diteur peut prouver que la personne concern\u00e9e y a pr\u00e9alablement donn\u00e9 son consentement (via opt-in).<\/p>\n\n<p class=\"wp-block-paragraph has-spacing-extra-small\"><strong>6.2.4&nbsp;<\/strong>L\u2019utilisation de techniques autres que celles mentionn\u00e9es dans l\u2019article 6.2.3., dont le t\u00e9l\u00e9phone et la poste \u2018normale\u2019 \u00e0 des fins de marketing direct, est autoris\u00e9e \u00e0 moins que la personne concern\u00e9e ait communiqu\u00e9 ne pas souhaiter recevoir d\u2019information ni de communications par ces voies (via opt-out).<\/p>\n\n<p class=\"wp-block-paragraph has-spacing-extra-small\"><strong>6.3 <strong>Gratuit\u00e9 de l\u2019exercice des droits<\/strong><\/strong><\/p>\n\n<p class=\"wp-block-paragraph has-spacing-extra-small\"><strong>6.3.1<\/strong>&nbsp;Toute personne concern\u00e9e prouvant son identit\u00e9 au moyen d\u2019une copie de sa carte d\u2019identit\u00e9 peut exercer gratuitement ses droits par lettre recommand\u00e9e adress\u00e9e au responsable du traitement de Bostoen SA., A l&#8217;attention de Leen Depraeter en tant que responsable du traitement des donn\u00e9es, par courrier recommand\u00e9 \u00e0 l&#8217;adresse Pauline Van Pottelsberghelaan 22, 9051 Sint-Denijs-Westrem ou par e-mail \u00e0&nbsp;<a href=\"mailto:privacy@bostoen.be\">privacy@bostoen.be<\/a>.<\/p>\n\n<p class=\"wp-block-paragraph has-spacing-extra-small\"><strong>6.3.2<\/strong>&nbsp;En cas de demandes nombreuses et\/ou injustifi\u00e9es provenant d\u2019une seule personne concern\u00e9e, Bostoen se r\u00e9serve le droit d\u2019imputer des co\u00fbts administratifs proportionnels \u00e0 la prise des mesures demand\u00e9es ou de refuser de donner suite \u00e0 la demande.<\/p>\n\n<p class=\"wp-block-paragraph has-spacing-extra-small\"><strong>6.4 <strong>Plaintes<\/strong><\/strong><\/p>\n\n<p class=\"wp-block-paragraph has-spacing-extra-small\">La personne concern\u00e9e est en droit d\u2019introduire une plainte aupr\u00e8s de l\u2019autorit\u00e9 responsable de la protection des donn\u00e9es (<a href=\"http:\/\/www.privacycommission.be\/\"><\/a><a href=\"http:\/\/www.privacycommission.be\/\">www.privacycommission.be<\/a>) si elle croit que Bostoen n\u2019applique pas correctement la l\u00e9gislation de confidentialit\u00e9.<\/p>\n\n<p class=\"wp-block-paragraph has-spacing-extra-small\"><strong>6.5 <strong>Refus de traitement de donn\u00e9es \u00e0 caract\u00e8re personnel<\/strong><\/strong><\/p>\n\n<p class=\"wp-block-paragraph has-spacing-extra-small\">Tout d\u00e9saccord de la personne concern\u00e9e par rapport au traitement par Bostoen de ses donn\u00e9es \u00e0 caract\u00e8re personnel entraine la non-ex\u00e9cution ou l\u2019ex\u00e9cution partielle par Bostoen de ses obligations ou contrats. En outre, Bostoen ne pourra pas garantir la prestation de services auquel le client a normalement droit.<\/p>\n\n\n<h3 class=\"has-spacing-small wp-block-heading\">Article 7 \u2013 D\u00e9lais de conservation<\/h3>\n\n\n<p class=\"wp-block-paragraph has-spacing-extra-small\"><strong>7.1&nbsp;<\/strong>Les donn\u00e9es \u00e0 caract\u00e8re personnel seront entrepos\u00e9es durant une p\u00e9riode limit\u00e9e qui ne sera pas plus longue que n\u00e9cessaire, compte tenu des raisons du traitement d\u00e9finies cas par cas.<\/p>\n\n<p class=\"wp-block-paragraph has-spacing-extra-small\"><strong>7.2&nbsp;<\/strong>Bostoen applique un terme de conservation maximal \u00e9gal, en principe, aux termes juridiques de prescription ou d\u2019\u00e9ch\u00e9ance d\u2019application. Dans le cadre de la loi relative \u00e0 la construction de maison, Bostoen conservera les donn\u00e9es personnelles, par exemple dans le cas d\u2019achat de maison, pendant 10 ans \u00e0 partir de la livraison d\u00e9finitive.<\/p>\n\n\n<h3 class=\"has-spacing-small wp-block-heading\">Article 8 \u2013 Acc\u00e8s aux donn\u00e9es \u00e0 caract\u00e8re personnel<\/h3>\n\n\n<p class=\"wp-block-paragraph has-spacing-extra-small\"><strong>8.1&nbsp;<\/strong>Bostoen veille que certains collaborateurs (ou cat\u00e9gories de personnes) de son groupe aient acc\u00e8s aux donn\u00e9es \u00e0 caract\u00e8re personnel de la personne concern\u00e9e. Seules les collaborateurs requ\u00e9rant ces donn\u00e9e dans l\u2019ex\u00e9cution de leur fonction y ont acc\u00e8s. En outre, ces personnes mandat\u00e9es se sont engag\u00e9es \u00e0 la discr\u00e9tion et la confidentialit\u00e9 envers Bostoen. Si, conform\u00e9ment \u00e0 l\u2019article 6 susmentionn\u00e9, la personne concern\u00e9e exerce son droit de consultation, Bostoen lui transmettra l\u2019aper\u00e7u vis\u00e9 sous l\u2019article 6.1.3. Tous les envois de la personne concern\u00e9e (e-mails ou autres messages) destin\u00e9s \u00e0 Bostoen peuvent \u00eatre conserv\u00e9s par Bostoen. En outre, il est possible que Bostoen demande des donn\u00e9es \u00e0 caract\u00e8re personnel pertinentes pour la situation en question. Ces donn\u00e9es peuvent \u00e9galement \u00eatre trait\u00e9es en interne, par exemple, par le service comptable, le d\u00e9partement ventes, etc.<\/p>\n\n<p class=\"wp-block-paragraph has-spacing-extra-small\"><strong>8.2&nbsp;<\/strong>La personne concern\u00e9e peut s\u2019adresser aux prestataires de services sp\u00e9cifiques en ce qui concerne les donn\u00e9es \u00e0 caract\u00e8re personnel trait\u00e9es par des prestataires de services externes, agissant en tant que responsables du traitement.<\/p>\n\n\n<h3 class=\"has-spacing-small wp-block-heading\">Article 9 \u2013 L\u2019utilisation de cookies<\/h3>\n\n\n<p class=\"wp-block-paragraph has-spacing-extra-small\"><strong>9.1&nbsp;<\/strong>Lors de toute visite sur le site de Bostoen, des cookies (ou mini-fichiers) peuvent \u00eatre plac\u00e9s sur l\u2019ordinateur du visiteur afin que le site s\u2019adapte au mieux aux besoins du visiteur fid\u00e8le. Ces cookies ne visent pas \u00e0 contr\u00f4ler la navigation du visiteur sur d\u2019autres sites. <\/p>\n\n<p class=\"wp-block-paragraph has-spacing-extra-small\">Par l\u2019utilisation du site de Bostoen, la personne concern\u00e9e accepte l\u2019utilisation de cookies.<\/p>\n\n<p class=\"wp-block-paragraph has-spacing-extra-small\"><strong>9.2<\/strong>&nbsp;<strong>Google Analytics<\/strong><\/p>\n\n<p class=\"wp-block-paragraph has-spacing-extra-small\"><strong>9.2.1&nbsp;<\/strong>En ce qui concerne le traitement des donn\u00e9es \u00e0 caract\u00e8re personnel (ex. adresse IP), Bostoen fait appel \u00e0 Alphabet Inc. (1600 Amphitheatre Parkway, Mountain View, CA 94043, Etats-Unis; ci-apr\u00e8s d\u00e9nomm\u00e9 &#8220;Google&#8221;) et \u00e0 son outil d\u2019analyse Google Analytics sur son site&nbsp;<a href=\"http:\/\/www.bostoen.be\/\"><\/a><a href=\"http:\/\/www.bostoen.be\/\">www.bostoen.be<\/a>.<\/p>\n\n<p class=\"wp-block-paragraph has-spacing-extra-small\"><strong>9.2.2&nbsp;<\/strong>Google Analytics utilise des cl\u00e9s anonymes (un ensemble arbitraire de donn\u00e9es utilis\u00e9 aux m\u00eames fins que les cookies sur les plateformes, y compris certains appareils portables dans lesquels aucune technologie de cookie n\u2019est disponible) en vue de tracer et analyser l\u2019utilisation des plateformes digitales par les utilisateurs. Ces plateformes digitales sont, entre autres, le site&nbsp;<a href=\"http:\/\/www.bostoen.be\/\"><\/a><a href=\"http:\/\/www.bostoen.be\/\">www.bostoen.be<\/a>&nbsp;ainsi que d\u2019autres pages web de Bostoen. L\u2019information g\u00e9n\u00e9r\u00e9e par l\u2019utilisation de la plateforme digitale est transmise et sauvegard\u00e9e par Google. Cette information concerne notamment la langue, l\u2019information r\u00e9gionale, l\u2019appareil et le r\u00e9seau.<\/p>\n\n<p class=\"wp-block-paragraph has-spacing-extra-small\"><strong>9.2.3<\/strong>&nbsp;Google utilise cette information de forme agr\u00e9g\u00e9e en vue de mesurer l\u2019interaction entre les utilisateurs et les plateformes, analyser l\u2019utilisation et \u00e9tablir des rapports \u00e0 propos des activit\u00e9s sur la plateforme.<\/p>\n\n<p class=\"wp-block-paragraph has-spacing-extra-small\"><strong>9.2.4&nbsp;<\/strong>Google peut transmettre cette information \u00e0 des tiers lorsqu\u2019il y est l\u00e9galement contraint ou lorsque des tiers traitent l\u2019information pour le compte de Google.<\/p>\n\n<p class=\"wp-block-paragraph has-spacing-extra-small\"><strong>9.2.5&nbsp;<\/strong>Bostoen utilise des rapports g\u00e9n\u00e9raux et anonymes de Google uniquement en vue d\u2019\u00e9valuer, corriger ou optimaliser l\u2019utilisation des plateformes digitales.<\/p>\n\n<p class=\"wp-block-paragraph has-spacing-extra-small\"><strong>9.3.6&nbsp;<\/strong>La personne concern\u00e9e peut consulter la politique de confidentialit\u00e9 de Google en cliquant sur le lien suivant :&nbsp;<a href=\"http:\/\/www.google.com\/\"><\/a><a href=\"http:\/\/www.google.com\/\">www.google.com<\/a>.<\/p>\n\n\n<h3 class=\"has-spacing-small wp-block-heading\">Article 10 \u2013 Comp\u00e9tence &#8211; droit applicable &#8211; acceptation<\/h3>\n\n\n<p class=\"wp-block-paragraph has-spacing-extra-small\">La pr\u00e9sente d\u00e9claration de confidentialit\u00e9 est r\u00e9gie, interpr\u00e9t\u00e9e et ex\u00e9cut\u00e9e conform\u00e9ment au droit belge, exclusivement d\u2019application pour tout litige \u00e9ventuel.<\/p>\n\n<p class=\"wp-block-paragraph has-spacing-extra-small\">Les tribunaux de l\u2019arrondissement judiciaire de Gand sont exclusivement comp\u00e9tents pour tout litige pouvant r\u00e9sulter de l\u2019interpr\u00e9tation ou de l\u2019ex\u00e9cution de la pr\u00e9sente d\u00e9claration.<\/p>\n\n<p class=\"wp-block-paragraph has-spacing-extra-small\">Par la visite du pr\u00e9sent site, la personne concern\u00e9e accepte toutes les dispositions de la pr\u00e9sente d\u00e9claration de confidentialit\u00e9.<\/p>\n\n\n<div style=\"height:50px\" aria-hidden=\"true\" class=\"wp-block-spacer\"><\/div>\n\n\n\n<h2 class=\"has-spacing-small wp-block-heading\" id=\"non-responsabilite\">Clause de non-responsabilit\u00e9<\/h2>\n\n\n\n<h3 class=\"has-spacing-small wp-block-heading\">Confidentialit\u00e9<\/h3>\n\n\n<p class=\"wp-block-paragraph has-spacing-extra-small\">Cet e-mail et tous les fichiers qui lui sont envoy\u00e9s sont confidentiels et destin\u00e9s uniquement \u00e0 l\u2019usage de la personne ou de l\u2019entit\u00e9 \u00e0 laquelle ils sont adress\u00e9s. Si vous avez re\u00e7u cet e-mail par erreur, veuillez en informer votre administrateur syst\u00e8me. Ce message contient des informations confidentielles et est destin\u00e9 uniquement \u00e0 la personne \u00e0 qui l\u2019e-mail est adress\u00e9. Si vous n\u2019\u00eates pas le destinataire d\u00e9sign\u00e9, vous ne pouvez en aucun cas distribuer, distribuer ou copier cet e-mail. Veuillez informer imm\u00e9diatement l\u2019exp\u00e9diteur par e-mail si vous avez re\u00e7u cet e-mail par erreur et supprimer cet e-mail de votre syst\u00e8me. Si vous n\u2019\u00eates pas le destinataire pr\u00e9vu, vous \u00eates inform\u00e9 qu\u2019il est strictement interdit de divulguer, copier, distribuer ou prendre des mesures concernant le\u00a0contenu de ces informations.<\/p>\n\n\n<h3 class=\"has-spacing-small wp-block-heading\">Responsabilit\u00e9<\/h3>\n\n\n<p class=\"wp-block-paragraph has-spacing-extra-small\">Toutes les opinions ou conseils pr\u00e9sent\u00e9s dans ce courriel sont uniquement ceux de l\u2019auteur et ne repr\u00e9sentent pas n\u00e9cessairement ceux de l\u2019organisation. Les employ\u00e9s du groupe Bostoen et les soci\u00e9t\u00e9s, membres ou affili\u00e9s au groupe Bostoen sont express\u00e9ment tenus de ne pas faire de d\u00e9clarations diffamatoires et de ne pas violer ou autoriser toute violation du droit d\u2019auteur ou de tout autre droit l\u00e9gal par communication par courrier \u00e9lectronique. Une telle communication est contraire \u00e0 la politique organisationnelle et en dehors du champ d\u2019application de la personne concern\u00e9e. L\u2019organisation n\u2019accepte aucune responsabilit\u00e9 en ce qui concerne cette communication, et l\u2019employ\u00e9 responsable sera personnellement responsable de tout dommage ou&nbsp;de toute autre responsabilit\u00e9 ou dommage cons\u00e9cutif en r\u00e9sultant.<\/p>\n\n\n<h3 class=\"has-spacing-small wp-block-heading\">N\u00e9gligence<\/h3>\n\n\n<p class=\"wp-block-paragraph has-spacing-extra-small\">Bostoen Group et les soci\u00e9t\u00e9s qui sont membres ou affili\u00e9s au groupe Bostoen&nbsp;n\u2019 acceptent aucune responsabilit\u00e9 pour le contenu de cet e-mail, ou pour les cons\u00e9quences des actions entreprises sur la base des informations fournies, sauf si ces informations sont ult\u00e9rieurement confirm\u00e9es par \u00e9crit par un repr\u00e9sentant autoris\u00e9 de Bostoen&nbsp;Groupe ou repr\u00e9sentant autoris\u00e9 de l\u2019une des soci\u00e9t\u00e9s membres ou affili\u00e9es au&nbsp;groupe Bostoen.<\/p>\n\n\n<h3 class=\"has-spacing-small wp-block-heading\">Environnement<\/h3>\n\n\n<p class=\"wp-block-paragraph has-spacing-extra-small\">Tenez compte de l\u2019environnement avant d\u2019imprimer cet e-mail.<\/p>\n\n\n<h3 class=\"has-spacing-small wp-block-heading\">Virus ou s\u00e9curit\u00e9<\/h3>\n\n\n<p class=\"wp-block-paragraph has-spacing-extra-small\">Bostoen Group et ses soci\u00e9t\u00e9s affili\u00e9es ont pris toutes les mesures raisonnables pou &nbsp;s\u00e9curiser le trafic e-mail&nbsp;et pr\u00e9venir les virus.&nbsp;Les virus informatiques peuvent \u00eatre envoy\u00e9s par e-mail. Le destinataire doit v\u00e9rifier la pr\u00e9sence de virus dans cet e-mail et dans les pi\u00e8ces jointes. L\u2019organisation d\u00e9cline toute responsabilit\u00e9 pour tout dommage caus\u00e9 par un virus transmis par le trafic de courrier \u00e9lectronique. Un trafic de messagerie complet et sans erreur ne peut \u00eatre garanti car les &nbsp;informations peuvent \u00eatre intercept\u00e9es, endommag\u00e9es et perdues,&nbsp;d\u00e9truites, en retard ou incompl\u00e8tes, ou contenir des virus. L\u2019exp\u00e9diteur d\u00e9cline donc toute responsabilit\u00e9 pour les erreurs ou d\u00e9fauts dans le contenu de ce message r\u00e9sultant de la transmission par e-mail.<\/p>\n\n\n<h3 class=\"has-spacing-small wp-block-heading\">Vie priv\u00e9e<\/h3>\n\n\n<p class=\"wp-block-paragraph has-spacing-extra-small\">Toutes les informations personnelles contenues dans cet e-mail doivent et seront trait\u00e9es conform\u00e9ment au r\u00e8glement g\u00e9n\u00e9ral sur la protection des donn\u00e9es (RGPD) et \u00e0 la politique de confidentialit\u00e9 et \u00e0 l\u2019avis. Nous traitons vos donn\u00e9es personnelles conform\u00e9ment \u00e0 notre d\u00e9claration de protection des donn\u00e9es que vous pouvez trouver sur notre site Web www.bostoen.be. Pour plus d\u2019informations, veuillez nous contacter&nbsp;\u00e0 <a href=\"mailto:privacy@bostoen.be\">privacy@bostoen.be<\/a> <a id=\"_msocom_1\"><\/a><\/p>\n\n\n<h3 class=\"has-spacing-small wp-block-heading\">Sans engagement<\/h3>\n\n\n<p class=\"wp-block-paragraph has-spacing-extra-small\">Cet e-mail est destin\u00e9 uniquement \u00e0 des fins de discussion ou de n\u00e9gociation et ne peut pas \u00eatre utilis\u00e9 pour cr\u00e9er un contrat contraignant. Tout e-mail d\u2019une soci\u00e9t\u00e9, membre du&nbsp;groupe Bostoen, qui comporte un engagement ne pourra en aucun cas avoir un effet contraignant, au&nbsp;d\u00e9triment de la soci\u00e9t\u00e9, membre du groupe Bostoen, si l\u2019engagement n\u2019a pas \u00e9t\u00e9 express\u00e9ment confirm\u00e9 via une&nbsp;lettre sign\u00e9e par une personne autoris\u00e9e \u00e0 repr\u00e9senter et \u00e0 lier l\u2019entreprise concern\u00e9e. Cette disposition ne peut \u00eatre \u00e9cart\u00e9e que par consentement \u00e9crite mutuelle.<\/p>","protected":false},"excerpt":{"rendered":"<p>RGPD \u2013 D\u00e9claration de confidentialit\u00e9 &#8211; Protection de la vie priv\u00e9e et des donn\u00e9es \u00e0 caract\u00e8re personnel Article 1 &#8211; G\u00e9n\u00e9ralit\u00e9s 1.1&nbsp;La soci\u00e9t\u00e9 Bostoen, dont le si\u00e8ge social est \u00e9tabli \u00e0 9051 Sint-Denijs-Westrem, Pauline Van Pottelsberghelaan 22, traite des donn\u00e9es&#8230;<\/p>\n","protected":false},"author":12,"featured_media":0,"parent":0,"menu_order":8,"comment_status":"closed","ping_status":"closed","template":"","meta":{"_acf_changed":false,"content-type":"","footnotes":""},"class_list":["post-7188","page","type-page","status-publish","hentry"],"acf":[],"yoast_head":"<!-- This site is optimized with the Yoast SEO Premium plugin v21.0 (Yoast SEO v24.9) - https:\/\/yoast.com\/wordpress\/plugins\/seo\/ -->\n<title>Confidentialit\u00e9 - RGPD - Bostoen<\/title>\n<meta name=\"description\" content=\"Confidentialit\u00e9 - RGPD \u2013 D\u00e9claration de confidentialit\u00e9 - Protection de la vie priv\u00e9e et des donn\u00e9es \u00e0 caract\u00e8re personnel\" \/>\n<meta name=\"robots\" content=\"index, follow, max-snippet:-1, max-image-preview:large, max-video-preview:-1\" \/>\n<link rel=\"canonical\" href=\"https:\/\/www.bostoen.be\/fr\/confidentialite\/\" \/>\n<meta property=\"og:locale\" content=\"fr_FR\" \/>\n<meta property=\"og:type\" content=\"article\" \/>\n<meta property=\"og:title\" content=\"Confidentialit\u00e9\" \/>\n<meta property=\"og:description\" content=\"Confidentialit\u00e9 - RGPD \u2013 D\u00e9claration de confidentialit\u00e9 - Protection de la vie priv\u00e9e et des donn\u00e9es \u00e0 caract\u00e8re personnel\" \/>\n<meta property=\"og:url\" content=\"https:\/\/www.bostoen.be\/fr\/confidentialite\/\" \/>\n<meta property=\"og:site_name\" content=\"Bostoen\" \/>\n<meta property=\"article:modified_time\" content=\"2023-02-08T13:54:21+00:00\" \/>\n<meta name=\"twitter:card\" content=\"summary_large_image\" \/>\n<meta name=\"twitter:label1\" content=\"Est. reading time\" \/>\n\t<meta name=\"twitter:data1\" content=\"15 minutes\" \/>\n<script type=\"application\/ld+json\" class=\"yoast-schema-graph\">{\"@context\":\"https:\/\/schema.org\",\"@graph\":[{\"@type\":\"WebPage\",\"@id\":\"https:\/\/www.bostoen.be\/fr\/confidentialite\/\",\"url\":\"https:\/\/www.bostoen.be\/fr\/confidentialite\/\",\"name\":\"Confidentialit\u00e9 - RGPD - Bostoen\",\"isPartOf\":{\"@id\":\"https:\/\/www.bostoen.be\/#website\"},\"datePublished\":\"2021-12-17T12:34:34+00:00\",\"dateModified\":\"2023-02-08T13:54:21+00:00\",\"description\":\"Confidentialit\u00e9 - RGPD \u2013 D\u00e9claration de confidentialit\u00e9 - Protection de la vie priv\u00e9e et des donn\u00e9es \u00e0 caract\u00e8re personnel\",\"breadcrumb\":{\"@id\":\"https:\/\/www.bostoen.be\/fr\/confidentialite\/#breadcrumb\"},\"inLanguage\":\"fr-BE\",\"potentialAction\":[{\"@type\":\"ReadAction\",\"target\":[\"https:\/\/www.bostoen.be\/fr\/confidentialite\/\"]}]},{\"@type\":\"BreadcrumbList\",\"@id\":\"https:\/\/www.bostoen.be\/fr\/confidentialite\/#breadcrumb\",\"itemListElement\":[{\"@type\":\"ListItem\",\"position\":1,\"name\":\"Home\",\"item\":\"https:\/\/www.bostoen.be\/fr\/bienvenue-chez-bostoen\/\"},{\"@type\":\"ListItem\",\"position\":2,\"name\":\"Confidentialit\u00e9\"}]},{\"@type\":\"WebSite\",\"@id\":\"https:\/\/www.bostoen.be\/#website\",\"url\":\"https:\/\/www.bostoen.be\/\",\"name\":\"Bostoen\",\"description\":\"Promoteur et entreprise de construction de maisons et d'appartements neufs\",\"potentialAction\":[{\"@type\":\"SearchAction\",\"target\":{\"@type\":\"EntryPoint\",\"urlTemplate\":\"https:\/\/www.bostoen.be\/?s={search_term_string}\"},\"query-input\":{\"@type\":\"PropertyValueSpecification\",\"valueRequired\":true,\"valueName\":\"search_term_string\"}}],\"inLanguage\":\"fr-BE\"}]}<\/script>\n<!-- \/ Yoast SEO Premium plugin. -->","yoast_head_json":{"title":"Confidentialit\u00e9 - RGPD - Bostoen","description":"Confidentialit\u00e9 - RGPD \u2013 D\u00e9claration de confidentialit\u00e9 - Protection de la vie priv\u00e9e et des donn\u00e9es \u00e0 caract\u00e8re personnel","robots":{"index":"index","follow":"follow","max-snippet":"max-snippet:-1","max-image-preview":"max-image-preview:large","max-video-preview":"max-video-preview:-1"},"canonical":"https:\/\/www.bostoen.be\/fr\/confidentialite\/","og_locale":"fr_FR","og_type":"article","og_title":"Confidentialit\u00e9","og_description":"Confidentialit\u00e9 - RGPD \u2013 D\u00e9claration de confidentialit\u00e9 - Protection de la vie priv\u00e9e et des donn\u00e9es \u00e0 caract\u00e8re personnel","og_url":"https:\/\/www.bostoen.be\/fr\/confidentialite\/","og_site_name":"Bostoen","article_modified_time":"2023-02-08T13:54:21+00:00","twitter_card":"summary_large_image","twitter_misc":{"Est. reading time":"15 minutes"},"schema":{"@context":"https:\/\/schema.org","@graph":[{"@type":"WebPage","@id":"https:\/\/www.bostoen.be\/fr\/confidentialite\/","url":"https:\/\/www.bostoen.be\/fr\/confidentialite\/","name":"Confidentialit\u00e9 - RGPD - Bostoen","isPartOf":{"@id":"https:\/\/www.bostoen.be\/#website"},"datePublished":"2021-12-17T12:34:34+00:00","dateModified":"2023-02-08T13:54:21+00:00","description":"Confidentialit\u00e9 - RGPD \u2013 D\u00e9claration de confidentialit\u00e9 - Protection de la vie priv\u00e9e et des donn\u00e9es \u00e0 caract\u00e8re personnel","breadcrumb":{"@id":"https:\/\/www.bostoen.be\/fr\/confidentialite\/#breadcrumb"},"inLanguage":"fr-BE","potentialAction":[{"@type":"ReadAction","target":["https:\/\/www.bostoen.be\/fr\/confidentialite\/"]}]},{"@type":"BreadcrumbList","@id":"https:\/\/www.bostoen.be\/fr\/confidentialite\/#breadcrumb","itemListElement":[{"@type":"ListItem","position":1,"name":"Home","item":"https:\/\/www.bostoen.be\/fr\/bienvenue-chez-bostoen\/"},{"@type":"ListItem","position":2,"name":"Confidentialit\u00e9"}]},{"@type":"WebSite","@id":"https:\/\/www.bostoen.be\/#website","url":"https:\/\/www.bostoen.be\/","name":"Bostoen","description":"Promoteur et entreprise de construction de maisons et d'appartements neufs","potentialAction":[{"@type":"SearchAction","target":{"@type":"EntryPoint","urlTemplate":"https:\/\/www.bostoen.be\/?s={search_term_string}"},"query-input":{"@type":"PropertyValueSpecification","valueRequired":true,"valueName":"search_term_string"}}],"inLanguage":"fr-BE"}]}},"_links":{"self":[{"href":"https:\/\/www.bostoen.be\/fr\/wp-json\/wp\/v2\/pages\/7188","targetHints":{"allow":["GET"]}}],"collection":[{"href":"https:\/\/www.bostoen.be\/fr\/wp-json\/wp\/v2\/pages"}],"about":[{"href":"https:\/\/www.bostoen.be\/fr\/wp-json\/wp\/v2\/types\/page"}],"author":[{"embeddable":true,"href":"https:\/\/www.bostoen.be\/fr\/wp-json\/wp\/v2\/users\/12"}],"replies":[{"embeddable":true,"href":"https:\/\/www.bostoen.be\/fr\/wp-json\/wp\/v2\/comments?post=7188"}],"version-history":[{"count":1,"href":"https:\/\/www.bostoen.be\/fr\/wp-json\/wp\/v2\/pages\/7188\/revisions"}],"predecessor-version":[{"id":24777,"href":"https:\/\/www.bostoen.be\/fr\/wp-json\/wp\/v2\/pages\/7188\/revisions\/24777"}],"wp:attachment":[{"href":"https:\/\/www.bostoen.be\/fr\/wp-json\/wp\/v2\/media?parent=7188"}],"curies":[{"name":"wp","href":"https:\/\/api.w.org\/{rel}","templated":true}]}}