{"id":7030,"date":"2021-07-23T14:11:06","date_gmt":"2021-07-23T14:11:06","guid":{"rendered":"https:\/\/www.bostoen.be\/?page_id=7030"},"modified":"2026-04-13T14:21:04","modified_gmt":"2026-04-13T14:21:04","slug":"contact","status":"publish","type":"page","link":"https:\/\/www.bostoen.be\/fr\/contact\/","title":{"rendered":"Contact"},"content":{"rendered":"<div class=\"wp-block-banner-container wp-blocks-block  alignfull\">\n    <div >\n    \n    <div class=\"relative\">\n        <div class=\"container\">\n            \n        <\/div>\n    <\/div>\n<\/div>\n\n<div\n    class=\"container flex items-start relative\"\n>\n    \n    <div\n        class=\"w-full\"\n    >\n        <div class=\"inner-blocks\">\n    \n\n<div class=\"has-spacing-small wp-block-columns has-2-columns alignwide is-layout-flex wp-container-core-columns-is-layout-9d6595d7 wp-block-columns has-2-columns-is-layout-flex\">\n<div class=\"wp-block-column is-layout-flow wp-block-column-is-layout-flow\">\n<h1 class=\"has-spacing-small wp-block-heading\" id=\"contact\">Contactez nous<\/h1>\n<\/div>\n\n\n\n<div class=\"wp-block-column is-layout-flow wp-block-column-is-layout-flow\"><div class=\"wp-block-button-custom wp-blocks-block\">\n        <div\n        class=\"text-right\"\n    >\n        <a\n            class=\"group font-condensed inline-flex items-center py-1 px-12 rounded-md transition-colors duration-200 cursor-pointer no-underline font-condensed !text-white hover:!text-white bg-primary-500 hover:bg-primary-400 font-bold\" target=\"_blank\"\n                    href=\"tel:+3292161616\"\n                                >\n                        <span class=\"mr-4\"><svg xmlns=\"http:\/\/www.w3.org\/2000\/svg\" viewBox=\"0 0 512 512\" class=\"svg-inline--fa  far fa-phone-alt\" role=\"img\" aria-hidden=\"true\" style=\"color:currentColor\"><!-- Font Awesome Pro 5.15.3 by @fontawesome - https:\/\/fontawesome.com License - https:\/\/fontawesome.com\/license (Commercial License) --><path d=\"M484.25 330l-101.59-43.55a45.86 45.86 0 0 0-53.39 13.1l-32.7 40a311.08 311.08 0 0 1-124.19-124.12l40-32.7a45.91 45.91 0 0 0 13.1-53.42L182 27.79a45.63 45.63 0 0 0-52.31-26.61L35.5 22.89A45.59 45.59 0 0 0 0 67.5C0 313.76 199.68 512.1 444.56 512a45.58 45.58 0 0 0 44.59-35.51l21.7-94.22a45.75 45.75 0 0 0-26.6-52.27zm-41.59 134.09C225.08 463.09 49 287 48 69.3l90.69-20.9 42.09 98.22-68.09 55.71c46.39 99 98.19 150.63 197 197l55.69-68.11 98.19 42.11z\" fill=\"currentColor\"><\/path><\/svg>\n<\/span>\n            \n            +32 (0)9 216 16 16\n\n                    <\/a>\n    <\/div>\n    <\/div>\n<\/div>\n<\/div>\n\n\n\n<div class=\"wp-block-media-text alignwide is-stacked-on-mobile is-image-fill-element\"><figure class=\"wp-block-media-text__media\"><img loading=\"lazy\" decoding=\"async\" width=\"1024\" height=\"830\" src=\"https:\/\/www.bostoen.be\/uploads\/2022\/12\/Bostoen-Patrick-onthaalmedewerker-contact-1024x830.jpg\" alt=\"Bostoen Patrick onthaalmedewerker\" class=\"wp-image-24390 size-full\" style=\"object-position:50% 50%\" srcset=\"https:\/\/www.bostoen.be\/uploads\/2022\/12\/Bostoen-Patrick-onthaalmedewerker-contact-1024x830.jpg 1024w, https:\/\/www.bostoen.be\/uploads\/2022\/12\/Bostoen-Patrick-onthaalmedewerker-contact-300x243.jpg 300w, https:\/\/www.bostoen.be\/uploads\/2022\/12\/Bostoen-Patrick-onthaalmedewerker-contact-768x623.jpg 768w, https:\/\/www.bostoen.be\/uploads\/2022\/12\/Bostoen-Patrick-onthaalmedewerker-contact.jpg 1200w\" sizes=\"auto, (max-width: 1024px) 100vw, 1024px\" \/><\/figure><div class=\"wp-block-media-text__content\">\n<div class=\"wp-block-group has-light-gray-background-color has-background\"><div class=\"wp-block-group__inner-container is-layout-flow wp-block-group-is-layout-flow\"><p class=\"wp-block-paragraph has-spacing-extra-small has-xl-font-size\">Vous avez une question d&#8217;ordre g\u00e9n\u00e9ral ou vous souhaitez obtenir plus d&#8217;informations? Notre coll\u00e8gue Patrick se fera un plaisir de vous r\u00e9pondre. Pour des questions sp\u00e9cifiques, il vous mettra volontiers en contact avec l&#8217;un de nos experts.<\/p>\n\n<p class=\"wp-block-paragraph has-spacing-extra-small has-xl-font-size\"><strong><mark style=\"background-color:rgba(0, 0, 0, 0)\" class=\"has-inline-color has-primary-color\">Adresse et coordonn\u00e9es<\/mark><\/strong><\/p>\n\n<div\n    class=\"text-gray-500 font-light text-base lg:text-lg wp-blocks-block  alignwide\"\n>\n        <div class=\"flex space-x-3\">\n        <span class=\"inline-block text-primary-500 w-8\">\n            <svg xmlns=\"http:\/\/www.w3.org\/2000\/svg\" viewBox=\"0 0 576 512\" class=\"svg-inline--fa  far fa-map-marked-alt\" role=\"img\" aria-hidden=\"true\" style=\"color:currentColor\"><!-- Font Awesome Pro 5.15.3 by @fontawesome - https:\/\/fontawesome.com License - https:\/\/fontawesome.com\/license (Commercial License) --><path d=\"M344 126c0-13.3-10.7-24-24-24s-24 10.7-24 24c0 13.2 10.7 24 24 24s24-10.8 24-24zm-24 226c5 0 10-2 13.5-6.1 35.3-40 127.3-150.1 127.3-210.6C460.8 60.6 397.8 0 320 0S179.2 60.6 179.2 135.3c0 60.4 92 170.6 127.3 210.6C310 350 315 352 320 352zm0-304c51.2 0 92.8 39.2 92.8 87.3 0 21.4-31.8 79.1-92.8 152.6-61-73.5-92.8-131.2-92.8-152.6 0-48.1 41.6-87.3 92.8-87.3zm240 112c-2 0-4 .4-6 1.2l-73.5 27.2c-8.2 20.4-20.2 42-34.2 63.8L528 222v193l-128 44.5V316.3c-13.7 17.3-27.9 34.3-42.5 50.8-1.7 1.9-3.6 3.5-5.5 5.1v81.4l-128-45.2v-113c-18.1-24.1-34.8-48.8-48-72.8v180.2l-.6.2L48 450V257l123.6-43c-8-15.4-14.1-30.3-18.3-44.5L20.1 216C8 220.8 0 232.6 0 245.7V496c0 9.2 7.5 16 16 16 2 0 4-.4 6-1.2L192 448l172 60.7c13 4.3 27 4.4 40 .2L555.9 456c12.2-4.9 20.1-16.6 20.1-29.7V176c0-9.2-7.5-16-16-16z\" fill=\"currentColor\"><\/path><\/svg>\n        <\/span>\n        <div>\n            Pauline van Pottelsberghelaan 22<br \/>\n            9051 Sint-Denijs-Westrem\n        <\/div>\n    <\/div>\n    \n        <div class=\"flex space-x-3 mt-1\">\n        <span class=\"inline-block text-primary-500 w-8\">\n            <svg xmlns=\"http:\/\/www.w3.org\/2000\/svg\" viewBox=\"0 0 512 512\" class=\"svg-inline--fa  far fa-phone\" role=\"img\" aria-hidden=\"true\" style=\"color:currentColor\"><!-- Font Awesome Pro 5.15.3 by @fontawesome - https:\/\/fontawesome.com License - https:\/\/fontawesome.com\/license (Commercial License) --><path d=\"M476.5 22.9L382.3 1.2c-21.6-5-43.6 6.2-52.3 26.6l-43.5 101.5c-8 18.6-2.6 40.6 13.1 53.4l40 32.7C311 267.8 267.8 311 215.4 339.5l-32.7-40c-12.8-15.7-34.8-21.1-53.4-13.1L27.7 329.9c-20.4 8.7-31.5 30.7-26.6 52.3l21.7 94.2c4.8 20.9 23.2 35.5 44.6 35.5C312.3 512 512 313.7 512 67.5c0-21.4-14.6-39.8-35.5-44.6zM69.3 464l-20.9-90.7 98.2-42.1 55.7 68.1c98.8-46.4 150.6-98 197-197l-68.1-55.7 42.1-98.2L464 69.3C463 286.9 286.9 463 69.3 464z\" fill=\"currentColor\"><\/path><\/svg>\n        <\/span>\n        <div>\n            <a\n                class=\"text-primary-500 underline transition-colors duration-200 hover:text-primary-600 hover:no-underline font-normal\"\n                href=\"tel:09 216 16 16\"\n                target=\"_blank\"\n            >\n                09 216 16 16\n            <\/a>\n        <\/div>\n    <\/div>\n    \n    \n        <div class=\"flex space-x-3 mt-1\">\n        <span class=\"inline-block text-primary-500 w-8\">\n            <svg xmlns=\"http:\/\/www.w3.org\/2000\/svg\" viewBox=\"0 0 512 512\" class=\"svg-inline--fa  far fa-envelope\" role=\"img\" aria-hidden=\"true\" style=\"color:currentColor\"><!-- Font Awesome Pro 5.15.3 by @fontawesome - https:\/\/fontawesome.com License - https:\/\/fontawesome.com\/license (Commercial License) --><path d=\"M464 64H48C21.49 64 0 85.49 0 112v288c0 26.51 21.49 48 48 48h416c26.51 0 48-21.49 48-48V112c0-26.51-21.49-48-48-48zm0 48v40.805c-22.422 18.259-58.168 46.651-134.587 106.49-16.841 13.247-50.201 45.072-73.413 44.701-23.208.375-56.579-31.459-73.413-44.701C106.18 199.465 70.425 171.067 48 152.805V112h416zM48 400V214.398c22.914 18.251 55.409 43.862 104.938 82.646 21.857 17.205 60.134 55.186 103.062 54.955 42.717.231 80.509-37.199 103.053-54.947 49.528-38.783 82.032-64.401 104.947-82.653V400H48z\" fill=\"currentColor\"><\/path><\/svg>\n        <\/span>\n        <div>\n            <a\n                class=\"text-primary-500 underline transition-colors duration-200 hover:text-primary-600 hover:no-underline font-normal\"\n                href=\"mailto:info@bostoen.be\"\n                target=\"_blank\"\n            >\n                info@bostoen.be\n            <\/a>\n        <\/div>\n    <\/div>\n    <\/div>\n<\/div><\/div>\n<\/div><\/div>\n\n\n<\/div>\n    <\/div>\n<\/div>\n<\/div>\n\n\n<div\n    class=\"wp-block-map wp-blocks-block  alignwide\"\n    x-data='mapbox(\n        \"pk.eyJ1Ijoic3RhcnJpbmdqYW5lZGV2IiwiYSI6ImNsMWtlbmNlaTAwM20zb3FtdWxsYnpmZXgifQ.QNyrR-A6my_9rN1_Ghlybg\",\n        {\n            markers: [{\"latitude\":\"51.028060\",\"longitude\":\"3.686930\",\"text\":\"\\u003Cp\\u003E\\u003Cstrong\\u003EBostoen NV\\u003C\/strong\\u003E\\u003Cbr \/\\u003E\\nPauline van Pottelsberghelaan 22\\u003Cbr \/\\u003E\\n9051 Sint-Denijs-Westrem\\u003Cbr \/\\u003E\\n\\u003Ca href=\\u0022http:\/\/tel+3292161616\\u0022 target=\\u0022_blank\\u0022 rel=\\u0022noopener\\u0022\\u003E09 216 16 16\\u003C\/a\\u003E\\u003Cbr \/\\u003E\\nBTW BE 0413.059.454\\u003Cbr \/\\u003E\\n\\u003Ca href=\\u0022mailto:info@bostoen.be\\u0022 target=\\u0022_blank\\u0022 rel=\\u0022noopener\\u0022\\u003Einfo@bostoen.be\\u003C\/a\\u003E\\u003C\/p\\u003E\\n\"}],\n            fit: false,\n            marker_image: \"bostoen-marker-contact\",\n            zoom: 12,\n        }\n    )'\n    x-intersect:once=\"triggerInitMap\"\n>\n    <div x-ref=\"container\"><\/div>\n<\/div>\n\n\n<div class=\"wp-block-group alignwide has-light-gray-background-color has-background\"><div class=\"wp-block-group__inner-container is-layout-flow wp-block-group-is-layout-flow\">\n<h2 class=\"wp-block-heading alignwide has-text-align-center\" id=\"stuur-ons-jouw-vraag\">Vous avez une question ou souhaitez obtenir plus d&#8217;informations ?<\/h2>\n\n\n<div class=\"wp-blocks-block  alignwide\">\n            \n\t\t\t\t\t\t<script>\n\t\t\t\t\t\t\twindow.hsFormsOnReady = window.hsFormsOnReady || [];\n\t\t\t\t\t\t\twindow.hsFormsOnReady.push(()=>{\n\t\t\t\t\t\t\t\thbspt.forms.create({\n\t\t\t\t\t\t\t\t\tportalId: 3814101,\n\t\t\t\t\t\t\t\t\tformId: \"67191af9-4899-4c4a-a17c-a66f590ec53f\",\n\t\t\t\t\t\t\t\t\ttarget: \"#hbspt-form-1777474992000-7090473502\",\n\t\t\t\t\t\t\t\t\tregion: \"na1\",\n\t\t\t\t\t\t\t\t\t\n\t\t\t\t\t\t\t})});\n\t\t\t\t\t\t<\/script>\n\t\t\t\t\t\t<div class=\"hbspt-form\" id=\"hbspt-form-1777474992000-7090473502\"><\/div>\n    <\/div>\n<\/div><\/div>\n","protected":false},"excerpt":{"rendered":"<p>Vous avez une question ou souhaitez obtenir plus d&#8217;informations ?<\/p>\n","protected":false},"author":1,"featured_media":0,"parent":0,"menu_order":11,"comment_status":"closed","ping_status":"closed","template":"","meta":{"_acf_changed":false,"content-type":"","footnotes":""},"class_list":["post-7030","page","type-page","status-publish","hentry"],"acf":[],"yoast_head":"<!-- This site is optimized with the Yoast SEO Premium plugin v21.0 (Yoast SEO v24.9) - https:\/\/yoast.com\/wordpress\/plugins\/seo\/ -->\n<title>Contact | Bostoen<\/title>\n<meta name=\"description\" content=\"Contacter - Envoyez-nous votre question - Vous pouvez nous contacter via le formulaire de contact ci-dessous ou en nous appelant.Vous avez une question ou souhaitez obtenir plus d&#039;informations? Contactez-nous via le formulaire de contact, par e-mail ou par t\u00e9l\u00e9phone.\" \/>\n<meta name=\"robots\" content=\"index, follow, max-snippet:-1, max-image-preview:large, max-video-preview:-1\" \/>\n<link rel=\"canonical\" href=\"https:\/\/www.bostoen.be\/fr\/contact\/\" \/>\n<meta property=\"og:locale\" content=\"fr_FR\" \/>\n<meta property=\"og:type\" content=\"article\" \/>\n<meta property=\"og:title\" content=\"Contact\" \/>\n<meta property=\"og:description\" content=\"Contacter - Envoyez-nous votre question - Vous pouvez nous contacter via le formulaire de contact ci-dessous ou en nous appelant.Vous avez une question ou souhaitez obtenir plus d&#039;informations? Contactez-nous via le formulaire de contact, par e-mail ou par t\u00e9l\u00e9phone.\" \/>\n<meta property=\"og:url\" content=\"https:\/\/www.bostoen.be\/fr\/contact\/\" \/>\n<meta property=\"og:site_name\" content=\"Bostoen\" \/>\n<meta property=\"article:modified_time\" content=\"2026-04-13T14:21:04+00:00\" \/>\n<meta property=\"og:image\" content=\"https:\/\/www.bostoen.be\/uploads\/2022\/12\/Bostoen-Patrick-onthaalmedewerker-contact.jpg\" \/>\n\t<meta property=\"og:image:width\" content=\"1200\" \/>\n\t<meta property=\"og:image:height\" content=\"973\" \/>\n\t<meta property=\"og:image:type\" content=\"image\/jpeg\" \/>\n<meta name=\"twitter:card\" content=\"summary_large_image\" \/>\n<meta name=\"twitter:label1\" content=\"Est. reading time\" \/>\n\t<meta name=\"twitter:data1\" content=\"1 minute\" \/>\n<script type=\"application\/ld+json\" class=\"yoast-schema-graph\">{\"@context\":\"https:\/\/schema.org\",\"@graph\":[{\"@type\":\"WebPage\",\"@id\":\"https:\/\/www.bostoen.be\/fr\/contact\/\",\"url\":\"https:\/\/www.bostoen.be\/fr\/contact\/\",\"name\":\"Contact | Bostoen\",\"isPartOf\":{\"@id\":\"https:\/\/www.bostoen.be\/#website\"},\"primaryImageOfPage\":{\"@id\":\"https:\/\/www.bostoen.be\/fr\/contact\/#primaryimage\"},\"image\":{\"@id\":\"https:\/\/www.bostoen.be\/fr\/contact\/#primaryimage\"},\"thumbnailUrl\":\"https:\/\/www.bostoen.be\/uploads\/2022\/12\/Bostoen-Patrick-onthaalmedewerker-contact-1024x830.jpg\",\"datePublished\":\"2021-07-23T14:11:06+00:00\",\"dateModified\":\"2026-04-13T14:21:04+00:00\",\"description\":\"Contacter - Envoyez-nous votre question - Vous pouvez nous contacter via le formulaire de contact ci-dessous ou en nous appelant.Vous avez une question ou souhaitez obtenir plus d'informations? Contactez-nous via le formulaire de contact, par e-mail ou par t\u00e9l\u00e9phone.\",\"breadcrumb\":{\"@id\":\"https:\/\/www.bostoen.be\/fr\/contact\/#breadcrumb\"},\"inLanguage\":\"fr-BE\",\"potentialAction\":[{\"@type\":\"ReadAction\",\"target\":[\"https:\/\/www.bostoen.be\/fr\/contact\/\"]}]},{\"@type\":\"ImageObject\",\"inLanguage\":\"fr-BE\",\"@id\":\"https:\/\/www.bostoen.be\/fr\/contact\/#primaryimage\",\"url\":\"https:\/\/www.bostoen.be\/uploads\/2022\/12\/Bostoen-Patrick-onthaalmedewerker-contact-1024x830.jpg\",\"contentUrl\":\"https:\/\/www.bostoen.be\/uploads\/2022\/12\/Bostoen-Patrick-onthaalmedewerker-contact-1024x830.jpg\"},{\"@type\":\"BreadcrumbList\",\"@id\":\"https:\/\/www.bostoen.be\/fr\/contact\/#breadcrumb\",\"itemListElement\":[{\"@type\":\"ListItem\",\"position\":1,\"name\":\"Home\",\"item\":\"https:\/\/www.bostoen.be\/fr\/bienvenue-chez-bostoen\/\"},{\"@type\":\"ListItem\",\"position\":2,\"name\":\"Contact\"}]},{\"@type\":\"WebSite\",\"@id\":\"https:\/\/www.bostoen.be\/#website\",\"url\":\"https:\/\/www.bostoen.be\/\",\"name\":\"Bostoen\",\"description\":\"Promoteur et entreprise de construction de maisons et d'appartements neufs\",\"potentialAction\":[{\"@type\":\"SearchAction\",\"target\":{\"@type\":\"EntryPoint\",\"urlTemplate\":\"https:\/\/www.bostoen.be\/?s={search_term_string}\"},\"query-input\":{\"@type\":\"PropertyValueSpecification\",\"valueRequired\":true,\"valueName\":\"search_term_string\"}}],\"inLanguage\":\"fr-BE\"}]}<\/script>\n<!-- \/ Yoast SEO Premium plugin. -->","yoast_head_json":{"title":"Contact | Bostoen","description":"Contacter - Envoyez-nous votre question - Vous pouvez nous contacter via le formulaire de contact ci-dessous ou en nous appelant.Vous avez une question ou souhaitez obtenir plus d'informations? Contactez-nous via le formulaire de contact, par e-mail ou par t\u00e9l\u00e9phone.","robots":{"index":"index","follow":"follow","max-snippet":"max-snippet:-1","max-image-preview":"max-image-preview:large","max-video-preview":"max-video-preview:-1"},"canonical":"https:\/\/www.bostoen.be\/fr\/contact\/","og_locale":"fr_FR","og_type":"article","og_title":"Contact","og_description":"Contacter - Envoyez-nous votre question - Vous pouvez nous contacter via le formulaire de contact ci-dessous ou en nous appelant.Vous avez une question ou souhaitez obtenir plus d'informations? Contactez-nous via le formulaire de contact, par e-mail ou par t\u00e9l\u00e9phone.","og_url":"https:\/\/www.bostoen.be\/fr\/contact\/","og_site_name":"Bostoen","article_modified_time":"2026-04-13T14:21:04+00:00","og_image":[{"width":1200,"height":973,"url":"https:\/\/www.bostoen.be\/uploads\/2022\/12\/Bostoen-Patrick-onthaalmedewerker-contact.jpg","type":"image\/jpeg"}],"twitter_card":"summary_large_image","twitter_misc":{"Est. reading time":"1 minute"},"schema":{"@context":"https:\/\/schema.org","@graph":[{"@type":"WebPage","@id":"https:\/\/www.bostoen.be\/fr\/contact\/","url":"https:\/\/www.bostoen.be\/fr\/contact\/","name":"Contact | Bostoen","isPartOf":{"@id":"https:\/\/www.bostoen.be\/#website"},"primaryImageOfPage":{"@id":"https:\/\/www.bostoen.be\/fr\/contact\/#primaryimage"},"image":{"@id":"https:\/\/www.bostoen.be\/fr\/contact\/#primaryimage"},"thumbnailUrl":"https:\/\/www.bostoen.be\/uploads\/2022\/12\/Bostoen-Patrick-onthaalmedewerker-contact-1024x830.jpg","datePublished":"2021-07-23T14:11:06+00:00","dateModified":"2026-04-13T14:21:04+00:00","description":"Contacter - Envoyez-nous votre question - Vous pouvez nous contacter via le formulaire de contact ci-dessous ou en nous appelant.Vous avez une question ou souhaitez obtenir plus d'informations? Contactez-nous via le formulaire de contact, par e-mail ou par t\u00e9l\u00e9phone.","breadcrumb":{"@id":"https:\/\/www.bostoen.be\/fr\/contact\/#breadcrumb"},"inLanguage":"fr-BE","potentialAction":[{"@type":"ReadAction","target":["https:\/\/www.bostoen.be\/fr\/contact\/"]}]},{"@type":"ImageObject","inLanguage":"fr-BE","@id":"https:\/\/www.bostoen.be\/fr\/contact\/#primaryimage","url":"https:\/\/www.bostoen.be\/uploads\/2022\/12\/Bostoen-Patrick-onthaalmedewerker-contact-1024x830.jpg","contentUrl":"https:\/\/www.bostoen.be\/uploads\/2022\/12\/Bostoen-Patrick-onthaalmedewerker-contact-1024x830.jpg"},{"@type":"BreadcrumbList","@id":"https:\/\/www.bostoen.be\/fr\/contact\/#breadcrumb","itemListElement":[{"@type":"ListItem","position":1,"name":"Home","item":"https:\/\/www.bostoen.be\/fr\/bienvenue-chez-bostoen\/"},{"@type":"ListItem","position":2,"name":"Contact"}]},{"@type":"WebSite","@id":"https:\/\/www.bostoen.be\/#website","url":"https:\/\/www.bostoen.be\/","name":"Bostoen","description":"Promoteur et entreprise de construction de maisons et d'appartements neufs","potentialAction":[{"@type":"SearchAction","target":{"@type":"EntryPoint","urlTemplate":"https:\/\/www.bostoen.be\/?s={search_term_string}"},"query-input":{"@type":"PropertyValueSpecification","valueRequired":true,"valueName":"search_term_string"}}],"inLanguage":"fr-BE"}]}},"_links":{"self":[{"href":"https:\/\/www.bostoen.be\/fr\/wp-json\/wp\/v2\/pages\/7030","targetHints":{"allow":["GET"]}}],"collection":[{"href":"https:\/\/www.bostoen.be\/fr\/wp-json\/wp\/v2\/pages"}],"about":[{"href":"https:\/\/www.bostoen.be\/fr\/wp-json\/wp\/v2\/types\/page"}],"author":[{"embeddable":true,"href":"https:\/\/www.bostoen.be\/fr\/wp-json\/wp\/v2\/users\/1"}],"replies":[{"embeddable":true,"href":"https:\/\/www.bostoen.be\/fr\/wp-json\/wp\/v2\/comments?post=7030"}],"version-history":[{"count":2,"href":"https:\/\/www.bostoen.be\/fr\/wp-json\/wp\/v2\/pages\/7030\/revisions"}],"predecessor-version":[{"id":113776,"href":"https:\/\/www.bostoen.be\/fr\/wp-json\/wp\/v2\/pages\/7030\/revisions\/113776"}],"wp:attachment":[{"href":"https:\/\/www.bostoen.be\/fr\/wp-json\/wp\/v2\/media?parent=7030"}],"curies":[{"name":"wp","href":"https:\/\/api.w.org\/{rel}","templated":true}]}}